{"id":3822,"date":"2018-10-30T09:01:15","date_gmt":"2018-10-30T09:01:15","guid":{"rendered":"http:\/\/auladeclio.com\/auladeclio\/?page_id=3822"},"modified":"2026-04-08T08:08:28","modified_gmt":"2026-04-08T08:08:28","slug":"6-5-la-edad-de-los-metales","status":"publish","type":"page","link":"https:\/\/auladeclio.com\/auladeclio\/6-5-la-edad-de-los-metales\/","title":{"rendered":"6.5 La Edad de los Metales"},"content":{"rendered":"<div class=\"wpb-content-wrapper\">[vc_row][vc_column width=&#8221;1\/3&#8243; offset=&#8221;vc_col-lg-offset-0 vc_col-md-offset-0 vc_col-sm-offset-0 vc_col-xs-3&#8243;][vc_icon icon_fontawesome=&#8221;fa fa-chevron-left&#8221; color=&#8221;green&#8221; link=&#8221;url:http%3A%2F%2Fauladeclio.com%2Fauladeclio%2F10-3-la-primera-gran-revolucion-el-neolitico|title:EP%C3%8DGRAFE%20ANTERIOR|target:%20_blank|&#8221;][\/vc_column][vc_column width=&#8221;1\/3&#8243; offset=&#8221;vc_col-lg-offset-0 vc_col-md-offset-0 vc_col-sm-offset-0 vc_col-xs-offset-1 vc_col-xs-3&#8243;][vc_icon icon_fontawesome=&#8221;fa fa-list&#8221; color=&#8221;green&#8221; align=&#8221;center&#8221; link=&#8221;url:http%3A%2F%2Fauladeclio.com%2Fauladeclio%2F10-la-prehistoria|title:%C3%8DNDICE%20DE%20EP%C3%8DGRAFES|target:%20_blank|&#8221;][\/vc_column][vc_column width=&#8221;1\/3&#8243; offset=&#8221;vc_col-lg-offset-0 vc_col-md-offset-0 vc_col-sm-offset-0 vc_col-xs-offset-1 vc_col-xs-3&#8243;][vc_icon icon_fontawesome=&#8221;fa fa-chevron-right&#8221; color=&#8221;green&#8221; align=&#8221;right&#8221; link=&#8221;url:http%3A%2F%2Fauladeclio.com%2Fauladeclio%2F10-5-la-prehistoria-en-nuestro-entorno|title:EP%C3%8DGRAFE%20SIGUIENTE|target:%20_blank|&#8221;][\/vc_column][\/vc_row][vc_row][vc_column][vc_tta_tabs style=&#8221;outline&#8221; shape=&#8221;square&#8221; color=&#8221;green&#8221; active_section=&#8221;1&#8243; pagination_style=&#8221;flat-rounded&#8221; pagination_color=&#8221;green&#8221;][vc_tta_section i_icon_fontawesome=&#8221;fa fa-book&#8221; add_icon=&#8221;true&#8221; title=&#8221;TEMA&#8221; tab_id=&#8221;1509006569048-f59e903e-56d1&#8243;][vc_column_text]<div class=\"row\">\n<div class=\"col-lg-3 col-md-12 col-sm-12 col-12\">\n<p>Durante el Neol\u00edtico, <strong>hace unos 9.000 a\u00f1os<\/strong> varios pueblos del sureste de la pen\u00ednsula de Anatolia comenzaron a observar que ciertas piedras cambiaban su forma al ser golpeadas, pod\u00edan malearse, como si fuera una plastilina muy dura. Sin darse cuenta, estaban comenzando a usar <strong>oro y\u00a0cobre<\/strong>, los primeros metales que usaremos los seres humanos. Al principio los usaremos <strong>de manera nativa, sin fundir, martille\u00e1ndolos para darles forma<\/strong> y por eso no podemos hablar todav\u00eda de metalurgia. Este uso del cobre y el oro comenzar\u00e1 a extenderse por Asia, Europa y \u00c1frica.<\/p>\n<p>Posteriormente, nuestros antepasados aprendieron a <strong>fundir el cobre<\/strong> y a hacer aleaciones con \u00e9l, como <strong>el bronce.<\/strong><\/p>\n<\/div>\n<div class=\"col-lg-9 col-md-12 col-sm-12 col-12\">\n<figure id=\"attachment_4826\" class=\"thumbnail wp-caption aligncenter\" style=\"width: 1790px\"><a href=\"https:\/\/auladeclio.com\/auladeclio\/wp-content\/uploads\/2019\/02\/DIFUSI\u00d3N-DEL-USO-DEL-COBRE.png\"><img loading=\"lazy\" decoding=\"async\" class=\"size-full wp-image-4826\" src=\"https:\/\/auladeclio.com\/auladeclio\/wp-content\/uploads\/2019\/02\/DIFUSI\u00d3N-DEL-USO-DEL-COBRE.png\" alt=\"\" width=\"1780\" height=\"1180\" srcset=\"https:\/\/auladeclio.com\/auladeclio\/wp-content\/uploads\/2019\/02\/DIFUSI\u00d3N-DEL-USO-DEL-COBRE.png 1780w, https:\/\/auladeclio.com\/auladeclio\/wp-content\/uploads\/2019\/02\/DIFUSI\u00d3N-DEL-USO-DEL-COBRE-300x199.png 300w, https:\/\/auladeclio.com\/auladeclio\/wp-content\/uploads\/2019\/02\/DIFUSI\u00d3N-DEL-USO-DEL-COBRE-768x509.png 768w, https:\/\/auladeclio.com\/auladeclio\/wp-content\/uploads\/2019\/02\/DIFUSI\u00d3N-DEL-USO-DEL-COBRE-1024x679.png 1024w\" sizes=\"auto, (max-width: 1780px) 100vw, 1780px\" \/><\/a><figcaption class=\"caption wp-caption-text\">DIFUSI\u00d3N DEL USO DEL COBRE NATIVO<\/figcaption><\/figure>\n<\/div>\n<\/div>\n<p>M\u00e1s tarde consiguieron fundir <strong>el hierro<\/strong> que necesita temperaturas muy altas.\u00a0Estos metales y aleaciones dan nombre a las tres etapas de la Edad de los Metales:[\/vc_column_text][vc_toggle title=&#8221;LAS ETAPAS DE LA EDAD DE LOS METALES&#8221; custom_font_container=&#8221;tag:h4|text_align:left|color:%2353ad35&#8243; custom_google_fonts=&#8221;font_family:Bitter%3Aregular%2Citalic%2C700|font_style:400%20regular%3A400%3Anormal&#8221; use_custom_heading=&#8221;true&#8221;]<span style=\"font-size: 14pt;\"><strong>EDAD DEL COBRE<\/strong><\/span><\/p>\n<p><strong>Hace unos 6.000 a\u00f1os<\/strong>, los seres humanos empezaron a elaborar los primeros objetos de\u00a0<strong>metal fundido<\/strong>. <strong>Comenzaba el Calcol\u00edtico,<\/strong> comprobaron que, aplicando suficiente calor, algunos minerales se licuaban, permitiendo darle forma mucho m\u00e1s facilmente o incluso meterlo en moldes para fabricar <strong>utensilios de adorno.<\/strong><\/p>\n<p>El cobre sin ning\u00fan tipo de aleaci\u00f3n es muy blando y por lo tanto no puede usarse para fabricar herramientas de trabajo o para hacer armas. Las herramientas que sol\u00edan hacerse con cobre eran:<\/p>\n<ul>\n<li>Cuentas de collar, brazaletes, anillos, diademas, alfileres&#8230;, que daban prestigio social<\/li>\n<li>Y algunas armas rituales que no se usaban para combatir: pu\u00f1ales o hachas<\/li>\n<\/ul>\n<div class=\"row\">\n<div class=\"col-lg-3 col-md-12 col-sm-12 col-12\">\n<\/div>\n<div class=\"col-lg-3 col-md-12 col-sm-12 col-12\">\n<figure id=\"attachment_4831\" class=\"thumbnail wp-caption aligncenter\" style=\"width: 310px\"><a href=\"https:\/\/auladeclio.com\/auladeclio\/wp-content\/uploads\/2019\/02\/anillo-de-cobre.png\"><img loading=\"lazy\" decoding=\"async\" class=\"size-medium wp-image-4831\" src=\"https:\/\/auladeclio.com\/auladeclio\/wp-content\/uploads\/2019\/02\/anillo-de-cobre-300x277.png\" alt=\"\" width=\"300\" height=\"277\" srcset=\"https:\/\/auladeclio.com\/auladeclio\/wp-content\/uploads\/2019\/02\/anillo-de-cobre-300x277.png 300w, https:\/\/auladeclio.com\/auladeclio\/wp-content\/uploads\/2019\/02\/anillo-de-cobre.png 577w\" sizes=\"auto, (max-width: 300px) 100vw, 300px\" \/><\/a><figcaption class=\"caption wp-caption-text\">ANILLO DE COBRE<\/figcaption><\/figure>\n<\/div>\n<div class=\"col-lg-3 col-md-12 col-sm-12 col-12\">\n<figure id=\"attachment_4832\" class=\"thumbnail wp-caption aligncenter\" style=\"width: 310px\"><a href=\"https:\/\/auladeclio.com\/auladeclio\/wp-content\/uploads\/2019\/02\/lingote-de-cobre.png\"><img loading=\"lazy\" decoding=\"async\" class=\"size-medium wp-image-4832\" src=\"https:\/\/auladeclio.com\/auladeclio\/wp-content\/uploads\/2019\/02\/lingote-de-cobre-300x277.png\" alt=\"\" width=\"300\" height=\"277\" srcset=\"https:\/\/auladeclio.com\/auladeclio\/wp-content\/uploads\/2019\/02\/lingote-de-cobre-300x277.png 300w, https:\/\/auladeclio.com\/auladeclio\/wp-content\/uploads\/2019\/02\/lingote-de-cobre.png 577w\" sizes=\"auto, (max-width: 300px) 100vw, 300px\" \/><\/a><figcaption class=\"caption wp-caption-text\">LINGOTE DE COBRE<\/figcaption><\/figure>\n<\/div>\n<div class=\"col-lg-3 col-md-12 col-sm-12 col-12\">\n<\/div>\n<\/div><strong><span style=\"font-size: 14pt;\">EDAD DEL BRONCE<\/span><\/strong><\/p>\n<p><strong>Hace unos 5.000 a\u00f1os<\/strong> comenzar\u00e1n a hacerse las <strong>primeras aleaciones<\/strong>, mezclas de metales que hac\u00edan que las herramientas de metal fueran m\u00e1s duraderas y resistentes. <strong>Al mezclar cobre con esta\u00f1o se consegu\u00eda bronce<\/strong>, un metal con el que se pudieron hacer <strong>herramientas y armas.<\/strong><\/p>\n<p>Las herramientas y utensilios que se fabricaron con bronce eran normalmente la siguientes:<\/p>\n<ul>\n<li>Armas destinadas a una minor\u00eda social con poder como dagas, pu\u00f1ales, corazas, cascos, puntas de lanza, escudos, espadas&#8230;<\/li>\n<li>Objetos ornamentales, como broches de cintur\u00f3n, f\u00edbulas, torques y otros<\/li>\n<\/ul>\n<figure id=\"attachment_4834\" class=\"thumbnail wp-caption aligncenter\" style=\"width: 1010px\"><a href=\"https:\/\/auladeclio.com\/auladeclio\/wp-content\/uploads\/2019\/02\/ELABORACI\u00d3N-DE-UNA-ESPADA-DE-BRONCE.jpg\"><img loading=\"lazy\" decoding=\"async\" class=\"size-full wp-image-4834\" src=\"https:\/\/auladeclio.com\/auladeclio\/wp-content\/uploads\/2019\/02\/ELABORACI\u00d3N-DE-UNA-ESPADA-DE-BRONCE.jpg\" alt=\"\" width=\"1000\" height=\"393\" srcset=\"https:\/\/auladeclio.com\/auladeclio\/wp-content\/uploads\/2019\/02\/ELABORACI\u00d3N-DE-UNA-ESPADA-DE-BRONCE.jpg 1000w, https:\/\/auladeclio.com\/auladeclio\/wp-content\/uploads\/2019\/02\/ELABORACI\u00d3N-DE-UNA-ESPADA-DE-BRONCE-300x118.jpg 300w, https:\/\/auladeclio.com\/auladeclio\/wp-content\/uploads\/2019\/02\/ELABORACI\u00d3N-DE-UNA-ESPADA-DE-BRONCE-768x302.jpg 768w\" sizes=\"auto, (max-width: 1000px) 100vw, 1000px\" \/><\/a><figcaption class=\"caption wp-caption-text\">ELABORACI\u00d3N DE UNA ESPADA DE BRONCE<\/figcaption><\/figure>\n<figure id=\"attachment_4835\" class=\"thumbnail wp-caption aligncenter\" style=\"width: 836px\"><a href=\"https:\/\/auladeclio.com\/auladeclio\/wp-content\/uploads\/2019\/02\/ESPADA-DE-BRONCE.png\"><img loading=\"lazy\" decoding=\"async\" class=\"size-full wp-image-4835\" src=\"https:\/\/auladeclio.com\/auladeclio\/wp-content\/uploads\/2019\/02\/ESPADA-DE-BRONCE.png\" alt=\"\" width=\"826\" height=\"87\" srcset=\"https:\/\/auladeclio.com\/auladeclio\/wp-content\/uploads\/2019\/02\/ESPADA-DE-BRONCE.png 826w, https:\/\/auladeclio.com\/auladeclio\/wp-content\/uploads\/2019\/02\/ESPADA-DE-BRONCE-300x32.png 300w, https:\/\/auladeclio.com\/auladeclio\/wp-content\/uploads\/2019\/02\/ESPADA-DE-BRONCE-768x81.png 768w\" sizes=\"auto, (max-width: 826px) 100vw, 826px\" \/><\/a><figcaption class=\"caption wp-caption-text\">ESPADA DE BRONCE<\/figcaption><\/figure>\n<p><span style=\"font-size: 14pt;\"><strong>EDAD DEL HIERRO<\/strong><\/span><\/p>\n<p>Finalmente, <strong>hace unos 3.000 a\u00f1os<\/strong> nuestros antepasados aprendieron a fabricar <strong>hornos que consegu\u00edan alcanzar 1.000 \u00baC<\/strong> con lo que pudo comenzar a usarse un nuevo metal mucho m\u00e1s resistente: <strong>el hierro.<\/strong><\/p>\n<p>La siderurgia que es el proceso de extracci\u00f3n y fundido del hierro permiti\u00f3 por primera vez que la mayor\u00eda de la poblaci\u00f3n tuviera acceso a instrumentos de metal como:<\/p>\n<ul>\n<li>Hachas, cuchillos, podadoras, azadas, guada\u00f1as, hoces, rejas para los arados, tijeras, limas, arneses de carro, etc.<\/li>\n<li>Armas mucho m\u00e1s duras y resistentes que las de bronce<\/li>\n<\/ul>\n<figure id=\"attachment_4837\" class=\"thumbnail wp-caption aligncenter\" style=\"width: 910px\"><a href=\"https:\/\/auladeclio.com\/auladeclio\/wp-content\/uploads\/2019\/02\/TENAZAS-DE-HIERRO.png\"><img loading=\"lazy\" decoding=\"async\" class=\"size-full wp-image-4837\" src=\"https:\/\/auladeclio.com\/auladeclio\/wp-content\/uploads\/2019\/02\/TENAZAS-DE-HIERRO.png\" alt=\"\" width=\"900\" height=\"176\" srcset=\"https:\/\/auladeclio.com\/auladeclio\/wp-content\/uploads\/2019\/02\/TENAZAS-DE-HIERRO.png 900w, https:\/\/auladeclio.com\/auladeclio\/wp-content\/uploads\/2019\/02\/TENAZAS-DE-HIERRO-300x59.png 300w, https:\/\/auladeclio.com\/auladeclio\/wp-content\/uploads\/2019\/02\/TENAZAS-DE-HIERRO-768x150.png 768w\" sizes=\"auto, (max-width: 900px) 100vw, 900px\" \/><\/a><figcaption class=\"caption wp-caption-text\">TENAZAS DE HIERRO<\/figcaption><\/figure>\n<p>&nbsp;<\/p>\n<p><a href=\"https:\/\/auladeclio.com\/auladeclio\/wp-content\/uploads\/2019\/02\/eje-cronologico-edades_zoom.jpg\"><img loading=\"lazy\" decoding=\"async\" class=\"aligncenter size-full wp-image-4830\" src=\"https:\/\/auladeclio.com\/auladeclio\/wp-content\/uploads\/2019\/02\/eje-cronologico-edades_zoom.jpg\" alt=\"\" width=\"1000\" height=\"439\" srcset=\"https:\/\/auladeclio.com\/auladeclio\/wp-content\/uploads\/2019\/02\/eje-cronologico-edades_zoom.jpg 1000w, https:\/\/auladeclio.com\/auladeclio\/wp-content\/uploads\/2019\/02\/eje-cronologico-edades_zoom-300x132.jpg 300w, https:\/\/auladeclio.com\/auladeclio\/wp-content\/uploads\/2019\/02\/eje-cronologico-edades_zoom-768x337.jpg 768w\" sizes=\"auto, (max-width: 1000px) 100vw, 1000px\" \/><\/a>[\/vc_toggle][vc_toggle title=&#8221;LOS CAMBIOS SOCIALES Y ECON\u00d3MICOS&#8221; custom_font_container=&#8221;tag:h4|text_align:left|color:%2353ad35&#8243; custom_google_fonts=&#8221;font_family:Bitter%3Aregular%2Citalic%2C700|font_style:400%20regular%3A400%3Anormal&#8221; use_custom_heading=&#8221;true&#8221;]<span style=\"font-size: 14pt;\"><strong>LOS CAMBIOS EN LA FORMA DE VIDA<\/strong><\/span><\/p>\n<p>Los metales modificaron la forma de vida:<\/p>\n<div class=\"row\">\n<div class=\"col-lg-6 col-md-12 col-sm-12 col-12\">\n<ul>\n<li>Los metales no abundan en todas partes, por lo que <strong>se desarroll\u00f3 el comercio entre las zo\u00adnas ricas en metal y las dem\u00e1s.<\/strong><\/li>\n<li><strong>Las aldeas situadas en las rutas comerciales se enriquecieron<\/strong>, aumentaron su poblaci\u00f3n y se convirtieron en peque\u00f1as ciudades. <strong>Crecieron las luchas para controlar las zonas m\u00e1s ricas y unos pueblos dominaron a otros.<\/strong><\/li>\n<li><strong>Surgieron nuevas ocupaciones:<\/strong>\n<ul>\n<li>Los <strong>guerreros<\/strong> defend\u00edan a la poblaci\u00f3n<\/li>\n<li>Los <strong>sacerdotes<\/strong> se ocupaban de los ritos religiosos y en algunos casos de los excedentes de la agricultura y la ganader\u00eda<\/li>\n<li>Los <strong>comer\u00adciantes<\/strong> se dedicaban a comprar y vender<\/li>\n<\/ul>\n<\/li>\n<li><strong>Se incrementaron las divisiones sociale<\/strong>s: los sacerdotes, los guerreros y las personas ricas adquirieron una situaci\u00f3n privilegiada.<\/li>\n<\/ul>\n<\/div>\n<div class=\"col-lg-6 col-md-12 col-sm-12 col-12\">\n<figure id=\"attachment_4867\" class=\"thumbnail wp-caption aligncenter\" style=\"width: 910px\"><a href=\"https:\/\/auladeclio.com\/auladeclio\/wp-content\/uploads\/2019\/02\/RECONSTRUCCI\u00d3N-DEL-POBLADO-DE-LOS-MILLARES-ALMER\u00cdA.jpg\" target=\"_blank\" rel=\"noopener noreferrer\"><img loading=\"lazy\" decoding=\"async\" class=\"wp-image-4867 size-full\" src=\"https:\/\/auladeclio.com\/auladeclio\/wp-content\/uploads\/2019\/02\/RECONSTRUCCI\u00d3N-DEL-POBLADO-DE-LOS-MILLARES-ALMER\u00cdA.jpg\" alt=\"\" width=\"900\" height=\"662\" srcset=\"https:\/\/auladeclio.com\/auladeclio\/wp-content\/uploads\/2019\/02\/RECONSTRUCCI\u00d3N-DEL-POBLADO-DE-LOS-MILLARES-ALMER\u00cdA.jpg 900w, https:\/\/auladeclio.com\/auladeclio\/wp-content\/uploads\/2019\/02\/RECONSTRUCCI\u00d3N-DEL-POBLADO-DE-LOS-MILLARES-ALMER\u00cdA-300x221.jpg 300w, https:\/\/auladeclio.com\/auladeclio\/wp-content\/uploads\/2019\/02\/RECONSTRUCCI\u00d3N-DEL-POBLADO-DE-LOS-MILLARES-ALMER\u00cdA-768x565.jpg 768w\" sizes=\"auto, (max-width: 900px) 100vw, 900px\" \/><\/a><figcaption class=\"caption wp-caption-text\">RECONSTRUCCI\u00d3N DEL POBLADO DE LOS MILLARES (ALMER\u00cdA)<\/figcaption><\/figure>\n<\/div>\n<\/div><strong><span style=\"font-size: 14pt;\">UN TIEMPO DE INVENTOS<\/span><\/strong><\/p>\n<p>Hace unos 5.000 a\u00f1os se produjeron tres impor\u00adtantes inventos:<\/p>\n<ul>\n<li>La <strong>rueda<\/strong> mejor\u00f3 los transportes, porque per\u00admiti\u00f3 trasladar grandes cantidades de mer\u00adcanc\u00edas en carros.<\/li>\n<li>La <strong>vela<\/strong> hizo posible utilizar la fuerza del vien\u00adto, lo que a su vez permiti\u00f3 que los barcos fue\u00adran mayores y transportaran m\u00e1s personas y mercanc\u00edas.<\/li>\n<li>El <strong>arado<\/strong> permiti\u00f3 arar m\u00e1s extensi\u00f3n de te\u00adrreno y a mayor velocidad que con la azada, pues usaba la fuerza de tiro de los animales.<\/li>\n<\/ul>\n<div class=\"row\">\n<div class=\"col-lg-4 col-md-12 col-sm-12 col-12\">\n<figure id=\"attachment_4853\" class=\"thumbnail wp-caption aligncenter\" style=\"width: 200px\"><a href=\"https:\/\/auladeclio.com\/auladeclio\/wp-content\/uploads\/2019\/02\/LA-RUEDA-M\u00c1S-ANTIGUA-CONOCIDA-SE-ENCONTR\u00d3-CERCA-DE-LJUBLIANA-LA-CPITAL-DE-ESLOVENIA-TIENE-UNOS-5.000-A\u00d1OS.jpg\" target=\"_blank\" rel=\"noopener noreferrer\"><img loading=\"lazy\" decoding=\"async\" class=\"wp-image-4853\" src=\"https:\/\/auladeclio.com\/auladeclio\/wp-content\/uploads\/2019\/02\/LA-RUEDA-M\u00c1S-ANTIGUA-CONOCIDA-SE-ENCONTR\u00d3-CERCA-DE-LJUBLIANA-LA-CPITAL-DE-ESLOVENIA-TIENE-UNOS-5.000-A\u00d1OS-150x150.jpg\" alt=\"\" width=\"190\" height=\"253\" srcset=\"https:\/\/auladeclio.com\/auladeclio\/wp-content\/uploads\/2019\/02\/LA-RUEDA-M\u00c1S-ANTIGUA-CONOCIDA-SE-ENCONTR\u00d3-CERCA-DE-LJUBLIANA-LA-CPITAL-DE-ESLOVENIA-TIENE-UNOS-5.000-A\u00d1OS-225x300.jpg 225w, https:\/\/auladeclio.com\/auladeclio\/wp-content\/uploads\/2019\/02\/LA-RUEDA-M\u00c1S-ANTIGUA-CONOCIDA-SE-ENCONTR\u00d3-CERCA-DE-LJUBLIANA-LA-CPITAL-DE-ESLOVENIA-TIENE-UNOS-5.000-A\u00d1OS-768x1024.jpg 768w, https:\/\/auladeclio.com\/auladeclio\/wp-content\/uploads\/2019\/02\/LA-RUEDA-M\u00c1S-ANTIGUA-CONOCIDA-SE-ENCONTR\u00d3-CERCA-DE-LJUBLIANA-LA-CPITAL-DE-ESLOVENIA-TIENE-UNOS-5.000-A\u00d1OS.jpg 800w\" sizes=\"auto, (max-width: 190px) 100vw, 190px\" \/><\/a><figcaption class=\"caption wp-caption-text\">LA RUEDA M\u00c1S ANTIGUA CONOCIDA SE ENCONTR\u00d3 CERCA DE LJUBLIANA, LA CAPITAL DE ESLOVENIA, TIENE UNOS 5.000 A\u00d1OS<\/figcaption><\/figure>\n<\/div>\n<div class=\"col-lg-4 col-md-12 col-sm-12 col-12\">\n<figure id=\"attachment_4854\" class=\"thumbnail wp-caption aligncenter\" style=\"width: 310px\"><a href=\"https:\/\/auladeclio.com\/auladeclio\/wp-content\/uploads\/2019\/02\/CER\u00c1MICA-DE-LA-CULTURA-DE-CUCUTENI-EN-LA-QUE-SE-OBSERVA-LA-REPRESENTACI\u00d3N-M\u00c1S-ANTIGUA-DE-UNA-VELA-5.000-a.C..png\" target=\"_blank\" rel=\"noopener noreferrer\"><img loading=\"lazy\" decoding=\"async\" class=\"wp-image-4854 size-medium\" src=\"https:\/\/auladeclio.com\/auladeclio\/wp-content\/uploads\/2019\/02\/CER\u00c1MICA-DE-LA-CULTURA-DE-CUCUTENI-EN-LA-QUE-SE-OBSERVA-LA-REPRESENTACI\u00d3N-M\u00c1S-ANTIGUA-DE-UNA-VELA-5.000-a.C.-300x274.png\" alt=\"\" width=\"300\" height=\"274\" srcset=\"https:\/\/auladeclio.com\/auladeclio\/wp-content\/uploads\/2019\/02\/CER\u00c1MICA-DE-LA-CULTURA-DE-CUCUTENI-EN-LA-QUE-SE-OBSERVA-LA-REPRESENTACI\u00d3N-M\u00c1S-ANTIGUA-DE-UNA-VELA-5.000-a.C.-300x274.png 300w, https:\/\/auladeclio.com\/auladeclio\/wp-content\/uploads\/2019\/02\/CER\u00c1MICA-DE-LA-CULTURA-DE-CUCUTENI-EN-LA-QUE-SE-OBSERVA-LA-REPRESENTACI\u00d3N-M\u00c1S-ANTIGUA-DE-UNA-VELA-5.000-a.C.-768x702.png 768w, https:\/\/auladeclio.com\/auladeclio\/wp-content\/uploads\/2019\/02\/CER\u00c1MICA-DE-LA-CULTURA-DE-CUCUTENI-EN-LA-QUE-SE-OBSERVA-LA-REPRESENTACI\u00d3N-M\u00c1S-ANTIGUA-DE-UNA-VELA-5.000-a.C..png 972w\" sizes=\"auto, (max-width: 300px) 100vw, 300px\" \/><\/a><figcaption class=\"caption wp-caption-text\">CER\u00c1MICA DE LA CULTURA DE CUCUTENI EN LA QUE SE OBSERVA LA REPRESENTACI\u00d3N M\u00c1S ANTIGUA DE UNA VELA (5.000 a.C.)<\/figcaption><\/figure>\n<\/div>\n<div class=\"col-lg-4 col-md-12 col-sm-12 col-12\">\n<figure id=\"attachment_4855\" class=\"thumbnail wp-caption aligncenter\" style=\"width: 310px\"><a href=\"https:\/\/auladeclio.com\/auladeclio\/wp-content\/uploads\/2019\/02\/ARADO-PRIMITIVO.png\" target=\"_blank\" rel=\"noopener noreferrer\"><img loading=\"lazy\" decoding=\"async\" class=\"wp-image-4855 size-medium\" src=\"https:\/\/auladeclio.com\/auladeclio\/wp-content\/uploads\/2019\/02\/ARADO-PRIMITIVO-300x225.png\" alt=\"\" width=\"300\" height=\"225\" srcset=\"https:\/\/auladeclio.com\/auladeclio\/wp-content\/uploads\/2019\/02\/ARADO-PRIMITIVO-300x225.png 300w, https:\/\/auladeclio.com\/auladeclio\/wp-content\/uploads\/2019\/02\/ARADO-PRIMITIVO-768x576.png 768w, https:\/\/auladeclio.com\/auladeclio\/wp-content\/uploads\/2019\/02\/ARADO-PRIMITIVO.png 925w\" sizes=\"auto, (max-width: 300px) 100vw, 300px\" \/><\/a><figcaption class=\"caption wp-caption-text\">ARADO PRIMITIVO<\/figcaption><\/figure>\n<\/div>\n<\/div>Otros avances fueron la <strong>invenci\u00f3n del regad\u00edo<\/strong> y la <strong>construcci\u00f3n de canales<\/strong> para llevar agua a las ciudades y a los campos.[\/vc_toggle][vc_toggle title=&#8221;EL ARTE MEGAL\u00cdTICO&#8221; custom_font_container=&#8221;tag:h4|text_align:left|color:%2353ad35&#8243; custom_google_fonts=&#8221;font_family:Bitter%3Aregular%2Citalic%2C700|font_style:400%20regular%3A400%3Anormal&#8221; use_custom_heading=&#8221;true&#8221;]<span style=\"font-size: 14pt;\"><strong>EL MEGALITISMO<\/strong><\/span><\/p>\n<p>En el periodo final del Neol\u00edtico y <strong>durante la Edad de los Metales se construyeron monumentos con grandes piedras o megalitos<\/strong>. Fueron la primera manifestaci\u00f3n arquitect\u00f3nica de la historia. Los monumentos megal\u00edticos ten\u00edan formas variadas:<\/p>\n<ul>\n<li>Los <strong>menhires<\/strong> eran grandes piedras alargadas, clavadas verticalmente en el suelo. Posiblemente se\u00f1alaban lugares donde se rend\u00eda culto al Sol.<\/li>\n<li>Los <strong>d\u00f3lmenes<\/strong> estaban formados por grandes piedras vertica\u00adles hincadas en el suelo y cubiertas por losas horizontales. Eran sepulturas colectivas.<\/li>\n<li>Los <strong>cromlech<\/strong> eran amplios recintos circulares formados por la agrupaci\u00f3n de muchos menhires. Posiblemente, eran santuarios.<\/li>\n<\/ul>\n<div id='gallery-1' class='gallery galleryid-3822 gallery-columns-6 gallery-size-thumbnail'><figure class='gallery-item'>\n\t\t\t<div class='gallery-icon portrait'>\n\t\t\t\t<a href='https:\/\/auladeclio.com\/auladeclio\/wp-content\/uploads\/2019\/02\/MENHIR-DE-CARNAC.jpg'><img loading=\"lazy\" decoding=\"async\" width=\"150\" height=\"150\" src=\"https:\/\/auladeclio.com\/auladeclio\/wp-content\/uploads\/2019\/02\/MENHIR-DE-CARNAC-150x150.jpg\" class=\"attachment-thumbnail size-thumbnail\" alt=\"\" aria-describedby=\"gallery-1-4861\" srcset=\"https:\/\/auladeclio.com\/auladeclio\/wp-content\/uploads\/2019\/02\/MENHIR-DE-CARNAC-150x150.jpg 150w, https:\/\/auladeclio.com\/auladeclio\/wp-content\/uploads\/2019\/02\/MENHIR-DE-CARNAC-60x60.jpg 60w\" sizes=\"auto, (max-width: 150px) 100vw, 150px\" \/><\/a>\n\t\t\t<\/div>\n\t\t\t\t<figcaption class='wp-caption-text gallery-caption' id='gallery-1-4861'>\n\t\t\t\tMENHIR DE CARNAC\n\t\t\t\t<\/figcaption><\/figure><figure class='gallery-item'>\n\t\t\t<div class='gallery-icon landscape'>\n\t\t\t\t<a href='https:\/\/auladeclio.com\/auladeclio\/wp-content\/uploads\/2019\/02\/MENHIR-DE-IRU\u00d1ARRI.jpg'><img loading=\"lazy\" decoding=\"async\" width=\"150\" height=\"150\" src=\"https:\/\/auladeclio.com\/auladeclio\/wp-content\/uploads\/2019\/02\/MENHIR-DE-IRU\u00d1ARRI-150x150.jpg\" class=\"attachment-thumbnail size-thumbnail\" alt=\"\" aria-describedby=\"gallery-1-4862\" srcset=\"https:\/\/auladeclio.com\/auladeclio\/wp-content\/uploads\/2019\/02\/MENHIR-DE-IRU\u00d1ARRI-150x150.jpg 150w, https:\/\/auladeclio.com\/auladeclio\/wp-content\/uploads\/2019\/02\/MENHIR-DE-IRU\u00d1ARRI-60x60.jpg 60w\" sizes=\"auto, (max-width: 150px) 100vw, 150px\" \/><\/a>\n\t\t\t<\/div>\n\t\t\t\t<figcaption class='wp-caption-text gallery-caption' id='gallery-1-4862'>\n\t\t\t\tMENHIR DE IRU\u00d1ARRI\n\t\t\t\t<\/figcaption><\/figure><figure class='gallery-item'>\n\t\t\t<div class='gallery-icon landscape'>\n\t\t\t\t<a href='https:\/\/auladeclio.com\/auladeclio\/wp-content\/uploads\/2019\/02\/DOLMEN-DE-AXEITOS.jpg'><img loading=\"lazy\" decoding=\"async\" width=\"150\" height=\"150\" src=\"https:\/\/auladeclio.com\/auladeclio\/wp-content\/uploads\/2019\/02\/DOLMEN-DE-AXEITOS-150x150.jpg\" class=\"attachment-thumbnail size-thumbnail\" alt=\"\" aria-describedby=\"gallery-1-4860\" srcset=\"https:\/\/auladeclio.com\/auladeclio\/wp-content\/uploads\/2019\/02\/DOLMEN-DE-AXEITOS-150x150.jpg 150w, https:\/\/auladeclio.com\/auladeclio\/wp-content\/uploads\/2019\/02\/DOLMEN-DE-AXEITOS-60x60.jpg 60w\" sizes=\"auto, (max-width: 150px) 100vw, 150px\" \/><\/a>\n\t\t\t<\/div>\n\t\t\t\t<figcaption class='wp-caption-text gallery-caption' id='gallery-1-4860'>\n\t\t\t\tDOLMEN DE AXEITOS\n\t\t\t\t<\/figcaption><\/figure><figure class='gallery-item'>\n\t\t\t<div class='gallery-icon landscape'>\n\t\t\t\t<a href='https:\/\/auladeclio.com\/auladeclio\/wp-content\/uploads\/2019\/02\/DOLMEN-DE-ARTAJONA.jpg'><img loading=\"lazy\" decoding=\"async\" width=\"150\" height=\"150\" src=\"https:\/\/auladeclio.com\/auladeclio\/wp-content\/uploads\/2019\/02\/DOLMEN-DE-ARTAJONA-150x150.jpg\" class=\"attachment-thumbnail size-thumbnail\" alt=\"\" aria-describedby=\"gallery-1-4859\" srcset=\"https:\/\/auladeclio.com\/auladeclio\/wp-content\/uploads\/2019\/02\/DOLMEN-DE-ARTAJONA-150x150.jpg 150w, https:\/\/auladeclio.com\/auladeclio\/wp-content\/uploads\/2019\/02\/DOLMEN-DE-ARTAJONA-60x60.jpg 60w\" sizes=\"auto, (max-width: 150px) 100vw, 150px\" \/><\/a>\n\t\t\t<\/div>\n\t\t\t\t<figcaption class='wp-caption-text gallery-caption' id='gallery-1-4859'>\n\t\t\t\tDOLMEN DE ARTAJONA\n\t\t\t\t<\/figcaption><\/figure><figure class='gallery-item'>\n\t\t\t<div class='gallery-icon landscape'>\n\t\t\t\t<a href='https:\/\/auladeclio.com\/auladeclio\/wp-content\/uploads\/2019\/02\/CHROMLECH-DE-URGARATAKO.jpg'><img loading=\"lazy\" decoding=\"async\" width=\"150\" height=\"150\" src=\"https:\/\/auladeclio.com\/auladeclio\/wp-content\/uploads\/2019\/02\/CHROMLECH-DE-URGARATAKO-150x150.jpg\" class=\"attachment-thumbnail size-thumbnail\" alt=\"\" aria-describedby=\"gallery-1-4858\" srcset=\"https:\/\/auladeclio.com\/auladeclio\/wp-content\/uploads\/2019\/02\/CHROMLECH-DE-URGARATAKO-150x150.jpg 150w, https:\/\/auladeclio.com\/auladeclio\/wp-content\/uploads\/2019\/02\/CHROMLECH-DE-URGARATAKO-60x60.jpg 60w\" sizes=\"auto, (max-width: 150px) 100vw, 150px\" \/><\/a>\n\t\t\t<\/div>\n\t\t\t\t<figcaption class='wp-caption-text gallery-caption' id='gallery-1-4858'>\n\t\t\t\tCHROMLECH DE URGARATAKO\n\t\t\t\t<\/figcaption><\/figure><figure class='gallery-item'>\n\t\t\t<div class='gallery-icon landscape'>\n\t\t\t\t<a href='https:\/\/auladeclio.com\/auladeclio\/wp-content\/uploads\/2019\/02\/CHROMLECH-DE-STONEHENGE.png'><img loading=\"lazy\" decoding=\"async\" width=\"150\" height=\"150\" src=\"https:\/\/auladeclio.com\/auladeclio\/wp-content\/uploads\/2019\/02\/CHROMLECH-DE-STONEHENGE-150x150.png\" class=\"attachment-thumbnail size-thumbnail\" alt=\"\" aria-describedby=\"gallery-1-4857\" srcset=\"https:\/\/auladeclio.com\/auladeclio\/wp-content\/uploads\/2019\/02\/CHROMLECH-DE-STONEHENGE-150x150.png 150w, https:\/\/auladeclio.com\/auladeclio\/wp-content\/uploads\/2019\/02\/CHROMLECH-DE-STONEHENGE-60x60.png 60w\" sizes=\"auto, (max-width: 150px) 100vw, 150px\" \/><\/a>\n\t\t\t<\/div>\n\t\t\t\t<figcaption class='wp-caption-text gallery-caption' id='gallery-1-4857'>\n\t\t\t\tCHROMLECH DE STONEHENGE\n\t\t\t\t<\/figcaption><\/figure>\n\t\t<\/div>\n<strong><span style=\"font-size: 14pt;\">\u00bfC\u00d3MO SE CONSTRU\u00cdAN LOS MEGALITOS?<\/span><\/strong><\/p>\n<p>Los megalitos todav\u00eda esconden muchos secretos, que los arque\u00f3logos no han acabado de descifrar: \u00bfC\u00f3mo era posible transportar y levantar esas inmensas losas de piedra que pod\u00edan llegar a pesar muchas toneladas? \u00bfQu\u00e9 importante funci\u00f3n les otorgaban para dedicarles tanto esfuerzo?<\/p>\n<p>Las sociedades que construyeron estos monumentos deb\u00edan ser capaces de organizar el trabajo de forma colectiva y de desarrollar complejos sistemas de construcci\u00f3n.<\/p>\n<p>Adem\u00e1s, estas edificaciones funerarias nos indican la posible existencia de creencias espirituales.<\/p>\n<figure id=\"attachment_4863\" class=\"thumbnail wp-caption aligncenter\" style=\"width: 910px\"><a href=\"https:\/\/auladeclio.com\/auladeclio\/wp-content\/uploads\/2019\/02\/CONSTRUYENDO-UN-MEGALITO.jpg\" target=\"_blank\" rel=\"noopener noreferrer\"><img loading=\"lazy\" decoding=\"async\" class=\"wp-image-4863 size-full\" src=\"https:\/\/auladeclio.com\/auladeclio\/wp-content\/uploads\/2019\/02\/CONSTRUYENDO-UN-MEGALITO.jpg\" alt=\"\" width=\"900\" height=\"429\" srcset=\"https:\/\/auladeclio.com\/auladeclio\/wp-content\/uploads\/2019\/02\/CONSTRUYENDO-UN-MEGALITO.jpg 900w, https:\/\/auladeclio.com\/auladeclio\/wp-content\/uploads\/2019\/02\/CONSTRUYENDO-UN-MEGALITO-300x143.jpg 300w, https:\/\/auladeclio.com\/auladeclio\/wp-content\/uploads\/2019\/02\/CONSTRUYENDO-UN-MEGALITO-768x366.jpg 768w\" sizes=\"auto, (max-width: 900px) 100vw, 900px\" \/><\/a><figcaption class=\"caption wp-caption-text\">CONSTRUYENDO UN MEGALITO<\/figcaption><\/figure>\n<p>Para la construcci\u00f3n de un megalito los humanos contaban tan solo con ru\u00addimentarias herramientas de piedra y de metal, troncos y cuerdas y un buen conocimiento del plano inclinado (rampa) y la palanca.<\/p>\n<p>La complejidad de la tarea indica la existencia de una organizaci\u00f3n social superior a la de una simple aldea o tribu aislada. Probablemente exist\u00edan una autoridad y una jerarqu\u00eda establecidas, una divisi\u00f3n y especializaci\u00f3n del tra\u00adbajo y muchas personas dispuestas a realizar un gran esfuerzo colectivo.[\/vc_toggle][\/vc_tta_section][vc_tta_section i_icon_fontawesome=&#8221;fa fa-pencil&#8221; add_icon=&#8221;true&#8221; title=&#8221;EJERCICIOS&#8221; tab_id=&#8221;1509006569048-69f0d63d-3f36&#8243;][vc_column_text][WpProQuiz 22]\n[WpProQuiz_toplist 22][\/vc_column_text][\/vc_tta_section][vc_tta_section i_icon_fontawesome=&#8221;fa fa-puzzle-piece&#8221; add_icon=&#8221;true&#8221; title=&#8221;ACTIVIDADES&#8221; tab_id=&#8221;1509006579146-16897097-dde9&#8243;][vc_column_text]CREA UN ESQUEMA SIMILAR AL QUE PUEDES VER M\u00c1S ABAJO CON LA HERRAMIENTA DE INSERTAR DIBUJO DE GOOGLE DOCS Y COMPLETA TODA LA INFORMACI\u00d3N RELEVANTE DE CADA PERIODO DE LA PREHISTORIA:[\/vc_column_text]<a class=\"fullscreen-mode\" href=\"https:\/\/auladeclio.com\/auladeclio\/themencode-pdf-viewer-sc\/?tnc_pvfw=ZmlsZT1odHRwczovL2F1bGFkZWNsaW8uY29tL2F1bGFkZWNsaW8vd3AtY29udGVudC91cGxvYWRzLzIwMTkvMDIvMcK6LUVTTy1URU1BLTEwLUFDVElWSURBRC0xMC40LUxBLUVEQUQtREUtTE9TLU1FVEFMRVMucGRmJnNldHRpbmdzPTExMTExMTExMTExMTExMTExMDAmbGFuZz1lbi1VUw==#page=&#038;zoom=page-width&#038;pagemode=none\" target=\"_blank\">Fullscreen Mode<\/a><br><iframe loading=\"lazy\" class=\"pvfw-pdf-viewer-frame\" width=\"1000\" height=\"725\" src=\"https:\/\/auladeclio.com\/auladeclio\/themencode-pdf-viewer-sc\/?tnc_pvfw=ZmlsZT1odHRwczovL2F1bGFkZWNsaW8uY29tL2F1bGFkZWNsaW8vd3AtY29udGVudC91cGxvYWRzLzIwMTkvMDIvMcK6LUVTTy1URU1BLTEwLUFDVElWSURBRC0xMC40LUxBLUVEQUQtREUtTE9TLU1FVEFMRVMucGRmJnNldHRpbmdzPTExMTExMTExMTExMTExMTExMDAmbGFuZz1lbi1VUw==#page=&#038;zoom=page-width&#038;pagemode=none\" title=\"\"><\/iframe>[vc_column_text]<b>6.1. Explica la diferencia de los dos per\u00edodos en los que se divide la prehistoria y describe las caracter\u00edsticas b\u00e1sicas de la vida en cada uno de los periodos.(TEMA 10)<\/b>[\/vc_column_text][\/vc_tta_section][vc_tta_section i_icon_fontawesome=&#8221;fa fa-lightbulb-o&#8221; add_icon=&#8221;true&#8221; title=&#8221;TAREAS&#8221; tab_id=&#8221;1520438215273-bfb2598c-dd88&#8243;][vc_column_text]<span style=\"font-size: 14pt;\"><strong>\u00bfC\u00d3MO SE FABRICABA UN \u00daTIL DE BRONCE?<\/strong><\/span><\/p>\n<p>OBSERVA EL SIGUIENTE V\u00cdDEO Y A CONTINUACI\u00d3N RESUME EN 15 L\u00cdNEAS EL PROCESO QUE SE SIGUE PARA HACER UN HACHA COMO EN LA EDAD DEL BRONCE:<\/p>\n<p><center><iframe loading=\"lazy\" src=\"\/\/www.youtube.com\/embed\/XoW9T-V6t20\" width=\"560\" height=\"314\" allowfullscreen=\"allowfullscreen\"><\/iframe><\/center><center><\/center><a href=\"https:\/\/auladeclio.com\/auladeclio\/wp-content\/uploads\/2018\/06\/L\u00cdNEAS.jpg\"><img loading=\"lazy\" decoding=\"async\" class=\"aligncenter size-full wp-image-2612\" src=\"https:\/\/auladeclio.com\/auladeclio\/wp-content\/uploads\/2018\/06\/L\u00cdNEAS.jpg\" alt=\"\" width=\"1342\" height=\"325\" srcset=\"https:\/\/auladeclio.com\/auladeclio\/wp-content\/uploads\/2018\/06\/L\u00cdNEAS.jpg 1342w, https:\/\/auladeclio.com\/auladeclio\/wp-content\/uploads\/2018\/06\/L\u00cdNEAS-300x73.jpg 300w, https:\/\/auladeclio.com\/auladeclio\/wp-content\/uploads\/2018\/06\/L\u00cdNEAS-768x186.jpg 768w, https:\/\/auladeclio.com\/auladeclio\/wp-content\/uploads\/2018\/06\/L\u00cdNEAS-1024x248.jpg 1024w\" sizes=\"auto, (max-width: 1342px) 100vw, 1342px\" \/><\/a><a href=\"https:\/\/auladeclio.com\/auladeclio\/wp-content\/uploads\/2018\/06\/L\u00cdNEAS.jpg\"><img loading=\"lazy\" decoding=\"async\" class=\"aligncenter size-full wp-image-2612\" src=\"https:\/\/auladeclio.com\/auladeclio\/wp-content\/uploads\/2018\/06\/L\u00cdNEAS.jpg\" alt=\"\" width=\"1342\" height=\"325\" srcset=\"https:\/\/auladeclio.com\/auladeclio\/wp-content\/uploads\/2018\/06\/L\u00cdNEAS.jpg 1342w, https:\/\/auladeclio.com\/auladeclio\/wp-content\/uploads\/2018\/06\/L\u00cdNEAS-300x73.jpg 300w, https:\/\/auladeclio.com\/auladeclio\/wp-content\/uploads\/2018\/06\/L\u00cdNEAS-768x186.jpg 768w, https:\/\/auladeclio.com\/auladeclio\/wp-content\/uploads\/2018\/06\/L\u00cdNEAS-1024x248.jpg 1024w\" sizes=\"auto, (max-width: 1342px) 100vw, 1342px\" \/><\/a><a href=\"https:\/\/auladeclio.com\/auladeclio\/wp-content\/uploads\/2018\/06\/L\u00cdNEAS.jpg\"><img loading=\"lazy\" decoding=\"async\" class=\"aligncenter size-full wp-image-2612\" src=\"https:\/\/auladeclio.com\/auladeclio\/wp-content\/uploads\/2018\/06\/L\u00cdNEAS.jpg\" alt=\"\" width=\"1342\" height=\"325\" srcset=\"https:\/\/auladeclio.com\/auladeclio\/wp-content\/uploads\/2018\/06\/L\u00cdNEAS.jpg 1342w, https:\/\/auladeclio.com\/auladeclio\/wp-content\/uploads\/2018\/06\/L\u00cdNEAS-300x73.jpg 300w, https:\/\/auladeclio.com\/auladeclio\/wp-content\/uploads\/2018\/06\/L\u00cdNEAS-768x186.jpg 768w, https:\/\/auladeclio.com\/auladeclio\/wp-content\/uploads\/2018\/06\/L\u00cdNEAS-1024x248.jpg 1024w\" sizes=\"auto, (max-width: 1342px) 100vw, 1342px\" \/><\/a>[\/vc_column_text][\/vc_tta_section][vc_tta_section i_icon_fontawesome=&#8221;fa fa-plus-circle&#8221; add_icon=&#8221;true&#8221; title=&#8221;CONSOLIDA&#8221; tab_id=&#8221;1524164322459-38712b94-b327&#8243;][vc_column_text]CREA UN EJE CRONOL\u00d3GICO CON GOOGLE SHEETS A PARTIR DEL NEOL\u00cdTICO DONDE PUEDAN OBSERVARSE LO SIGUIENTE PERIODOS E HITOS, BUSCA LAS FECHAS EN LA SECCI\u00d3N &#8220;TEMA&#8221;. CADA HITO DEBE LLEVAR SU FECHA Y CADA PERIODO SU FECHA DE INICIO Y FIN. PUEDES USAR COMO MODELO EL EJE QUE USAMOS PARA EL PALEOL\u00cdTICO:<\/p>\n<div class=\"row\">\n<div class=\"col-lg-6 col-md-12 col-sm-12 col-12\">\n<ul>\n<li><strong>PERIODOS:<\/strong>\n<ul>\n<li>NEOL\u00cdTICO<\/li>\n<li>EDAD DE LOS METALES<\/li>\n<li>CALCOL\u00cdTICO<\/li>\n<li>EDAD DEL BRONCE<\/li>\n<li>EDAD DEL HIERRO<\/li>\n<\/ul>\n<\/li>\n<li><strong>HITOS<\/strong>\n<ul>\n<li>INVENCI\u00d3N DE LA AGRICULTURA Y LA GANADER\u00cdA<\/li>\n<li>DOMESTICACI\u00d3N DEL PERRO<\/li>\n<li>DOMESTICACI\u00d3N DE LA CABRA<\/li>\n<li>DOMESTICACI\u00d3N DE LA VACA<\/li>\n<li>DOMESTICACI\u00d3N DEL CERDO<\/li>\n<li>DOMESTICACI\u00d3N DEL GATO<\/li>\n<li>INICIO DEL USO DEL COBRE<\/li>\n<li>INICIO DEL USO DEL BRONCE<\/li>\n<li>INICIO DEL USO DEL HIERRO<\/li>\n<li>INVENCI\u00d3N DE LA CER\u00c1MICA<\/li>\n<li>INVENCI\u00d3N DE LA RUEDA<\/li>\n<li>CONSTRUCCI\u00d3N DE LOS PRIMEROS MONUMENTOS MEGAL\u00cdTICOS<\/li>\n<\/ul>\n<\/li>\n<\/ul>\n<\/div>\n<div class=\"col-lg-6 col-md-12 col-sm-12 col-12\">\n<figure id=\"attachment_4877\" class=\"thumbnail wp-caption aligncenter\" style=\"width: 1046px\"><a href=\"https:\/\/docs.google.com\/spreadsheets\/d\/1bCuieKyin7_2FrmKs_dc1BQIq5FpCkBVG69tblFAodU\/edit?usp=sharing\" target=\"_blank\" rel=\"noopener noreferrer\"><img loading=\"lazy\" decoding=\"async\" class=\"wp-image-4877 size-full\" src=\"https:\/\/auladeclio.com\/auladeclio\/wp-content\/uploads\/2019\/02\/EJE-CRONOL\u00d3GICO-1\u00ba-ESO-HOJAS.png\" alt=\"\" width=\"1036\" height=\"1229\" srcset=\"https:\/\/auladeclio.com\/auladeclio\/wp-content\/uploads\/2019\/02\/EJE-CRONOL\u00d3GICO-1\u00ba-ESO-HOJAS.png 1036w, https:\/\/auladeclio.com\/auladeclio\/wp-content\/uploads\/2019\/02\/EJE-CRONOL\u00d3GICO-1\u00ba-ESO-HOJAS-253x300.png 253w, https:\/\/auladeclio.com\/auladeclio\/wp-content\/uploads\/2019\/02\/EJE-CRONOL\u00d3GICO-1\u00ba-ESO-HOJAS-768x911.png 768w, https:\/\/auladeclio.com\/auladeclio\/wp-content\/uploads\/2019\/02\/EJE-CRONOL\u00d3GICO-1\u00ba-ESO-HOJAS-863x1024.png 863w\" sizes=\"auto, (max-width: 1036px) 100vw, 1036px\" \/><\/a><figcaption class=\"caption wp-caption-text\">PINCHA PARA ABRIR EL EJE CRONOL\u00d3GICO. TIENES QUE DESCARGAR UNA COPIA Y HACER EL TUYO<\/figcaption><\/figure>\n<\/div>\n<\/div>[\/vc_column_text][vc_wp_text]<iframe loading=\"lazy\" src=\"https:\/\/auladeclio.com\/auladeclio\/wp-admin\/admin-ajax.php?action=h5p_embed&amp;id=3\" width=\"958\" height=\"792\" frameborder=\"0\" allowfullscreen=\"allowfullscreen\" title=\"1 ESO 6.5 LA EDAD DE LOS METALES CONSOLIDA\"><\/iframe><script src=\"https:\/\/auladeclio.com\/auladeclio\/wp-content\/plugins\/h5p\/h5p-php-library\/js\/h5p-resizer.js\" charset=\"UTF-8\"><\/script>[\/vc_wp_text][\/vc_tta_section][vc_tta_section i_icon_fontawesome=&#8221;fa fa-question-circle&#8221; add_icon=&#8221;true&#8221; title=&#8221;PROFUNDIZA&#8221; tab_id=&#8221;1524164499297-d8938bdf-1969&#8243;][vc_column_text]<strong><span style=\"font-size: 14pt;\">LOS AJUARES FUNERARIOS<\/span><\/strong><\/p>\n<p>La existencia de personas con mayor posici\u00f3n social y poder en los poblados de la Edad de los Metales se constata por el hallazgo de algunas tumbas con una ajuar funerario mucho m\u00e1s rico que las dem\u00e1s:<\/p>\n<div class=\"row\">\n<div class=\"col-lg-6 col-md-12 col-sm-12 col-12\">\n<ul>\n<li>\u00bfQu\u00e9 es un ajuar funerario? \u00bfQu\u00e9 objetos sol\u00eda contener en la Prehistoria? \u00bfCu\u00e1l crees que era su finalidad?<\/li>\n<\/ul>\n<p>&nbsp;<\/p>\n<ul>\n<li>F\u00edjate en la imagen. \u00bfQu\u00e9 objetos componen este ajuar? \u00bfQu\u00e9 objetos de metal puedes identificar? \u00bfCu\u00e1les ser\u00edan considerados signos de riqueza de aquella \u00e9poca? Justifica tu respuesta<\/li>\n<\/ul>\n<p>&nbsp;<\/p>\n<ul>\n<li>Si en la actualidad tuvieses que escoger cinco elementos que representasen la riqueza material y el lujo, \u00bfcu\u00e1les escoger\u00edas? Compara tus respuestas con las de tus compa\u00f1eros. \u00bfEn qu\u00e9 elementos ha habido m\u00e1s coincidencias?<\/li>\n<\/ul>\n<\/div>\n<div class=\"col-lg-6 col-md-12 col-sm-12 col-12\">\n<figure id=\"attachment_4865\" class=\"thumbnail wp-caption aligncenter\" style=\"width: 658px\"><a href=\"https:\/\/auladeclio.com\/auladeclio\/wp-content\/uploads\/2019\/02\/ENTERRAMIENTO-CON-AJUAR-DE-LA-NECR\u00d3POLIS-DE-VARNA-EN-BULGARIA-4600-4200-a.-C..jpg\" target=\"_blank\" rel=\"noopener noreferrer\"><img loading=\"lazy\" decoding=\"async\" class=\"wp-image-4865 size-large\" src=\"https:\/\/auladeclio.com\/auladeclio\/wp-content\/uploads\/2019\/02\/ENTERRAMIENTO-CON-AJUAR-DE-LA-NECR\u00d3POLIS-DE-VARNA-EN-BULGARIA-4600-4200-a.-C.-1024x683.jpg\" alt=\"\" width=\"648\" height=\"432\" srcset=\"https:\/\/auladeclio.com\/auladeclio\/wp-content\/uploads\/2019\/02\/ENTERRAMIENTO-CON-AJUAR-DE-LA-NECR\u00d3POLIS-DE-VARNA-EN-BULGARIA-4600-4200-a.-C.-1024x683.jpg 1024w, https:\/\/auladeclio.com\/auladeclio\/wp-content\/uploads\/2019\/02\/ENTERRAMIENTO-CON-AJUAR-DE-LA-NECR\u00d3POLIS-DE-VARNA-EN-BULGARIA-4600-4200-a.-C.-300x200.jpg 300w, https:\/\/auladeclio.com\/auladeclio\/wp-content\/uploads\/2019\/02\/ENTERRAMIENTO-CON-AJUAR-DE-LA-NECR\u00d3POLIS-DE-VARNA-EN-BULGARIA-4600-4200-a.-C.-768x512.jpg 768w\" sizes=\"auto, (max-width: 648px) 100vw, 648px\" \/><\/a><figcaption class=\"caption wp-caption-text\">ENTERRAMIENTO CON AJUAR DE LA NECR\u00d3POLIS DE VARNA EN BULGARIA (4600-4200 a. C.)<\/figcaption><\/figure>\n<\/div>\n<\/div><a href=\"https:\/\/auladeclio.com\/auladeclio\/wp-content\/uploads\/2018\/06\/L\u00cdNEAS.jpg\"><img loading=\"lazy\" decoding=\"async\" class=\"aligncenter size-full wp-image-2612\" src=\"https:\/\/auladeclio.com\/auladeclio\/wp-content\/uploads\/2018\/06\/L\u00cdNEAS.jpg\" alt=\"\" width=\"1342\" height=\"325\" srcset=\"https:\/\/auladeclio.com\/auladeclio\/wp-content\/uploads\/2018\/06\/L\u00cdNEAS.jpg 1342w, https:\/\/auladeclio.com\/auladeclio\/wp-content\/uploads\/2018\/06\/L\u00cdNEAS-300x73.jpg 300w, https:\/\/auladeclio.com\/auladeclio\/wp-content\/uploads\/2018\/06\/L\u00cdNEAS-768x186.jpg 768w, https:\/\/auladeclio.com\/auladeclio\/wp-content\/uploads\/2018\/06\/L\u00cdNEAS-1024x248.jpg 1024w\" sizes=\"auto, (max-width: 1342px) 100vw, 1342px\" \/><\/a><a href=\"https:\/\/auladeclio.com\/auladeclio\/wp-content\/uploads\/2018\/06\/L\u00cdNEAS.jpg\"><img loading=\"lazy\" decoding=\"async\" class=\"aligncenter size-full wp-image-2612\" src=\"https:\/\/auladeclio.com\/auladeclio\/wp-content\/uploads\/2018\/06\/L\u00cdNEAS.jpg\" alt=\"\" width=\"1342\" height=\"325\" srcset=\"https:\/\/auladeclio.com\/auladeclio\/wp-content\/uploads\/2018\/06\/L\u00cdNEAS.jpg 1342w, https:\/\/auladeclio.com\/auladeclio\/wp-content\/uploads\/2018\/06\/L\u00cdNEAS-300x73.jpg 300w, https:\/\/auladeclio.com\/auladeclio\/wp-content\/uploads\/2018\/06\/L\u00cdNEAS-768x186.jpg 768w, https:\/\/auladeclio.com\/auladeclio\/wp-content\/uploads\/2018\/06\/L\u00cdNEAS-1024x248.jpg 1024w\" sizes=\"auto, (max-width: 1342px) 100vw, 1342px\" \/><\/a>[\/vc_column_text][\/vc_tta_section][\/vc_tta_tabs][\/vc_column][\/vc_row]\n<\/div>","protected":false},"excerpt":{"rendered":"<p>[vc_row][vc_column width=&#8221;1\/3&#8243; offset=&#8221;vc_col-lg-offset-0 vc_col-md-offset-0 vc_col-sm-offset-0 vc_col-xs-3&#8243;][vc_icon icon_fontawesome=&#8221;fa fa-chevron-left&#8221; color=&#8221;green&#8221; link=&#8221;url:http%3A%2F%2Fauladeclio.com%2Fauladeclio%2F10-3-la-primera-gran-revolucion-el-neolitico|title:EP%C3%8DGRAFE%20ANTERIOR|target:%20_blank|&#8221;][\/vc_column][vc_column width=&#8221;1\/3&#8243; offset=&#8221;vc_col-lg-offset-0 vc_col-md-offset-0 vc_col-sm-offset-0 vc_col-xs-offset-1 vc_col-xs-3&#8243;][vc_icon icon_fontawesome=&#8221;fa fa-list&#8221; color=&#8221;green&#8221; align=&#8221;center&#8221; link=&#8221;url:http%3A%2F%2Fauladeclio.com%2Fauladeclio%2F10-la-prehistoria|title:%C3%8DNDICE%20DE%20EP%C3%8DGRAFES|target:%20_blank|&#8221;][\/vc_column][vc_column width=&#8221;1\/3&#8243; offset=&#8221;vc_col-lg-offset-0 vc_col-md-offset-0 vc_col-sm-offset-0 vc_col-xs-offset-1 vc_col-xs-3&#8243;][vc_icon icon_fontawesome=&#8221;fa fa-chevron-right&#8221; color=&#8221;green&#8221; align=&#8221;right&#8221; link=&#8221;url:http%3A%2F%2Fauladeclio.com%2Fauladeclio%2F10-5-la-prehistoria-en-nuestro-entorno|title:EP%C3%8DGRAFE%20SIGUIENTE|target:%20_blank|&#8221;][\/vc_column][\/vc_row][vc_row][vc_column][vc_tta_tabs style=&#8221;outline&#8221; shape=&#8221;square&#8221; color=&#8221;green&#8221; active_section=&#8221;1&#8243; pagination_style=&#8221;flat-rounded&#8221; pagination_color=&#8221;green&#8221;][vc_tta_section i_icon_fontawesome=&#8221;fa fa-book&#8221; add_icon=&#8221;true&#8221; title=&#8221;TEMA&#8221; tab_id=&#8221;1509006569048-f59e903e-56d1&#8243;][vc_column_text] M\u00e1s tarde consiguieron fundir el hierro que necesita temperaturas muy altas.\u00a0Estos metales [&hellip;]<\/p>\n","protected":false},"author":1,"featured_media":0,"parent":0,"menu_order":0,"comment_status":"closed","ping_status":"closed","template":"","meta":{"nf_dc_page":"","footnotes":""},"categories":[97],"tags":[],"class_list":["post-3822","page","type-page","status-publish","hentry","category-1o-eso"],"_links":{"self":[{"href":"https:\/\/auladeclio.com\/auladeclio\/wp-json\/wp\/v2\/pages\/3822","targetHints":{"allow":["GET"]}}],"collection":[{"href":"https:\/\/auladeclio.com\/auladeclio\/wp-json\/wp\/v2\/pages"}],"about":[{"href":"https:\/\/auladeclio.com\/auladeclio\/wp-json\/wp\/v2\/types\/page"}],"author":[{"embeddable":true,"href":"https:\/\/auladeclio.com\/auladeclio\/wp-json\/wp\/v2\/users\/1"}],"replies":[{"embeddable":true,"href":"https:\/\/auladeclio.com\/auladeclio\/wp-json\/wp\/v2\/comments?post=3822"}],"version-history":[{"count":30,"href":"https:\/\/auladeclio.com\/auladeclio\/wp-json\/wp\/v2\/pages\/3822\/revisions"}],"predecessor-version":[{"id":9987,"href":"https:\/\/auladeclio.com\/auladeclio\/wp-json\/wp\/v2\/pages\/3822\/revisions\/9987"}],"wp:attachment":[{"href":"https:\/\/auladeclio.com\/auladeclio\/wp-json\/wp\/v2\/media?parent=3822"}],"wp:term":[{"taxonomy":"category","embeddable":true,"href":"https:\/\/auladeclio.com\/auladeclio\/wp-json\/wp\/v2\/categories?post=3822"},{"taxonomy":"post_tag","embeddable":true,"href":"https:\/\/auladeclio.com\/auladeclio\/wp-json\/wp\/v2\/tags?post=3822"}],"curies":[{"name":"wp","href":"https:\/\/api.w.org\/{rel}","templated":true}]}}