{"id":3679,"date":"2018-10-23T10:20:19","date_gmt":"2018-10-23T10:20:19","guid":{"rendered":"http:\/\/auladeclio.com\/auladeclio\/?page_id=3679"},"modified":"2026-02-06T11:51:46","modified_gmt":"2026-02-06T11:51:46","slug":"5-1-el-paisaje-oceanico-o-atlantico","status":"publish","type":"page","link":"https:\/\/auladeclio.com\/auladeclio\/5-1-el-paisaje-oceanico-o-atlantico\/","title":{"rendered":"5.1 El paisaje oce\u00e1nico o atl\u00e1ntico"},"content":{"rendered":"<div class=\"wpb-content-wrapper\">[vc_row][vc_column width=&#8221;1\/3&#8243; offset=&#8221;vc_col-lg-offset-0 vc_col-md-offset-0 vc_col-sm-offset-0 vc_col-xs-3&#8243;][vc_icon icon_fontawesome=&#8221;fa fa-chevron-left&#8221; color=&#8221;green&#8221; link=&#8221;url:http%3A%2F%2Fauladeclio.com%2Fauladeclio%2F7-los-paisajes-de-espana|title:EP%C3%8DGRAFE%20ANTERIOR|target:%20_blank|&#8221;][\/vc_column][vc_column width=&#8221;1\/3&#8243; offset=&#8221;vc_col-lg-offset-0 vc_col-md-offset-0 vc_col-sm-offset-0 vc_col-xs-offset-1 vc_col-xs-3&#8243;][vc_icon icon_fontawesome=&#8221;fa fa-list&#8221; color=&#8221;green&#8221; align=&#8221;center&#8221; link=&#8221;url:http%3A%2F%2Fauladeclio.com%2Fauladeclio%2F7-los-paisajes-de-espana|title:%C3%8DNDICE%20DE%20EP%C3%8DGRAFES|target:%20_blank|&#8221;][\/vc_column][vc_column width=&#8221;1\/3&#8243; offset=&#8221;vc_col-lg-offset-0 vc_col-md-offset-0 vc_col-sm-offset-0 vc_col-xs-offset-1 vc_col-xs-3&#8243;][vc_icon icon_fontawesome=&#8221;fa fa-chevron-right&#8221; color=&#8221;green&#8221; align=&#8221;right&#8221; link=&#8221;url:http%3A%2F%2Fauladeclio.com%2Fauladeclio%2F7-2-el-paisaje-mediterraneo|title:EP%C3%8DGRAFE%20SIGUIENTE|target:%20_blank|&#8221;][\/vc_column][\/vc_row][vc_row][vc_column][vc_tta_tabs style=&#8221;outline&#8221; shape=&#8221;square&#8221; color=&#8221;green&#8221; active_section=&#8221;1&#8243; pagination_style=&#8221;flat-rounded&#8221; pagination_color=&#8221;green&#8221;][vc_tta_section i_icon_fontawesome=&#8221;fa fa-book&#8221; add_icon=&#8221;true&#8221; title=&#8221;TEMA&#8221; tab_id=&#8221;1509006569048-f59e903e-56d1&#8243;][vc_column_text css=&#8221;&#8221;]<div class=\"row\"><div class=\"col-lg-6 col-md-12 col-sm-12 col-12\">\n<p>Los paisajes oce\u00e1nicos se extienden por el Norte de la Pen\u00ednsula Ib\u00e9rica, fundamentalmente en<strong> Galicia, la cornisa cant\u00e1brica y el prepirineo navarro y aragon\u00e9s<\/strong>. Se trata de<strong> zonas con relieve ondulado y monta\u00f1oso y con r\u00edos cortos y caudalosos<\/strong>. La proximidad al oc\u00e9ano Atl\u00e1ntico y al mar Cant\u00e1brico produce <strong>abundantes precipitaciones y temperaturas suaves<\/strong>, con veranos frescos e inviernos no muy fr\u00edos.<\/p>\n<p>La <strong>vegetaci\u00f3n<\/strong> es <strong>abundante y frondosa<\/strong>, las especies m\u00e1s caracter\u00edsticas son el <strong>roble o el haya<\/strong>, as\u00ed como la fauna con algunos de los animales m\u00e1s imponentes de la pen\u00ednsula como el <strong>oso pardo o el urogallo<\/strong>.<\/p>\n<p>Este <strong>paisaje<\/strong> ha sido<strong> profundamente modificado<\/strong> por el ser humano en las zonas costeras, mientras que en la zonas interiores siguen conserv\u00e1ndose \u00e1reas, que aunque modificadas, siguen albergando profundos bosques protegidos por el aislamiento que proporcionan las monta\u00f1as cant\u00e1bricas.<\/p>\n<\/div>\n<div class=\"col-lg-6 col-md-12 col-sm-12 col-12\">\n<figure class=\"thumbnail wp-caption aligncenter\" style=\"width: 1200px\"><a href=\"https:\/\/auladeclio.com\/auladeclio\/wp-content\/uploads\/2026\/01\/Bosque-de-Muniellos-en-Asturias-.jpg\" target=\"_blank\" rel=\"noopener\"><img loading=\"lazy\" decoding=\"async\" src=\"https:\/\/auladeclio.com\/auladeclio\/wp-content\/uploads\/2026\/01\/Bosque-de-Muniellos-en-Asturias-.jpg\" alt=\"\" width=\"1190\" height=\"667\"><\/a><figcaption class=\"caption wp-caption-text\"><span style=\"font-size: 8pt;\">Bosque de Muniellos (Asturias). La reserva natural integral de Muniellos es una reserva natural localizada en el suroccidente del Principado de Asturias (Espa\u00f1a), entre los concejos de Cangas del Narcea e Ibias<\/span><\/figcaption><\/figure>\n<\/div><\/div>[\/vc_column_text][vc_toggle title=&#8221;EL CLIMA OCE\u00c1NICO&#8221; custom_font_container=&#8221;tag:h4|text_align:left|color:%2353ad35&#8243; custom_use_theme_fonts=&#8221;yes&#8221; css=&#8221;&#8221; use_custom_heading=&#8221;true&#8221;]<div class=\"row\"><div class=\"col-lg-4 col-md-12 col-sm-12 col-12\">\n<p>El <strong>clima<\/strong> de la costa cant\u00e1brica y de Galicia corresponde a las caracter\u00edsticas t\u00edpicas del clima oce\u00e1nico. Se caracteriza por <strong>temperaturas muy suaves<\/strong>, a causa de la influencia del oc\u00e9ano. En los inviernos hay temperaturas medias entre 8 y 10 \u00baC, mientras que en los veranos apenas llega a los 18 o 20 \u00baC.<\/p>\n<p>Sometida todo el a\u00f1o a las borrascas atl\u00e1nticas, las <strong>precipitaciones<\/strong> son <strong>abundantes<\/strong> y se distribuyen por todas las estaciones, aunque llueve m\u00e1s en invierno. En total, se superan, como media, los 150 d\u00edas de lluvia al a\u00f1o. En la alta monta\u00f1a, las nevadas son frecuentes en invierno, por lo que las cumbres permanecen muchos meses del a\u00f1o cubiertas de nieve.<\/p>\n<p>En la costa cant\u00e1brica predominan los <strong>vientos h\u00famedos del oeste y noroeste<\/strong>, aportan nubosidad y lluvias constantes. Generando el clima oce\u00e1nico que hemos mencionado m\u00e1s arriba.<\/p>\n<\/div>\n<div class=\"col-lg-8 col-md-12 col-sm-12 col-12\"><img decoding=\"async\" class=\"aligncenter\" src=\"https:\/\/auladeclio.com\/auladeclio\/wp-content\/uploads\/2026\/01\/climograma-santander.jpg\"><\/div><\/div>\n<style type=\"text\/css\">\n#foogallery-gallery-9908 .fg-image { width: 270px; }\n#foogallery-gallery-9908 { --fg-gutter: 10px; }<\/style>\n\t\t\t<div class=\"foogallery foogallery-container foogallery-default foogallery-lightbox-foogallery fg-center fg-default fg-ready fg-light fg-shadow-medium fg-loading-default fg-loaded-fade-in fg-preset fg-brad fg-preset-small fg-preset fg-brad fg-preset-small fg-video-sticky fg-video-1\" id=\"foogallery-gallery-9908\" data-foogallery=\"{&quot;item&quot;:{&quot;showCaptionTitle&quot;:true,&quot;showCaptionDescription&quot;:true},&quot;lazy&quot;:true,&quot;state&quot;:{&quot;enabled&quot;:true,&quot;mask&quot;:&quot;foogallery-{id}&quot;}}\" data-foogallery-lightbox=\"{&quot;thumbs&quot;:&quot;bottom&quot;,&quot;thumbsCaptions&quot;:false,&quot;thumbsBestFit&quot;:false,&quot;thumbsSmall&quot;:false,&quot;thumbsCaptionsAlign&quot;:&quot;default&quot;,&quot;info&quot;:&quot;bottom&quot;,&quot;infoVisible&quot;:true,&quot;infoOverlay&quot;:true,&quot;infoAlign&quot;:&quot;default&quot;,&quot;transition&quot;:&quot;fade&quot;,&quot;hoverButtons&quot;:false,&quot;fitMedia&quot;:false,&quot;noScrollbars&quot;:true,&quot;preserveButtonSpace&quot;:true,&quot;buttons&quot;:{&quot;fullscreen&quot;:true,&quot;info&quot;:true,&quot;thumbs&quot;:false},&quot;video&quot;:{&quot;autoPlay&quot;:true}}\" style=\"--fg-title-line-clamp: 1; --fg-description-line-clamp: 2;\" >\n\t<div class=\"fg-item fg-type-image fg-idle\"><figure class=\"fg-item-inner\"><a href=\"https:\/\/auladeclio.com\/auladeclio\/wp-content\/uploads\/2026\/01\/viento-en-castro-urdiales.jpg\" data-caption-desc=\"Viento en Castro Urdiales\" data-attachment-id=\"9909\" data-type=\"image\" class=\"fg-thumb\"><span class=\"fg-image-wrap\"><img fetchpriority=\"high\" decoding=\"async\" width=\"270\" height=\"230\" class=\"skip-lazy fg-image\" data-src-fg=\"https:\/\/auladeclio.com\/auladeclio\/wp-content\/uploads\/cache\/2026\/01\/viento-en-castro-urdiales\/2626265582.jpg\" src=\"data:image\/svg+xml,%3Csvg%20xmlns%3D%22http%3A%2F%2Fwww.w3.org%2F2000%2Fsvg%22%20width%3D%22270%22%20height%3D%22230%22%20viewBox%3D%220%200%20270%20230%22%3E%3C%2Fsvg%3E\" loading=\"eager\"><\/span><span class=\"fg-image-overlay\"><\/span><\/a><figcaption class=\"fg-caption\"><div class=\"fg-caption-inner\"><div class=\"fg-caption-desc\">Viento en Castro Urdiales<\/div><\/div><\/figcaption><\/figure><div class=\"fg-loader\"><\/div><\/div><div class=\"fg-item fg-type-image fg-idle\"><figure class=\"fg-item-inner\"><a href=\"https:\/\/auladeclio.com\/auladeclio\/wp-content\/uploads\/2026\/01\/sol-en-castro-urdiales-scaled.jpg\" data-caption-desc=\"Sol en Castro Urdiales\" data-attachment-id=\"9910\" data-type=\"image\" class=\"fg-thumb\"><span class=\"fg-image-wrap\"><img decoding=\"async\" width=\"270\" height=\"230\" class=\"skip-lazy fg-image\" data-src-fg=\"https:\/\/auladeclio.com\/auladeclio\/wp-content\/uploads\/cache\/2026\/01\/sol-en-castro-urdiales-scaled\/2925671671.jpg\" src=\"data:image\/svg+xml,%3Csvg%20xmlns%3D%22http%3A%2F%2Fwww.w3.org%2F2000%2Fsvg%22%20width%3D%22270%22%20height%3D%22230%22%20viewBox%3D%220%200%20270%20230%22%3E%3C%2Fsvg%3E\" loading=\"eager\"><\/span><span class=\"fg-image-overlay\"><\/span><\/a><figcaption class=\"fg-caption\"><div class=\"fg-caption-inner\"><div class=\"fg-caption-desc\">Sol en Castro Urdiales<\/div><\/div><\/figcaption><\/figure><div class=\"fg-loader\"><\/div><\/div><div class=\"fg-item fg-type-image fg-idle\"><figure class=\"fg-item-inner\"><a href=\"https:\/\/auladeclio.com\/auladeclio\/wp-content\/uploads\/2026\/01\/nieve-en-castro-urdiales.webp\" data-caption-desc=\"Nieve en Castro Urdiales\" data-attachment-id=\"9911\" data-type=\"image\" class=\"fg-thumb\"><span class=\"fg-image-wrap\"><img decoding=\"async\" width=\"270\" height=\"230\" class=\"skip-lazy fg-image\" data-src-fg=\"https:\/\/auladeclio.com\/auladeclio\/wp-content\/uploads\/cache\/2026\/01\/nieve-en-castro-urdiales\/2545603007.webp\" src=\"data:image\/svg+xml,%3Csvg%20xmlns%3D%22http%3A%2F%2Fwww.w3.org%2F2000%2Fsvg%22%20width%3D%22270%22%20height%3D%22230%22%20viewBox%3D%220%200%20270%20230%22%3E%3C%2Fsvg%3E\" loading=\"eager\"><\/span><span class=\"fg-image-overlay\"><\/span><\/a><figcaption class=\"fg-caption\"><div class=\"fg-caption-inner\"><div class=\"fg-caption-desc\">Nieve en Castro Urdiales<\/div><\/div><\/figcaption><\/figure><div class=\"fg-loader\"><\/div><\/div><div class=\"fg-item fg-type-image fg-idle\"><figure class=\"fg-item-inner\"><a href=\"https:\/\/auladeclio.com\/auladeclio\/wp-content\/uploads\/2026\/01\/lluvia-en-castro-urdiales.jpg\" data-caption-desc=\"Lluvia en Castro Urdiales\" data-attachment-id=\"9912\" data-type=\"image\" class=\"fg-thumb\"><span class=\"fg-image-wrap\"><img decoding=\"async\" width=\"270\" height=\"230\" class=\"skip-lazy fg-image\" data-src-fg=\"https:\/\/auladeclio.com\/auladeclio\/wp-content\/uploads\/cache\/2026\/01\/lluvia-en-castro-urdiales\/249819513.jpg\" src=\"data:image\/svg+xml,%3Csvg%20xmlns%3D%22http%3A%2F%2Fwww.w3.org%2F2000%2Fsvg%22%20width%3D%22270%22%20height%3D%22230%22%20viewBox%3D%220%200%20270%20230%22%3E%3C%2Fsvg%3E\" loading=\"eager\"><\/span><span class=\"fg-image-overlay\"><\/span><\/a><figcaption class=\"fg-caption\"><div class=\"fg-caption-inner\"><div class=\"fg-caption-desc\">Lluvia en Castro Urdiales<\/div><\/div><\/figcaption><\/figure><div class=\"fg-loader\"><\/div><\/div><div class=\"fg-item fg-type-video fg-idle\"><figure class=\"fg-item-inner\"><a href=\"https:\/\/www.youtube.com\/embed\/_999FxvjO6s?autoplay=1\" target=\"_blank\" data-caption-title=\"#EUSKALMET | \u00bfQu\u00e9 es la galerna? \u00bfQu\u00e9 tipos hay? \u00bfCu\u00e1ndo se suelen dar?\" data-attachment-id=\"9914\" data-width=\"1920\" data-height=\"1080\" data-type=\"video\" class=\"fg-thumb\"><span class=\"fg-image-wrap\"><img decoding=\"async\" alt=\"#EUSKALMET | \u00bfQu\u00e9 es la galerna? \u00bfQu\u00e9 tipos hay? \u00bfCu\u00e1ndo se suelen dar?\" title=\"#EUSKALMET | \u00bfQu\u00e9 es la galerna? \u00bfQu\u00e9 tipos hay? \u00bfCu\u00e1ndo se suelen dar?\" width=\"270\" height=\"230\" class=\"skip-lazy fg-image\" data-src-fg=\"https:\/\/auladeclio.com\/auladeclio\/wp-content\/uploads\/cache\/2026\/01\/999FxvjO6s\/2685741922.jpg\" src=\"data:image\/svg+xml,%3Csvg%20xmlns%3D%22http%3A%2F%2Fwww.w3.org%2F2000%2Fsvg%22%20width%3D%22270%22%20height%3D%22230%22%20viewBox%3D%220%200%20270%20230%22%3E%3C%2Fsvg%3E\" loading=\"eager\"><\/span><span class=\"fg-image-overlay\"><\/span><\/a><figcaption class=\"fg-caption\"><div class=\"fg-caption-inner\"><div class=\"fg-caption-title\">#EUSKALMET | \u00bfQu\u00e9 es la galerna? \u00bfQu\u00e9 tipos hay? \u00bfCu\u00e1ndo se suelen dar?<\/div><\/div><\/figcaption><\/figure><div class=\"fg-loader\"><\/div><\/div><div class=\"fg-item fg-type-video fg-idle\"><figure class=\"fg-item-inner\"><a href=\"https:\/\/www.youtube.com\/embed\/giTknytIX0U?autoplay=1\" target=\"_blank\" data-caption-desc=\"Galerna en Hondarribia (02-10-2023)\" data-attachment-id=\"9918\" data-width=\"1920\" data-height=\"1080\" data-type=\"video\" class=\"fg-thumb\"><span class=\"fg-image-wrap\"><img decoding=\"async\" width=\"270\" height=\"230\" class=\"skip-lazy fg-image\" data-src-fg=\"https:\/\/auladeclio.com\/auladeclio\/wp-content\/uploads\/cache\/2026\/01\/giTknytIX0U\/3917510542.jpg\" src=\"data:image\/svg+xml,%3Csvg%20xmlns%3D%22http%3A%2F%2Fwww.w3.org%2F2000%2Fsvg%22%20width%3D%22270%22%20height%3D%22230%22%20viewBox%3D%220%200%20270%20230%22%3E%3C%2Fsvg%3E\" loading=\"eager\"><\/span><span class=\"fg-image-overlay\"><\/span><\/a><figcaption class=\"fg-caption\"><div class=\"fg-caption-inner\"><div class=\"fg-caption-desc\">Galerna en Hondarribia (02-10-2023)<\/div><\/div><\/figcaption><\/figure><div class=\"fg-loader\"><\/div><\/div><\/div>\n[\/vc_toggle][vc_toggle title=&#8221;EL BOSQUE TEMPLADO CADUCIFOLIO&#8221; custom_font_container=&#8221;tag:h4|text_align:left|color:%2353ad35&#8243; custom_use_theme_fonts=&#8221;yes&#8221; css=&#8221;&#8221; use_custom_heading=&#8221;true&#8221;]<div class=\"row\"><div class=\"col-lg-7 col-md-12 col-sm-12 col-12\">\n<p>El paisaje vegetal del norte de la Pen\u00ednsula Ib\u00e9rica est\u00e1 muy influido por el clima oce\u00e1nico, que se caracteriza por <strong>lluvias abundantes<\/strong>, temperaturas suaves y una humedad constante. Estas condiciones permiten el desarrollo de dos paisajes principales: el <strong>bosque caducifolio<\/strong> y la <strong>pradera natural de monta\u00f1a<\/strong>.<\/p>\n<div>\n<ul>\n<li>El <strong>bosque caducifolio<\/strong> es uno de los paisajes m\u00e1s caracter\u00edsticos de esta zona. Se llama as\u00ed porque sus \u00e1rboles <strong>pierden las hojas en oto\u00f1o<\/strong> y las recuperan en primavera. Los \u00e1rboles m\u00e1s importantes son el <strong>roble<\/strong> y la <strong>haya<\/strong>, que pueden alcanzar hasta 30 o 40 metros de altura. Sus copas son tan grandes y frondosas que forman un techo vegetal muy denso, dejando el interior del bosque en penumbra. Esto crea un ambiente <strong>fresco, h\u00famedo y sombr\u00edo<\/strong>, ideal para el crecimiento de helechos, musgos y peque\u00f1os arbustos que necesitan poca luz. Aunque estos bosques han disminuido por talas y usos humanos, todav\u00eda ocupan \u00e1reas importantes, sobre todo en las monta\u00f1as.<\/li>\n<li>En las zonas m\u00e1s altas, donde hace m\u00e1s fr\u00edo y el suelo es menos profundo, el bosque desaparece y aparece la <strong>pradera natural o bra\u00f1a<\/strong>. Est\u00e1 formada por plantas herb\u00e1ceas de poco tama\u00f1o y por matorrales como el <strong>piorno, la<\/strong> <strong>escoba, el brezo o el tojo<\/strong>, que est\u00e1n adaptados al clima duro de la monta\u00f1a. Adem\u00e1s, estas praderas han sido utilizadas tradicionalmente para el <strong>pastoreo<\/strong> durante el verano.<\/li>\n<\/ul>\n<\/div>\n<\/div>\n<div class=\"col-lg-5 col-md-12 col-sm-12 col-12\">\n<figure id=\"attachment_9931\" class=\"thumbnail wp-caption aligncenter\" style=\"width: 291px\"><a href=\"https:\/\/www.rtve.es\/play\/videos\/somos-documentales\/somos-cine-cantabrico-dominios-del-oso-pardo\/5584345\/\" target=\"_blank\" rel=\"noopener\"><img loading=\"lazy\" decoding=\"async\" class=\"wp-image-9931 size-full\" src=\"https:\/\/auladeclio.com\/auladeclio\/wp-content\/uploads\/2026\/01\/CANTABRICO-DOCUMENTAL.jpg\" alt=\"\" width=\"281\" height=\"400\" srcset=\"https:\/\/auladeclio.com\/auladeclio\/wp-content\/uploads\/2026\/01\/CANTABRICO-DOCUMENTAL.jpg 281w, https:\/\/auladeclio.com\/auladeclio\/wp-content\/uploads\/2026\/01\/CANTABRICO-DOCUMENTAL-211x300.jpg 211w\" sizes=\"auto, (max-width: 281px) 100vw, 281px\" \/><\/a><figcaption class=\"caption wp-caption-text\"><span style=\"font-size: 8pt;\">CANTABRICO DOCUMENTAL. CLIACA EN LA IMAGEN PARA VERLO EN RTVE<\/span><\/figcaption><\/figure>\n<\/div><\/div>\n<style type=\"text\/css\">\n#foogallery-gallery-9920 { --fg-gutter: 10px; }<\/style>\n\t\t\t<div class=\"foogallery foogallery-container foogallery-foogridpro foogrid foogrid-cols-4 fg-foogridpro fg-ready fg-light fg-shadow-outline fg-loading-default fg-caption-hover fg-hover-fade fg-hover-plus2 fg-c-c foogrid-cols-4 fg-16-9 foogrid-transition-fade\" id=\"foogallery-gallery-9920\" data-foogallery=\"{&quot;template&quot;:{&quot;button&quot;:&quot;fg-button-light&quot;,&quot;thumbs&quot;:&quot;none&quot;,&quot;info&quot;:&quot;bottom&quot;,&quot;infoVisible&quot;:true,&quot;infoOverlay&quot;:true,&quot;infoAlign&quot;:&quot;default&quot;,&quot;transition&quot;:&quot;fade&quot;,&quot;hoverButtons&quot;:false,&quot;fitMedia&quot;:true,&quot;noScrollbars&quot;:true,&quot;preserveButtonSpace&quot;:true,&quot;buttons&quot;:{&quot;fullscreen&quot;:false,&quot;maximize&quot;:true,&quot;info&quot;:false,&quot;thumbs&quot;:false},&quot;video&quot;:{&quot;autoPlay&quot;:true},&quot;loop&quot;:true,&quot;scroll&quot;:false,&quot;scrollSmooth&quot;:true,&quot;openByDefault&quot;:false},&quot;item&quot;:{&quot;showCaptionTitle&quot;:true,&quot;showCaptionDescription&quot;:false},&quot;lazy&quot;:true,&quot;state&quot;:{&quot;enabled&quot;:true,&quot;mask&quot;:&quot;foogallery-{id}&quot;}}\" style=\"--fg-title-line-clamp: 1; --fg-description-line-clamp: 2;\" >\r\n\t<div class=\"fg-item fg-type-image fg-idle\"><figure class=\"fg-item-inner\"><a href=\"https:\/\/auladeclio.com\/auladeclio\/wp-content\/uploads\/2026\/01\/Roble.jpg\" data-caption-title=\"Roble\" data-caption-desc=\"Roble\" data-attachment-id=\"9927\" data-type=\"image\" class=\"fg-thumb\"><span class=\"fg-image-wrap\"><img decoding=\"async\" title=\"Roble\" width=\"150\" height=\"150\" class=\"skip-lazy fg-image\" data-src-fg=\"https:\/\/auladeclio.com\/auladeclio\/wp-content\/uploads\/cache\/2026\/01\/Roble\/3717891215.jpg\" src=\"data:image\/svg+xml,%3Csvg%20xmlns%3D%22http%3A%2F%2Fwww.w3.org%2F2000%2Fsvg%22%20width%3D%22150%22%20height%3D%22150%22%20viewBox%3D%220%200%20150%20150%22%3E%3C%2Fsvg%3E\" loading=\"eager\"><\/span><span class=\"fg-image-overlay\"><\/span><\/a><figcaption class=\"fg-caption\"><div class=\"fg-caption-inner\"><div class=\"fg-caption-title\">Roble<\/div><\/div><\/figcaption><\/figure><div class=\"fg-loader\"><\/div><\/div><div class=\"fg-item fg-type-image fg-idle\"><figure class=\"fg-item-inner\"><a href=\"https:\/\/auladeclio.com\/auladeclio\/wp-content\/uploads\/2026\/01\/haya.webp\" data-caption-title=\"Haya\" data-caption-desc=\"Haya\" data-attachment-id=\"9926\" data-type=\"image\" class=\"fg-thumb\"><span class=\"fg-image-wrap\"><img decoding=\"async\" title=\"Haya\" width=\"150\" height=\"150\" class=\"skip-lazy fg-image\" data-src-fg=\"https:\/\/auladeclio.com\/auladeclio\/wp-content\/uploads\/cache\/2026\/01\/haya\/2926686611.webp\" src=\"data:image\/svg+xml,%3Csvg%20xmlns%3D%22http%3A%2F%2Fwww.w3.org%2F2000%2Fsvg%22%20width%3D%22150%22%20height%3D%22150%22%20viewBox%3D%220%200%20150%20150%22%3E%3C%2Fsvg%3E\" loading=\"eager\"><\/span><span class=\"fg-image-overlay\"><\/span><\/a><figcaption class=\"fg-caption\"><div class=\"fg-caption-inner\"><div class=\"fg-caption-title\">Haya<\/div><\/div><\/figcaption><\/figure><div class=\"fg-loader\"><\/div><\/div><div class=\"fg-item fg-type-image fg-idle\"><figure class=\"fg-item-inner\"><a href=\"https:\/\/auladeclio.com\/auladeclio\/wp-content\/uploads\/2026\/01\/Brezo-y-tojo-matorrales-tipicos-del-paisaje-cantabrico-espanol.jpg\" data-caption-title=\"Brezo y tojo\" data-caption-desc=\"Matorrales t\u00edpicos del paisaje de bosque caducifolio\" data-attachment-id=\"9928\" data-type=\"image\" class=\"fg-thumb\"><span class=\"fg-image-wrap\"><img decoding=\"async\" title=\"Brezo y tojo\" width=\"150\" height=\"150\" class=\"skip-lazy fg-image\" data-src-fg=\"https:\/\/auladeclio.com\/auladeclio\/wp-content\/uploads\/cache\/2026\/01\/Brezo-y-tojo-matorrales-tipicos-del-paisaje-cantabrico-espanol\/844297373.jpg\" src=\"data:image\/svg+xml,%3Csvg%20xmlns%3D%22http%3A%2F%2Fwww.w3.org%2F2000%2Fsvg%22%20width%3D%22150%22%20height%3D%22150%22%20viewBox%3D%220%200%20150%20150%22%3E%3C%2Fsvg%3E\" loading=\"eager\"><\/span><span class=\"fg-image-overlay\"><\/span><\/a><figcaption class=\"fg-caption\"><div class=\"fg-caption-inner\"><div class=\"fg-caption-title\">Brezo y tojo<\/div><\/div><\/figcaption><\/figure><div class=\"fg-loader\"><\/div><\/div><div class=\"fg-item fg-type-image fg-idle\"><figure class=\"fg-item-inner\"><a href=\"https:\/\/auladeclio.com\/auladeclio\/wp-content\/uploads\/2026\/01\/Helecho-scaled.jpg\" data-caption-title=\"Helecho\" data-caption-desc=\"Helecho\" data-attachment-id=\"9925\" data-type=\"image\" class=\"fg-thumb\"><span class=\"fg-image-wrap\"><img decoding=\"async\" title=\"Helecho\" width=\"150\" height=\"150\" class=\"skip-lazy fg-image\" data-src-fg=\"https:\/\/auladeclio.com\/auladeclio\/wp-content\/uploads\/cache\/2026\/01\/Helecho-scaled\/3475516342.jpg\" src=\"data:image\/svg+xml,%3Csvg%20xmlns%3D%22http%3A%2F%2Fwww.w3.org%2F2000%2Fsvg%22%20width%3D%22150%22%20height%3D%22150%22%20viewBox%3D%220%200%20150%20150%22%3E%3C%2Fsvg%3E\" loading=\"eager\"><\/span><span class=\"fg-image-overlay\"><\/span><\/a><figcaption class=\"fg-caption\"><div class=\"fg-caption-inner\"><div class=\"fg-caption-title\">Helecho<\/div><\/div><\/figcaption><\/figure><div class=\"fg-loader\"><\/div><\/div><div class=\"fg-item fg-type-image fg-idle\"><figure class=\"fg-item-inner\"><a href=\"https:\/\/auladeclio.com\/auladeclio\/wp-content\/uploads\/2026\/01\/Urogallo-cantabrico.jpg\" data-caption-title=\"Urogallo cant\u00e1brico\" data-caption-desc=\"Urogallo cant\u00e1brico\" data-attachment-id=\"9923\" data-type=\"image\" class=\"fg-thumb\"><span class=\"fg-image-wrap\"><img decoding=\"async\" title=\"Urogallo cant\u00e1brico\" width=\"150\" height=\"150\" class=\"skip-lazy fg-image\" data-src-fg=\"https:\/\/auladeclio.com\/auladeclio\/wp-content\/uploads\/cache\/2026\/01\/Urogallo-cantabrico\/1764737045.jpg\" src=\"data:image\/svg+xml,%3Csvg%20xmlns%3D%22http%3A%2F%2Fwww.w3.org%2F2000%2Fsvg%22%20width%3D%22150%22%20height%3D%22150%22%20viewBox%3D%220%200%20150%20150%22%3E%3C%2Fsvg%3E\" loading=\"eager\"><\/span><span class=\"fg-image-overlay\"><\/span><\/a><figcaption class=\"fg-caption\"><div class=\"fg-caption-inner\"><div class=\"fg-caption-title\">Urogallo cant\u00e1brico<\/div><\/div><\/figcaption><\/figure><div class=\"fg-loader\"><\/div><\/div><div class=\"fg-item fg-type-image fg-idle\"><figure class=\"fg-item-inner\"><a href=\"https:\/\/auladeclio.com\/auladeclio\/wp-content\/uploads\/2026\/01\/Lobo-iberico.webp\" data-caption-title=\"Lobo ib\u00e9rico\" data-caption-desc=\"Lobo ib\u00e9rico\" data-attachment-id=\"9924\" data-type=\"image\" class=\"fg-thumb\"><span class=\"fg-image-wrap\"><img decoding=\"async\" title=\"Lobo ib\u00e9rico\" width=\"150\" height=\"150\" class=\"skip-lazy fg-image\" data-src-fg=\"https:\/\/auladeclio.com\/auladeclio\/wp-content\/uploads\/cache\/2026\/01\/Lobo-iberico\/1494158701.webp\" src=\"data:image\/svg+xml,%3Csvg%20xmlns%3D%22http%3A%2F%2Fwww.w3.org%2F2000%2Fsvg%22%20width%3D%22150%22%20height%3D%22150%22%20viewBox%3D%220%200%20150%20150%22%3E%3C%2Fsvg%3E\" loading=\"eager\"><\/span><span class=\"fg-image-overlay\"><\/span><\/a><figcaption class=\"fg-caption\"><div class=\"fg-caption-inner\"><div class=\"fg-caption-title\">Lobo ib\u00e9rico<\/div><\/div><\/figcaption><\/figure><div class=\"fg-loader\"><\/div><\/div><div class=\"fg-item fg-type-image fg-idle\"><figure class=\"fg-item-inner\"><a href=\"https:\/\/auladeclio.com\/auladeclio\/wp-content\/uploads\/2026\/01\/Salamandra-rabilarga.jpg\" data-caption-title=\"Salamandra rabilarga\" data-caption-desc=\"Salamandra rabilarga\" data-attachment-id=\"9922\" data-type=\"image\" class=\"fg-thumb\"><span class=\"fg-image-wrap\"><img decoding=\"async\" title=\"Salamandra rabilarga\" width=\"150\" height=\"150\" class=\"skip-lazy fg-image\" data-src-fg=\"https:\/\/auladeclio.com\/auladeclio\/wp-content\/uploads\/cache\/2026\/01\/Salamandra-rabilarga\/292195946.jpg\" src=\"data:image\/svg+xml,%3Csvg%20xmlns%3D%22http%3A%2F%2Fwww.w3.org%2F2000%2Fsvg%22%20width%3D%22150%22%20height%3D%22150%22%20viewBox%3D%220%200%20150%20150%22%3E%3C%2Fsvg%3E\" loading=\"eager\"><\/span><span class=\"fg-image-overlay\"><\/span><\/a><figcaption class=\"fg-caption\"><div class=\"fg-caption-inner\"><div class=\"fg-caption-title\">Salamandra rabilarga<\/div><\/div><\/figcaption><\/figure><div class=\"fg-loader\"><\/div><\/div><div class=\"fg-item fg-type-image fg-idle\"><figure class=\"fg-item-inner\"><a href=\"https:\/\/auladeclio.com\/auladeclio\/wp-content\/uploads\/2026\/01\/Oso-pardo.jpg\" data-caption-title=\"Oso pardo\" data-caption-desc=\"Oso pardo\" data-attachment-id=\"9921\" data-type=\"image\" class=\"fg-thumb\"><span class=\"fg-image-wrap\"><img decoding=\"async\" title=\"Oso pardo\" width=\"150\" height=\"150\" class=\"skip-lazy fg-image\" data-src-fg=\"https:\/\/auladeclio.com\/auladeclio\/wp-content\/uploads\/cache\/2026\/01\/Oso-pardo\/1626214826.jpg\" src=\"data:image\/svg+xml,%3Csvg%20xmlns%3D%22http%3A%2F%2Fwww.w3.org%2F2000%2Fsvg%22%20width%3D%22150%22%20height%3D%22150%22%20viewBox%3D%220%200%20150%20150%22%3E%3C%2Fsvg%3E\" loading=\"eager\"><\/span><span class=\"fg-image-overlay\"><\/span><\/a><figcaption class=\"fg-caption\"><div class=\"fg-caption-inner\"><div class=\"fg-caption-title\">Oso pardo<\/div><\/div><\/figcaption><\/figure><div class=\"fg-loader\"><\/div><\/div><\/div>[\/vc_toggle][vc_toggle title=&#8221;LA TRANSFORMACI\u00d3N DEL PAISAJE NATURAL&#8221; custom_font_container=&#8221;tag:h4|text_align:left|color:%2353ad35&#8243; custom_use_theme_fonts=&#8221;yes&#8221; css=&#8221;&#8221; use_custom_heading=&#8221;true&#8221;]La acci\u00f3n humana ha ido sustituyendo el paisaje original por otros muy distintos:<\/p>\n<ul>\n<li>El <strong>bosque de repoblaci\u00f3n<\/strong>, formado por especies implantadas por el hombre, como el casta\u00f1o, el avellano y, m\u00e1s recientemente, el pino y el eucalipto. Son especies que se adaptan bien y resultan muy rentables por su r\u00e1pido crecimiento y aprovechamiento maderero, si bien agotan los suelos y eliminan la flora aut\u00f3ctona.<\/li>\n<li>La <strong>landa<\/strong>, una t\u00edpica formaci\u00f3n arbustiva, compuesta de retamas, brezos, tojos y helechos, entre otras especies. Se extiende en las zonas en las que ha desaparecido el bosque originario. Es la clara degradaci\u00f3n de las especies vegetales de mayor altura, que han sufrido talas continuas y en las \u00faltimas d\u00e9cadas incendios forestales provocados, en su mayor\u00eda, por el ser humano.<\/li>\n<li>La <strong>pradera<\/strong>, introducida en amplias zonas de la regi\u00f3n cant\u00e1brica y de los valles vascos y pirenaicos como h\u00e1bitat id\u00f3neo para la cr\u00eda de ganado.<\/li>\n<\/ul>\n<style type=\"text\/css\">\n#foogallery-gallery-9938 .fg-image { width: 270px; }\n#foogallery-gallery-9938 { --fg-gutter: 10px; }<\/style>\n\t\t\t<div class=\"foogallery foogallery-container foogallery-default foogallery-lightbox-foogallery fg-center fg-default fg-ready fg-light fg-shadow-medium fg-loading-default fg-loaded-fade-in fg-preset fg-brad fg-preset-small fg-preset fg-brad fg-preset-small\" id=\"foogallery-gallery-9938\" data-foogallery=\"{&quot;item&quot;:{&quot;showCaptionTitle&quot;:true,&quot;showCaptionDescription&quot;:true},&quot;lazy&quot;:true,&quot;state&quot;:{&quot;enabled&quot;:true,&quot;mask&quot;:&quot;foogallery-{id}&quot;}}\" data-foogallery-lightbox=\"{&quot;thumbs&quot;:&quot;bottom&quot;,&quot;thumbsCaptions&quot;:false,&quot;thumbsBestFit&quot;:false,&quot;thumbsSmall&quot;:false,&quot;thumbsCaptionsAlign&quot;:&quot;default&quot;,&quot;info&quot;:&quot;bottom&quot;,&quot;infoVisible&quot;:true,&quot;infoOverlay&quot;:true,&quot;infoAlign&quot;:&quot;default&quot;,&quot;transition&quot;:&quot;fade&quot;,&quot;hoverButtons&quot;:false,&quot;fitMedia&quot;:false,&quot;noScrollbars&quot;:true,&quot;preserveButtonSpace&quot;:true,&quot;buttons&quot;:{&quot;fullscreen&quot;:true,&quot;info&quot;:true,&quot;thumbs&quot;:false},&quot;video&quot;:{&quot;autoPlay&quot;:true}}\" style=\"--fg-title-line-clamp: 0; --fg-description-line-clamp: 0;\" >\n\t<div class=\"fg-item fg-type-image fg-idle\"><figure class=\"fg-item-inner\"><a href=\"https:\/\/auladeclio.com\/auladeclio\/wp-content\/uploads\/2026\/01\/Landa-en-la-que-predomina-el-tojo-o-agoma-Cantabria.jpg\" data-caption-desc=\"Landa en la que predomina el tojo o \u00e1rgoma (Cantabria)\" data-attachment-id=\"9941\" data-type=\"image\" class=\"fg-thumb\"><span class=\"fg-image-wrap\"><img decoding=\"async\" width=\"270\" height=\"230\" class=\"skip-lazy fg-image\" data-src-fg=\"https:\/\/auladeclio.com\/auladeclio\/wp-content\/uploads\/cache\/2026\/01\/Landa-en-la-que-predomina-el-tojo-o-agoma-Cantabria\/3506890791.jpg\" src=\"data:image\/svg+xml,%3Csvg%20xmlns%3D%22http%3A%2F%2Fwww.w3.org%2F2000%2Fsvg%22%20width%3D%22270%22%20height%3D%22230%22%20viewBox%3D%220%200%20270%20230%22%3E%3C%2Fsvg%3E\" loading=\"eager\"><\/span><span class=\"fg-image-overlay\"><\/span><\/a><figcaption class=\"fg-caption\"><div class=\"fg-caption-inner\"><div class=\"fg-caption-desc\">Landa en la que predomina el tojo o \u00e1rgoma (Cantabria)<\/div><\/div><\/figcaption><\/figure><div class=\"fg-loader\"><\/div><\/div><div class=\"fg-item fg-type-image fg-idle\"><figure class=\"fg-item-inner\"><a href=\"https:\/\/auladeclio.com\/auladeclio\/wp-content\/uploads\/2026\/01\/Plantacion-de-Eucalipto-en-Rumoroso-Cantabria.jpg\" data-caption-desc=\"Plantaci\u00f3n de Eucalipto en Rumoroso (Cantabria)\" data-attachment-id=\"9940\" data-type=\"image\" class=\"fg-thumb\"><span class=\"fg-image-wrap\"><img decoding=\"async\" width=\"270\" height=\"230\" class=\"skip-lazy fg-image\" data-src-fg=\"https:\/\/auladeclio.com\/auladeclio\/wp-content\/uploads\/cache\/2026\/01\/Plantacion-de-Eucalipto-en-Rumoroso-Cantabria\/808311729.jpg\" src=\"data:image\/svg+xml,%3Csvg%20xmlns%3D%22http%3A%2F%2Fwww.w3.org%2F2000%2Fsvg%22%20width%3D%22270%22%20height%3D%22230%22%20viewBox%3D%220%200%20270%20230%22%3E%3C%2Fsvg%3E\" loading=\"eager\"><\/span><span class=\"fg-image-overlay\"><\/span><\/a><figcaption class=\"fg-caption\"><div class=\"fg-caption-inner\"><div class=\"fg-caption-desc\">Plantaci\u00f3n de Eucalipto en Rumoroso (Cantabria)<\/div><\/div><\/figcaption><\/figure><div class=\"fg-loader\"><\/div><\/div><div class=\"fg-item fg-type-image fg-idle\"><figure class=\"fg-item-inner\"><a href=\"https:\/\/auladeclio.com\/auladeclio\/wp-content\/uploads\/2026\/01\/Pradera-para-el-pasto-de-ganado-tambien-conocidas-como-branas.-Al-fondo-a-la-izquierda-puede-verse-una-landa.jpg\" data-caption-desc=\"Pradera para el pasto de ganado, tambi\u00e9n conocidas como bra\u00f1as. Al fondo a la izquierda puede verse una landa\" data-attachment-id=\"9939\" data-type=\"image\" class=\"fg-thumb\"><span class=\"fg-image-wrap\"><img decoding=\"async\" width=\"270\" height=\"230\" class=\"skip-lazy fg-image\" data-src-fg=\"https:\/\/auladeclio.com\/auladeclio\/wp-content\/uploads\/cache\/2026\/01\/Pradera-para-el-pasto-de-ganado-tambien-conocidas-como-branas_-Al-fondo-a-la-izquierda-puede-verse-una-landa\/4040031533.jpg\" src=\"data:image\/svg+xml,%3Csvg%20xmlns%3D%22http%3A%2F%2Fwww.w3.org%2F2000%2Fsvg%22%20width%3D%22270%22%20height%3D%22230%22%20viewBox%3D%220%200%20270%20230%22%3E%3C%2Fsvg%3E\" loading=\"eager\"><\/span><span class=\"fg-image-overlay\"><\/span><\/a><figcaption class=\"fg-caption\"><div class=\"fg-caption-inner\"><div class=\"fg-caption-desc\">Pradera para el pasto de ganado, tambi\u00e9n conocidas como bra\u00f1as. Al fondo a la izquierda puede verse una landa<\/div><\/div><\/figcaption><\/figure><div class=\"fg-loader\"><\/div><\/div><\/div>\n[\/vc_toggle][vc_toggle title=&#8221;EL H\u00c1BITAT HUMANO EN EL PAISAJE DE BOSQUE CADUCIFOLIO&#8221; custom_font_container=&#8221;tag:h4|text_align:left|color:%2353ad35&#8243; custom_use_theme_fonts=&#8221;yes&#8221; css=&#8221;&#8221; use_custom_heading=&#8221;true&#8221;]El norte de Espa\u00f1a ha presentado, hist\u00f3ricamente, <strong>tres tipos de poblamiento<\/strong>:<\/p>\n<ul>\n<li><strong>Poblamiento rural disperso<\/strong>. Es el m\u00e1s tradicional, propio de un medio con precipitaciones abundantes y econom\u00eda ganadera, que exige la presencia del campesino junto a la explotaci\u00f3n. Aparece en muchas zonas pr\u00f3ximas a la monta\u00f1a, con un tipo de vivienda adaptada al clima: tejados pronunciados, soportales y z\u00f3calos de piedra. Como ejemplo son caracter\u00edsticos los pazos gallegos o los caser\u00edos vascos.<\/li>\n<li><strong>Poblamiento rural concentrado<\/strong>. Se localiza en el fondo de los valles, junto a los r\u00edos y cruces de caminos, pero tambi\u00e9n en la costa, asociados a la econom\u00eda pesquera. Tambi\u00e9n es propio de las cuencas mineras asturianas leonesas.<\/li>\n<li><strong>Poblamiento urbano<\/strong>. Las ciudades aparecen casi siempre en las costas. Son las capitales de provincia, los focos industriales y los puertos comerciales, como Vigo, A Coru\u00f1a, Gij\u00f3n, Santander o Bilbao.<\/li>\n<\/ul>\n<style type=\"text\/css\">\n#foogallery-gallery-9944 .fg-image { width: 200px; }\n#foogallery-gallery-9944 { --fg-gutter: 10px; }<\/style>\n\t\t\t<div class=\"foogallery foogallery-container foogallery-default foogallery-lightbox-foogallery fg-center fg-default fg-ready fg-light fg-shadow-medium fg-loading-default fg-loaded-fade-in fg-preset fg-brad fg-preset-small fg-preset fg-brad fg-preset-small\" id=\"foogallery-gallery-9944\" data-foogallery=\"{&quot;item&quot;:{&quot;showCaptionTitle&quot;:true,&quot;showCaptionDescription&quot;:true},&quot;lazy&quot;:true,&quot;state&quot;:{&quot;enabled&quot;:true,&quot;mask&quot;:&quot;foogallery-{id}&quot;}}\" data-foogallery-lightbox=\"{&quot;thumbs&quot;:&quot;bottom&quot;,&quot;thumbsCaptions&quot;:false,&quot;thumbsBestFit&quot;:false,&quot;thumbsSmall&quot;:false,&quot;thumbsCaptionsAlign&quot;:&quot;default&quot;,&quot;info&quot;:&quot;bottom&quot;,&quot;infoVisible&quot;:true,&quot;infoOverlay&quot;:true,&quot;infoAlign&quot;:&quot;default&quot;,&quot;transition&quot;:&quot;fade&quot;,&quot;hoverButtons&quot;:false,&quot;fitMedia&quot;:false,&quot;noScrollbars&quot;:true,&quot;preserveButtonSpace&quot;:true,&quot;buttons&quot;:{&quot;fullscreen&quot;:true,&quot;info&quot;:true,&quot;thumbs&quot;:false},&quot;video&quot;:{&quot;autoPlay&quot;:true}}\" style=\"--fg-title-line-clamp: 3; --fg-description-line-clamp: 3;\" >\n\t<div class=\"fg-item fg-type-image fg-idle\"><figure class=\"fg-item-inner\"><a href=\"https:\/\/auladeclio.com\/auladeclio\/wp-content\/uploads\/2026\/01\/Pazo-gallego-de-Oca.jpg\" data-caption-desc=\"Pazo gallego de Oca\" data-attachment-id=\"9947\" data-type=\"image\" class=\"fg-thumb\"><span class=\"fg-image-wrap\"><img decoding=\"async\" width=\"200\" height=\"180\" class=\"skip-lazy fg-image\" data-src-fg=\"https:\/\/auladeclio.com\/auladeclio\/wp-content\/uploads\/cache\/2026\/01\/Pazo-gallego-de-Oca\/802450400.jpg\" src=\"data:image\/svg+xml,%3Csvg%20xmlns%3D%22http%3A%2F%2Fwww.w3.org%2F2000%2Fsvg%22%20width%3D%22200%22%20height%3D%22180%22%20viewBox%3D%220%200%20200%20180%22%3E%3C%2Fsvg%3E\" loading=\"eager\"><\/span><span class=\"fg-image-overlay\"><\/span><\/a><figcaption class=\"fg-caption\"><div class=\"fg-caption-inner\"><div class=\"fg-caption-desc\">Pazo gallego de Oca<\/div><\/div><\/figcaption><\/figure><div class=\"fg-loader\"><\/div><\/div><div class=\"fg-item fg-type-image fg-idle\"><figure class=\"fg-item-inner\"><a href=\"https:\/\/auladeclio.com\/auladeclio\/wp-content\/uploads\/2026\/01\/Caserio-vasco-de-Zierre-Urdaibai.jpg\" data-caption-desc=\"Caserio vasco de Zierre Urdaibai\" data-attachment-id=\"9948\" data-type=\"image\" class=\"fg-thumb\"><span class=\"fg-image-wrap\"><img decoding=\"async\" width=\"200\" height=\"180\" class=\"skip-lazy fg-image\" data-src-fg=\"https:\/\/auladeclio.com\/auladeclio\/wp-content\/uploads\/cache\/2026\/01\/Caserio-vasco-de-Zierre-Urdaibai\/3385249210.jpg\" src=\"data:image\/svg+xml,%3Csvg%20xmlns%3D%22http%3A%2F%2Fwww.w3.org%2F2000%2Fsvg%22%20width%3D%22200%22%20height%3D%22180%22%20viewBox%3D%220%200%20200%20180%22%3E%3C%2Fsvg%3E\" loading=\"eager\"><\/span><span class=\"fg-image-overlay\"><\/span><\/a><figcaption class=\"fg-caption\"><div class=\"fg-caption-inner\"><div class=\"fg-caption-desc\">Caserio vasco de Zierre Urdaibai<\/div><\/div><\/figcaption><\/figure><div class=\"fg-loader\"><\/div><\/div><div class=\"fg-item fg-type-image fg-idle\"><figure class=\"fg-item-inner\"><a href=\"https:\/\/auladeclio.com\/auladeclio\/wp-content\/uploads\/2026\/01\/Villablino-Leon-Poblacion-concentrada-en-la-zona-minera-de-Leon.jpg\" data-caption-desc=\"Villablino (Le\u00f3n) Poblaci\u00f3n concentrada en la zona minera de Le\u00f3n\" data-attachment-id=\"9946\" data-type=\"image\" class=\"fg-thumb\"><span class=\"fg-image-wrap\"><img decoding=\"async\" width=\"200\" height=\"180\" class=\"skip-lazy fg-image\" data-src-fg=\"https:\/\/auladeclio.com\/auladeclio\/wp-content\/uploads\/cache\/2026\/01\/Villablino-Leon-Poblacion-concentrada-en-la-zona-minera-de-Leon\/2055219760.jpg\" src=\"data:image\/svg+xml,%3Csvg%20xmlns%3D%22http%3A%2F%2Fwww.w3.org%2F2000%2Fsvg%22%20width%3D%22200%22%20height%3D%22180%22%20viewBox%3D%220%200%20200%20180%22%3E%3C%2Fsvg%3E\" loading=\"eager\"><\/span><span class=\"fg-image-overlay\"><\/span><\/a><figcaption class=\"fg-caption\"><div class=\"fg-caption-inner\"><div class=\"fg-caption-desc\">Villablino (Le\u00f3n) Poblaci\u00f3n concentrada en la zona minera de Le\u00f3n<\/div><\/div><\/figcaption><\/figure><div class=\"fg-loader\"><\/div><\/div><div class=\"fg-item fg-type-image fg-idle\"><figure class=\"fg-item-inner\"><a href=\"https:\/\/auladeclio.com\/auladeclio\/wp-content\/uploads\/2026\/01\/Vista-aerea-de-Gijon-Asturias.jpg\" data-caption-desc=\"Vista a\u00e9rea de Gij\u00f3n (Asturias)\" data-attachment-id=\"9945\" data-type=\"image\" class=\"fg-thumb\"><span class=\"fg-image-wrap\"><img decoding=\"async\" width=\"200\" height=\"180\" class=\"skip-lazy fg-image\" data-src-fg=\"https:\/\/auladeclio.com\/auladeclio\/wp-content\/uploads\/cache\/2026\/01\/Vista-aerea-de-Gijon-Asturias\/3693910641.jpg\" src=\"data:image\/svg+xml,%3Csvg%20xmlns%3D%22http%3A%2F%2Fwww.w3.org%2F2000%2Fsvg%22%20width%3D%22200%22%20height%3D%22180%22%20viewBox%3D%220%200%20200%20180%22%3E%3C%2Fsvg%3E\" loading=\"eager\"><\/span><span class=\"fg-image-overlay\"><\/span><\/a><figcaption class=\"fg-caption\"><div class=\"fg-caption-inner\"><div class=\"fg-caption-desc\">Vista a\u00e9rea de Gij\u00f3n (Asturias)<\/div><\/div><\/figcaption><\/figure><div class=\"fg-loader\"><\/div><\/div><\/div>\n\n<p>&nbsp;<\/p>\n<p>En la actualidad, la <strong>tendencia de la poblaci\u00f3n<\/strong> es la de <strong>emigrar hacia las ciudades<\/strong>. Las crisis del sector ganadero y de la miner\u00eda han provocado que muchas viviendas dispersas y <strong>peque\u00f1os pueblos y aldeas est\u00e9n quedando vac\u00edos<\/strong> o muy poco poblados, con una poblaci\u00f3n envejecida que no garantiza la supervivencia de los enclaves rurales. Solo en los \u00faltimos a\u00f1os <strong>el turismo rural est\u00e1 reactivando algunas \u00e1reas<\/strong>.[\/vc_toggle][\/vc_tta_section][vc_tta_section i_icon_fontawesome=&#8221;fa fa-pencil&#8221; add_icon=&#8221;true&#8221; title=&#8221;EJERCICIOS&#8221; tab_id=&#8221;1509006569048-69f0d63d-3f36&#8243;][vc_column_text css=&#8221;&#8221;]<strong>Define los siguientes conceptos siguiendo las instrucciones dadas a lo largo del curso:<\/strong><\/p>\n<p>BRA\u00d1A<\/p>\n<p><a href=\"https:\/\/auladeclio.com\/auladeclio\/wp-content\/uploads\/2018\/06\/L\u00cdNEAS.jpg\"><img loading=\"lazy\" decoding=\"async\" class=\"alignleft wp-image-2612 size-full\" src=\"https:\/\/auladeclio.com\/auladeclio\/wp-content\/uploads\/2018\/06\/L\u00cdNEAS.jpg\" alt=\"\" width=\"1342\" height=\"325\" srcset=\"https:\/\/auladeclio.com\/auladeclio\/wp-content\/uploads\/2018\/06\/L\u00cdNEAS.jpg 1342w, https:\/\/auladeclio.com\/auladeclio\/wp-content\/uploads\/2018\/06\/L\u00cdNEAS-300x73.jpg 300w, https:\/\/auladeclio.com\/auladeclio\/wp-content\/uploads\/2018\/06\/L\u00cdNEAS-768x186.jpg 768w, https:\/\/auladeclio.com\/auladeclio\/wp-content\/uploads\/2018\/06\/L\u00cdNEAS-1024x248.jpg 1024w\" sizes=\"auto, (max-width: 1342px) 100vw, 1342px\" \/><\/a><\/p>\n<p><span style=\"color: #ffffff;\">.<\/span><\/p>\n<p>CASER\u00cdO<\/p>\n<p><a href=\"https:\/\/auladeclio.com\/auladeclio\/wp-content\/uploads\/2018\/06\/L\u00cdNEAS.jpg\"><img loading=\"lazy\" decoding=\"async\" class=\"alignleft wp-image-2612 size-full\" src=\"https:\/\/auladeclio.com\/auladeclio\/wp-content\/uploads\/2018\/06\/L\u00cdNEAS.jpg\" alt=\"\" width=\"1342\" height=\"325\" srcset=\"https:\/\/auladeclio.com\/auladeclio\/wp-content\/uploads\/2018\/06\/L\u00cdNEAS.jpg 1342w, https:\/\/auladeclio.com\/auladeclio\/wp-content\/uploads\/2018\/06\/L\u00cdNEAS-300x73.jpg 300w, https:\/\/auladeclio.com\/auladeclio\/wp-content\/uploads\/2018\/06\/L\u00cdNEAS-768x186.jpg 768w, https:\/\/auladeclio.com\/auladeclio\/wp-content\/uploads\/2018\/06\/L\u00cdNEAS-1024x248.jpg 1024w\" sizes=\"auto, (max-width: 1342px) 100vw, 1342px\" \/><\/a><\/p>\n<p>&nbsp;<\/p>\n<p><strong>\u00bfC\u00d3MO HACER UNA BUENA DEFINICI\u00d3N?<\/strong><\/p>\n<p>Para hacer una buena definici\u00f3n debes empezar respondiendo a una serie de preguntas: \u00bfQU\u00c9? \u00bfD\u00d3NDE? \u00bfCU\u00c1NDO? No siempre hace falta responder a todas, pero siempre ser\u00e1 necesario responder en primer lugar a la pregunta \u00bfQU\u00c9?<\/p>\n<p>Responderemos a estas preguntas de manera ordenada y redactando correctamente. Es importante no usar la misma palabra que debemos definir para iniciar nuestra redacci\u00f3n y es conveniente ir usando conectores. Una vez que hemos respondido a esas preguntas en una o dos l\u00edneas debemos a\u00f1adir algo m\u00e1s de informaci\u00f3n relevante y relacionada con la geograf\u00eda o la historia.<\/p>\n<p>Es complicado buscar una palabra que nos responda a la pregunta \u00bfQU\u00c9?, pero hay un truco para conseguir palabras nuevas que nos ayuden a hacer estas definiciones: LEER.<\/p>\n<p><strong>UN EJEMPLO:<\/strong><\/p>\n<p>GEOGRAF\u00cdA<\/p>\n<p><strong>Ciencia que estudia la Tierra y la relaci\u00f3n de los seres humanos con ella.<\/strong><\/p>\n<p>En este caso hemos hecho una buena definici\u00f3n con tan solo 14 palabras. Podr\u00edamos hacerla un poco m\u00e1s larga:<\/p>\n<p><strong>La geograf\u00eda es la ciencia que analiza y explica c\u00f3mo es la Tierra y el papel que los seres humanos desempe\u00f1amos en relaci\u00f3n con el ecosistema terrestre.<\/strong><\/p>\n<p>Pero como veis estamos diciendo pr\u00e1cticamente lo mismo, y esta es la clave no todos vamos a hacer las definiciones iguales, pero podemos estar diciendo lo mismo con diferentes palabras. En este caso hemos respondido solo a la pregunta \u00bfQU\u00c9?<\/p>\n<p><strong>OTRO EJEMPLO:<\/strong><\/p>\n<p>GUERRA DE INDEPENDENCIA<\/p>\n<p>\u00bfQu\u00e9? Enfrentamiento b\u00e9lico<\/p>\n<p>\u00bfCu\u00e1ndo? De 1808 a 1813<\/p>\n<p>\u00bfD\u00f3nde? Espa\u00f1a<\/p>\n<p><strong>Enfrentamiento b\u00e9lico que tuvo lugar en Espa\u00f1a entre 1808 y 1813 entre Espa\u00f1a y sus aliados contra Francia y sus aliados. Finalmente Espa\u00f1a, con la ayuda del Reino Unido y Portugal consigui\u00f3 expulsar a Francia tras una serie de batallas muy cruentas como la de los Arapiles.<\/strong>[\/vc_column_text][\/vc_tta_section][vc_tta_section i_icon_fontawesome=&#8221;fa fa-puzzle-piece&#8221; add_icon=&#8221;true&#8221; title=&#8221;ACTIVIDADES&#8221; tab_id=&#8221;1509006579146-16897097-dde9&#8243;][vc_column_text css=&#8221;&#8221;]&nbsp;<\/p>\n<p><iframe loading=\"lazy\" title=\"5.1 ACTIVIDAD TRANSFORMACI\u00d3N PAISAJE OCE\u00c1NICO\" src=\"https:\/\/auladeclio.com\/auladeclio\/wp-admin\/admin-ajax.php?action=h5p_embed&amp;id=2\" width=\"958\" height=\"523\" frameborder=\"0\" allowfullscreen=\"allowfullscreen\"><\/iframe><script src=\"https:\/\/auladeclio.com\/auladeclio\/wp-content\/plugins\/h5p\/h5p-php-library\/js\/h5p-resizer.js\" charset=\"UTF-8\"><\/script>[\/vc_column_text][vc_wp_text]<strong>\u00bfCu\u00e1les de las im\u00e1genes que hay arriba se encuentran en la Pen\u00ednsula Ib\u00e9rica?<\/strong><\/p>\n<p><a href=\"https:\/\/auladeclio.com\/auladeclio\/wp-content\/uploads\/2018\/06\/L\u00cdNEAS.jpg\"><img loading=\"lazy\" decoding=\"async\" class=\"aligncenter size-full wp-image-2612\" src=\"https:\/\/auladeclio.com\/auladeclio\/wp-content\/uploads\/2018\/06\/L\u00cdNEAS.jpg\" alt=\"\" width=\"1342\" height=\"325\" srcset=\"https:\/\/auladeclio.com\/auladeclio\/wp-content\/uploads\/2018\/06\/L\u00cdNEAS.jpg 1342w, https:\/\/auladeclio.com\/auladeclio\/wp-content\/uploads\/2018\/06\/L\u00cdNEAS-300x73.jpg 300w, https:\/\/auladeclio.com\/auladeclio\/wp-content\/uploads\/2018\/06\/L\u00cdNEAS-768x186.jpg 768w, https:\/\/auladeclio.com\/auladeclio\/wp-content\/uploads\/2018\/06\/L\u00cdNEAS-1024x248.jpg 1024w\" sizes=\"auto, (max-width: 1342px) 100vw, 1342px\" \/><\/a>[\/vc_wp_text][\/vc_tta_section][vc_tta_section i_icon_fontawesome=&#8221;fa fa-lightbulb-o&#8221; add_icon=&#8221;true&#8221; title=&#8221;TAREAS&#8221; tab_id=&#8221;1520438215273-bfb2598c-dd88&#8243;][vc_column_text css=&#8221;&#8221;]\n<h3 style=\"text-align: left;\">TAREA GRUPAL SOBRE LOS PAISAJES DE ESPA\u00d1A<\/h3>\n<div style=\"text-align: left;\"><strong>La tarea consiste en realizar un mural o un producto digital (presentaci\u00f3n, v\u00eddeo&#8230;) que puede hacerse con total libertad, pero cumpliendo unos m\u00ednimos:<\/strong><\/div>\n<ol style=\"text-align: left;\">\n<li>Deben aparecer como m\u00ednimo:\n<ol>\n<li>T\u00edtulo con el nombre del clima y el paisaje que le haya tocado a cada grupo<\/li>\n<li>Caracter\u00edsticas del clima que le haya tocado al grupo: precipitaciones, temperaturas&#8230;<\/li>\n<li>Localizaci\u00f3n<\/li>\n<li>Tipo de vegetaci\u00f3n y fauna<\/li>\n<li>\u00bfC\u00f3mo ha sido modificado por el ser humano? Ejemplos de zonas en las que el ser humano no haya intervenido todav\u00eda y se pueda ver el paisaje relacionado con este clima sin modificar y ejemplos en los que el paisaje se hay modificado profundamente.<\/li>\n<\/ol>\n<\/li>\n<li>Materiales que se pueden usar:\n<ol>\n<li>Todo tipo de textos, pero que no sean muy extensos<\/li>\n<li>Im\u00e1genes recortadas, impresas en casa o recortadas de revistas o de cualquier repositorio digital&#8230;<\/li>\n<li>Hojas de \u00e1rboles o plantas del paisaje que estemos tratando (c\u00f3mo es imposible conseguir plantas u hojas de las mismas de la mayor\u00eda de los climas, se pueden imprimir o usar fotos de cualquier fuente).<\/li>\n<li>Dibujos, gr\u00e1ficos (climogramas), mapas&#8230;<\/li>\n<\/ol>\n<\/li>\n<li>Superficie sobre la que hacer el trabajo:\n<ol>\n<li>Si se hace en formato f\u00edsico, como m\u00ednimo una cartulina de tama\u00f1o DIN A2, pero puede usarse cualquier otra base, no es necesario que tenga forma rectangular, se pueden juntar varios DIN A3 o recortar la cartulina en forma de c\u00edrculo, tri\u00e1ngulo&#8230;<\/li>\n<li>Si se hace en formato digital, puede hacerse el trabajo con cualquier aplicaci\u00f3n o formato (presentaci\u00f3n de ppt, canvas, v\u00eddeo&#8230;)<\/li>\n<\/ol>\n<\/li>\n<\/ol>\n<p style=\"text-align: left;\">La creatividad en el uso de materiales y de la base o formato sobre la que ponerlos ser\u00e1 muy tenida en cuenta.<\/p>\n<p style=\"text-align: left;\">LA RECOLECCI\u00d3N DE MATERIALES QUE SE USAR\u00c1N PARA HACER EL MURAL SE REALIZAR\u00c1 FUERA DE CLASE, AS\u00cd COMO EL TRABAJO. TODOS LOS GRUPOS DEBER\u00c1N TRAER SUS CARTULINA O TRABAJO DIGITAL ANTES DE PRESENTARLO. LE EHCAR\u00c9 UN VISTAZO Y SI NO HAY QUE HACER CAMBIOS OS DAR\u00c9 UN A FECHA PARA HACER LA PRESENTACI\u00d3N.<\/p>\n<p style=\"text-align: left;\">A\u00f1ado un ejemplo b\u00e1sico a partir del cual cada grupo podr\u00e1 inspirarse, pero&nbsp;<u><b>es un ejemplo de m\u00ednimos sin ninguna creatividad y sin un trabajo ni planificaci\u00f3n detr\u00e1s, un trabajo como ese tendr\u00eda una nota de 5<\/b><\/u>. Ten\u00e9is que ser mucho m\u00e1s originales.<\/p>\n<div><a href=\"https:\/\/auladeclio.com\/auladeclio\/wp-content\/uploads\/2026\/01\/ejemplo-trabajo-grupal-1o-eso-tema-5.jpg\"><img loading=\"lazy\" decoding=\"async\" class=\"aligncenter wp-image-9955 size-full\" src=\"https:\/\/auladeclio.com\/auladeclio\/wp-content\/uploads\/2026\/01\/ejemplo-trabajo-grupal-1o-eso-tema-5.jpg\" alt=\"\" width=\"1284\" height=\"926\" srcset=\"https:\/\/auladeclio.com\/auladeclio\/wp-content\/uploads\/2026\/01\/ejemplo-trabajo-grupal-1o-eso-tema-5.jpg 1284w, https:\/\/auladeclio.com\/auladeclio\/wp-content\/uploads\/2026\/01\/ejemplo-trabajo-grupal-1o-eso-tema-5-300x216.jpg 300w, https:\/\/auladeclio.com\/auladeclio\/wp-content\/uploads\/2026\/01\/ejemplo-trabajo-grupal-1o-eso-tema-5-1024x738.jpg 1024w, https:\/\/auladeclio.com\/auladeclio\/wp-content\/uploads\/2026\/01\/ejemplo-trabajo-grupal-1o-eso-tema-5-768x554.jpg 768w\" sizes=\"auto, (max-width: 1284px) 100vw, 1284px\" \/><\/a><\/div>\n[\/vc_column_text][\/vc_tta_section][vc_tta_section i_icon_fontawesome=&#8221;fa fa-plus-circle&#8221; add_icon=&#8221;true&#8221; title=&#8221;CONSOLIDA&#8221; tab_id=&#8221;1524164322459-38712b94-b327&#8243;][vc_column_text css=&#8221;&#8221;]<strong>Colorea en verde las zonas que cuenten con clima oce\u00e1nico y a\u00f1ade las comunidades aut\u00f3nomas y provincias, que se encuentran en esa zona:<\/strong><\/p>\n<p><a href=\"https:\/\/auladeclio.com\/auladeclio\/wp-content\/uploads\/2026\/01\/mapa_climas.jpg\" target=\"_blank\" rel=\"noopener\"><img loading=\"lazy\" decoding=\"async\" class=\"aligncenter wp-image-9958 size-full\" src=\"https:\/\/auladeclio.com\/auladeclio\/wp-content\/uploads\/2026\/01\/mapa_climas.jpg\" alt=\"\" width=\"1313\" height=\"845\" srcset=\"https:\/\/auladeclio.com\/auladeclio\/wp-content\/uploads\/2026\/01\/mapa_climas.jpg 1313w, https:\/\/auladeclio.com\/auladeclio\/wp-content\/uploads\/2026\/01\/mapa_climas-300x193.jpg 300w, https:\/\/auladeclio.com\/auladeclio\/wp-content\/uploads\/2026\/01\/mapa_climas-1024x659.jpg 1024w, https:\/\/auladeclio.com\/auladeclio\/wp-content\/uploads\/2026\/01\/mapa_climas-768x494.jpg 768w\" sizes=\"auto, (max-width: 1313px) 100vw, 1313px\" \/><\/a><\/p>\n<p><a href=\"https:\/\/auladeclio.com\/auladeclio\/wp-content\/uploads\/2018\/06\/L\u00cdNEAS.jpg\"><img loading=\"lazy\" decoding=\"async\" class=\"aligncenter wp-image-2612 size-full\" src=\"https:\/\/auladeclio.com\/auladeclio\/wp-content\/uploads\/2018\/06\/L\u00cdNEAS.jpg\" alt=\"\" width=\"1342\" height=\"325\" srcset=\"https:\/\/auladeclio.com\/auladeclio\/wp-content\/uploads\/2018\/06\/L\u00cdNEAS.jpg 1342w, https:\/\/auladeclio.com\/auladeclio\/wp-content\/uploads\/2018\/06\/L\u00cdNEAS-300x73.jpg 300w, https:\/\/auladeclio.com\/auladeclio\/wp-content\/uploads\/2018\/06\/L\u00cdNEAS-768x186.jpg 768w, https:\/\/auladeclio.com\/auladeclio\/wp-content\/uploads\/2018\/06\/L\u00cdNEAS-1024x248.jpg 1024w\" sizes=\"auto, (max-width: 1342px) 100vw, 1342px\" \/><\/a>[\/vc_column_text][\/vc_tta_section][vc_tta_section i_icon_fontawesome=&#8221;fa fa-question-circle&#8221; add_icon=&#8221;true&#8221; title=&#8221;PROFUNDIZA&#8221; tab_id=&#8221;1524164499297-d8938bdf-1969&#8243;][vc_column_text css=&#8221;&#8221;]<strong>Compara el paisaje oce\u00e1nico de la Pen\u00ednsula Ib\u00e9rica con el de Nueva Zelanda:<\/strong><\/p>\n<p>Identifica las diferencias entre dos paisajes oce\u00e1nicos con un mismo clima, pero con intervenci\u00f3n humana y vegetaci\u00f3n y fauna muy diferentes entre s\u00ed.<\/p>\n<div class=\"row\"><div class=\"col-lg-6 col-md-12 col-sm-12 col-12\"><a href=\"https:\/\/auladeclio.com\/auladeclio\/wp-content\/uploads\/2026\/02\/CLIMOGRAMA-DE-CASTRO-URDIALES.png\"><img loading=\"lazy\" decoding=\"async\" class=\"aligncenter size-full wp-image-9964\" src=\"https:\/\/auladeclio.com\/auladeclio\/wp-content\/uploads\/2026\/02\/CLIMOGRAMA-DE-CASTRO-URDIALES.png\" alt=\"\" width=\"487\" height=\"573\" srcset=\"https:\/\/auladeclio.com\/auladeclio\/wp-content\/uploads\/2026\/02\/CLIMOGRAMA-DE-CASTRO-URDIALES.png 487w, https:\/\/auladeclio.com\/auladeclio\/wp-content\/uploads\/2026\/02\/CLIMOGRAMA-DE-CASTRO-URDIALES-255x300.png 255w\" sizes=\"auto, (max-width: 487px) 100vw, 487px\" \/><\/a><\/div>\n<div class=\"col-lg-6 col-md-12 col-sm-12 col-12\"><a href=\"https:\/\/auladeclio.com\/auladeclio\/wp-content\/uploads\/2026\/02\/CLIMOGRAMA-DE-WESTPORT-NUEVA-ZELANDA.png\"><img loading=\"lazy\" decoding=\"async\" class=\"aligncenter wp-image-9965\" src=\"https:\/\/auladeclio.com\/auladeclio\/wp-content\/uploads\/2026\/02\/CLIMOGRAMA-DE-WESTPORT-NUEVA-ZELANDA.png\" alt=\"\" width=\"462\" height=\"573\" srcset=\"https:\/\/auladeclio.com\/auladeclio\/wp-content\/uploads\/2026\/02\/CLIMOGRAMA-DE-WESTPORT-NUEVA-ZELANDA.png 476w, https:\/\/auladeclio.com\/auladeclio\/wp-content\/uploads\/2026\/02\/CLIMOGRAMA-DE-WESTPORT-NUEVA-ZELANDA-242x300.png 242w\" sizes=\"auto, (max-width: 462px) 100vw, 462px\" \/><\/a><\/div><\/div>\n<div class=\"row\"><div class=\"col-lg-6 col-md-12 col-sm-12 col-12\">\n<figure id=\"attachment_9967\" class=\"thumbnail wp-caption aligncenter\" style=\"width: 865px\"><a href=\"https:\/\/auladeclio.com\/auladeclio\/wp-content\/uploads\/2026\/02\/playa-de-muskiz-e1770111291371.jpg\"><img loading=\"lazy\" decoding=\"async\" class=\"size-full wp-image-9967\" src=\"https:\/\/auladeclio.com\/auladeclio\/wp-content\/uploads\/2026\/02\/playa-de-muskiz-e1770111291371.jpg\" alt=\"\" width=\"855\" height=\"638\" srcset=\"https:\/\/auladeclio.com\/auladeclio\/wp-content\/uploads\/2026\/02\/playa-de-muskiz-e1770111291371.jpg 855w, https:\/\/auladeclio.com\/auladeclio\/wp-content\/uploads\/2026\/02\/playa-de-muskiz-e1770111291371-300x224.jpg 300w, https:\/\/auladeclio.com\/auladeclio\/wp-content\/uploads\/2026\/02\/playa-de-muskiz-e1770111291371-768x573.jpg 768w\" sizes=\"auto, (max-width: 855px) 100vw, 855px\" \/><\/a><figcaption class=\"caption wp-caption-text\">Playa de Muskiz<\/figcaption><\/figure>\n<\/div>\n<div class=\"col-lg-6 col-md-12 col-sm-12 col-12\">\n<figure id=\"attachment_9968\" class=\"thumbnail wp-caption aligncenter\" style=\"width: 658px\"><a href=\"https:\/\/auladeclio.com\/auladeclio\/wp-content\/uploads\/2026\/02\/Cape-Foulwind-Westport.jpg\"><img loading=\"lazy\" decoding=\"async\" class=\"size-large wp-image-9968\" src=\"https:\/\/auladeclio.com\/auladeclio\/wp-content\/uploads\/2026\/02\/Cape-Foulwind-Westport-1024x766.jpg\" alt=\"\" width=\"648\" height=\"485\" srcset=\"https:\/\/auladeclio.com\/auladeclio\/wp-content\/uploads\/2026\/02\/Cape-Foulwind-Westport-1024x766.jpg 1024w, https:\/\/auladeclio.com\/auladeclio\/wp-content\/uploads\/2026\/02\/Cape-Foulwind-Westport-300x225.jpg 300w, https:\/\/auladeclio.com\/auladeclio\/wp-content\/uploads\/2026\/02\/Cape-Foulwind-Westport-768x575.jpg 768w, https:\/\/auladeclio.com\/auladeclio\/wp-content\/uploads\/2026\/02\/Cape-Foulwind-Westport.jpg 1280w\" sizes=\"auto, (max-width: 648px) 100vw, 648px\" \/><\/a><figcaption class=\"caption wp-caption-text\">Cabo de Foulwind Westport<\/figcaption><\/figure>\n<\/div><\/div>\n<div class=\"row\"><div class=\"col-lg-6 col-md-12 col-sm-12 col-12\">\n<figure id=\"attachment_9970\" class=\"thumbnail wp-caption aligncenter\" style=\"width: 658px\"><a href=\"https:\/\/auladeclio.com\/auladeclio\/wp-content\/uploads\/2026\/02\/Roble-albar.jpg\"><img loading=\"lazy\" decoding=\"async\" class=\"size-large wp-image-9970\" src=\"https:\/\/auladeclio.com\/auladeclio\/wp-content\/uploads\/2026\/02\/Roble-albar-683x1024.jpg\" alt=\"\" width=\"648\" height=\"972\" srcset=\"https:\/\/auladeclio.com\/auladeclio\/wp-content\/uploads\/2026\/02\/Roble-albar-683x1024.jpg 683w, https:\/\/auladeclio.com\/auladeclio\/wp-content\/uploads\/2026\/02\/Roble-albar-200x300.jpg 200w, https:\/\/auladeclio.com\/auladeclio\/wp-content\/uploads\/2026\/02\/Roble-albar-768x1152.jpg 768w, https:\/\/auladeclio.com\/auladeclio\/wp-content\/uploads\/2026\/02\/Roble-albar.jpg 960w\" sizes=\"auto, (max-width: 648px) 100vw, 648px\" \/><\/a><figcaption class=\"caption wp-caption-text\">Roble albar<\/figcaption><\/figure>\n<\/div>\n<div class=\"mceTemp\"><\/div>\n<div class=\"col-lg-6 col-md-12 col-sm-12 col-12\">\n<figure id=\"attachment_9971\" class=\"thumbnail wp-caption aligncenter\" style=\"width: 658px\"><a href=\"https:\/\/auladeclio.com\/auladeclio\/wp-content\/uploads\/2026\/02\/Haya-del-sur-o-haya-negra.jpg\"><img loading=\"lazy\" decoding=\"async\" class=\"wp-image-9971 size-large\" src=\"https:\/\/auladeclio.com\/auladeclio\/wp-content\/uploads\/2026\/02\/Haya-del-sur-o-haya-negra-768x1024.jpg\" alt=\"Haya negra o del sur\" width=\"648\" height=\"864\" srcset=\"https:\/\/auladeclio.com\/auladeclio\/wp-content\/uploads\/2026\/02\/Haya-del-sur-o-haya-negra-768x1024.jpg 768w, https:\/\/auladeclio.com\/auladeclio\/wp-content\/uploads\/2026\/02\/Haya-del-sur-o-haya-negra-225x300.jpg 225w, https:\/\/auladeclio.com\/auladeclio\/wp-content\/uploads\/2026\/02\/Haya-del-sur-o-haya-negra.jpg 960w\" sizes=\"auto, (max-width: 648px) 100vw, 648px\" \/><\/a><figcaption class=\"caption wp-caption-text\">Haya negra o del sur<\/figcaption><\/figure>\n<\/div><\/div>\n<p>&nbsp;<br \/>\n<iframe loading=\"lazy\" src=\"https:\/\/auladeclio.com\/auladeclio\/wp-admin\/admin-ajax.php?action=h5p_embed&amp;id=1\" width=\"958\" height=\"441\" frameborder=\"0\" allowfullscreen=\"allowfullscreen\" title=\"Compara el clima y el paisaje de Cantabria con el de Nueva Zelanda\"><\/iframe><script src=\"https:\/\/auladeclio.com\/auladeclio\/wp-content\/plugins\/h5p\/h5p-php-library\/js\/h5p-resizer.js\" charset=\"UTF-8\"><\/script>[\/vc_column_text][\/vc_tta_section][\/vc_tta_tabs][\/vc_column][\/vc_row]\n<\/div>","protected":false},"excerpt":{"rendered":"<p>[vc_row][vc_column width=&#8221;1\/3&#8243; offset=&#8221;vc_col-lg-offset-0 vc_col-md-offset-0 vc_col-sm-offset-0 vc_col-xs-3&#8243;][vc_icon icon_fontawesome=&#8221;fa fa-chevron-left&#8221; color=&#8221;green&#8221; link=&#8221;url:http%3A%2F%2Fauladeclio.com%2Fauladeclio%2F7-los-paisajes-de-espana|title:EP%C3%8DGRAFE%20ANTERIOR|target:%20_blank|&#8221;][\/vc_column][vc_column width=&#8221;1\/3&#8243; offset=&#8221;vc_col-lg-offset-0 vc_col-md-offset-0 vc_col-sm-offset-0 vc_col-xs-offset-1 vc_col-xs-3&#8243;][vc_icon icon_fontawesome=&#8221;fa fa-list&#8221; color=&#8221;green&#8221; align=&#8221;center&#8221; link=&#8221;url:http%3A%2F%2Fauladeclio.com%2Fauladeclio%2F7-los-paisajes-de-espana|title:%C3%8DNDICE%20DE%20EP%C3%8DGRAFES|target:%20_blank|&#8221;][\/vc_column][vc_column width=&#8221;1\/3&#8243; offset=&#8221;vc_col-lg-offset-0 vc_col-md-offset-0 vc_col-sm-offset-0 vc_col-xs-offset-1 vc_col-xs-3&#8243;][vc_icon icon_fontawesome=&#8221;fa fa-chevron-right&#8221; color=&#8221;green&#8221; align=&#8221;right&#8221; link=&#8221;url:http%3A%2F%2Fauladeclio.com%2Fauladeclio%2F7-2-el-paisaje-mediterraneo|title:EP%C3%8DGRAFE%20SIGUIENTE|target:%20_blank|&#8221;][\/vc_column][\/vc_row][vc_row][vc_column][vc_tta_tabs style=&#8221;outline&#8221; shape=&#8221;square&#8221; color=&#8221;green&#8221; active_section=&#8221;1&#8243; pagination_style=&#8221;flat-rounded&#8221; pagination_color=&#8221;green&#8221;][vc_tta_section i_icon_fontawesome=&#8221;fa fa-book&#8221; add_icon=&#8221;true&#8221; title=&#8221;TEMA&#8221; tab_id=&#8221;1509006569048-f59e903e-56d1&#8243;][vc_column_text css=&#8221;&#8221;][\/vc_column_text][vc_toggle title=&#8221;EL CLIMA OCE\u00c1NICO&#8221; custom_font_container=&#8221;tag:h4|text_align:left|color:%2353ad35&#8243; custom_use_theme_fonts=&#8221;yes&#8221; css=&#8221;&#8221; use_custom_heading=&#8221;true&#8221;] [\/vc_toggle][vc_toggle title=&#8221;EL BOSQUE TEMPLADO [&hellip;]<\/p>\n","protected":false},"author":1,"featured_media":0,"parent":0,"menu_order":0,"comment_status":"closed","ping_status":"closed","template":"","meta":{"nf_dc_page":"","footnotes":""},"categories":[97],"tags":[],"class_list":["post-3679","page","type-page","status-publish","hentry","category-1o-eso"],"_links":{"self":[{"href":"https:\/\/auladeclio.com\/auladeclio\/wp-json\/wp\/v2\/pages\/3679","targetHints":{"allow":["GET"]}}],"collection":[{"href":"https:\/\/auladeclio.com\/auladeclio\/wp-json\/wp\/v2\/pages"}],"about":[{"href":"https:\/\/auladeclio.com\/auladeclio\/wp-json\/wp\/v2\/types\/page"}],"author":[{"embeddable":true,"href":"https:\/\/auladeclio.com\/auladeclio\/wp-json\/wp\/v2\/users\/1"}],"replies":[{"embeddable":true,"href":"https:\/\/auladeclio.com\/auladeclio\/wp-json\/wp\/v2\/comments?post=3679"}],"version-history":[{"count":41,"href":"https:\/\/auladeclio.com\/auladeclio\/wp-json\/wp\/v2\/pages\/3679\/revisions"}],"predecessor-version":[{"id":9977,"href":"https:\/\/auladeclio.com\/auladeclio\/wp-json\/wp\/v2\/pages\/3679\/revisions\/9977"}],"wp:attachment":[{"href":"https:\/\/auladeclio.com\/auladeclio\/wp-json\/wp\/v2\/media?parent=3679"}],"wp:term":[{"taxonomy":"category","embeddable":true,"href":"https:\/\/auladeclio.com\/auladeclio\/wp-json\/wp\/v2\/categories?post=3679"},{"taxonomy":"post_tag","embeddable":true,"href":"https:\/\/auladeclio.com\/auladeclio\/wp-json\/wp\/v2\/tags?post=3679"}],"curies":[{"name":"wp","href":"https:\/\/api.w.org\/{rel}","templated":true}]}}