{"id":1652,"date":"2018-04-25T18:47:57","date_gmt":"2018-04-25T18:47:57","guid":{"rendered":"http:\/\/auladeclio.com\/auladeclio\/?page_id=1652"},"modified":"2026-04-13T10:22:51","modified_gmt":"2026-04-13T10:22:51","slug":"13-4-la-construccion-europea","status":"publish","type":"page","link":"https:\/\/auladeclio.com\/auladeclio\/13-4-la-construccion-europea\/","title":{"rendered":"13.4 La construcci\u00f3n europea"},"content":{"rendered":"<div class=\"wpb-content-wrapper\">[vc_row][vc_column width=&#8221;1\/3&#8243; offset=&#8221;vc_col-lg-offset-0 vc_col-md-offset-0 vc_col-sm-offset-0 vc_col-xs-3&#8243;][vc_icon icon_fontawesome=&#8221;fa fa-chevron-left&#8221; color=&#8221;sky&#8221; link=&#8221;url:http%3A%2F%2Fauladeclio.com%2Fauladeclio%2F13-3-la-evolucion-de-los-eeuu%2F|title:EP%C3%8DGRAFE%20ANTERIOR|target:%20_blank|&#8221;][\/vc_column][vc_column width=&#8221;1\/3&#8243; offset=&#8221;vc_col-lg-offset-0 vc_col-md-offset-0 vc_col-sm-offset-0 vc_col-xs-offset-1 vc_col-xs-3&#8243;][vc_icon icon_fontawesome=&#8221;fa fa-list&#8221; color=&#8221;sky&#8221; align=&#8221;center&#8221; link=&#8221;url:http%3A%2F%2Fauladeclio.com%2Fauladeclio%2F13-la-evolucion-del-mundo-capitalista-1964-1991%2F|title:%C3%8DNDICE%20DE%20EP%C3%8DGRAFES|target:%20_blank|&#8221;][\/vc_column][vc_column width=&#8221;1\/3&#8243; offset=&#8221;vc_col-lg-offset-0 vc_col-md-offset-0 vc_col-sm-offset-0 vc_col-xs-offset-1 vc_col-xs-3&#8243;][vc_icon icon_fontawesome=&#8221;fa fa-chevron-right&#8221; color=&#8221;sky&#8221; align=&#8221;right&#8221; link=&#8221;url:http%3A%2F%2Fauladeclio.com%2Fauladeclio%2F13-5-el-capitalismo-en-asia%2F|title:EP%C3%8DGRAFE%20SIGUIENTE|target:%20_blank|&#8221;][\/vc_column][\/vc_row][vc_row][vc_column][vc_tta_tabs style=&#8221;outline&#8221; shape=&#8221;square&#8221; color=&#8221;sky&#8221; active_section=&#8221;1&#8243; pagination_style=&#8221;flat-rounded&#8221; pagination_color=&#8221;blue&#8221;][vc_tta_section i_icon_fontawesome=&#8221;fa fa-book&#8221; add_icon=&#8221;true&#8221; title=&#8221;TEMA&#8221; tab_id=&#8221;1509006569048-f59e903e-56d1&#8243;][vc_wp_text]<div class=\"row\"><div class=\"col-lg-6 col-md-12 col-sm-12 col-12\">\n<p>El sue\u00f1o de la unidad europea tiene muchos siglos de historia. Pero, no empez\u00f3 a hacerse realidad hasta despu\u00e9s de la Segunda Guerra Mundial, cuando algunos dirigentes pol\u00edticos impulsaron la creaci\u00f3n de una<strong> organizaci\u00f3n supranacional<\/strong> de car\u00e1cter econ\u00f3mico. La<strong> Comunidad Econ\u00f3mica Europea (CEE), fundada en 1957<\/strong>, pas\u00f3 a ser en <strong>1992 la Uni\u00f3n Europea (UE)<\/strong>. <strong>Los seis socios iniciales llegaron a ser 15 miembros a finales del siglo XX,\u00a0<\/strong> y la perspectiva como veremos en temas posteriores era muy buena, ya que los estados del Este miraban hacia occidente desesperadamente para intentar integrarse lo antes posible en la UE, lo que conseguir\u00e1n casi todos ya iniciado el siglo XXI.<\/p>\n<p>Por otro lado, la integraci\u00f3n econ\u00f3mica se ir\u00e1 haciendo una realidad, el Tratado Maastricht, el cual entr\u00f3 en vigor en <strong>1993<\/strong>, preve\u00eda la <strong>creaci\u00f3n de una Uni\u00f3n Monetaria<\/strong>. Se introducir\u00eda de forma gradual en los pa\u00edses que lo desearan y cumplieran unas condiciones. La fecha inicialmente prevista se fue retrasando. Finalmente, los estados miembros de la Uni\u00f3n Europea acordaron el <strong>15 de diciembre de 1995<\/strong> en Madrid la <strong>creaci\u00f3n de una moneda com\u00fan europea<\/strong> \u2013bajo la <strong>denominaci\u00f3n de euro<\/strong>\u2013 con fecha de <strong>puesta en circulaci\u00f3n en enero del a\u00f1o 2002.<\/strong><\/p>\n<\/div>\n<div class=\"col-lg-6 col-md-12 col-sm-12 col-12\"><a href=\"https:\/\/auladeclio.com\/auladeclio\/wp-content\/uploads\/2021\/05\/PORTADA-UNION-EUROPEA.jpg\"><img loading=\"lazy\" decoding=\"async\" class=\"aligncenter size-full wp-image-9215\" src=\"https:\/\/auladeclio.com\/auladeclio\/wp-content\/uploads\/2021\/05\/PORTADA-UNION-EUROPEA.jpg\" alt=\"\" width=\"768\" height=\"627\" srcset=\"https:\/\/auladeclio.com\/auladeclio\/wp-content\/uploads\/2021\/05\/PORTADA-UNION-EUROPEA.jpg 768w, https:\/\/auladeclio.com\/auladeclio\/wp-content\/uploads\/2021\/05\/PORTADA-UNION-EUROPEA-300x245.jpg 300w\" sizes=\"auto, (max-width: 768px) 100vw, 768px\" \/><\/a><\/div><\/div>\n<p>Los a\u00f1os 90 fueron profundamente positivos y esperanzadores para el desarrollo de UE y la integraci\u00f3n econ\u00f3mica y pol\u00edtica de los pa\u00edses que formaban parte de ella, pero el siglo XXI, como veremos en pr\u00f3ximos temas, deparar\u00e1 problemas no previstos a la Uni\u00f3n, que pondr\u00e1n en jaque el proyecto mismo de unificaci\u00f3n europea.[\/vc_wp_text][vc_column_text]<span style=\"font-size: 8pt;\">B9\/3. El proceso de construcci\u00f3n de la Uni\u00f3n Europea: de las Comunidades\u00a0Europeas a la Uni\u00f3n. Objetivos e Instituciones.<\/span>[\/vc_column_text][vc_toggle title=&#8221;LOS OR\u00cdGENES DE LA UNI\u00d3N EUROPEA&#8221; custom_font_container=&#8221;tag:h4|text_align:left|color:%231e73be&#8221; custom_use_theme_fonts=&#8221;yes&#8221; use_custom_heading=&#8221;true&#8221;]<strong>Europa es un continente con<\/strong> un espacio geogr\u00e1fico delimitado y<strong> un largo pasado com\u00fan<\/strong>. Un mosaico de <strong>pueblos<\/strong> y culturas diferentes <strong>que comparten se\u00f1as de identidad<\/strong> propias. Desde el<strong> legado cl\u00e1sico<\/strong>, pasando por la huella de la <strong>cultura cristiana medieval<\/strong>, el esp\u00edritu del <strong>Renacimiento<\/strong> y el nacimiento de los grandes <strong>Estados modernos<\/strong> y los<strong> imperios coloniales<\/strong>, hasta las grandes transformaciones econ\u00f3micas y pol\u00edticas de los tiempos recientes.<\/p>\n<p><strong>Un pasado de convivencia<\/strong> humana y progreso material <strong>pero al mismo tiempo de rivalidad y violencia<\/strong>, de fronteras con ej\u00e9rcitos enfrentados. La cara y la cruz de la civilizaci\u00f3n europea que tan bien simboliza la historia del siglo XX. Por un lado, la \u00e9poca negra de las dos guerras mundiales. Por otro, <strong>entre las ruinas de la \u00faltima contienda<\/strong> y el <strong>inicio del proceso de construcci\u00f3n de la Uni\u00f3n Europea<\/strong>, el proyecto de integraci\u00f3n supranacional que contin\u00faa abierto en nuestros d\u00edas.<\/p>\n<p>&nbsp;<\/p>\n<p>LAS RA\u00cdCES DEL EUROPEISMO<\/p>\n<p>Los <strong>primeros precursores<\/strong> de la idea de una unidad europea aparecieron en el tr\u00e1nsito del medievo a la Edad Moderna. Los <strong>pensadores humanistas<\/strong>, como <strong>Luis Vives o Erasmo de Roterdam<\/strong>, so\u00f1aban con la concordia de los soberanos europeos. En los siglos siguientes no faltaron escritores que defendieron la existencia de una conciencia europea, casi siempre relacionada con el deseo de conseguir la paz y el equilibrio entre las naciones del continente. En el <strong>siglo<\/strong> <strong>XVIII<\/strong>, los grandes <strong>fil\u00f3sofos<\/strong> <strong>ilustrados<\/strong> postularon tambi\u00e9n la necesidad de una Europa unida. Una <strong>federaci\u00f3n de Estados libres<\/strong> que alcanzar\u00eda la paz perpetua, como ped\u00eda Inmanuel <strong>Kant<\/strong>. Pero en el <strong>siglo XIX<\/strong> se impuso la competencia entre los <strong>Estados nacionales<\/strong>, con poco espacio para los proyectos federalistas republicanos y socialistas, y <strong>no se escucharon<\/strong> las <strong>voces<\/strong> de <strong>europe\u00edstas como Victor Hugo, que reclamaba la creaci\u00f3n de los Estados Unidos de Europa.<\/strong><\/p>\n<div class=\"row\"><div class=\"col-lg-2 col-md-12 col-sm-12 col-12\">\n<p><span style=\"color: #ffffff;\">.<\/span><\/p>\n<figure id=\"attachment_9222\" class=\"thumbnail wp-caption aligncenter\" style=\"width: 247px\"><a href=\"https:\/\/auladeclio.com\/auladeclio\/wp-content\/uploads\/2021\/05\/INMANUEL-KANT.jpg\"><img loading=\"lazy\" decoding=\"async\" class=\"size-full wp-image-9222\" src=\"https:\/\/auladeclio.com\/auladeclio\/wp-content\/uploads\/2021\/05\/INMANUEL-KANT.jpg\" alt=\"\" width=\"237\" height=\"360\" srcset=\"https:\/\/auladeclio.com\/auladeclio\/wp-content\/uploads\/2021\/05\/INMANUEL-KANT.jpg 237w, https:\/\/auladeclio.com\/auladeclio\/wp-content\/uploads\/2021\/05\/INMANUEL-KANT-198x300.jpg 198w\" sizes=\"auto, (max-width: 237px) 100vw, 237px\" \/><\/a><figcaption class=\"caption wp-caption-text\"><span style=\"font-size: 10pt;\">INMANUEL KANT<\/span><\/figcaption><\/figure>\n<\/div>\n<div class=\"col-lg-3 col-md-12 col-sm-12 col-12\"><blockquote class=\"blockquote\">\n<strong><span style=\"font-size: 10pt;\">EL ESTADO DE NACIONES<\/span><\/strong><footer class=\"blockquote-footer\">\n<em><span style=\"font-size: 10pt;\">A los ojos de la raz\u00f3n, no hay para los Estados que mantienen relaciones rec\u00edprocas otro medio de salir de la ausencia de la legalidad, fuente de guerras declaradas, que renunciar como los individuos a su libertad salvaje (an\u00e1rquica) para acomodarse a la coacci\u00f3n p\u00fablica de leyes y formar as\u00ed un Estado de naciones (&#8230;).<\/span><\/em><\/footer>\n<\/blockquote>\n<\/div>\n<div class=\"col-lg-2 col-md-12 col-sm-12 col-12\">\n<p><span style=\"color: #ffffff;\">.<\/span><\/p>\n<figure id=\"attachment_9223\" class=\"thumbnail wp-caption aligncenter\" style=\"width: 247px\"><a href=\"https:\/\/auladeclio.com\/auladeclio\/wp-content\/uploads\/2021\/05\/VICTOR-HUGO.jpg\"><img loading=\"lazy\" decoding=\"async\" class=\"size-full wp-image-9223\" src=\"https:\/\/auladeclio.com\/auladeclio\/wp-content\/uploads\/2021\/05\/VICTOR-HUGO.jpg\" alt=\"\" width=\"237\" height=\"360\" srcset=\"https:\/\/auladeclio.com\/auladeclio\/wp-content\/uploads\/2021\/05\/VICTOR-HUGO.jpg 237w, https:\/\/auladeclio.com\/auladeclio\/wp-content\/uploads\/2021\/05\/VICTOR-HUGO-198x300.jpg 198w\" sizes=\"auto, (max-width: 237px) 100vw, 237px\" \/><\/a><figcaption class=\"caption wp-caption-text\"><span style=\"font-size: 10pt;\">V\u00cdCTOR HUGO<\/span><\/figcaption><\/figure>\n<\/div>\n<div class=\"col-lg-5 col-md-12 col-sm-12 col-12\"><blockquote class=\"blockquote\">\n<strong><span style=\"font-size: 10pt;\">LOS ESTADOS UNIDOS DE EUROPA<\/span><\/strong><footer class=\"blockquote-footer\">\n<span style=\"font-size: 10pt;\"><em>(&#8230;) Llegar\u00e1 el d\u00eda en que la guerra parecer\u00e1 tan absurda entre Par\u00eds y Londres, Petersburgo y Berl\u00edn, Viena y Tur\u00edn como lo es hoy entre Rouen y Amiens, o Boston y Filadelfia. Llegar\u00e1 el d\u00eda en que (&#8230;) vosotros todos, naciones del continente, sin perder vuestras cualidades diferenciadoras y vuestra gloriosa individualidad, os fundir\u00e9is estrechamente en una unidad superior y constituir\u00e9is la fraternidad europea (&#8230;). Llegar\u00e1 el d\u00eda en que se ver\u00e1 a esos dos grandes grupos, los Estados Unidos de Am\u00e9rica, los Estados Unidos de Europa, enfrente el uno del otro, tendi\u00e9ndose la mano por encima de los mares (&#8230;)<\/em><\/span><\/footer>\n<\/blockquote>\n<\/div><\/div>Al <strong>inicio del siglo XX<\/strong>, las grandes potencias imperialistas se precipitaron hacia una <strong>carrera de competencia econ\u00f3mica y pol\u00edtica, de exaltaci\u00f3n nacionalista y militarista<\/strong>, que desemboc\u00f3 en la cat\u00e1strofe humana de la<strong> Gran Guerra<\/strong>. Una tragedia sin precedentes. La herida abierta por las trincheras no se cerr\u00f3 al terminar el conflicto armado.<\/p>\n<div class=\"row\"><div class=\"col-lg-4 col-md-12 col-sm-12 col-12\">En la <strong>posguerra<\/strong> surgieron <strong>voces que ped\u00edan la reconciliaci\u00f3n y la creaci\u00f3n de una ciudadan\u00eda com\u00fan<\/strong>. Se celebr\u00f3 un congreso de la Uni\u00f3n Paneuropea, apoyado por muchos intelectuales, y en el seno de la Sociedad de Naciones el ministro de Asuntos Exteriores franc\u00e9s, <strong>Aristide Briand, present\u00f3 un proyecto de uni\u00f3n federal de los pa\u00edses europeos<\/strong>. Pero la crisis econ\u00f3mica de 1929 y<strong> el ascenso de los fascismos crearon otro escenario<\/strong> bien diferente, el que condujo a la <strong>Segunda Guerra Mundial<\/strong>, a la barbarie que cubri\u00f3 de sangre todo el continente. <\/div>\n<div class=\"col-lg-2 col-md-12 col-sm-12 col-12\">\n<figure id=\"attachment_9224\" class=\"thumbnail wp-caption aligncenter\" style=\"width: 151px\"><a href=\"https:\/\/auladeclio.com\/auladeclio\/wp-content\/uploads\/2021\/05\/ARISTIDE-BRIAND.jpeg\"><img loading=\"lazy\" decoding=\"async\" class=\" wp-image-9224\" src=\"https:\/\/auladeclio.com\/auladeclio\/wp-content\/uploads\/2021\/05\/ARISTIDE-BRIAND.jpeg\" alt=\"\" width=\"141\" height=\"214\" srcset=\"https:\/\/auladeclio.com\/auladeclio\/wp-content\/uploads\/2021\/05\/ARISTIDE-BRIAND.jpeg 237w, https:\/\/auladeclio.com\/auladeclio\/wp-content\/uploads\/2021\/05\/ARISTIDE-BRIAND-198x300.jpeg 198w\" sizes=\"auto, (max-width: 141px) 100vw, 141px\" \/><\/a><figcaption class=\"caption wp-caption-text\"><span style=\"font-size: 10pt;\">ARISTIDE BRIAND<\/span><\/figcaption><\/figure>\n<\/div>\n<div class=\"col-lg-6 col-md-12 col-sm-12 col-12\"><blockquote class=\"blockquote\">\n<span style=\"font-size: 10pt;\"><strong>UNA FEDERACI\u00d3N EUROPEA<\/strong><\/span><footer class=\"blockquote-footer\">\n<em><span style=\"font-size: 10pt;\">Pienso que entre pueblos que est\u00e1n geogr\u00e1ficamente agrupados, como los pueblos de Europa, debe existir una suerte de v\u00ednculo federal; estos pueblos deben en todo momento tener la posibilidad de entrar en contacto, de discutir sus intereses, de adoptar resoluciones comunes, de establecer entre s\u00ed un v\u00ednculo de solidaridad, que les permita (&#8230;) hacer frente a las circunstancias graves, si es que estas surgen. (&#8230;) Evidentemente, la asociaci\u00f3n tendr\u00e1 efecto sobre todo en el \u00e1mbito<\/span><\/em><em><span style=\"font-size: 10pt;\">econ\u00f3mico: es la cuesti\u00f3n que m\u00e1s apremia. Creo que puede tener \u00e9xito. Pero estoy seguro de que desde el punto de vista pol\u00edtico, desde el punto de vista social, el lazo federal, sin afectar a la soberan\u00eda de las naciones (&#8230;), puede ser beneficioso.<\/span><\/em><\/footer>\n<\/blockquote><\/div><\/div><strong>En 1945, Europa estaba destruida<\/strong>. Hab\u00eda que comenzar desde cero con un objetivo claro: que lo ocurrido no volviera a repetirse.<\/p>\n<p>&nbsp;<\/p>\n<p>LOS PRIMEROS PASOS HACIA LA INTEGRACI\u00d3N<\/p>\n<p>Despu\u00e9s de la Segunda Guerra Mundial, <strong>Europa qued\u00f3 dividida en dos bloques<\/strong> separados por el Tel\u00f3n de Acero, el inicio de la<strong> Guerra Fr\u00eda<\/strong>, un ambiente de amenaza y tensi\u00f3n que oscurec\u00eda la reconstrucci\u00f3n europea.<\/p>\n<div class=\"row\"><div class=\"col-lg-6 col-md-12 col-sm-12 col-12\">\n<p>En <strong>1946<\/strong>, Winston <strong>Churchill<\/strong>, desde el bloque occidental, ped\u00eda en un famoso discurso la edificaci\u00f3n de unos <strong>Estados Unidos de Europa<\/strong>, basados en la asociaci\u00f3n de Francia y Alemania, que permitieran vivir en paz, seguridad y libertad: la construcci\u00f3n de una \u00abfamilia europea\u00bb. Era una <strong>aspiraci\u00f3n compartida por muchos<\/strong>, que, para ser cre\u00edble, necesitaba empezar a dar pasos concretos. Pasar de las palabras a los hechos.<\/p>\n<p>En <strong>1948<\/strong> confluyeron varios hechos importantes. Entr\u00f3 en funcionamiento la <strong>uni\u00f3n aduanera del Benelux<\/strong>, acordada por B\u00e9lgica, Holanda y Luxemburgo. Se puso en marcha la<strong> Organizaci\u00f3n Europea para la Cooperaci\u00f3n Econ\u00f3mica (OECE)<\/strong>, organismo creado para gestionar la ayuda econ\u00f3mica americana del Plan Marshall. Y tuvo lugar el Congreso de La Haya, reuni\u00f3n de l\u00edderes pol\u00edticos y representantes de movimientos europe\u00edstas que sent\u00f3 las bases de las iniciativas posteriores. Al a\u00f1o siguiente, en mayo de <strong>1949<\/strong>, diez pa\u00edses acordaron la <strong>constituci\u00f3n del Consejo de Europa<\/strong>, una asamblea consultiva, con sede en Luxemburgo, encargada de elaborar propuestas de colaboraci\u00f3n, promover el debate y fomentar la unidad europea.<\/div>\n<div class=\"col-lg-6 col-md-12 col-sm-12 col-12\">\n<figure id=\"attachment_9231\" class=\"thumbnail wp-caption aligncenter\" style=\"width: 618px\"><a href=\"https:\/\/auladeclio.com\/auladeclio\/wp-content\/uploads\/2021\/05\/VISTA-AEREA-DEL-PALACIO-DE-EUROPA-ESTRASBURGO-SEDE-DEL-CONSEJOR-DE-EUROPA-NO-CONFUNDIRLO-CON-EL-CONSEJO-EUROPEO-O-EL-CONSEJO-DE-LA-UNION-EUROPEA.jpg\"><img loading=\"lazy\" decoding=\"async\" class=\" wp-image-9231\" src=\"https:\/\/auladeclio.com\/auladeclio\/wp-content\/uploads\/2021\/05\/VISTA-AEREA-DEL-PALACIO-DE-EUROPA-ESTRASBURGO-SEDE-DEL-CONSEJOR-DE-EUROPA-NO-CONFUNDIRLO-CON-EL-CONSEJO-EUROPEO-O-EL-CONSEJO-DE-LA-UNION-EUROPEA.jpg\" alt=\"\" width=\"608\" height=\"405\" srcset=\"https:\/\/auladeclio.com\/auladeclio\/wp-content\/uploads\/2021\/05\/VISTA-AEREA-DEL-PALACIO-DE-EUROPA-ESTRASBURGO-SEDE-DEL-CONSEJOR-DE-EUROPA-NO-CONFUNDIRLO-CON-EL-CONSEJO-EUROPEO-O-EL-CONSEJO-DE-LA-UNION-EUROPEA.jpg 1280w, https:\/\/auladeclio.com\/auladeclio\/wp-content\/uploads\/2021\/05\/VISTA-AEREA-DEL-PALACIO-DE-EUROPA-ESTRASBURGO-SEDE-DEL-CONSEJOR-DE-EUROPA-NO-CONFUNDIRLO-CON-EL-CONSEJO-EUROPEO-O-EL-CONSEJO-DE-LA-UNION-EUROPEA-300x200.jpg 300w, https:\/\/auladeclio.com\/auladeclio\/wp-content\/uploads\/2021\/05\/VISTA-AEREA-DEL-PALACIO-DE-EUROPA-ESTRASBURGO-SEDE-DEL-CONSEJOR-DE-EUROPA-NO-CONFUNDIRLO-CON-EL-CONSEJO-EUROPEO-O-EL-CONSEJO-DE-LA-UNION-EUROPEA-1024x682.jpg 1024w, https:\/\/auladeclio.com\/auladeclio\/wp-content\/uploads\/2021\/05\/VISTA-AEREA-DEL-PALACIO-DE-EUROPA-ESTRASBURGO-SEDE-DEL-CONSEJOR-DE-EUROPA-NO-CONFUNDIRLO-CON-EL-CONSEJO-EUROPEO-O-EL-CONSEJO-DE-LA-UNION-EUROPEA-768x512.jpg 768w\" sizes=\"auto, (max-width: 608px) 100vw, 608px\" \/><\/a><figcaption class=\"caption wp-caption-text\"><span style=\"font-size: 10pt;\">VISTA A\u00c9REA DEL PALACIO DE EUROPA (ESTRASBURGO), SEDE DEL CONSEJO DE EUROPA (NO CONFUNDIRLO CON EL CONSEJO EUROPEO O EL CONSEJO DE LA UNI\u00d3N EUROPEA)<\/span><\/figcaption><\/figure>\n<\/div><\/div><strong>En 1950<\/strong> se firm\u00f3 uno de sus documentos m\u00e1s significativos, el <strong>Convenio Europeo para la Protecci\u00f3n de los Derechos Humanos.<\/strong><\/p>\n<p>El primer paso firme hacia la formaci\u00f3n de una futura Uni\u00f3n Europea se produjo el <strong>9 de mayo de 1950<\/strong>, fecha del c\u00e9lebre <strong>discurso<\/strong> pronunciado por <strong>Robert Schuman<\/strong>, ministro de Asuntos Exteriores franc\u00e9s (Declaraci\u00f3n Schuman). Su plan preve\u00eda la<strong> creaci\u00f3n de un mercado conjunto franco-alem\u00e1n<\/strong> de dos sectores industriales estrat\u00e9gicos como el carb\u00f3n y el acero. Una realizaci\u00f3n concreta que animara, en el futuro, a seguir en la misma l\u00ednea.<strong> En 1951, con la firma del Tratado de Par\u00eds, nac\u00eda la Comunidad Europea del Carb\u00f3n y del Acero (CECA). Italia, B\u00e9lgica, Holanda y Luxemburgo se sumaban al proyecto inicial de Francia y Alemania<\/strong>, y acordaban la creaci\u00f3n de un comit\u00e9 ejecutivo supranacional, una Alta Autoridad presidida por un l\u00edder europe\u00edsta, Jean Monnet.<\/p>\n<div class=\"row\"><div class=\"col-lg-2 col-md-12 col-sm-12 col-12\">\n<p><span style=\"color: #ffffff;\">.<\/span><\/p>\n<figure id=\"attachment_9225\" class=\"thumbnail wp-caption aligncenter\" style=\"width: 247px\"><a href=\"https:\/\/auladeclio.com\/auladeclio\/wp-content\/uploads\/2021\/05\/WINSTON-CHURCHILL.jpg\"><img loading=\"lazy\" decoding=\"async\" class=\"size-full wp-image-9225\" src=\"https:\/\/auladeclio.com\/auladeclio\/wp-content\/uploads\/2021\/05\/WINSTON-CHURCHILL.jpg\" alt=\"\" width=\"237\" height=\"360\" srcset=\"https:\/\/auladeclio.com\/auladeclio\/wp-content\/uploads\/2021\/05\/WINSTON-CHURCHILL.jpg 237w, https:\/\/auladeclio.com\/auladeclio\/wp-content\/uploads\/2021\/05\/WINSTON-CHURCHILL-198x300.jpg 198w\" sizes=\"auto, (max-width: 237px) 100vw, 237px\" \/><\/a><figcaption class=\"caption wp-caption-text\"><span style=\"font-size: 10pt;\">WINSTON CHURCHILL<\/span><\/figcaption><\/figure>\n<\/div>\n<div class=\"col-lg-4 col-md-12 col-sm-12 col-12\"><blockquote class=\"blockquote\">\n<strong><span style=\"font-size: 10pt;\">LA UNI\u00d3N DE FRANCIA Y ALEMANIA<\/span><\/strong><footer class=\"blockquote-footer\">\n<em><span style=\"font-size: 10pt;\">(&#8230;) Hemos de edificar una especie de Estados <\/span><\/em><em><span style=\"font-size: 10pt;\">Unidos de Europa (&#8230;). El primer paso hacia la reconstrucci\u00f3n de la familia europea ha de ser una asociaci\u00f3n entre Francia y Alemania (&#8230;). No puede haber renacimiento moral de Europa sin una Francia espiritualmente grande y una Alemania tambi\u00e9n espiritualmente grande. Si la estructura de los Estados Unidos de Europa se construye a conciencia, ser\u00e1 de tal forma que har\u00e1 menos importante la fuerza de un solo Estado. Las peque\u00f1as naciones contar\u00e1n tanto como las grandes (&#8230;).<\/span><\/em><\/footer>\n<\/blockquote>\n<\/div>\n<div class=\"col-lg-2 col-md-12 col-sm-12 col-12\">\n<p><span style=\"color: #ffffff;\">.<\/span><\/p>\n<figure id=\"attachment_9226\" class=\"thumbnail wp-caption aligncenter\" style=\"width: 247px\"><a href=\"https:\/\/auladeclio.com\/auladeclio\/wp-content\/uploads\/2021\/05\/ROBERT-SCHUMAN.jpg\"><img loading=\"lazy\" decoding=\"async\" class=\"size-full wp-image-9226\" src=\"https:\/\/auladeclio.com\/auladeclio\/wp-content\/uploads\/2021\/05\/ROBERT-SCHUMAN.jpg\" alt=\"\" width=\"237\" height=\"360\" srcset=\"https:\/\/auladeclio.com\/auladeclio\/wp-content\/uploads\/2021\/05\/ROBERT-SCHUMAN.jpg 237w, https:\/\/auladeclio.com\/auladeclio\/wp-content\/uploads\/2021\/05\/ROBERT-SCHUMAN-198x300.jpg 198w\" sizes=\"auto, (max-width: 237px) 100vw, 237px\" \/><\/a><figcaption class=\"caption wp-caption-text\"><span style=\"font-size: 10pt;\">ROBERT SCHUMAN<\/span><\/figcaption><\/figure>\n<\/div>\n<div class=\"col-lg-4 col-md-12 col-sm-12 col-12\"><blockquote class=\"blockquote\">\n<strong><span style=\"font-size: 10pt;\">LA DECLARACI\u00d3N SCHUMAN<\/span><\/strong><footer class=\"blockquote-footer\">\n<span style=\"font-size: 10pt;\"><em>La puesta en com\u00fan de las producciones de carb\u00f3n y de acero garantizar\u00e1 inmediatamente la creaci\u00f3n de bases comunes de desarrollo econ\u00f3mico, primera etapa de la federaci\u00f3n europea, y cambiar\u00e1 el destino de esas regiones que durante tanto tiempo se han dedicado a la fabricaci\u00f3n de armas, de las que ellas mismas han sido las primeras v\u00edctimas.<\/em><\/span><span style=\"font-size: 10pt;\"><em>La solidaridad de producci\u00f3n que as\u00ed se cree pondr\u00e1 de manifiesto que cualquier guerra entre Francia y Alemania no solo resulta impensable, sino materialmente imposible.<\/em><\/span><\/footer>\n<\/blockquote>\n<\/div><\/div>[\/vc_toggle][vc_toggle title=&#8221;LA CEE (COMUNIDAD ECON\u00d3MICA EUROPEA)&#8221; custom_font_container=&#8221;tag:h4|text_align:left|color:%231e73be&#8221; custom_use_theme_fonts=&#8221;yes&#8221; use_custom_heading=&#8221;true&#8221;]A <strong>fines<\/strong> de la <strong>d\u00e9cada<\/strong> de <strong>1950<\/strong>, <strong>seis pa\u00edses de Europa occidental<\/strong> decidieron crear un <strong>mercado com\u00fan<\/strong>. La integraci\u00f3n europea vendr\u00eda primero a trav\u00e9s de la econom\u00eda. <strong>En las tres d\u00e9cadas siguientes<\/strong>, sorteando problemas, obst\u00e1culos y coyunturas adversas, la <strong>Comunidad Econ\u00f3mica Europea<\/strong> (CEE) <strong>fue ampliando su n\u00famero de socios<\/strong>. Poco a poco, <strong>la uni\u00f3n comercial acordada por los fundadores se fue transformando<\/strong> en una realidad mucho m\u00e1s extensa, ambiciosa y plural.<\/p>\n<p>&nbsp;<\/p>\n<p>EL TRATADO DE ROMA<\/p>\n<p>El <strong>proceso de construcci\u00f3n europea<\/strong> abierto con la <strong>puesta en marcha de la Comunidad Europea del Carb\u00f3n y del Acero (CECA)<\/strong> no estuvo libre de obst\u00e1culos y problemas. El proyecto de creaci\u00f3n de una Comunidad Europea de Defensa (CED) qued\u00f3 en v\u00eda muerta despu\u00e9s del rechazo franc\u00e9s. <strong>Las iniciativas de integraci\u00f3n pol\u00edtica chocaron con las reticencias nacionalistas de los Estados.<\/strong> En 1955, los ministros de Exteriores iniciaron una serie de duras negociaciones que culminaron, un a\u00f1o m\u00e1s tarde, con un acuerdo de m\u00ednimos (Informe Spaak) que preve\u00eda la formaci\u00f3n de un mercado com\u00fan ampliado y una comunidad para la energ\u00eda at\u00f3mica.<\/p>\n<p><strong>Finalmente, en marzo de 1957, los seis pa\u00edses integrantes de la CECA firmaron en Roma el Tratado de la Comunidad Econ\u00f3mica Europea (CEE) y el Tratado de la Comunidad Europea de la Energ\u00eda At\u00f3mica (EURATOM).<\/strong> El <strong>objetivo<\/strong> principal era la creaci\u00f3n de un \u00ab<strong>mercado com\u00fan<\/strong>\u00bb, un <strong>espacio sin barreras aduaneras<\/strong> que permitiera la libre circulaci\u00f3n de personas, mercanc\u00edas, servicios y capitales. <strong>La CEE estableci\u00f3:<\/strong><\/p>\n<div class=\"row\"><div class=\"col-lg-6 col-md-12 col-sm-12 col-12\">\n<figure id=\"attachment_9243\" class=\"thumbnail wp-caption aligncenter\" style=\"width: 810px\"><a href=\"https:\/\/auladeclio.com\/auladeclio\/wp-content\/uploads\/2021\/05\/FIRMA-DEL-TRATADO-DE-ROMA.jpg\"><img loading=\"lazy\" decoding=\"async\" class=\"size-full wp-image-9243\" src=\"https:\/\/auladeclio.com\/auladeclio\/wp-content\/uploads\/2021\/05\/FIRMA-DEL-TRATADO-DE-ROMA.jpg\" alt=\"\" width=\"800\" height=\"519\" srcset=\"https:\/\/auladeclio.com\/auladeclio\/wp-content\/uploads\/2021\/05\/FIRMA-DEL-TRATADO-DE-ROMA.jpg 800w, https:\/\/auladeclio.com\/auladeclio\/wp-content\/uploads\/2021\/05\/FIRMA-DEL-TRATADO-DE-ROMA-300x195.jpg 300w, https:\/\/auladeclio.com\/auladeclio\/wp-content\/uploads\/2021\/05\/FIRMA-DEL-TRATADO-DE-ROMA-768x498.jpg 768w\" sizes=\"auto, (max-width: 800px) 100vw, 800px\" \/><\/a><figcaption class=\"caption wp-caption-text\"><span style=\"font-size: 10pt;\">FIRMA DEL TRATADO DE ROMA (26 de marzo de 1957)<\/span><\/figcaption><\/figure>\n<\/div>\n<div class=\"col-lg-6 col-md-12 col-sm-12 col-12\">\n<figure id=\"attachment_9245\" class=\"thumbnail wp-caption aligncenter\" style=\"width: 810px\"><a href=\"https:\/\/auladeclio.com\/auladeclio\/wp-content\/uploads\/2021\/05\/LA-EUROPA-DE-LOS-6-EN-1957.png\"><img loading=\"lazy\" decoding=\"async\" class=\"size-full wp-image-9245\" src=\"https:\/\/auladeclio.com\/auladeclio\/wp-content\/uploads\/2021\/05\/LA-EUROPA-DE-LOS-6-EN-1957.png\" alt=\"\" width=\"800\" height=\"520\" srcset=\"https:\/\/auladeclio.com\/auladeclio\/wp-content\/uploads\/2021\/05\/LA-EUROPA-DE-LOS-6-EN-1957.png 800w, https:\/\/auladeclio.com\/auladeclio\/wp-content\/uploads\/2021\/05\/LA-EUROPA-DE-LOS-6-EN-1957-300x195.png 300w, https:\/\/auladeclio.com\/auladeclio\/wp-content\/uploads\/2021\/05\/LA-EUROPA-DE-LOS-6-EN-1957-768x499.png 768w\" sizes=\"auto, (max-width: 800px) 100vw, 800px\" \/><\/a><figcaption class=\"caption wp-caption-text\"><span style=\"font-size: 10pt;\">LA EUROPA DE LOS 6 EN 1957<\/span><\/figcaption><\/figure>\n<\/div><\/div>\n<ul>\n<li>En <strong>Bruselas<\/strong>, la <strong>sede de una Comisi\u00f3n Europea<\/strong>, que <strong>segu\u00eda las directrices acordadas por los presidentes de Gobierno (Consejo Europeo) y sus ministros (Consejo de Ministros).<\/strong><\/li>\n<li>En <strong>Luxemburgo<\/strong>, el <strong>Tribunal de Justicia<\/strong>, con competencias muy limitadas.<\/li>\n<li><strong>Estrasburgo<\/strong> fue el lugar designado para las sesiones de la <strong>Asamblea Parlamentaria<\/strong>, de car\u00e1cter solo consultivo.<\/li>\n<\/ul>\n<p>&nbsp;<\/p>\n<p>LA PRIMERA AMPLIACI\u00d3N DE LA CEE<\/p>\n<p>En Europa occidental, la <strong>d\u00e9cada de 1960<\/strong> fue una \u00e9poca de <strong>crecimiento espectacular<\/strong>. El progreso econ\u00f3mico y el aumento del nivel de vida de la poblaci\u00f3n se vieron acompa\u00f1ados por la creaci\u00f3n del llamado <strong>Estado de bienestar<\/strong> (educaci\u00f3n, sanidad, pensiones, prestaciones de desempleo, servicios sociales). La coyuntura favorable permiti\u00f3 la <strong>consolidaci\u00f3n de las instituciones de la CEE<\/strong> y la ampliaci\u00f3n de sus competencias. En <strong>1962<\/strong> se puso en marcha la <strong>Pol\u00edtica Agraria Com\u00fan (PAC)<\/strong>, el control comunitario de la producci\u00f3n, los precios y las subvenciones agr\u00edcolas, objeto de numerosos debates.<\/p>\n<div class=\"row\"><div class=\"col-lg-5 col-md-12 col-sm-12 col-12\">Fuera de la CEE, en 1960 Reino Unido promovi\u00f3 la creaci\u00f3n de la Asociaci\u00f3n Europea de Libre Comercio (European Free Trade Association, EFTA), con un alcance muy limitado, ya que se planteaba la gestaci\u00f3n gradual de una uni\u00f3n aduanera solo para productos industriales. Formaban parte Reino Unido, Austria, Dinamarca, Portugal, Suecia, Noruega y Suiza; posteriormente se asociaron Finlandia, Islandia y Liechtenstein.<\/p>\n<p>El fracaso de la EFTA empuj\u00f3 al <strong>Gobierno brit\u00e1nico<\/strong> a solicitar el <strong>ingreso en la CEE<\/strong>. Una<strong> adhesi\u00f3n complicada<\/strong> por las <strong>condiciones exigidas por Londres<\/strong>, que manten\u00eda unas relaciones especiales con Estados Unidos y con los pa\u00edses de la Commonwealth y se mostraba <strong>contraria a cualquier cesi\u00f3n de su soberan\u00eda<\/strong>. El presidente de <strong>Francia<\/strong>, el general De Gaulle, <strong>vet\u00f3 su entrada en 1963 y<\/strong> de nuevo en <strong>1967<\/strong>. <\/div>\n<div class=\"col-lg-7 col-md-12 col-sm-12 col-12\">\n<table  class=\" table table-hover\" style=\"width: 100%; border-collapse: collapse; border-style: solid; border-color: #000000; background-color: #a7a7a7;\" border=\"3\" cellpadding=\"3\">\n<tbody>\n<tr>\n<td style=\"width: 100%;\"><span style=\"color: #000000;\"><strong>LA POL\u00cdTICA AGRARIA COM\u00daN (PAC)<\/strong><\/span><\/p>\n<p><span style=\"color: #000000;\">Desde 1962, la PAC se ocupa de las cuestiones relacionadas con el sector agrario.<\/span><\/p>\n<p><span style=\"color: #000000;\">Se trata de un esfuerzo econ\u00f3mico muy importante que durante muchos a\u00f1os ha consumido casi la mitad del presupuesto comunitario. En su origen, era una pol\u00edtica proteccionista de los precios de los productos agr\u00edcolas y acompa\u00f1ada de un sistema de ayudas a los productores.<\/span><\/p>\n<p><span style=\"color: #000000;\">En 1984, la PAC cambi\u00f3 su orientaci\u00f3n, limitando las ayudas a la producci\u00f3n para evitar los enormes excedentes generados.<\/span><\/p>\n<p><span style=\"color: #000000;\">En los \u00faltimos a\u00f1os, despu\u00e9s de nuevas reformas, la PAC se ha dirigido hacia una \u00fanica ayuda por explotaci\u00f3n (r\u00e9gimen de pago \u00fanico) condicionada al cumplimiento de una serie de normas relacionadas con el respeto del medio ambiente, la calidad de los alimentos y la capacidad de competir en los mercados. De esa manera, la UE pretende mantener la poblaci\u00f3n del mundo rural y potenciar el desarrollo de una agricultura sostenible.<\/span><\/td>\n<\/tr>\n<\/tbody>\n<\/table>\n<\/div><\/div>\n<div class=\"row\"><div class=\"col-lg-5 col-md-12 col-sm-12 col-12\">\n<figure id=\"attachment_9247\" class=\"thumbnail wp-caption aligncenter\" style=\"width: 810px\"><a href=\"https:\/\/auladeclio.com\/auladeclio\/wp-content\/uploads\/2021\/05\/LA-EUROPA-DE-LOS-9-EN-1973.png\"><img loading=\"lazy\" decoding=\"async\" class=\"size-full wp-image-9247\" src=\"https:\/\/auladeclio.com\/auladeclio\/wp-content\/uploads\/2021\/05\/LA-EUROPA-DE-LOS-9-EN-1973.png\" alt=\"\" width=\"800\" height=\"519\" srcset=\"https:\/\/auladeclio.com\/auladeclio\/wp-content\/uploads\/2021\/05\/LA-EUROPA-DE-LOS-9-EN-1973.png 800w, https:\/\/auladeclio.com\/auladeclio\/wp-content\/uploads\/2021\/05\/LA-EUROPA-DE-LOS-9-EN-1973-300x195.png 300w, https:\/\/auladeclio.com\/auladeclio\/wp-content\/uploads\/2021\/05\/LA-EUROPA-DE-LOS-9-EN-1973-768x498.png 768w\" sizes=\"auto, (max-width: 800px) 100vw, 800px\" \/><\/a><figcaption class=\"caption wp-caption-text\"><span style=\"font-size: 10pt;\">LA EUROPA DE LOS 9 EN 1973<\/span><\/figcaption><\/figure>\n<\/div>\n<div class=\"col-lg-7 col-md-12 col-sm-12 col-12\">\n<p>Por fin, <strong>en 1973<\/strong>, <strong>despu\u00e9s de largas negociaciones, con concesiones notables, Reino Unido pas\u00f3 a ser miembro de pleno derecho de la CEE, al mismo tiempo que Irlanda y Dinamarca.<\/strong><\/p>\n<p>La Europa de los Seis se hab\u00eda convertido en la <strong>Europa de los Nueve<\/strong> justo en el momento en el que terminaba la \u00e9poca de bonanza econ\u00f3mica. La crisis del petr\u00f3leo de 1973 afect\u00f3 con dureza a los pa\u00edses europeos, golpeados por la recesi\u00f3n, la inflaci\u00f3n y el desempleo.<\/p>\n<p>El proyecto comunitario de la CEE se estanc\u00f3 durante el resto de la d\u00e9cada, hasta <strong>1979<\/strong>. Ese a\u00f1o se pusieron en marcha<strong> nuevas iniciativas<\/strong>, como el Sistema Monetario Europeo (SME) o la creaci\u00f3n de una moneda de cuenta, el ecu, que pretend\u00edan lograr la estabilidad monetaria. Se realizaron las<strong> primeras elecciones europeas por sufragio universal<\/strong> y <strong>se retom\u00f3 el proceso de ampliaci\u00f3n.<\/strong><\/p>\n<\/div><\/div>\n<p><span style=\"color: #ffffff;\">.<\/span><\/p>\n<p>LA EUROPA DE LOS DOCE<\/p>\n<p>Entre 1974 y 1975, la <strong>desaparici\u00f3n de las dictaduras de los pa\u00edses europeos mediterr\u00e1neos<\/strong>, Grecia, Portugal y Espa\u00f1a, permiti\u00f3 la <strong>apertura comunitaria hacia el sur<\/strong>. El establecimiento de reg\u00edmenes democr\u00e1ticos era una de las condiciones requeridas para el ingreso en la CEE:<\/p>\n<div class=\"row\"><div class=\"col-lg-6 col-md-12 col-sm-12 col-12\">\n<ul>\n<li>La firma de <strong>adhesi\u00f3n<\/strong> de <strong>Grecia<\/strong> tuvo lugar en <strong>1981<\/strong>, sin demasiados obst\u00e1culos.<\/li>\n<li>La firma de adhesi\u00f3n de <strong>Espa\u00f1a y Portugal<\/strong> se retras\u00f3 hasta <strong>1985<\/strong> debido a los problemas que suscitaba la importancia demogr\u00e1fica y econ\u00f3mica del mercado espa\u00f1ol, sobre todo la competencia de su producci\u00f3n agraria con la de otros pa\u00edses ya miembros, en especial con Francia. Ese mismo a\u00f1o de 1985, el nombramiento de Jacques Delors como presidente de la Comisi\u00f3n Europea supuso un relanzamiento del proceso de unidad europea. En el mes de junio se firm\u00f3 la adhesi\u00f3n de Portugal y Espa\u00f1a y el Acuerdo de Schengen, los primeros pasos hacia la eliminaci\u00f3n de las fronteras comunes, cuya finalidad es abolir los controles en las fronteras entre pa\u00edses miembros de las Comunidades Europeas. <strong>El 1 de enero de 1986, Espa\u00f1a y Portugal formaban parte de la CEE.<\/strong><\/li>\n<\/ul>\n<\/div>\n<div class=\"col-lg-6 col-md-12 col-sm-12 col-12\">\n<figure id=\"attachment_9249\" class=\"thumbnail wp-caption aligncenter\" style=\"width: 990px\"><a href=\"https:\/\/auladeclio.com\/auladeclio\/wp-content\/uploads\/2021\/05\/FIRMA-DE-LA-ADHESION-DE-ESPANA-A-LA-CEE.jpg\"><img loading=\"lazy\" decoding=\"async\" class=\"size-full wp-image-9249\" src=\"https:\/\/auladeclio.com\/auladeclio\/wp-content\/uploads\/2021\/05\/FIRMA-DE-LA-ADHESION-DE-ESPANA-A-LA-CEE.jpg\" alt=\"\" width=\"980\" height=\"551\" srcset=\"https:\/\/auladeclio.com\/auladeclio\/wp-content\/uploads\/2021\/05\/FIRMA-DE-LA-ADHESION-DE-ESPANA-A-LA-CEE.jpg 980w, https:\/\/auladeclio.com\/auladeclio\/wp-content\/uploads\/2021\/05\/FIRMA-DE-LA-ADHESION-DE-ESPANA-A-LA-CEE-300x169.jpg 300w, https:\/\/auladeclio.com\/auladeclio\/wp-content\/uploads\/2021\/05\/FIRMA-DE-LA-ADHESION-DE-ESPANA-A-LA-CEE-768x432.jpg 768w\" sizes=\"auto, (max-width: 980px) 100vw, 980px\" \/><\/a><figcaption class=\"caption wp-caption-text\"><span style=\"font-size: 10pt;\">FIRMA DE LA ADHESI\u00d3N DE ESPA\u00d1A A LA CEE<\/span><\/figcaption><\/figure>\n<\/div><\/div>\n<div class=\"row\"><div class=\"col-lg-6 col-md-12 col-sm-12 col-12\">\n<figure id=\"attachment_9250\" class=\"thumbnail wp-caption aligncenter\" style=\"width: 810px\"><a href=\"https:\/\/auladeclio.com\/auladeclio\/wp-content\/uploads\/2021\/05\/ADHESION-DE-GRECIA-EN-1981.png\"><img loading=\"lazy\" decoding=\"async\" class=\"size-full wp-image-9250\" src=\"https:\/\/auladeclio.com\/auladeclio\/wp-content\/uploads\/2021\/05\/ADHESION-DE-GRECIA-EN-1981.png\" alt=\"\" width=\"800\" height=\"520\" srcset=\"https:\/\/auladeclio.com\/auladeclio\/wp-content\/uploads\/2021\/05\/ADHESION-DE-GRECIA-EN-1981.png 800w, https:\/\/auladeclio.com\/auladeclio\/wp-content\/uploads\/2021\/05\/ADHESION-DE-GRECIA-EN-1981-300x195.png 300w, https:\/\/auladeclio.com\/auladeclio\/wp-content\/uploads\/2021\/05\/ADHESION-DE-GRECIA-EN-1981-768x499.png 768w\" sizes=\"auto, (max-width: 800px) 100vw, 800px\" \/><\/a><figcaption class=\"caption wp-caption-text\"><span style=\"font-size: 10pt;\">ADHESI\u00d3N DE GRECIA EN 1981<\/span><\/figcaption><\/figure>\n<\/div>\n<div class=\"col-lg-6 col-md-12 col-sm-12 col-12\">\n<figure id=\"attachment_9251\" class=\"thumbnail wp-caption aligncenter\" style=\"width: 810px\"><a href=\"https:\/\/auladeclio.com\/auladeclio\/wp-content\/uploads\/2021\/05\/EUROPA-DE-LOS-12-CON-LA-ADHESION-DE-ESPANA-Y-PORTUGAL-EN-1986.png\"><img loading=\"lazy\" decoding=\"async\" class=\"size-full wp-image-9251\" src=\"https:\/\/auladeclio.com\/auladeclio\/wp-content\/uploads\/2021\/05\/EUROPA-DE-LOS-12-CON-LA-ADHESION-DE-ESPANA-Y-PORTUGAL-EN-1986.png\" alt=\"\" width=\"800\" height=\"520\" srcset=\"https:\/\/auladeclio.com\/auladeclio\/wp-content\/uploads\/2021\/05\/EUROPA-DE-LOS-12-CON-LA-ADHESION-DE-ESPANA-Y-PORTUGAL-EN-1986.png 800w, https:\/\/auladeclio.com\/auladeclio\/wp-content\/uploads\/2021\/05\/EUROPA-DE-LOS-12-CON-LA-ADHESION-DE-ESPANA-Y-PORTUGAL-EN-1986-300x195.png 300w, https:\/\/auladeclio.com\/auladeclio\/wp-content\/uploads\/2021\/05\/EUROPA-DE-LOS-12-CON-LA-ADHESION-DE-ESPANA-Y-PORTUGAL-EN-1986-768x499.png 768w\" sizes=\"auto, (max-width: 800px) 100vw, 800px\" \/><\/a><figcaption class=\"caption wp-caption-text\"><span style=\"font-size: 10pt;\">EUROPA DE LOS 12: ADHESI\u00d3N DE ESPA\u00d1A Y PORTUGAL EN 1986<\/span><\/figcaption><\/figure>\n<\/div><\/div>A partir del 1 de enero, con la entrada oficial de los pa\u00edses ib\u00e9ricos, la <strong>Comunidad Econ\u00f3mica Europea<\/strong> se convert\u00eda en un club con <strong>doce miembros<\/strong>, con una mayor presencia en el flanco sur del continente. Ese cambio implicaba, necesariamente, la ampliaci\u00f3n de los programas regionales de ayuda al desarrollo.<\/p>\n<div class=\"row\"><div class=\"col-lg-6 col-md-12 col-sm-12 col-12\">\n<p><strong>Ese mismo a\u00f1o<\/strong>, en febrero, <strong>la Europa de los Doce aprob\u00f3 el Acta \u00danica Europea<\/strong>. Una refundaci\u00f3n de la Comunidad Econ\u00f3mica Europea que <strong>daba m\u00e1s poder a las instituciones comunitarias<\/strong> y abr\u00eda el camino a nuevos campos de trabajo relacionados con la investigaci\u00f3n, el medio ambiente, la cohesi\u00f3n social y la seguridad.<\/p>\n<p><strong>El proyecto de un \u00abmercado com\u00fan\u00bb europeo se hac\u00eda realidad. Y tambi\u00e9n la libre circulaci\u00f3n de las personas:<\/strong> el <strong>Convenio de Schengen<\/strong> firmado en <strong>1990<\/strong>, entrar\u00eda en vigor en 1995 y suprimir\u00eda las fronteras internas entre los pa\u00edses comunitarios; se creaba, al mismo tiempo, una <strong>\u00fanica frontera exterior<\/strong> donde los controles de entrada fueran id\u00e9nticos. El espacio Schengen se fue ampliando en los a\u00f1os siguientes a nuevos socios de la UE e incluso a pa\u00edses extracomunitarios, como Islandia, Noruega y Suiza.<\/p>\n<\/div>\n<div class=\"col-lg-6 col-md-12 col-sm-12 col-12\">\n<figure id=\"attachment_9252\" class=\"thumbnail wp-caption aligncenter\" style=\"width: 658px\"><a href=\"https:\/\/auladeclio.com\/auladeclio\/wp-content\/uploads\/2021\/05\/FIRMA-DEL-CONVENIO-DE-SCHENGUEN-EL-14-DE-JUNIO-DE-1985.jpg\" target=\"_blank\" rel=\"noopener\"><img loading=\"lazy\" decoding=\"async\" class=\"wp-image-9252 size-large\" src=\"https:\/\/auladeclio.com\/auladeclio\/wp-content\/uploads\/2021\/05\/FIRMA-DEL-CONVENIO-DE-SCHENGUEN-EL-14-DE-JUNIO-DE-1985-1024x496.jpg\" alt=\"\" width=\"648\" height=\"314\" srcset=\"https:\/\/auladeclio.com\/auladeclio\/wp-content\/uploads\/2021\/05\/FIRMA-DEL-CONVENIO-DE-SCHENGUEN-EL-14-DE-JUNIO-DE-1985-1024x496.jpg 1024w, https:\/\/auladeclio.com\/auladeclio\/wp-content\/uploads\/2021\/05\/FIRMA-DEL-CONVENIO-DE-SCHENGUEN-EL-14-DE-JUNIO-DE-1985-300x145.jpg 300w, https:\/\/auladeclio.com\/auladeclio\/wp-content\/uploads\/2021\/05\/FIRMA-DEL-CONVENIO-DE-SCHENGUEN-EL-14-DE-JUNIO-DE-1985-768x372.jpg 768w, https:\/\/auladeclio.com\/auladeclio\/wp-content\/uploads\/2021\/05\/FIRMA-DEL-CONVENIO-DE-SCHENGUEN-EL-14-DE-JUNIO-DE-1985.jpg 1377w\" sizes=\"auto, (max-width: 648px) 100vw, 648px\" \/><\/a><figcaption class=\"caption wp-caption-text\"><span style=\"font-size: 10pt;\">FIRMA DEL CONVENIO DE SCHENGUEN EL 14 DE JUNIO DE 1985<\/span><\/figcaption><\/figure>\n<\/div><\/div>[\/vc_toggle][vc_toggle title=&#8221;LA UE (UNI\u00d3N EUROPEA)&#8221; custom_font_container=&#8221;tag:h4|text_align:left|color:%231e73be&#8221; custom_use_theme_fonts=&#8221;yes&#8221; use_custom_heading=&#8221;true&#8221;]El a\u00f1o <strong>1989<\/strong> fue, sin duda, uno de los m\u00e1s importantes de la historia de Europa. La <strong>ca\u00edda del Muro de Berl\u00edn<\/strong> y el inicio del derrumbe de los reg\u00edmenes comunistas de los pa\u00edses del Este pon\u00edan el punto final al orden mundial nacido despu\u00e9s de la Segunda Guerra Mundial. La primera consecuencia fue la<strong> reunificaci\u00f3n de Alemania<\/strong>, que convert\u00eda a <strong>Berl\u00edn<\/strong> en el <strong>nuevo centro pol\u00edtico y cultural del continente<\/strong>. La CEE ten\u00eda que hacer frente a los retos de un nuevo escenario europeo. Y para ello <strong>era necesario un nuevo tratado<\/strong>.<\/p>\n<p>&nbsp;<\/p>\n<p>EL TRATADO DE MAASTRICHT<\/p>\n<p>El 7 febrero de <strong>1992<\/strong>, <strong>el Consejo Europeo<\/strong>, reunido en la ciudad neerlandesa de Maastricht, <strong>acord\u00f3<\/strong> que la CEE adquiriera una <strong>nueva denominaci\u00f3n<\/strong> y pasara a denominarse, a partir de entonces, <strong>Uni\u00f3n Europea (UE)<\/strong>. No era un mero cambio de nombre. <strong>Los pa\u00edses firmantes del acuerdo quer\u00edan<\/strong> hacer constar su compromiso de<strong> ir m\u00e1s all\u00e1 de un \u00abmercado com\u00fan\u00bb<\/strong> para comenzar a <strong>crear una entidad jur\u00eddica independiente que tambi\u00e9n tuviera car\u00e1cter pol\u00edtico y social.<\/strong><\/p>\n<div class=\"row\"><div class=\"col-lg-6 col-md-12 col-sm-12 col-12\">\n<p>El Tratado de Maastricht establec\u00eda<strong> varios objetivos<\/strong> fundamentales:<\/p>\n<ul>\n<li>La <strong>creaci\u00f3n de una Unidad Econ\u00f3mica y Monetaria<\/strong> que, despu\u00e9s de una transici\u00f3n de diez a\u00f1os, con unos criterios de convergencia muy r\u00edgidos, posibilitar\u00eda el <strong>establecimiento de una moneda \u00fanica<\/strong>. Esos criterios implicaban para los Estados aspirantes que el d\u00e9ficit y la deuda p\u00fablica no superasen el 3% y el 60% del PIB, y fijaban l\u00edmites estrictos del tipo de inter\u00e9s y la tasa de inflaci\u00f3n.<\/li>\n<li>La <strong>dotaci\u00f3n de un Fondo de Cohesi\u00f3n<\/strong> que ayudara econ\u00f3micamente a las regiones que presentan una renta per c\u00e1pita inferior al 90% de la renta media comunitaria.<\/li>\n<\/ul>\n<\/div>\n<div class=\"col-lg-6 col-md-12 col-sm-12 col-12\">\n<figure id=\"attachment_9254\" class=\"thumbnail wp-caption aligncenter\" style=\"width: 810px\"><a href=\"https:\/\/auladeclio.com\/auladeclio\/wp-content\/uploads\/2021\/05\/REUNION-DEL-CONSEJO-EUROPEO-EN-MAASTRICHT-PARA-APROBAR-EL-NUEVO-TRATADO.jpg\"><img loading=\"lazy\" decoding=\"async\" class=\"size-full wp-image-9254\" src=\"https:\/\/auladeclio.com\/auladeclio\/wp-content\/uploads\/2021\/05\/REUNION-DEL-CONSEJO-EUROPEO-EN-MAASTRICHT-PARA-APROBAR-EL-NUEVO-TRATADO.jpg\" alt=\"\" width=\"800\" height=\"270\" srcset=\"https:\/\/auladeclio.com\/auladeclio\/wp-content\/uploads\/2021\/05\/REUNION-DEL-CONSEJO-EUROPEO-EN-MAASTRICHT-PARA-APROBAR-EL-NUEVO-TRATADO.jpg 800w, https:\/\/auladeclio.com\/auladeclio\/wp-content\/uploads\/2021\/05\/REUNION-DEL-CONSEJO-EUROPEO-EN-MAASTRICHT-PARA-APROBAR-EL-NUEVO-TRATADO-300x101.jpg 300w, https:\/\/auladeclio.com\/auladeclio\/wp-content\/uploads\/2021\/05\/REUNION-DEL-CONSEJO-EUROPEO-EN-MAASTRICHT-PARA-APROBAR-EL-NUEVO-TRATADO-768x259.jpg 768w\" sizes=\"auto, (max-width: 800px) 100vw, 800px\" \/><\/a><figcaption class=\"caption wp-caption-text\"><span style=\"font-size: 10pt;\">REUNI\u00d3N DEL CONSEJO EUROPEO EN MAASTRICHT PARA APROBAR EL NUEVO TRATADO<\/span><\/figcaption><\/figure>\n<\/div><\/div>\n<ul>\n<li>Adem\u00e1s, <strong>la Uni\u00f3n Europea reforzaba los poderes del Parlamento<\/strong>, <strong>creaba una Pol\u00edtica Exterior y de Seguridad Com\u00fan<\/strong> (PESC) y <strong>ampliaba las competencias de Justicia e Interior<\/strong> con la creaci\u00f3n de una polic\u00eda europea, la <strong>Europol<\/strong>, y el impulso de la cooperaci\u00f3n policial y judicial.<\/li>\n<\/ul>\n<p><strong>El proceso de ratificaci\u00f3n<\/strong> del Tratado de Maastricht <strong>mostr\u00f3 pronto los l\u00edmites del proceso de integraci\u00f3n<\/strong> pol\u00edtica. En <strong>Dinamarca<\/strong>, el <strong>resultado negativo<\/strong> obtenido en el referendo oblig\u00f3 a realizar otro, un a\u00f1o m\u00e1s tarde, con algunas concesiones. En <strong>Francia<\/strong>, aunque el referendo fue <strong>aprobado con un margen m\u00ednimo<\/strong>, tuvo una gran campa\u00f1a de oposici\u00f3n. El <strong>Reino Unido<\/strong>, por su parte, consigui\u00f3 mantenerse<strong> al margen<\/strong> tanto de la moneda \u00fanica como de la pol\u00edtica social.<\/p>\n<p>&nbsp;<\/p>\n<p>LA EUROPA DE LOS QUINCE<\/p>\n<div class=\"row\"><div class=\"col-lg-6 col-md-12 col-sm-12 col-12\">\n<p>En <strong>1990<\/strong>, despu\u00e9s de la ca\u00edda del Mura de Berl\u00edn, la <strong>Rep\u00fablica Federal Alemana absorbi\u00f3 a la Rep\u00fablica Democr\u00e1tica Alemana (RDA).<\/strong><\/p>\n<p>En los a\u00f1os siguientes, desarticulado el Tel\u00f3n de Acero, <strong>la Uni\u00f3n Europea se dispuso a acelerar su cuarto proceso de ampliaci\u00f3n.<\/strong><\/p>\n<p>En <strong>1993<\/strong>, despu\u00e9s de la <strong>retirada de Suiza<\/strong>, comenzaron las <strong>negociaciones con Austria y con los pa\u00edses escandinavos<\/strong>. No hubo demasiados problemas debido a que los pa\u00edses candidatos eran democracias consolidadas que disfrutaban de un nivel econ\u00f3mico muy elevado.<\/p>\n<p>Durante 1994 se celebraron los referendos que ratificaron los tratados de adhesi\u00f3n en Austria, Suecia y Finlandia. Pero en <strong>Noruega<\/strong>, la mayor parte de los ciudadanos <strong>vot\u00f3 en contra<\/strong>, dejando al margen a su pa\u00eds, por segunda vez en su historia, de las instituciones comunitarias.<\/p>\n<p>Por fin, el <strong>1 de enero de 1995<\/strong>, la <strong>Europa de los Doce pas\u00f3 a ser la Europa de los Quince.<\/strong><\/p>\n<\/div>\n<div class=\"col-lg-6 col-md-12 col-sm-12 col-12\">\n<table  class=\" table table-hover\" style=\"width: 100%; border-collapse: collapse; border-style: solid; border-color: #000000; background-color: #a7a7a7;\" border=\"3\" cellpadding=\"3\">\n<tbody>\n<tr>\n<td style=\"width: 100%;\"><span style=\"color: #000000;\"><strong>LOS FONDOS ESTRUCTURALES DE COHESI\u00d3N<\/strong><\/span><\/p>\n<p><span style=\"color: #000000;\">La UE destina una parte importante de sus recursos para promover el desarrollo de las regiones europeas m\u00e1s desfavorecidas y disminuir, de esa manera, las disparidades territoriales dentro de las fronteras de la Uni\u00f3n. Hasta el a\u00f1o 2004, los pa\u00edses m\u00e1s beneficiados fueron Espa\u00f1a, Grecia, Irlanda, Italia y Portugal. Desde esa fecha, la incorporaci\u00f3n de los pa\u00edses del Este, con una renta media inferior, ha cambiado el destino prioritario de las ayudas dedicadas a la construcci\u00f3n de infraestructuras, el fomento del empleo, la modernizaci\u00f3n de la producci\u00f3n y el desarrollo del mundo rural.<\/span><\/p>\n<p><span style=\"color: #000000;\">Destacan, por su importancia, el Fondo de Cohesi\u00f3n y los llamados Fondos Estructurales: el Fondo Europeo de Desarrollo Regional (FEDER), el Fondo Social Europeo (FSE), adem\u00e1s del Fondo Europeo Agr\u00edcola de Desarrollo Rural (FEADER) y el Fondo Europeo Mar\u00edtimo y de Pesca (FEMP).<\/span><\/td>\n<\/tr>\n<\/tbody>\n<\/table>\n<\/div><\/div><div class=\"row\"><div class=\"col-lg-6 col-md-12 col-sm-12 col-12\">\n<figure id=\"attachment_9255\" class=\"thumbnail wp-caption aligncenter\" style=\"width: 810px\"><a href=\"https:\/\/auladeclio.com\/auladeclio\/wp-content\/uploads\/2021\/05\/MANIFESTACION-EN-OSLO-EN-CONTRA-DE-LA-ADHESION-EN-LA-UE-1994.jpg\"><img loading=\"lazy\" decoding=\"async\" class=\"size-full wp-image-9255\" src=\"https:\/\/auladeclio.com\/auladeclio\/wp-content\/uploads\/2021\/05\/MANIFESTACION-EN-OSLO-EN-CONTRA-DE-LA-ADHESION-EN-LA-UE-1994.jpg\" alt=\"\" width=\"800\" height=\"520\" srcset=\"https:\/\/auladeclio.com\/auladeclio\/wp-content\/uploads\/2021\/05\/MANIFESTACION-EN-OSLO-EN-CONTRA-DE-LA-ADHESION-EN-LA-UE-1994.jpg 800w, https:\/\/auladeclio.com\/auladeclio\/wp-content\/uploads\/2021\/05\/MANIFESTACION-EN-OSLO-EN-CONTRA-DE-LA-ADHESION-EN-LA-UE-1994-300x195.jpg 300w, https:\/\/auladeclio.com\/auladeclio\/wp-content\/uploads\/2021\/05\/MANIFESTACION-EN-OSLO-EN-CONTRA-DE-LA-ADHESION-EN-LA-UE-1994-768x499.jpg 768w\" sizes=\"auto, (max-width: 800px) 100vw, 800px\" \/><\/a><figcaption class=\"caption wp-caption-text\"><span style=\"font-size: 10pt;\">MANIFESTACI\u00d3N EN OSLO EN CONTRA DE LA ADHESI\u00d3N (1994)<\/span><\/figcaption><\/figure>\n<\/div>\n<div class=\"col-lg-6 col-md-12 col-sm-12 col-12\">\n<figure id=\"attachment_9256\" class=\"thumbnail wp-caption aligncenter\" style=\"width: 810px\"><a href=\"https:\/\/auladeclio.com\/auladeclio\/wp-content\/uploads\/2021\/05\/EUROPA-DE-LOS-15.png\"><img loading=\"lazy\" decoding=\"async\" class=\"size-full wp-image-9256\" src=\"https:\/\/auladeclio.com\/auladeclio\/wp-content\/uploads\/2021\/05\/EUROPA-DE-LOS-15.png\" alt=\"\" width=\"800\" height=\"520\" srcset=\"https:\/\/auladeclio.com\/auladeclio\/wp-content\/uploads\/2021\/05\/EUROPA-DE-LOS-15.png 800w, https:\/\/auladeclio.com\/auladeclio\/wp-content\/uploads\/2021\/05\/EUROPA-DE-LOS-15-300x195.png 300w, https:\/\/auladeclio.com\/auladeclio\/wp-content\/uploads\/2021\/05\/EUROPA-DE-LOS-15-768x499.png 768w\" sizes=\"auto, (max-width: 800px) 100vw, 800px\" \/><\/a><figcaption class=\"caption wp-caption-text\"><span style=\"font-size: 10pt;\">EUROPA DE LOS 15 (1995)<\/span><\/figcaption><\/figure>\n<\/div><\/div>[\/vc_toggle][vc_toggle title=&#8221;LAS PRINCIPALES INSTITUCIONES DE LA UNI\u00d3N EUROPEA&#8221; custom_font_container=&#8221;tag:h4|text_align:left|color:%231e73be&#8221; custom_use_theme_fonts=&#8221;yes&#8221; css=&#8221;&#8221; use_custom_heading=&#8221;true&#8221;]Las instituciones que gobiernan la UE son varias, pero siempre se habla de que las principales son 7, a las que se denomina las<strong> Siete Altas Instituciones de la Uni\u00f3n Europea<\/strong>. Dado que la UE no es un estado como puede ser Espa\u00f1a o Rusia, y que todos sus estados miembros deben tener una importante representatividad, ha sido necesario crear<strong> instituciones que no existen en los estados &#8220;normales&#8221;<\/strong>, aunque algunas de ellas son f\u00e1cilmente asimilables a instituciones de estados como el Parlamento Europeo, que puede compararse con las Cortes (Congreso y Senado) en Espa\u00f1a, otras como <strong>la Comisi\u00f3n Europea, el Consejo Europeo o el Consejo de la Uni\u00f3n Europea son m\u00e1s complicadas se comparar con las instituciones de pa\u00edses al uso<\/strong>. Veamos cuales son y qu\u00e9 caracter\u00edsticas tienen:<\/p>\n<p>&nbsp;<\/p>\n<p>EL CONSEJO EUROPEO<\/p>\n<p>Es el <strong>m\u00e1ximo \u00f3rgano pol\u00edtico de la UE <\/strong>(salvando las distancias, podr\u00eda asimilarse a la jefatura de estado de un pa\u00eds). Est\u00e1 <strong>formado por los jefes de Estado o de Gobierno de los pa\u00edses de la Uni\u00f3n y por el presidente de la Comisi\u00f3n Europea.<\/strong><\/p>\n<p>Su presidencia rotaba cada seis meses entre los pa\u00edses miembros, aunque, tras la \u00faltima reforma de las instituciones, recae en su presidente, <strong>elegido por dos a\u00f1os y medio con posibilidad de renovar una sola vez<\/strong>. Sus principales <strong>funciones<\/strong> son:<\/p>\n<ul>\n<li><strong>Presidir las cumbres de los jefes de Estado o de Gobierno de la UE para decidir sobre cuestiones pol\u00edticas generales.<\/strong> Normalmente suele haber cuatro reuniones al a\u00f1o.<\/li>\n<li><strong>Fijar el rumbo y las prioridades pol\u00edticas generales de la UE<\/strong> y tratar las cuestiones complejas o sensibles que no puedan ser resueltas en el nivel inferior de la cooperaci\u00f3n intergubernamental.<\/li>\n<\/ul>\n<div class=\"row\"><div class=\"col-lg-5 col-md-12 col-sm-12 col-12\">\n<figure id=\"attachment_9258\" class=\"thumbnail wp-caption aligncenter\" style=\"width: 374px\"><a href=\"https:\/\/auladeclio.com\/auladeclio\/wp-content\/uploads\/2021\/05\/EDIFICIO-EUROPA-SEDE-DEL-CONSEJO-EUROPEO.jpg\" target=\"_blank\" rel=\"noopener\"><img loading=\"lazy\" decoding=\"async\" class=\"wp-image-9258 \" src=\"https:\/\/auladeclio.com\/auladeclio\/wp-content\/uploads\/2021\/05\/EDIFICIO-EUROPA-SEDE-DEL-CONSEJO-EUROPEO-1024x683.jpg\" alt=\"\" width=\"364\" height=\"242\" srcset=\"https:\/\/auladeclio.com\/auladeclio\/wp-content\/uploads\/2021\/05\/EDIFICIO-EUROPA-SEDE-DEL-CONSEJO-EUROPEO-1024x683.jpg 1024w, https:\/\/auladeclio.com\/auladeclio\/wp-content\/uploads\/2021\/05\/EDIFICIO-EUROPA-SEDE-DEL-CONSEJO-EUROPEO-300x200.jpg 300w, https:\/\/auladeclio.com\/auladeclio\/wp-content\/uploads\/2021\/05\/EDIFICIO-EUROPA-SEDE-DEL-CONSEJO-EUROPEO-768x512.jpg 768w, https:\/\/auladeclio.com\/auladeclio\/wp-content\/uploads\/2021\/05\/EDIFICIO-EUROPA-SEDE-DEL-CONSEJO-EUROPEO.jpg 1250w\" sizes=\"auto, (max-width: 364px) 100vw, 364px\" \/><\/a><figcaption class=\"caption wp-caption-text\"><span style=\"font-size: 10pt;\">EDIFICIO EUROPA, SEDE DEL CONSEJO EUROPEO<\/span><\/figcaption><\/figure>\n<\/div>\n<div class=\"col-lg-4 col-md-12 col-sm-12 col-12\">\n<figure id=\"attachment_9259\" class=\"thumbnail wp-caption aligncenter\" style=\"width: 658px\"><a href=\"https:\/\/auladeclio.com\/auladeclio\/wp-content\/uploads\/2021\/05\/SALA-DE-REUNIONES-DEL-CONSEJO-EUROPEO.jpg\" target=\"_blank\" rel=\"noopener\"><img loading=\"lazy\" decoding=\"async\" class=\"wp-image-9259 size-large\" src=\"https:\/\/auladeclio.com\/auladeclio\/wp-content\/uploads\/2021\/05\/SALA-DE-REUNIONES-DEL-CONSEJO-EUROPEO-1024x576.jpg\" alt=\"\" width=\"648\" height=\"365\" srcset=\"https:\/\/auladeclio.com\/auladeclio\/wp-content\/uploads\/2021\/05\/SALA-DE-REUNIONES-DEL-CONSEJO-EUROPEO-1024x576.jpg 1024w, https:\/\/auladeclio.com\/auladeclio\/wp-content\/uploads\/2021\/05\/SALA-DE-REUNIONES-DEL-CONSEJO-EUROPEO-300x169.jpg 300w, https:\/\/auladeclio.com\/auladeclio\/wp-content\/uploads\/2021\/05\/SALA-DE-REUNIONES-DEL-CONSEJO-EUROPEO-768x432.jpg 768w, https:\/\/auladeclio.com\/auladeclio\/wp-content\/uploads\/2021\/05\/SALA-DE-REUNIONES-DEL-CONSEJO-EUROPEO-1536x864.jpg 1536w, https:\/\/auladeclio.com\/auladeclio\/wp-content\/uploads\/2021\/05\/SALA-DE-REUNIONES-DEL-CONSEJO-EUROPEO.jpg 1600w\" sizes=\"auto, (max-width: 648px) 100vw, 648px\" \/><\/a><figcaption class=\"caption wp-caption-text\"><span style=\"font-size: 10pt;\">SALA DE REUNIONES DEL CONSEJO EUROPEO. CADA UNA DE LAS SILLAS EST\u00c1 DESTINADA A LOS M\u00c1XIMOS DIRIGENTES DE LOS PA\u00cdSES MIEMBROS DE LA UE. NORMALMENTE HAY 4 REUNIONES AL A\u00d1O<\/span><\/figcaption><\/figure>\n<\/div>\n<div class=\"col-lg-3 col-md-12 col-sm-12 col-12\">\n<figure id=\"attachment_9990\" class=\"thumbnail wp-caption aligncenter\" style=\"width: 235px\"><a href=\"https:\/\/auladeclio.com\/auladeclio\/wp-content\/uploads\/2026\/04\/antonio-costa-presidente-del-consejo-europea-scaled.jpg\"><img loading=\"lazy\" decoding=\"async\" class=\"wp-image-9990 size-medium\" src=\"https:\/\/auladeclio.com\/auladeclio\/wp-content\/uploads\/2026\/04\/antonio-costa-presidente-del-consejo-europea-225x300.jpg\" alt=\"\" width=\"225\" height=\"300\" srcset=\"https:\/\/auladeclio.com\/auladeclio\/wp-content\/uploads\/2026\/04\/antonio-costa-presidente-del-consejo-europea-225x300.jpg 225w, https:\/\/auladeclio.com\/auladeclio\/wp-content\/uploads\/2026\/04\/antonio-costa-presidente-del-consejo-europea-767x1024.jpg 767w, https:\/\/auladeclio.com\/auladeclio\/wp-content\/uploads\/2026\/04\/antonio-costa-presidente-del-consejo-europea-768x1025.jpg 768w, https:\/\/auladeclio.com\/auladeclio\/wp-content\/uploads\/2026\/04\/antonio-costa-presidente-del-consejo-europea-1151x1536.jpg 1151w, https:\/\/auladeclio.com\/auladeclio\/wp-content\/uploads\/2026\/04\/antonio-costa-presidente-del-consejo-europea-1535x2048.jpg 1535w, https:\/\/auladeclio.com\/auladeclio\/wp-content\/uploads\/2026\/04\/antonio-costa-presidente-del-consejo-europea-scaled.jpg 1919w\" sizes=\"auto, (max-width: 225px) 100vw, 225px\" \/><\/a><figcaption class=\"caption wp-caption-text\">ANTONIO COSTA, PRESIDENTE DEL CONSEJO EUROPEO DESDE 2024<\/figcaption><\/figure>\n<\/div><\/div><span style=\"color: #ffffff;\">.<\/span><\/p>\n<p>EL CONSEJO DE LA UN\u00d3N EUROPEA (ANTIGUO CONSEJO DE MINISTROS)<\/p>\n<p><strong>Representa a los Estados miembros <\/strong>(es una especie de Senado de la UE). Est\u00e1 <strong>integrado por un ministro de cada pa\u00eds, que var\u00eda seg\u00fan el tema tratado.<\/strong> Su <strong>presidencia<\/strong> es <strong>rotatoria<\/strong> cada seis meses.<\/p>\n<div class=\"row\"><div class=\"col-lg-3 col-md-12 col-sm-12 col-12\">\n<p>Sus funciones son<strong> aprobar la legislaci\u00f3n y el presupuesto anual<\/strong>, coordinar las diversas pol\u00edticas econ\u00f3micas, firmar acuerdos entre la UE y otros pa\u00edses, desarrollar las pol\u00edticas de exterior y de defensa de la UE y coordinar la cooperaci\u00f3n entre los tribunales y las polic\u00edas de los pa\u00edses miembros.<\/p>\n<p>Es, pues, un \u00f3rgano colegislador con ciertas funciones pol\u00edticas suplementarias.<\/p>\n<\/div>\n<div class=\"col-lg-5 col-md-12 col-sm-12 col-12\">\n<figure id=\"attachment_9261\" class=\"thumbnail wp-caption aligncenter\" style=\"width: 358px\"><a href=\"https:\/\/auladeclio.com\/auladeclio\/wp-content\/uploads\/2021\/05\/SEDE-DEL-CONSEJO-DE-LA-UNION-EUROPEA.jpg\" target=\"_blank\" rel=\"noopener\"><img loading=\"lazy\" decoding=\"async\" class=\"wp-image-9261 \" src=\"https:\/\/auladeclio.com\/auladeclio\/wp-content\/uploads\/2021\/05\/SEDE-DEL-CONSEJO-DE-LA-UNION-EUROPEA-300x184.jpg\" alt=\"\" width=\"348\" height=\"213\" srcset=\"https:\/\/auladeclio.com\/auladeclio\/wp-content\/uploads\/2021\/05\/SEDE-DEL-CONSEJO-DE-LA-UNION-EUROPEA-300x184.jpg 300w, https:\/\/auladeclio.com\/auladeclio\/wp-content\/uploads\/2021\/05\/SEDE-DEL-CONSEJO-DE-LA-UNION-EUROPEA-768x470.jpg 768w, https:\/\/auladeclio.com\/auladeclio\/wp-content\/uploads\/2021\/05\/SEDE-DEL-CONSEJO-DE-LA-UNION-EUROPEA.jpg 980w\" sizes=\"auto, (max-width: 348px) 100vw, 348px\" \/><\/a><figcaption class=\"caption wp-caption-text\"><span style=\"font-size: 10pt;\">SEDE DEL CONSEJO DE LA UNI\u00d3N EUROPEA<\/span><\/figcaption><\/figure>\n<\/div>\n<div class=\"col-lg-4 col-md-12 col-sm-12 col-12\">\n<figure id=\"attachment_9262\" class=\"thumbnail wp-caption aligncenter\" style=\"width: 658px\"><a href=\"https:\/\/auladeclio.com\/auladeclio\/wp-content\/uploads\/2021\/05\/SALA-DE-REUNIONES-MINISTERIAL-DEL-CONSEJO-DE-LA-UNION-EUROPEA.jpg\" target=\"_blank\" rel=\"noopener\"><img loading=\"lazy\" decoding=\"async\" class=\"wp-image-9262 size-large\" src=\"https:\/\/auladeclio.com\/auladeclio\/wp-content\/uploads\/2021\/05\/SALA-DE-REUNIONES-MINISTERIAL-DEL-CONSEJO-DE-LA-UNION-EUROPEA-1024x683.jpg\" alt=\"\" width=\"648\" height=\"432\" srcset=\"https:\/\/auladeclio.com\/auladeclio\/wp-content\/uploads\/2021\/05\/SALA-DE-REUNIONES-MINISTERIAL-DEL-CONSEJO-DE-LA-UNION-EUROPEA-1024x683.jpg 1024w, https:\/\/auladeclio.com\/auladeclio\/wp-content\/uploads\/2021\/05\/SALA-DE-REUNIONES-MINISTERIAL-DEL-CONSEJO-DE-LA-UNION-EUROPEA-300x200.jpg 300w, https:\/\/auladeclio.com\/auladeclio\/wp-content\/uploads\/2021\/05\/SALA-DE-REUNIONES-MINISTERIAL-DEL-CONSEJO-DE-LA-UNION-EUROPEA-768x512.jpg 768w, https:\/\/auladeclio.com\/auladeclio\/wp-content\/uploads\/2021\/05\/SALA-DE-REUNIONES-MINISTERIAL-DEL-CONSEJO-DE-LA-UNION-EUROPEA-1536x1024.jpg 1536w, https:\/\/auladeclio.com\/auladeclio\/wp-content\/uploads\/2021\/05\/SALA-DE-REUNIONES-MINISTERIAL-DEL-CONSEJO-DE-LA-UNION-EUROPEA-2048x1365.jpg 2048w\" sizes=\"auto, (max-width: 648px) 100vw, 648px\" \/><\/a><figcaption class=\"caption wp-caption-text\"><span style=\"font-size: 10pt;\">SALA DE REUNIONES MINISTERIAL DEL CONSEJO DE LA UNI\u00d3N EUROPEA<\/span><\/figcaption><\/figure>\n<\/div><\/div><strong>Las decisiones se adoptan por mayor\u00eda cualificada (salvo en temas de seguridad, asuntos exteriores e impuestos). Cada pa\u00eds, dependiendo de su poblaci\u00f3n, tiene un n\u00famero determinado de votos.<\/strong><\/p>\n<p>&nbsp;<\/p>\n<p>LA COMISI\u00d3N EUROPEA<\/p>\n<p><strong>Representa los intereses de la UE<\/strong> (podr\u00eda compararse con el gobierno de un estado al uso). <strong>La forman un presidente y comisarios encargados de las diferentes \u00e1reas de la pol\u00edtica comunitaria durante cinco a\u00f1os.<\/strong><\/p>\n<p>Las <strong>funciones<\/strong> de la Comisi\u00f3n son <strong>proponer las leyes<\/strong>, <strong>asegurar el cumplimiento de la legislaci\u00f3n y de los tratados europeos, y gestionar el presupuesto<\/strong> y los programas europeos. <strong>Se compone de 27 comisarios<\/strong>, uno por cada pa\u00eds de la UE. El presidente atribuye a cada comisario competencias en \u00e1mbitos de actuaci\u00f3n espec\u00edficos.<\/p>\n<div class=\"row\"><div class=\"col-lg-4 col-md-12 col-sm-12 col-12\">\n<figure id=\"attachment_9264\" class=\"thumbnail wp-caption aligncenter\" style=\"width: 286px\"><a href=\"https:\/\/auladeclio.com\/auladeclio\/wp-content\/uploads\/2021\/05\/EDIFICIOS-BERLAYMONT-SEDE-LA-COMISION-EUROPEA.jpg\" target=\"_blank\" rel=\"noopener\"><img loading=\"lazy\" decoding=\"async\" class=\"wp-image-9264 \" src=\"https:\/\/auladeclio.com\/auladeclio\/wp-content\/uploads\/2021\/05\/EDIFICIOS-BERLAYMONT-SEDE-LA-COMISION-EUROPEA-1024x572.jpg\" alt=\"\" width=\"276\" height=\"154\" srcset=\"https:\/\/auladeclio.com\/auladeclio\/wp-content\/uploads\/2021\/05\/EDIFICIOS-BERLAYMONT-SEDE-LA-COMISION-EUROPEA-1024x572.jpg 1024w, https:\/\/auladeclio.com\/auladeclio\/wp-content\/uploads\/2021\/05\/EDIFICIOS-BERLAYMONT-SEDE-LA-COMISION-EUROPEA-300x168.jpg 300w, https:\/\/auladeclio.com\/auladeclio\/wp-content\/uploads\/2021\/05\/EDIFICIOS-BERLAYMONT-SEDE-LA-COMISION-EUROPEA-768x429.jpg 768w, https:\/\/auladeclio.com\/auladeclio\/wp-content\/uploads\/2021\/05\/EDIFICIOS-BERLAYMONT-SEDE-LA-COMISION-EUROPEA-1536x858.jpg 1536w, https:\/\/auladeclio.com\/auladeclio\/wp-content\/uploads\/2021\/05\/EDIFICIOS-BERLAYMONT-SEDE-LA-COMISION-EUROPEA.jpg 1920w\" sizes=\"auto, (max-width: 276px) 100vw, 276px\" \/><\/a><figcaption class=\"caption wp-caption-text\"><span style=\"font-size: 10pt;\">EDIFICIOS BERLAYMONT, SEDE LA COMISI\u00d3N EUROPEA EN BRUSELAS. LA COMISI\u00d3N TIENE OTRA SEDE EN LUXEMBURGO. ESTA INSTITUCI\u00d3N ES MUY IMPORTANTE PARA LOS ESTADOS MIEMBROS YA QUE DECIDE EN MUCHOS CASOS EL DESTINO DE UNA GRAN PARTE DEL PRESUPUESTO EUROPEO. POR ESTE MOTIVO LA ELECCI\u00d3N DE COMISARIOS CADA 5 A\u00d1OS SUELE CONVERTIRSE EN UNA COMPLICADA DISPUTA ENTRE LOS ESTADOS DE LA UE POR CONSEGUIR LOS MEJORES PUESTOS. EL PARLAMENTO LES DA EL VISTO BUENO DEFINITIVO.<\/span><\/figcaption><\/figure>\n<\/div>\n<div class=\"col-lg-4 col-md-12 col-sm-12 col-12\">\n<figure id=\"attachment_9265\" class=\"thumbnail wp-caption aligncenter\" style=\"width: 387px\"><a href=\"https:\/\/auladeclio.com\/auladeclio\/wp-content\/uploads\/2021\/05\/SALA-DE-REUNIONES-DE-LA-COMISION-EUROPEA.jpg\" target=\"_blank\" rel=\"noopener\"><img loading=\"lazy\" decoding=\"async\" class=\"wp-image-9265 \" src=\"https:\/\/auladeclio.com\/auladeclio\/wp-content\/uploads\/2021\/05\/SALA-DE-REUNIONES-DE-LA-COMISION-EUROPEA.jpg\" alt=\"\" width=\"377\" height=\"503\" srcset=\"https:\/\/auladeclio.com\/auladeclio\/wp-content\/uploads\/2021\/05\/SALA-DE-REUNIONES-DE-LA-COMISION-EUROPEA.jpg 642w, https:\/\/auladeclio.com\/auladeclio\/wp-content\/uploads\/2021\/05\/SALA-DE-REUNIONES-DE-LA-COMISION-EUROPEA-225x300.jpg 225w\" sizes=\"auto, (max-width: 377px) 100vw, 377px\" \/><\/a><figcaption class=\"caption wp-caption-text\"><span style=\"font-size: 10pt;\">SALA DE REUNIONES DE LA COMISI\u00d3N EUROPEA<\/span><\/figcaption><\/figure>\n<\/div>\n<div class=\"col-lg-4 col-md-12 col-sm-12 col-12\">\n<figure id=\"attachment_9266\" class=\"thumbnail wp-caption aligncenter\" style=\"width: 369px\"><a href=\"https:\/\/auladeclio.com\/auladeclio\/wp-content\/uploads\/2021\/05\/URSULA-VON-DER-LEYEN-ACTUAL-PRESIDENTA-DE-LA-COMISION-EUROPEA.jpg\" target=\"_blank\" rel=\"noopener\"><img loading=\"lazy\" decoding=\"async\" class=\"wp-image-9266 \" src=\"https:\/\/auladeclio.com\/auladeclio\/wp-content\/uploads\/2021\/05\/URSULA-VON-DER-LEYEN-ACTUAL-PRESIDENTA-DE-LA-COMISION-EUROPEA.jpg\" alt=\"\" width=\"359\" height=\"479\" srcset=\"https:\/\/auladeclio.com\/auladeclio\/wp-content\/uploads\/2021\/05\/URSULA-VON-DER-LEYEN-ACTUAL-PRESIDENTA-DE-LA-COMISION-EUROPEA.jpg 740w, https:\/\/auladeclio.com\/auladeclio\/wp-content\/uploads\/2021\/05\/URSULA-VON-DER-LEYEN-ACTUAL-PRESIDENTA-DE-LA-COMISION-EUROPEA-225x300.jpg 225w\" sizes=\"auto, (max-width: 359px) 100vw, 359px\" \/><\/a><figcaption class=\"caption wp-caption-text\"><span style=\"font-size: 10pt;\">URSULA VON DER LEYEN, ACTUAL PRESIDENTA DE LA COMISI\u00d3N EUROPEA<\/span><\/figcaption><\/figure>\n<\/div><\/div><strong>La sede est\u00e1 repartida entre Bruselas y Luxemburgo.<\/strong> La Comisi\u00f3n cuenta, adem\u00e1s, con oficinas (representaciones) en todos los pa\u00edses de la UE y con delegaciones en capitales de todo el mundo.<\/p>\n<p>&nbsp;<\/p>\n<p>EL PARLAMENTO<\/p>\n<p><strong>Representa a la ciudadan\u00eda de la Uni\u00f3n.<\/strong> Est\u00e1 formado por parlamentarios, <strong>elegidos por sufragio universal cada cinco a\u00f1os<\/strong>, que<strong> se sientan en el hemiciclo por grupos ideol\u00f3gicos<\/strong>, no por pa\u00edses. El n\u00famero de parlamentarios se ha fijado en <strong>705<\/strong> m\u00e1s el presidente. <strong>Cada Estado tiene un n\u00famero proporcional a su poblaci\u00f3n<\/strong>, aunque <strong>se garantiza un m\u00ednimo de 6 a los pa\u00edses peque\u00f1os<\/strong> y un m\u00e1ximo de 96 a los grandes.<\/p>\n<p>La <strong>sede es compartida:<\/strong> Bruselas (B\u00e9lgica), Luxemburgo y Estrasburgo (Francia).<\/p>\n<div class=\"row\"><div class=\"col-lg-3 col-md-12 col-sm-12 col-12\">\n<figure id=\"attachment_9268\" class=\"thumbnail wp-caption aligncenter\" style=\"width: 310px\"><a href=\"https:\/\/auladeclio.com\/auladeclio\/wp-content\/uploads\/2021\/05\/EDIFICIO-LOUISE-WEISS-SEDE-PRINCIPAL-DEL-PARLAMENTO-EUROPEO-ESTA-EN-ESTRASBURGO.jpg\" target=\"_blank\" rel=\"noopener\"><img loading=\"lazy\" decoding=\"async\" class=\"wp-image-9268 size-medium\" src=\"https:\/\/auladeclio.com\/auladeclio\/wp-content\/uploads\/2021\/05\/EDIFICIO-LOUISE-WEISS-SEDE-PRINCIPAL-DEL-PARLAMENTO-EUROPEO-ESTA-EN-ESTRASBURGO-300x200.jpg\" alt=\"\" width=\"300\" height=\"200\" srcset=\"https:\/\/auladeclio.com\/auladeclio\/wp-content\/uploads\/2021\/05\/EDIFICIO-LOUISE-WEISS-SEDE-PRINCIPAL-DEL-PARLAMENTO-EUROPEO-ESTA-EN-ESTRASBURGO-300x200.jpg 300w, https:\/\/auladeclio.com\/auladeclio\/wp-content\/uploads\/2021\/05\/EDIFICIO-LOUISE-WEISS-SEDE-PRINCIPAL-DEL-PARLAMENTO-EUROPEO-ESTA-EN-ESTRASBURGO.jpg 640w\" sizes=\"auto, (max-width: 300px) 100vw, 300px\" \/><\/a><figcaption class=\"caption wp-caption-text\"><span style=\"font-size: 10pt;\">EDIFICIO LOUISE WEISS SEDE PRINCIPAL DEL PARLAMENTO EUROPEO, EST\u00c1 EN ESTRASBURGO<\/span><\/figcaption><\/figure>\n<\/div>\n<div class=\"col-lg-3 col-md-12 col-sm-12 col-12\">\n<figure id=\"attachment_9269\" class=\"thumbnail wp-caption aligncenter\" style=\"width: 310px\"><a href=\"https:\/\/auladeclio.com\/auladeclio\/wp-content\/uploads\/2021\/05\/HEMICICLO-DEL-EDIFICIO-LOUISE-WEISS-SEDE-PRINCIPAL-DEL-PARLAMENTO-EUROPEO.jpg\" target=\"_blank\" rel=\"noopener\"><img loading=\"lazy\" decoding=\"async\" class=\"wp-image-9269 size-medium\" src=\"https:\/\/auladeclio.com\/auladeclio\/wp-content\/uploads\/2021\/05\/HEMICICLO-DEL-EDIFICIO-LOUISE-WEISS-SEDE-PRINCIPAL-DEL-PARLAMENTO-EUROPEO-300x169.jpg\" alt=\"\" width=\"300\" height=\"169\" srcset=\"https:\/\/auladeclio.com\/auladeclio\/wp-content\/uploads\/2021\/05\/HEMICICLO-DEL-EDIFICIO-LOUISE-WEISS-SEDE-PRINCIPAL-DEL-PARLAMENTO-EUROPEO-300x169.jpg 300w, https:\/\/auladeclio.com\/auladeclio\/wp-content\/uploads\/2021\/05\/HEMICICLO-DEL-EDIFICIO-LOUISE-WEISS-SEDE-PRINCIPAL-DEL-PARLAMENTO-EUROPEO-1024x578.jpg 1024w, https:\/\/auladeclio.com\/auladeclio\/wp-content\/uploads\/2021\/05\/HEMICICLO-DEL-EDIFICIO-LOUISE-WEISS-SEDE-PRINCIPAL-DEL-PARLAMENTO-EUROPEO-768x434.jpg 768w, https:\/\/auladeclio.com\/auladeclio\/wp-content\/uploads\/2021\/05\/HEMICICLO-DEL-EDIFICIO-LOUISE-WEISS-SEDE-PRINCIPAL-DEL-PARLAMENTO-EUROPEO-1536x867.jpg 1536w, https:\/\/auladeclio.com\/auladeclio\/wp-content\/uploads\/2021\/05\/HEMICICLO-DEL-EDIFICIO-LOUISE-WEISS-SEDE-PRINCIPAL-DEL-PARLAMENTO-EUROPEO.jpg 1920w\" sizes=\"auto, (max-width: 300px) 100vw, 300px\" \/><\/a><figcaption class=\"caption wp-caption-text\"><span style=\"font-size: 10pt;\">HEMICICLO DEL EDIFICIO LOUISE WEISS SEDE PRINCIPAL DEL PARLAMENTO EUROPEO. AQU\u00cd SE CELBRAN LAS SESIONES PRINCIPALES<\/span><\/figcaption><\/figure>\n<\/div>\n<div class=\"col-lg-3 col-md-12 col-sm-12 col-12\">\n<figure id=\"attachment_9270\" class=\"thumbnail wp-caption aligncenter\" style=\"width: 310px\"><a href=\"https:\/\/auladeclio.com\/auladeclio\/wp-content\/uploads\/2021\/05\/CAMARA-SECUNDARIA-DEL-PARLAMENTO-EUROPEO-EN-EL-EDIFICIO-ESPACIO-LEOPOLD-EN-BRUSELAS.jpg\" target=\"_blank\" rel=\"noopener\"><img loading=\"lazy\" decoding=\"async\" class=\"wp-image-9270 size-medium\" src=\"https:\/\/auladeclio.com\/auladeclio\/wp-content\/uploads\/2021\/05\/CAMARA-SECUNDARIA-DEL-PARLAMENTO-EUROPEO-EN-EL-EDIFICIO-ESPACIO-LEOPOLD-EN-BRUSELAS-300x201.jpg\" alt=\"\" width=\"300\" height=\"201\" srcset=\"https:\/\/auladeclio.com\/auladeclio\/wp-content\/uploads\/2021\/05\/CAMARA-SECUNDARIA-DEL-PARLAMENTO-EUROPEO-EN-EL-EDIFICIO-ESPACIO-LEOPOLD-EN-BRUSELAS-300x201.jpg 300w, https:\/\/auladeclio.com\/auladeclio\/wp-content\/uploads\/2021\/05\/CAMARA-SECUNDARIA-DEL-PARLAMENTO-EUROPEO-EN-EL-EDIFICIO-ESPACIO-LEOPOLD-EN-BRUSELAS-1024x686.jpg 1024w, https:\/\/auladeclio.com\/auladeclio\/wp-content\/uploads\/2021\/05\/CAMARA-SECUNDARIA-DEL-PARLAMENTO-EUROPEO-EN-EL-EDIFICIO-ESPACIO-LEOPOLD-EN-BRUSELAS-768x514.jpg 768w, https:\/\/auladeclio.com\/auladeclio\/wp-content\/uploads\/2021\/05\/CAMARA-SECUNDARIA-DEL-PARLAMENTO-EUROPEO-EN-EL-EDIFICIO-ESPACIO-LEOPOLD-EN-BRUSELAS.jpg 1280w\" sizes=\"auto, (max-width: 300px) 100vw, 300px\" \/><\/a><figcaption class=\"caption wp-caption-text\"><span style=\"font-size: 10pt;\">C\u00c1MARA SECUNDARIA DEL PARLAMENTO EUROPEO EN EL EDIFICIO ESPACIO LEOPOLD EN BRUSELAS<\/span><\/figcaption><\/figure>\n<\/div>\n<div class=\"col-lg-3 col-md-12 col-sm-12 col-12\">\n<figure id=\"attachment_9271\" class=\"thumbnail wp-caption aligncenter\" style=\"width: 310px\"><a href=\"https:\/\/auladeclio.com\/auladeclio\/wp-content\/uploads\/2021\/05\/EXTERIOR-DEL-EDIFICIO-ESPACIO-LEOPOLD-EN-BRUSELAS.jpg\" target=\"_blank\" rel=\"noopener\"><img loading=\"lazy\" decoding=\"async\" class=\"wp-image-9271 size-medium\" src=\"https:\/\/auladeclio.com\/auladeclio\/wp-content\/uploads\/2021\/05\/EXTERIOR-DEL-EDIFICIO-ESPACIO-LEOPOLD-EN-BRUSELAS-300x211.jpg\" alt=\"\" width=\"300\" height=\"211\" srcset=\"https:\/\/auladeclio.com\/auladeclio\/wp-content\/uploads\/2021\/05\/EXTERIOR-DEL-EDIFICIO-ESPACIO-LEOPOLD-EN-BRUSELAS-300x211.jpg 300w, https:\/\/auladeclio.com\/auladeclio\/wp-content\/uploads\/2021\/05\/EXTERIOR-DEL-EDIFICIO-ESPACIO-LEOPOLD-EN-BRUSELAS-1024x719.jpg 1024w, https:\/\/auladeclio.com\/auladeclio\/wp-content\/uploads\/2021\/05\/EXTERIOR-DEL-EDIFICIO-ESPACIO-LEOPOLD-EN-BRUSELAS-768x539.jpg 768w, https:\/\/auladeclio.com\/auladeclio\/wp-content\/uploads\/2021\/05\/EXTERIOR-DEL-EDIFICIO-ESPACIO-LEOPOLD-EN-BRUSELAS.jpg 1280w\" sizes=\"auto, (max-width: 300px) 100vw, 300px\" \/><\/a><figcaption class=\"caption wp-caption-text\"><span style=\"font-size: 10pt;\">EDIFICIO ESPACIO LEOPOLD. LAS COMISIONES DEL PARLAMENTO SE SUELEN CELEBRAN AQU\u00cd<\/span><\/figcaption><\/figure>\n<\/div><\/div>Las <strong>funciones<\/strong> del Parlamento, <strong>participadas con el Consejo de la Uni\u00f3n<\/strong>, son <strong>debatir y aprobar, junto con el Consejo, la legislaci\u00f3n de la UE; someter a control a otras instituciones de la UE<\/strong>, en especial a la Comisi\u00f3n; debatir y adoptar, junto con el Consejo, el <strong>presupuesto de la Uni\u00f3n Europea.<\/strong><\/p>\n<p>&nbsp;<\/p>\n<p>EL TRIBUNAL DE JUSTICIA<\/p>\n<div class=\"row\"><div class=\"col-lg-4 col-md-12 col-sm-12 col-12\">Est\u00e1 formado por<strong> un juez de cada pa\u00eds<\/strong>, designado durante <strong>seis a\u00f1os<\/strong>. <strong>Garantiza que la legislaci\u00f3n de la UE se interpreta y aplica del mismo modo en todos los Estados<\/strong>; y resuelve las disputas relativas a las leyes comunitarias. Es importante <strong>no confundir este tribunal con el El Tribunal Europeo de Derechos Humanos<\/strong> (TEDH; tambi\u00e9n denominado Tribunal de Estrasburgo y Corte Europea de Derechos Humanos), que forma parte del Consejo de Europa, no de la Uni\u00f3n Europea.<\/div>\n<div class=\"col-lg-4 col-md-12 col-sm-12 col-12\">\n<figure id=\"attachment_9273\" class=\"thumbnail wp-caption aligncenter\" style=\"width: 278px\"><a href=\"https:\/\/auladeclio.com\/auladeclio\/wp-content\/uploads\/2021\/05\/SEDE-DEL-TRIBUNAL-DE-JUSTICIA-DE-LA-UNION-EUROPEA.jpg\"><img loading=\"lazy\" decoding=\"async\" class=\" wp-image-9273\" src=\"https:\/\/auladeclio.com\/auladeclio\/wp-content\/uploads\/2021\/05\/SEDE-DEL-TRIBUNAL-DE-JUSTICIA-DE-LA-UNION-EUROPEA.jpg\" alt=\"\" width=\"268\" height=\"168\" srcset=\"https:\/\/auladeclio.com\/auladeclio\/wp-content\/uploads\/2021\/05\/SEDE-DEL-TRIBUNAL-DE-JUSTICIA-DE-LA-UNION-EUROPEA.jpg 766w, https:\/\/auladeclio.com\/auladeclio\/wp-content\/uploads\/2021\/05\/SEDE-DEL-TRIBUNAL-DE-JUSTICIA-DE-LA-UNION-EUROPEA-300x188.jpg 300w\" sizes=\"auto, (max-width: 268px) 100vw, 268px\" \/><\/a><figcaption class=\"caption wp-caption-text\"><span style=\"font-size: 10pt;\">SEDE DEL TRIBUNAL DE JUSTICIA DE LA UNI\u00d3N EUROPEA<\/span><\/figcaption><\/figure>\n<\/div>\n<div class=\"col-lg-4 col-md-12 col-sm-12 col-12\">\n<figure id=\"attachment_9274\" class=\"thumbnail wp-caption aligncenter\" style=\"width: 413px\"><a href=\"https:\/\/auladeclio.com\/auladeclio\/wp-content\/uploads\/2021\/05\/SALA-PRINCIPAL-DEL-TRIBUNAL-DE-JUSTICA-DE-LA-UNION-EUROPEA.jpg\"><img loading=\"lazy\" decoding=\"async\" class=\" wp-image-9274\" src=\"https:\/\/auladeclio.com\/auladeclio\/wp-content\/uploads\/2021\/05\/SALA-PRINCIPAL-DEL-TRIBUNAL-DE-JUSTICA-DE-LA-UNION-EUROPEA.jpg\" alt=\"\" width=\"403\" height=\"227\" srcset=\"https:\/\/auladeclio.com\/auladeclio\/wp-content\/uploads\/2021\/05\/SALA-PRINCIPAL-DEL-TRIBUNAL-DE-JUSTICA-DE-LA-UNION-EUROPEA.jpg 640w, https:\/\/auladeclio.com\/auladeclio\/wp-content\/uploads\/2021\/05\/SALA-PRINCIPAL-DEL-TRIBUNAL-DE-JUSTICA-DE-LA-UNION-EUROPEA-300x169.jpg 300w\" sizes=\"auto, (max-width: 403px) 100vw, 403px\" \/><\/a><figcaption class=\"caption wp-caption-text\"><span style=\"font-size: 10pt;\">SALA PRINCIPAL DEL TRIBUNAL DE JUSTICA DE LA UNI\u00d3N EUROPEA<\/span><\/figcaption><\/figure>\n<\/div><\/div><span style=\"color: #ffffff;\">.<\/span><\/p>\n<p>EL BANCO CENTRAL EUROPEO<\/p>\n<p><strong>El Banco Central Europeo (BCE) gestiona el euro y formula y aplica la pol\u00edtica econ\u00f3mica y monetaria de la UE<\/strong>. Su principal objetivo es mantener la estabilidad de los precios y contribuir de este modo al crecimiento econ\u00f3mico y la creaci\u00f3n de empleo. Adem\u00e1s, establece los tipos de inter\u00e9s a los que presta a los bancos comerciales de la zona del euro (tambi\u00e9n conocida como la eurozona), controlando as\u00ed la oferta monetaria y la inflaci\u00f3n. Tambi\u00e9n <strong>autoriza la producci\u00f3n de billetes y monedas en euros<\/strong> por parte de los pa\u00edses de la zona del euro.<\/p>\n<div class=\"row\"><div class=\"col-lg-4 col-md-12 col-sm-12 col-12\">\n<figure id=\"attachment_9275\" class=\"thumbnail wp-caption aligncenter\" style=\"width: 246px\"><a href=\"https:\/\/auladeclio.com\/auladeclio\/wp-content\/uploads\/2021\/05\/SEDE-DEL-BANCO-CENTRAL-EUROPEO-EN-FRANCFORT.jpg\" target=\"_blank\" rel=\"noopener\"><img loading=\"lazy\" decoding=\"async\" class=\"wp-image-9275 \" src=\"https:\/\/auladeclio.com\/auladeclio\/wp-content\/uploads\/2021\/05\/SEDE-DEL-BANCO-CENTRAL-EUROPEO-EN-FRANCFORT.jpg\" alt=\"\" width=\"236\" height=\"354\" srcset=\"https:\/\/auladeclio.com\/auladeclio\/wp-content\/uploads\/2021\/05\/SEDE-DEL-BANCO-CENTRAL-EUROPEO-EN-FRANCFORT.jpg 682w, https:\/\/auladeclio.com\/auladeclio\/wp-content\/uploads\/2021\/05\/SEDE-DEL-BANCO-CENTRAL-EUROPEO-EN-FRANCFORT-200x300.jpg 200w\" sizes=\"auto, (max-width: 236px) 100vw, 236px\" \/><\/a><figcaption class=\"caption wp-caption-text\"><span style=\"font-size: 10pt;\">SEDE DEL BANCO CENTRAL EUROPEO EN FR\u00c1NCFORT<\/span><\/figcaption><\/figure>\n<\/div>\n<div class=\"col-lg-4 col-md-12 col-sm-12 col-12\">\n<figure id=\"attachment_9276\" class=\"thumbnail wp-caption aligncenter\" style=\"width: 434px\"><a href=\"https:\/\/auladeclio.com\/auladeclio\/wp-content\/uploads\/2021\/05\/EUROS.jpg\"><img loading=\"lazy\" decoding=\"async\" class=\" wp-image-9276\" src=\"https:\/\/auladeclio.com\/auladeclio\/wp-content\/uploads\/2021\/05\/EUROS.jpg\" alt=\"\" width=\"424\" height=\"545\" srcset=\"https:\/\/auladeclio.com\/auladeclio\/wp-content\/uploads\/2021\/05\/EUROS.jpg 747w, https:\/\/auladeclio.com\/auladeclio\/wp-content\/uploads\/2021\/05\/EUROS-233x300.jpg 233w\" sizes=\"auto, (max-width: 424px) 100vw, 424px\" \/><\/a><figcaption class=\"caption wp-caption-text\">EUROS<\/figcaption><\/figure>\n<\/div>\n<div class=\"col-lg-4 col-md-12 col-sm-12 col-12\">\n<figure id=\"attachment_9277\" class=\"thumbnail wp-caption aligncenter\" style=\"width: 276px\"><a href=\"https:\/\/auladeclio.com\/auladeclio\/wp-content\/uploads\/2021\/05\/ACTUAL-PRESIDENTA-DEL-BCE-CHRISTINE-LAGARDE.jpg\"><img loading=\"lazy\" decoding=\"async\" class=\" wp-image-9277\" src=\"https:\/\/auladeclio.com\/auladeclio\/wp-content\/uploads\/2021\/05\/ACTUAL-PRESIDENTA-DEL-BCE-CHRISTINE-LAGARDE.jpg\" alt=\"\" width=\"266\" height=\"353\" srcset=\"https:\/\/auladeclio.com\/auladeclio\/wp-content\/uploads\/2021\/05\/ACTUAL-PRESIDENTA-DEL-BCE-CHRISTINE-LAGARDE.jpg 800w, https:\/\/auladeclio.com\/auladeclio\/wp-content\/uploads\/2021\/05\/ACTUAL-PRESIDENTA-DEL-BCE-CHRISTINE-LAGARDE-226x300.jpg 226w, https:\/\/auladeclio.com\/auladeclio\/wp-content\/uploads\/2021\/05\/ACTUAL-PRESIDENTA-DEL-BCE-CHRISTINE-LAGARDE-772x1024.jpg 772w, https:\/\/auladeclio.com\/auladeclio\/wp-content\/uploads\/2021\/05\/ACTUAL-PRESIDENTA-DEL-BCE-CHRISTINE-LAGARDE-768x1019.jpg 768w\" sizes=\"auto, (max-width: 266px) 100vw, 266px\" \/><\/a><figcaption class=\"caption wp-caption-text\"><span style=\"font-size: 10pt;\">ACTUAL PRESIDENTA DEL BCE, CHRISTINE LAGARDE<\/span><\/figcaption><\/figure>\n<\/div><\/div>La <strong>presidenta<\/strong> del BCE, en la actualidad la francesa <strong>Christine Lagarde<\/strong>, representa al Banco en reuniones internacionales y de alto nivel de la UE. El BCE cuenta con los tres organismos decisorios:<\/p>\n<ul>\n<li>Consejo de Gobierno. El principal \u00f3rgano de toma de decisiones. Se compone del Comit\u00e9 Ejecutivo y los gobernadores de los bancos centrales nacionales<\/li>\n<li>Comit\u00e9 Ejecutivo. Gestiona el funcionamiento diario del BCE. Est\u00e1 compuesto por el presidente y el vicepresidente del BCE y otros cuatro miembros designados por los dirigentes de los pa\u00edses de la zona del euro.<\/li>\n<\/ul>\n<div class=\"row\"><div class=\"col-lg-6 col-md-12 col-sm-12 col-12\">\n<ul>\n<li>Consejo General. Desempe\u00f1a una funci\u00f3n de car\u00e1cter consultivo y de coordinaci\u00f3n. Est\u00e1 formado por el presidente y el vicepresidente del BCE y los gobernadores de los bancos centrales de todos los pa\u00edses de la UE.<\/li>\n<\/ul>\n<p>&nbsp;<\/p>\n<p>EL TRIBUNAL DE CUENTAS EUROPEO<\/p>\n<p>Est\u00e1 integrado por <strong>un representante de cada Estado miembro<\/strong>, nombrado por seis a\u00f1os. <strong>Comprueba que la Uni\u00f3n invierte su dinero de acuerdo con los presupuestos y fines establecidos<\/strong>. Es el organismo que<strong> audita las finanzas de la UE<\/strong>.<\/p>\n<p>Su papel consiste en mejorar la gesti\u00f3n financiera de la UE e informar sobre el uso dado a los fondos p\u00fablicos. <strong>Se cre\u00f3 en 1975 y tiene su sede en Luxemburgo.<\/strong><\/p>\n<\/div>\n<div class=\"col-lg-6 col-md-12 col-sm-12 col-12\">\n<figure id=\"attachment_9279\" class=\"thumbnail wp-caption aligncenter\" style=\"width: 522px\"><a href=\"https:\/\/auladeclio.com\/auladeclio\/wp-content\/uploads\/2021\/05\/SEDE-DEL-TRIBUNAL-DE-CUENTAS-EUROPEO.jpg\" target=\"_blank\" rel=\"noopener\"><img loading=\"lazy\" decoding=\"async\" class=\"wp-image-9279 size-full\" src=\"https:\/\/auladeclio.com\/auladeclio\/wp-content\/uploads\/2021\/05\/SEDE-DEL-TRIBUNAL-DE-CUENTAS-EUROPEO.jpg\" alt=\"\" width=\"512\" height=\"275\" srcset=\"https:\/\/auladeclio.com\/auladeclio\/wp-content\/uploads\/2021\/05\/SEDE-DEL-TRIBUNAL-DE-CUENTAS-EUROPEO.jpg 512w, https:\/\/auladeclio.com\/auladeclio\/wp-content\/uploads\/2021\/05\/SEDE-DEL-TRIBUNAL-DE-CUENTAS-EUROPEO-300x161.jpg 300w\" sizes=\"auto, (max-width: 512px) 100vw, 512px\" \/><\/a><figcaption class=\"caption wp-caption-text\"><span style=\"font-size: 10pt;\">SEDE DEL TRIBUNAL DE CUENTAS EUROPEO<\/span><\/figcaption><\/figure>\n<\/div><\/div>[\/vc_toggle][\/vc_tta_section][vc_tta_section i_icon_fontawesome=&#8221;fa fa-pencil&#8221; add_icon=&#8221;true&#8221; title=&#8221;EJERCICIOS&#8221; tab_id=&#8221;1509006569048-69f0d63d-3f36&#8243;][vc_wp_text]<strong>DEFINE LOS SIGUIENTES CONCEPTOS, PERSONAJES O ACONTECIMIENTOS HIST\u00d3RICOS EN UN M\u00c1XIMO DE CINCO L\u00cdNEAS:<\/strong><\/p>\n<p>CONSEJO DE EUROPA<\/p>\n<p><a href=\"https:\/\/auladeclio.com\/auladeclio\/wp-content\/uploads\/2018\/06\/L%C3%8DNEAS.jpg\"><img loading=\"lazy\" decoding=\"async\" class=\"aligncenter size-full wp-image-2612\" src=\"https:\/\/auladeclio.com\/auladeclio\/wp-content\/uploads\/2018\/06\/L%C3%8DNEAS.jpg\" sizes=\"auto, (max-width: 1342px) 100vw, 1342px\" srcset=\"https:\/\/auladeclio.com\/auladeclio\/wp-content\/uploads\/2018\/06\/L\u00cdNEAS.jpg 1342w, https:\/\/auladeclio.com\/auladeclio\/wp-content\/uploads\/2018\/06\/L\u00cdNEAS-300x73.jpg 300w, https:\/\/auladeclio.com\/auladeclio\/wp-content\/uploads\/2018\/06\/L\u00cdNEAS-768x186.jpg 768w, https:\/\/auladeclio.com\/auladeclio\/wp-content\/uploads\/2018\/06\/L\u00cdNEAS-1024x248.jpg 1024w\" alt=\"\" width=\"1342\" height=\"325\" \/><\/a><\/p>\n<p>&nbsp;<\/p>\n<p>CONSEJO EUROPEO<\/p>\n<p><a href=\"https:\/\/auladeclio.com\/auladeclio\/wp-content\/uploads\/2018\/06\/L%C3%8DNEAS.jpg\"><img loading=\"lazy\" decoding=\"async\" class=\"aligncenter size-full wp-image-2612\" src=\"https:\/\/auladeclio.com\/auladeclio\/wp-content\/uploads\/2018\/06\/L%C3%8DNEAS.jpg\" sizes=\"auto, (max-width: 1342px) 100vw, 1342px\" srcset=\"https:\/\/auladeclio.com\/auladeclio\/wp-content\/uploads\/2018\/06\/L\u00cdNEAS.jpg 1342w, https:\/\/auladeclio.com\/auladeclio\/wp-content\/uploads\/2018\/06\/L\u00cdNEAS-300x73.jpg 300w, https:\/\/auladeclio.com\/auladeclio\/wp-content\/uploads\/2018\/06\/L\u00cdNEAS-768x186.jpg 768w, https:\/\/auladeclio.com\/auladeclio\/wp-content\/uploads\/2018\/06\/L\u00cdNEAS-1024x248.jpg 1024w\" alt=\"\" width=\"1342\" height=\"325\" \/><\/a>[\/vc_wp_text][\/vc_tta_section][vc_tta_section i_icon_fontawesome=&#8221;fa fa-puzzle-piece&#8221; add_icon=&#8221;true&#8221; title=&#8221;ACTIVIDADES&#8221; tab_id=&#8221;1509006579146-16897097-dde9&#8243;][vc_wp_text]<strong>ELABORA UN EJE CRON\u00d3LOGICO USANDO TIMETOAST TIMELINE CON LA EVOLUCI\u00d3N DE LA CEE Y LA UE A\u00d1ADIENDO LOS SIGUIENTE PERIODOS Y ACONTECIMIENTOS HIST\u00d3RICOS:<\/strong><\/p>\n<div class=\"row\"><div class=\"col-lg-6 col-md-12 col-sm-12 col-12\">\n<p><span style=\"font-size: 10pt;\">CEE<\/span><\/p>\n<p><span style=\"font-size: 10pt;\">UE<\/span><\/p>\n<p><span style=\"font-size: 10pt;\">CREACI\u00d3N DEL CONSEJO DE EUROPA<\/span><\/p>\n<p><span style=\"font-size: 10pt;\">TRATADO DE MAASTRICHT<\/span><\/p>\n<p><span style=\"font-size: 10pt;\">DISCURSO DE ROBERT SCHUMAN<\/span><\/p>\n<p><span style=\"font-size: 10pt;\">UNI\u00d3N ADUANERA DEL BENELUX<\/span><\/p>\n<p><span style=\"font-size: 10pt;\">CREACI\u00d3N DE LA CECA<\/span><\/p>\n<p><span style=\"font-size: 10pt;\">TRATADO DE ROMA<\/span><\/p>\n<p><span style=\"font-size: 10pt;\">INICIO DEL PAC<\/span><\/p>\n<p><span style=\"font-size: 10pt;\">ENTRADA EN VIGOR DEL CONVENIO DE SCHENGUEN<\/span><\/p>\n<\/div>\n<div class=\"col-lg-6 col-md-12 col-sm-12 col-12\">\n<p><span style=\"font-size: 10pt;\">FIRMA DEL CONVENIO SCHENGUEN<\/span><\/p>\n<p><span style=\"font-size: 10pt;\">CREACI\u00d3N DE LA OECE<\/span><\/p>\n<p><span style=\"font-size: 10pt;\">CONVENIO EUROPEO PARA LA PROTECCI\u00d3N DE LOS DERECHOS HUMANOS<\/span><\/p>\n<p><span style=\"font-size: 10pt;\">ADHESI\u00d3N DE GRECIA<\/span><\/p>\n<p><span style=\"font-size: 10pt;\">CA\u00cdDA DEL MURO DE BERL\u00cdN<\/span><\/p>\n<p><span style=\"font-size: 10pt;\">PRIMERA AMPLIACI\u00d3N DE LA CEE<\/span><\/p>\n<p><span style=\"font-size: 10pt;\">INCORPORACI\u00d3N DE ALEMANIA ORIENTAL<\/span><\/p>\n<p><span style=\"font-size: 10pt;\">ADOPCI\u00d3N DEL ACTA \u00daNICA<\/span><\/p>\n<p><span style=\"font-size: 10pt;\">ADHESI\u00d3N DE AUSTRIA, SUECIA Y FINLANDIA<\/span><\/p>\n<p><span style=\"font-size: 10pt;\">ADHESI\u00d3N PORTUGAL Y ESPA\u00d1A<\/span><\/p>\n<\/div><\/div><a href=\"https:\/\/www.timetoast.com\/\" target=\"_blank\" rel=\"noopener\"><img loading=\"lazy\" decoding=\"async\" class=\"aligncenter wp-image-9281 size-full\" src=\"https:\/\/auladeclio.com\/auladeclio\/wp-content\/uploads\/2021\/05\/1o-bach-13.4-eje-cronologico-UE.jpg\" alt=\"\" width=\"1097\" height=\"791\" srcset=\"https:\/\/auladeclio.com\/auladeclio\/wp-content\/uploads\/2021\/05\/1o-bach-13.4-eje-cronologico-UE.jpg 1097w, https:\/\/auladeclio.com\/auladeclio\/wp-content\/uploads\/2021\/05\/1o-bach-13.4-eje-cronologico-UE-300x216.jpg 300w, https:\/\/auladeclio.com\/auladeclio\/wp-content\/uploads\/2021\/05\/1o-bach-13.4-eje-cronologico-UE-1024x738.jpg 1024w, https:\/\/auladeclio.com\/auladeclio\/wp-content\/uploads\/2021\/05\/1o-bach-13.4-eje-cronologico-UE-768x554.jpg 768w\" sizes=\"auto, (max-width: 1097px) 100vw, 1097px\" \/><\/a>[\/vc_wp_text][vc_column_text]<span style=\"font-size: 8pt;\"><strong>B9\/3.1. Elabora ejes cronol\u00f3gicos sobre el proceso de construcci\u00f3n de la\u00a0Uni\u00f3n Europea.<\/strong><\/span>[\/vc_column_text][\/vc_tta_section][vc_tta_section i_icon_fontawesome=&#8221;fa fa-lightbulb-o&#8221; add_icon=&#8221;true&#8221; title=&#8221;TAREAS&#8221; tab_id=&#8221;1520438215273-bfb2598c-dd88&#8243;][vc_wp_text]<strong>HAZ UNA INFOGRAF\u00cdA CON LAS PRINCIPALES INSTITUCIONES EUROPEAS Y A\u00d1ADE INFORMACI\u00d3N RELEVANTE COMO LA LOCALIZACI\u00d3N DE SU SEDE, FUNCIONES, A\u00d1O EN QUE COMENZ\u00d3 A EXISTIR&#8230; PUEDES USAR COMO BASE EL SIGUIENTE EJEMPLO:<\/strong><\/p>\n<figure id=\"attachment_9283\" class=\"thumbnail wp-caption aligncenter\" style=\"width: 2496px\"><a href=\"https:\/\/auladeclio.com\/auladeclio\/wp-content\/uploads\/2021\/05\/1o-BACH-TAREA-13.4-INSTITUCIONES-DE-LA-UE.png\"><img loading=\"lazy\" decoding=\"async\" class=\"size-full wp-image-9283\" src=\"https:\/\/auladeclio.com\/auladeclio\/wp-content\/uploads\/2021\/05\/1o-BACH-TAREA-13.4-INSTITUCIONES-DE-LA-UE.png\" alt=\"\" width=\"2486\" height=\"1399\" srcset=\"https:\/\/auladeclio.com\/auladeclio\/wp-content\/uploads\/2021\/05\/1o-BACH-TAREA-13.4-INSTITUCIONES-DE-LA-UE.png 2486w, https:\/\/auladeclio.com\/auladeclio\/wp-content\/uploads\/2021\/05\/1o-BACH-TAREA-13.4-INSTITUCIONES-DE-LA-UE-300x169.png 300w, https:\/\/auladeclio.com\/auladeclio\/wp-content\/uploads\/2021\/05\/1o-BACH-TAREA-13.4-INSTITUCIONES-DE-LA-UE-1024x576.png 1024w, https:\/\/auladeclio.com\/auladeclio\/wp-content\/uploads\/2021\/05\/1o-BACH-TAREA-13.4-INSTITUCIONES-DE-LA-UE-768x432.png 768w, https:\/\/auladeclio.com\/auladeclio\/wp-content\/uploads\/2021\/05\/1o-BACH-TAREA-13.4-INSTITUCIONES-DE-LA-UE-1536x864.png 1536w, https:\/\/auladeclio.com\/auladeclio\/wp-content\/uploads\/2021\/05\/1o-BACH-TAREA-13.4-INSTITUCIONES-DE-LA-UE-2048x1153.png 2048w\" sizes=\"auto, (max-width: 2486px) 100vw, 2486px\" \/><\/a><figcaption class=\"caption wp-caption-text\">1\u00ba BACH TAREA 13.4 INSTITUCIONES DE LA UE<\/figcaption><\/figure>\n<p>&nbsp;[\/vc_wp_text][vc_wp_text]<span style=\"font-size: 8pt;\"><strong>B9\/4.1. Relaciona razonadamente las Instituciones de la Uni\u00f3n Europea con\u00a0los objetivos que \u00e9sta persigue.<\/strong><\/span>[\/vc_wp_text][vc_toggle title=&#8221;PROPUESTA PARA EL TRABAJO INDIVIDUAL RELACIONADO CON LOS DERECHOS HUMANOS&#8221;]\n<h4>CONVENIO EUROPEO PARA LA PROTECCI\u00d3N DE LOS DERECHOS HUMANOS Y DE LAS LIBERTADES FUNDAMENTALES<\/h4>\n<p>EXPLICA TUS COMPA\u00d1EROS EN 5 MINUTOS QU\u00c9 ES EL CONVENIO EUROPEO PARA LA PROTECCI\u00d3N DE LOS DERECHOS HUMANOS Y DE LAS LIBERTADES FUNDAMENTALES, CU\u00c1NDO SE FIRM\u00d3, A QU\u00c9 PA\u00cdSES AFECTA, QUE CARCTER\u00cdSTICAS TIENE&#8230; Y TODO AQUELLO QUE CREAS QUE ES IMPORTANTE CONOCER.<\/p>\n<p>NO OLVIDES HABLAR DEL ART\u00cdCULO 6, EL M\u00c1S INVOCADO POR CIUDADANOS EUROPEOS A LA HORA DE RECURRIR DIFERENTES DECISIONES QUE SE HAN TOMADO EN SUS PA\u00cdSES DE ORIGEN CONTRA ALGUNO DE SUS CIUDADANOS Y CON LAS QUE NO EST\u00c1N DE ACUERDO. HABLA TAMBI\u00c9N DEL TRIBUNAL AL QUE ACUDEN PARA DEFENDERSE E INVOCAR ESE ART\u00cdCULO 6.[\/vc_toggle][\/vc_tta_section][vc_tta_section i_icon_fontawesome=&#8221;fa fa-plus-circle&#8221; add_icon=&#8221;true&#8221; title=&#8221;CONSOLIDA&#8221; tab_id=&#8221;1524164322459-38712b94-b327&#8243;][vc_wp_text]<strong>RELACIONA LAS SIGUIENTES FECHAS CON LOS ACONTECIMIENTOS A LOS QUE HACEN REFERENCIA:<\/strong><\/p>\n<table  class=\" table table-hover\" style=\"border-collapse: collapse; width: 100%; height: 216px;\">\n<tbody>\n<tr style=\"height: 24px;\">\n<td style=\"width: 50%; height: 24px;\"><strong>ACONTECIMIENTO<\/strong><\/td>\n<td style=\"width: 50%; height: 24px; text-align: center;\"><strong>FECHA<\/strong><\/td>\n<\/tr>\n<tr style=\"height: 24px;\">\n<td style=\"width: 50%; height: 24px;\"><span style=\"font-size: 10pt;\">TRATADO DE MAASTRICHT<\/span><\/td>\n<td style=\"width: 50%; height: 24px; text-align: center;\">1950<\/td>\n<\/tr>\n<tr style=\"height: 24px;\">\n<td style=\"width: 50%; height: 24px;\"><span style=\"font-size: 10pt;\">ADHESI\u00d3N DE GRECIA<\/span><\/td>\n<td style=\"width: 50%; height: 24px; text-align: center;\">1957<\/td>\n<\/tr>\n<tr style=\"height: 24px;\">\n<td style=\"width: 50%; height: 24px;\"><span style=\"font-size: 10pt;\">TRATADO DE ROMA<\/span><\/td>\n<td style=\"width: 50%; height: 24px; text-align: center;\">1973<\/td>\n<\/tr>\n<tr style=\"height: 24px;\">\n<td style=\"width: 50%; height: 24px;\"><span style=\"font-size: 10pt;\">ENTRADA EN VIGOR DEL CONVENIO DE SCHENGUEN<\/span><\/td>\n<td style=\"width: 50%; height: 24px; text-align: center;\">1981<\/td>\n<\/tr>\n<tr style=\"height: 24px;\">\n<td style=\"width: 50%; height: 24px;\"><span style=\"font-size: 10pt;\">CONVENIO EUROPEO PARA LA PROTECCI\u00d3N DE LOS DERECHOS HUMANOS<\/span><\/td>\n<td style=\"width: 50%; height: 24px; text-align: center;\">1986<\/td>\n<\/tr>\n<tr style=\"height: 24px;\">\n<td style=\"width: 50%; height: 24px;\"><span style=\"font-size: 10pt;\">PRIMERA AMPLIACI\u00d3N DE LA CEE (REINO UNIDO, IRLANDA Y DINAMARCA)<\/span><\/td>\n<td style=\"width: 50%; height: 24px; text-align: center;\">1992<\/td>\n<\/tr>\n<tr style=\"height: 24px;\">\n<td style=\"width: 50%; height: 24px;\"><span style=\"font-size: 10pt;\">ADHESI\u00d3N DE AUSTRIA, SUECIA Y FINLANDIA<\/span><\/td>\n<td style=\"width: 50%; height: 24px; text-align: center;\">1995<\/td>\n<\/tr>\n<tr style=\"height: 24px;\">\n<td style=\"width: 50%; height: 24px;\"><span style=\"font-size: 10pt;\">ADHESI\u00d3N PORTUGAL Y ESPA\u00d1A<\/span><\/td>\n<td style=\"width: 50%; height: 24px; text-align: center;\"><\/td>\n<\/tr>\n<\/tbody>\n<\/table>\n<p>&nbsp;[\/vc_wp_text][\/vc_tta_section][vc_tta_section i_icon_fontawesome=&#8221;fa fa-question-circle&#8221; add_icon=&#8221;true&#8221; title=&#8221;PROFUNDIZA&#8221; tab_id=&#8221;1524164499297-d8938bdf-1969&#8243;][vc_wp_text]\n<h4>LA AGENCIA ESPACIAL EUROPEA (ESA) Y SUS PRINCIPALES HITOS<\/h4>\n<p>\u00bfQU\u00c9 ES LA ESA? VISITA SU WEB PARA RESPONDER A ESTA Y OTRAS PREGUNTAS QUE TIENES A CONTINUACI\u00d3N:<\/p>\n<figure id=\"attachment_9285\" class=\"thumbnail wp-caption aligncenter\" style=\"width: 1908px\"><a href=\"http:\/\/www.esa.int\/Space_in_Member_States\/Spain\/Datos_de_la_ESA\" target=\"_blank\" rel=\"noopener\"><img loading=\"lazy\" decoding=\"async\" class=\"wp-image-9285 size-full\" src=\"https:\/\/auladeclio.com\/auladeclio\/wp-content\/uploads\/2021\/05\/1o-BACH-13.4-PROFUNDIZA-QUE-ES-LA-ESA.jpg\" alt=\"\" width=\"1898\" height=\"907\" srcset=\"https:\/\/auladeclio.com\/auladeclio\/wp-content\/uploads\/2021\/05\/1o-BACH-13.4-PROFUNDIZA-QUE-ES-LA-ESA.jpg 1898w, https:\/\/auladeclio.com\/auladeclio\/wp-content\/uploads\/2021\/05\/1o-BACH-13.4-PROFUNDIZA-QUE-ES-LA-ESA-300x143.jpg 300w, https:\/\/auladeclio.com\/auladeclio\/wp-content\/uploads\/2021\/05\/1o-BACH-13.4-PROFUNDIZA-QUE-ES-LA-ESA-1024x489.jpg 1024w, https:\/\/auladeclio.com\/auladeclio\/wp-content\/uploads\/2021\/05\/1o-BACH-13.4-PROFUNDIZA-QUE-ES-LA-ESA-768x367.jpg 768w, https:\/\/auladeclio.com\/auladeclio\/wp-content\/uploads\/2021\/05\/1o-BACH-13.4-PROFUNDIZA-QUE-ES-LA-ESA-1536x734.jpg 1536w\" sizes=\"auto, (max-width: 1898px) 100vw, 1898px\" \/><\/a><figcaption class=\"caption wp-caption-text\">HAZ CLIC EN LA IMAGEN PARA ACCEDER A LA WEB DE LA ESA<\/figcaption><\/figure>\n<p>&nbsp;<\/p>\n<ol>\n<li>\u00bfQU\u00c9 ES LA ESA? \u00bfCREES QUE ES UN PROYECTO NECESARIO?<\/li>\n<li>ELIGE LAS DOS MISIONES O PROYECTOS M\u00c1S IMPRESIONANTES EN LOS QUE HA PARTICIPADO LA ESA Y EXPLICA BREVEMENTE EN QUE CONSISTEN Y POR QU\u00c9 LAS HAS ELEGIDO<\/li>\n<\/ol>\n<p><a href=\"https:\/\/auladeclio.com\/auladeclio\/wp-content\/uploads\/2018\/06\/L\u00cdNEAS.jpg\"><img loading=\"lazy\" decoding=\"async\" class=\"aligncenter size-full wp-image-2612\" src=\"https:\/\/auladeclio.com\/auladeclio\/wp-content\/uploads\/2018\/06\/L\u00cdNEAS.jpg\" alt=\"\" width=\"1342\" height=\"325\" srcset=\"https:\/\/auladeclio.com\/auladeclio\/wp-content\/uploads\/2018\/06\/L\u00cdNEAS.jpg 1342w, https:\/\/auladeclio.com\/auladeclio\/wp-content\/uploads\/2018\/06\/L\u00cdNEAS-300x73.jpg 300w, https:\/\/auladeclio.com\/auladeclio\/wp-content\/uploads\/2018\/06\/L\u00cdNEAS-768x186.jpg 768w, https:\/\/auladeclio.com\/auladeclio\/wp-content\/uploads\/2018\/06\/L\u00cdNEAS-1024x248.jpg 1024w\" sizes=\"auto, (max-width: 1342px) 100vw, 1342px\" \/><\/a>[\/vc_wp_text][\/vc_tta_section][\/vc_tta_tabs][\/vc_column][\/vc_row]\n<\/div>","protected":false},"excerpt":{"rendered":"<p>[vc_row][vc_column width=&#8221;1\/3&#8243; offset=&#8221;vc_col-lg-offset-0 vc_col-md-offset-0 vc_col-sm-offset-0 vc_col-xs-3&#8243;][vc_icon icon_fontawesome=&#8221;fa fa-chevron-left&#8221; color=&#8221;sky&#8221; link=&#8221;url:http%3A%2F%2Fauladeclio.com%2Fauladeclio%2F13-3-la-evolucion-de-los-eeuu%2F|title:EP%C3%8DGRAFE%20ANTERIOR|target:%20_blank|&#8221;][\/vc_column][vc_column width=&#8221;1\/3&#8243; offset=&#8221;vc_col-lg-offset-0 vc_col-md-offset-0 vc_col-sm-offset-0 vc_col-xs-offset-1 vc_col-xs-3&#8243;][vc_icon icon_fontawesome=&#8221;fa fa-list&#8221; color=&#8221;sky&#8221; align=&#8221;center&#8221; link=&#8221;url:http%3A%2F%2Fauladeclio.com%2Fauladeclio%2F13-la-evolucion-del-mundo-capitalista-1964-1991%2F|title:%C3%8DNDICE%20DE%20EP%C3%8DGRAFES|target:%20_blank|&#8221;][\/vc_column][vc_column width=&#8221;1\/3&#8243; offset=&#8221;vc_col-lg-offset-0 vc_col-md-offset-0 vc_col-sm-offset-0 vc_col-xs-offset-1 vc_col-xs-3&#8243;][vc_icon icon_fontawesome=&#8221;fa fa-chevron-right&#8221; color=&#8221;sky&#8221; align=&#8221;right&#8221; link=&#8221;url:http%3A%2F%2Fauladeclio.com%2Fauladeclio%2F13-5-el-capitalismo-en-asia%2F|title:EP%C3%8DGRAFE%20SIGUIENTE|target:%20_blank|&#8221;][\/vc_column][\/vc_row][vc_row][vc_column][vc_tta_tabs style=&#8221;outline&#8221; shape=&#8221;square&#8221; color=&#8221;sky&#8221; active_section=&#8221;1&#8243; pagination_style=&#8221;flat-rounded&#8221; pagination_color=&#8221;blue&#8221;][vc_tta_section i_icon_fontawesome=&#8221;fa fa-book&#8221; add_icon=&#8221;true&#8221; title=&#8221;TEMA&#8221; tab_id=&#8221;1509006569048-f59e903e-56d1&#8243;][vc_wp_text] Los a\u00f1os 90 fueron profundamente positivos y esperanzadores para el desarrollo de [&hellip;]<\/p>\n","protected":false},"author":1,"featured_media":0,"parent":0,"menu_order":0,"comment_status":"closed","ping_status":"closed","template":"","meta":{"nf_dc_page":"","footnotes":""},"categories":[14,13],"tags":[],"class_list":["post-1652","page","type-page","status-publish","hentry","category-1o-de-bachillerato","category-historia-del-mundo-contemporaneo"],"_links":{"self":[{"href":"https:\/\/auladeclio.com\/auladeclio\/wp-json\/wp\/v2\/pages\/1652","targetHints":{"allow":["GET"]}}],"collection":[{"href":"https:\/\/auladeclio.com\/auladeclio\/wp-json\/wp\/v2\/pages"}],"about":[{"href":"https:\/\/auladeclio.com\/auladeclio\/wp-json\/wp\/v2\/types\/page"}],"author":[{"embeddable":true,"href":"https:\/\/auladeclio.com\/auladeclio\/wp-json\/wp\/v2\/users\/1"}],"replies":[{"embeddable":true,"href":"https:\/\/auladeclio.com\/auladeclio\/wp-json\/wp\/v2\/comments?post=1652"}],"version-history":[{"count":27,"href":"https:\/\/auladeclio.com\/auladeclio\/wp-json\/wp\/v2\/pages\/1652\/revisions"}],"predecessor-version":[{"id":9991,"href":"https:\/\/auladeclio.com\/auladeclio\/wp-json\/wp\/v2\/pages\/1652\/revisions\/9991"}],"wp:attachment":[{"href":"https:\/\/auladeclio.com\/auladeclio\/wp-json\/wp\/v2\/media?parent=1652"}],"wp:term":[{"taxonomy":"category","embeddable":true,"href":"https:\/\/auladeclio.com\/auladeclio\/wp-json\/wp\/v2\/categories?post=1652"},{"taxonomy":"post_tag","embeddable":true,"href":"https:\/\/auladeclio.com\/auladeclio\/wp-json\/wp\/v2\/tags?post=1652"}],"curies":[{"name":"wp","href":"https:\/\/api.w.org\/{rel}","templated":true}]}}