{"id":1604,"date":"2018-04-25T17:55:51","date_gmt":"2018-04-25T17:55:51","guid":{"rendered":"http:\/\/auladeclio.com\/auladeclio\/?page_id=1604"},"modified":"2023-06-27T12:03:26","modified_gmt":"2023-06-27T12:03:26","slug":"10-4-el-bloque-capitalista","status":"publish","type":"page","link":"https:\/\/auladeclio.com\/auladeclio\/10-4-el-bloque-capitalista\/","title":{"rendered":"10.4 El bloque capitalista"},"content":{"rendered":"<div class=\"wpb-content-wrapper\">[vc_row][vc_column width=&#8221;1\/3&#8243; offset=&#8221;vc_col-lg-offset-0 vc_col-md-offset-0 vc_col-sm-offset-0 vc_col-xs-3&#8243;][vc_icon icon_fontawesome=&#8221;fa fa-chevron-left&#8221; color=&#8221;sky&#8221; link=&#8221;url:http%3A%2F%2Fauladeclio.com%2Fauladeclio%2F10-3-el-bloque-comunista%2F|title:EP%C3%8DGRAFE%20ANTERIOR|target:%20_blank|&#8221;][\/vc_column][vc_column width=&#8221;1\/3&#8243; offset=&#8221;vc_col-lg-offset-0 vc_col-md-offset-0 vc_col-sm-offset-0 vc_col-xs-offset-1 vc_col-xs-3&#8243;][vc_icon icon_fontawesome=&#8221;fa fa-list&#8221; color=&#8221;sky&#8221; align=&#8221;center&#8221; link=&#8221;url:http%3A%2F%2Fauladeclio.com%2Fauladeclio%2F10-la-guerra-fria-1946-1964%2F|title:%C3%8DNDICE%20DE%20EP%C3%8DGRAFES|target:%20_blank|&#8221;][\/vc_column][vc_column width=&#8221;1\/3&#8243; offset=&#8221;vc_col-lg-offset-0 vc_col-md-offset-0 vc_col-sm-offset-0 vc_col-xs-offset-1 vc_col-xs-3&#8243;][vc_icon icon_fontawesome=&#8221;fa fa-chevron-right&#8221; color=&#8221;sky&#8221; align=&#8221;right&#8221; link=&#8221;url:http%3A%2F%2Fauladeclio.com%2Fauladeclio%2F10-5-hacia-la-coexistencia-pacifica-1954-1964%2F|title:EP%C3%8DGRAFE%20SIGUIENTE|target:%20_blank|&#8221;][\/vc_column][\/vc_row][vc_row][vc_column][vc_tta_tabs style=&#8221;outline&#8221; shape=&#8221;square&#8221; color=&#8221;sky&#8221; active_section=&#8221;1&#8243; pagination_style=&#8221;flat-rounded&#8221; pagination_color=&#8221;blue&#8221;][vc_tta_section i_icon_fontawesome=&#8221;fa fa-book&#8221; add_icon=&#8221;true&#8221; title=&#8221;TEMA&#8221; tab_id=&#8221;1509006569048-f59e903e-56d1&#8243;][vc_wp_text]<div class=\"row\">\n<div class=\"col-lg-6 col-md-12 col-sm-12 col-12\">\n<p style=\"text-align: justify;\">Cuando en <strong>1947<\/strong> comenz\u00f3 la Guerra Fr\u00eda, la<strong> contenci\u00f3n del comunismo<\/strong> era <strong>prioritaria<\/strong> <strong>para<\/strong> que <strong>los EEUU<\/strong> aseguraran un bloque aliado im\u00adpermeable a la influencia sovi\u00e9tica.<\/p>\n<p style=\"text-align: justify;\">El <strong>discurso ideol\u00f3gico<\/strong> expuesto entonces por el presidente Truman afirmaba que los <strong>EEUU y sus aliados eran los defenso\u00adres del &#8220;mundo libre&#8221;<\/strong>, de la democracia y la libertad. Ese mismo a\u00f1o se pon\u00eda en marcha el Plan Marshall. En 1949 se fundaba la OTAN y el mundo capitalista pon\u00eda en marcha el plan dise\u00f1ado en Bretton Woods.<\/p>\n<p style=\"text-align: justify;\">En los <strong>EEUU<\/strong> se realizar\u00e1n <strong>reformas que coartar\u00e1n la libertad de pensamiento<\/strong> y se perseguir\u00e1 a todo sospechoso de cercan\u00eda al socialismo, mientras tanto<strong> en Europa<\/strong> las cosas ser\u00e1n bien distintas, el prestigio de las resistencias anti fascistas relacionadas estrechamente con los partidos comunistas obligar\u00e1n a una fusi\u00f3n entre ambas visiones del mundo, lo que dar\u00e1 lugar al &#8220;<strong>Estado del Bienestar<\/strong>&#8220;.<\/p>\n<\/div>\n<div class=\"col-lg-6 col-md-12 col-sm-12 col-12\">\n<figure id=\"attachment_6891\" class=\"thumbnail wp-caption aligncenter\" style=\"width: 1367px\"><a href=\"https:\/\/auladeclio.com\/auladeclio\/wp-content\/uploads\/2020\/04\/ALIANZAS-GLOBALES-EN-1959-EN-AZUL-PA\u00cdSES-ALINEADOS-CON-LOS-EEUU-EN-ROJO-LOS-ALINEADOS-CON-LA-URSS-EN-VERDE-PA\u00cdSES-NEUTRALES.png\"><img loading=\"lazy\" decoding=\"async\" class=\"size-full wp-image-6891\" src=\"https:\/\/auladeclio.com\/auladeclio\/wp-content\/uploads\/2020\/04\/ALIANZAS-GLOBALES-EN-1959-EN-AZUL-PA\u00cdSES-ALINEADOS-CON-LOS-EEUU-EN-ROJO-LOS-ALINEADOS-CON-LA-URSS-EN-VERDE-PA\u00cdSES-NEUTRALES.png\" alt=\"\" width=\"1357\" height=\"628\" srcset=\"https:\/\/auladeclio.com\/auladeclio\/wp-content\/uploads\/2020\/04\/ALIANZAS-GLOBALES-EN-1959-EN-AZUL-PA\u00cdSES-ALINEADOS-CON-LOS-EEUU-EN-ROJO-LOS-ALINEADOS-CON-LA-URSS-EN-VERDE-PA\u00cdSES-NEUTRALES.png 1357w, https:\/\/auladeclio.com\/auladeclio\/wp-content\/uploads\/2020\/04\/ALIANZAS-GLOBALES-EN-1959-EN-AZUL-PA\u00cdSES-ALINEADOS-CON-LOS-EEUU-EN-ROJO-LOS-ALINEADOS-CON-LA-URSS-EN-VERDE-PA\u00cdSES-NEUTRALES-300x139.png 300w, https:\/\/auladeclio.com\/auladeclio\/wp-content\/uploads\/2020\/04\/ALIANZAS-GLOBALES-EN-1959-EN-AZUL-PA\u00cdSES-ALINEADOS-CON-LOS-EEUU-EN-ROJO-LOS-ALINEADOS-CON-LA-URSS-EN-VERDE-PA\u00cdSES-NEUTRALES-1024x474.png 1024w, https:\/\/auladeclio.com\/auladeclio\/wp-content\/uploads\/2020\/04\/ALIANZAS-GLOBALES-EN-1959-EN-AZUL-PA\u00cdSES-ALINEADOS-CON-LOS-EEUU-EN-ROJO-LOS-ALINEADOS-CON-LA-URSS-EN-VERDE-PA\u00cdSES-NEUTRALES-768x355.png 768w\" sizes=\"auto, (max-width: 1357px) 100vw, 1357px\" \/><\/a><figcaption class=\"caption wp-caption-text\">ALIANZAS GLOBALES EN 1959 (EN AZUL PA\u00cdSES ALINEADOS CON LOS EEUU EN ROJO LOS ALINEADOS CON LA URSS, EN VERDE PA\u00cdSES NEUTRALES)<\/figcaption><\/figure>\n<\/div>\n<\/div>\n<p>Por otro lado, <strong>Jap\u00f3n<\/strong> se convertir\u00e1 en el <strong>aliado m\u00e1s importante de los EEUU en la Pac\u00edfico<\/strong> y <strong>Latinoam\u00e9rica se ver\u00e1 envuelta en un sin fin de conflictos pol\u00edticos<\/strong> dise\u00f1ados en muchas ocasiones desde Washington para evitar la llegada del comunismo a Am\u00e9rica, lo que acabar\u00e1 sucediendo en Cuba.[\/vc_wp_text][vc_column_text]<span style=\"font-size: 8pt;\">B6\/2. Caracter\u00edsticas sociales y culturales de dos modelos pol\u00edticos diferentes:\u00a0comunismo y capitalismo.<\/span><\/p>\n<p><span style=\"font-size: 8pt;\">B6\/3. Estados Unidos y la URSS como modelos. Las dos superpotencias. Conflictos: de la Guerra Fr\u00eda a la Coexistencia Pac\u00edfica y la Distensi\u00f3n. Conflictos internos\u00a0dentro de los bloques.<\/span>[\/vc_column_text][vc_toggle title=&#8221;LA INTERVENCI\u00d3N DE LOS EEUU EN EUROPA OCCIDENTAL&#8221; custom_font_container=&#8221;tag:h4|text_align:left|color:%231e73be&#8221; custom_use_theme_fonts=&#8221;yes&#8221; use_custom_heading=&#8221;true&#8221;]\n<p style=\"text-align: justify;\"><div class=\"row\">\n<div class=\"col-lg-6 col-md-12 col-sm-12 col-12\">\n<p style=\"text-align: justify;\">INTERVENCI\u00d3N ECON\u00d3MICA EN LA RECONSTRUCCI\u00d3N DE EUROPA<\/p>\n<p style=\"text-align: justify;\">Desde 1944 los pa\u00edses europeos que acababan de ser libe\u00adrados del dominio del nazismo y el fascismo hab\u00edan recibido la ayuda de la UNRRA (United Nations Reliefand Rehabilitation), un organismo que daba cr\u00e9ditos destinados a la supervivencia de la poblaci\u00f3n. Despu\u00e9s de la guerra estas ayudas, que prove\u00adn\u00edan mayoritariamente de EEUU, eran insuficientes para que los pa\u00edses europeos se reconstruyeran y <strong>Truman tem\u00eda que Europa occidental, al borde de la quiebra financiera, cayera bajo la influencia sovi\u00e9tica.<\/strong><\/p>\n<p style=\"text-align: justify;\">EEUU no pod\u00eda exigir el pago inmediato de las deudas de guerra, pues eso sumir\u00eda a los europeos en una miseria a\u00fan mayor, disminuir\u00eda su capacidad de compra y no podr\u00eda adqui\u00adrir productos estadounidenses.<\/p>\n<p style=\"text-align: justify;\">Para apoyar la reconstrucci\u00f3n de la econom\u00eda europea y evitar una crisis como la de 1929, eran necesarios planes ambi\u00adciosos, como el que present\u00f3 Marshall, secretario de Estado del presidente Truman. <strong>El \u00abPlan Marshall\u00bb fue una verdadera \u00abllu\u00advia de d\u00f3lares\u00bb<\/strong>, en forma de ayudas y cr\u00e9ditos baratos a largo plazo. <strong>Para conceder la ayuda, el gobierno Truman exig\u00eda que los europeos se pusieran previamente de acuerdo en aceptar las condiciones y se unieran para crear un gran mercado.<\/strong><\/p>\n<p style=\"text-align: justify;\"><\/div>\n<div class=\"col-lg-6 col-md-12 col-sm-12 col-12\">\n<figure id=\"attachment_6817\" class=\"thumbnail wp-caption aligncenter\" style=\"width: 776px\"><a href=\"https:\/\/auladeclio.com\/auladeclio\/wp-content\/uploads\/2020\/04\/NI\u00d1O-SENTADO-EN-UN-CAMI\u00d3N-DE-LA-UNRRA-TRAS-LA-LIBERACI\u00d3N-DEL-CAMPO-DE-CONCENTRACI\u00d3N-DE-BUCHENWALD.jpg\"><img loading=\"lazy\" decoding=\"async\" class=\"size-full wp-image-6817\" src=\"https:\/\/auladeclio.com\/auladeclio\/wp-content\/uploads\/2020\/04\/NI\u00d1O-SENTADO-EN-UN-CAMI\u00d3N-DE-LA-UNRRA-TRAS-LA-LIBERACI\u00d3N-DEL-CAMPO-DE-CONCENTRACI\u00d3N-DE-BUCHENWALD.jpg\" alt=\"\" width=\"766\" height=\"599\" srcset=\"https:\/\/auladeclio.com\/auladeclio\/wp-content\/uploads\/2020\/04\/NI\u00d1O-SENTADO-EN-UN-CAMI\u00d3N-DE-LA-UNRRA-TRAS-LA-LIBERACI\u00d3N-DEL-CAMPO-DE-CONCENTRACI\u00d3N-DE-BUCHENWALD.jpg 766w, https:\/\/auladeclio.com\/auladeclio\/wp-content\/uploads\/2020\/04\/NI\u00d1O-SENTADO-EN-UN-CAMI\u00d3N-DE-LA-UNRRA-TRAS-LA-LIBERACI\u00d3N-DEL-CAMPO-DE-CONCENTRACI\u00d3N-DE-BUCHENWALD-300x235.jpg 300w\" sizes=\"auto, (max-width: 766px) 100vw, 766px\" \/><\/a><figcaption class=\"caption wp-caption-text\">NI\u00d1O SENTADO EN UN CAMI\u00d3N DE LA UNRRA TRAS LA LIBERACI\u00d3N DEL CAMPO DE CONCENTRACI\u00d3N DE BUCHENWALD<\/figcaption><\/figure>\n<p style=\"text-align: justify;\"><\/div>\n<\/div>\n<p style=\"text-align: justify;\">El 27 de junio de 1947 los ministros de Asuntos Exteriores de Reino Unido, Francia y la URSS se reunieron para estudiar la propuesta, que <strong>el ministro sovi\u00e9tico Molotov rechaz\u00f3 por considerarla una intolerable <\/strong><strong>injerencia en la soberan\u00eda de los Estados.<\/strong> Las otras dos partes la aceptaron y convocaron en Pa\u00adr\u00eds una conferencia de 22 pa\u00edses europeos para estudiarla. Al\u00adgunos pa\u00edses no asistieron debido a la presi\u00f3n de la URSS (Finlandia, Albania o Checoslovaquia), pero s\u00ed se reunieron to\u00addos los de Europa occidental, excepto Espa\u00f1a, que fue exclui\u00adda de la ayuda.<\/p>\n<p style=\"text-align: justify;\"><div class=\"row\">\n<div class=\"col-lg-4 col-md-12 col-sm-12 col-12\">\n<a href=\"https:\/\/auladeclio.com\/auladeclio\/wp-content\/uploads\/2020\/04\/EL-PLAN-MARSHALL.jpg\" target=\"_blank\" rel=\"noopener noreferrer\"><img loading=\"lazy\" decoding=\"async\" class=\"aligncenter wp-image-6818 size-full\" src=\"https:\/\/auladeclio.com\/auladeclio\/wp-content\/uploads\/2020\/04\/EL-PLAN-MARSHALL.jpg\" alt=\"\" width=\"255\" height=\"483\" srcset=\"https:\/\/auladeclio.com\/auladeclio\/wp-content\/uploads\/2020\/04\/EL-PLAN-MARSHALL.jpg 255w, https:\/\/auladeclio.com\/auladeclio\/wp-content\/uploads\/2020\/04\/EL-PLAN-MARSHALL-158x300.jpg 158w\" sizes=\"auto, (max-width: 255px) 100vw, 255px\" \/><\/a><\/div>\n<div class=\"col-lg-8 col-md-12 col-sm-12 col-12\">\n<p style=\"text-align: justify;\">En la conferencia de Par\u00eds (julio 1947) se cre\u00f3 la Organiza\u00adci\u00f3n para la Cooperaci\u00f3n Econ\u00f3mica Europea (OECE) para coor\u00addinar las ayudas, y se calcularon las cantidades que Europa ne\u00adcesitaba para la reconstrucci\u00f3n. <strong>Poco despu\u00e9s comenz\u00f3 a llegar la ayuda y los pa\u00edses europeos pudieron comprar lo que necesitaban: equipos industriales, alimentos, energ\u00eda, etc. Washington autorizaba previamente las compras, que deb\u00edan ser de productos estadounidenses al menos en un 60 por 100.<\/strong><\/p>\n<p style=\"text-align: justify;\"><strong>Todos los beneficiarios del Plan Marshall alcanzaron en cuatro a\u00f1os el nivel de producci\u00f3n de antes de la guerra. Cre\u00adci\u00f3 hasta el paroxismo la popularidad de los EEUU y, a trav\u00e9s del cine, su imagen de pa\u00eds de la libertad, garante de la demo\u00adcracia. Se puso de moda la Coca-Cola, el <em>&#8220;american way of life&#8221;<\/em> (modo de vida americano), el cine y los escritores americanos (Faulkner, Hemingway&#8230;).<\/strong><\/p>\n<p style=\"text-align: justify;\">Pero a la vez, a la sombra de la ayuda, Europa se dividi\u00f3 en dos campos enemigos que se dar\u00edan la espalda durante 50 a\u00f1os m\u00e1s. El bloque de Europa oriental, bajo hegemon\u00eda de la URSS, constituy\u00f3 mientras tanto el COMECON.<\/p>\n<p>&nbsp;<\/p>\n<p style=\"text-align: justify;\">LAS CONDICIONES POL\u00cdTICAS DE LA AYUDA A EUROPA<\/p>\n<p style=\"text-align: justify;\">El problema pol\u00edtico europeo era tan importante como el econ\u00f3mico. La frontera con los pa\u00edses socialistas pasaba por el centro de Alemania, lo que constitu\u00eda un peligro, que pareci\u00f3 a\u00fan mayor cuando se form\u00f3 la Kominform para la cooperaci\u00f3n entre los partidos comunistas europeos y Mosc\u00fa (1947).<\/p>\n<p style=\"text-align: justify;\"><\/div>\n<\/div>\n<p style=\"text-align: justify;\"><strong>Los Estados europeos (con excepciones, como la de Reino Unido)<\/strong> hab\u00edan sucumbido ante el avance irresistible de nazis y fascistas. En los pa\u00edses cuyos gobiernos colaboraron con los invasores, <strong>se hab\u00eda organizado clandestinamente la Resistencia, en la que hab\u00edan destacado los comunistas<\/strong>, lo que les hab\u00eda proporcionado apoyo entre los antifascistas.<\/p>\n<p style=\"text-align: justify;\"><div class=\"row\">\n<div class=\"col-lg-6 col-md-12 col-sm-12 col-12\">\n<figure id=\"attachment_6819\" class=\"thumbnail wp-caption aligncenter\" style=\"width: 810px\"><a href=\"https:\/\/auladeclio.com\/auladeclio\/wp-content\/uploads\/2020\/04\/PARTISANAS-Y-PARTISANOS-ITALIANOS-PATRULLANDO-MIL\u00c1N-EN-1945.jpg\"><img loading=\"lazy\" decoding=\"async\" class=\"size-full wp-image-6819\" src=\"https:\/\/auladeclio.com\/auladeclio\/wp-content\/uploads\/2020\/04\/PARTISANAS-Y-PARTISANOS-ITALIANOS-PATRULLANDO-MIL\u00c1N-EN-1945.jpg\" alt=\"\" width=\"800\" height=\"400\" srcset=\"https:\/\/auladeclio.com\/auladeclio\/wp-content\/uploads\/2020\/04\/PARTISANAS-Y-PARTISANOS-ITALIANOS-PATRULLANDO-MIL\u00c1N-EN-1945.jpg 800w, https:\/\/auladeclio.com\/auladeclio\/wp-content\/uploads\/2020\/04\/PARTISANAS-Y-PARTISANOS-ITALIANOS-PATRULLANDO-MIL\u00c1N-EN-1945-300x150.jpg 300w, https:\/\/auladeclio.com\/auladeclio\/wp-content\/uploads\/2020\/04\/PARTISANAS-Y-PARTISANOS-ITALIANOS-PATRULLANDO-MIL\u00c1N-EN-1945-768x384.jpg 768w\" sizes=\"auto, (max-width: 800px) 100vw, 800px\" \/><\/a><figcaption class=\"caption wp-caption-text\">PARTISANAS Y PARTISANOS ITALIANOS PATRULLANDO MIL\u00c1N EN 1945<\/figcaption><\/figure>\n<div class=\"wp-playlist wp-audio-playlist wp-playlist-light\">\n\t\t\t<div class=\"wp-playlist-current-item\"><\/div>\n\t\t<audio controls=\"controls\" preload=\"none\" width=\"626\"\n\t\t\t><\/audio>\n\t<div class=\"wp-playlist-next\"><\/div>\n\t<div class=\"wp-playlist-prev\"><\/div>\n\t<noscript>\n\t<ol>\n\t\t<li><a href='https:\/\/auladeclio.com\/auladeclio\/wp-content\/uploads\/2020\/04\/Bella-Ciao-Manu-Pilas.mp3'>BELLA CIAO<\/a><\/li>\t<\/ol>\n\t<\/noscript>\n\t<script type=\"application\/json\" class=\"wp-playlist-script\">{\"type\":\"audio\",\"tracklist\":false,\"tracknumbers\":true,\"images\":false,\"artists\":false,\"tracks\":[{\"src\":\"https:\/\/auladeclio.com\/auladeclio\/wp-content\/uploads\/2020\/04\/Bella-Ciao-Manu-Pilas.mp3\",\"type\":\"audio\/mpeg\",\"title\":\"BELLA CIAO\",\"caption\":\"\",\"description\":\"BELLA CIAO\",\"meta\":{\"album\":\"CANCI\\u00d3N PARTISANA\",\"year\":\"2019\",\"length_formatted\":\"2:15\"},\"image\":{\"src\":\"https:\/\/auladeclio.com\/auladeclio\/wp-content\/uploads\/2020\/04\/Bella-Ciao-Manu-Pilas-mp3-image.jpg\",\"width\":640,\"height\":360},\"thumb\":{\"src\":\"https:\/\/auladeclio.com\/auladeclio\/wp-content\/uploads\/2020\/04\/Bella-Ciao-Manu-Pilas-mp3-image-150x150.jpg\",\"width\":150,\"height\":150}}]}<\/script>\n<\/div>\n\t\n<p style=\"text-align: justify;\"><\/div>\n<div class=\"col-lg-6 col-md-12 col-sm-12 col-12\">\n<p style=\"text-align: justify;\">Adem\u00e1s, tanto en Europa como en EEUU era grande el prestigio de la URSS, por su victoriosa lucha contra el nazismo.<strong> Mientras tanto, algunos partidos tenidos por democr\u00e1ticos hab\u00edan colaborado con nazis y fascistas<\/strong> o se hab\u00edan mostrado pasivos frente a ellos. Por ello, en la inmediata posguerra, los partidos de ultraderecha y los conservadores y liberales perdieron fuerza pol\u00edtica ante las acusaciones de colaboracionismo. Los socialistas tampoco ten\u00edan en todas partes un limpio historial antifascista: fueron tildados de colaboracionistas en Francia y en Italia, mientras la socialdemocracia alemana, que hab\u00eda luchado contra el nazismo, conserv\u00f3 un amplio apoyo. <strong>En muchos pa\u00edses europeos el ascenso de la izquierda era general.<\/strong><\/p>\n<p style=\"text-align: justify;\"><strong>Ante tan dif\u00edcil panorama, a partir de 1947 los Estados Unidos exigieron que los comunistas salieran de los gobiernos europeos como condici\u00f3n para recibir las ayudas del Plan Marshall.<\/strong> Los partidos cat\u00f3licos (Movimiento Republicano Popular-MRP, en Francia, Democracia Cristiana-DC, en Italia, Partido Popular en Austria&#8230;) hab\u00edan conseguido el apoyo mayoritario de la opini\u00f3n moderada y anticomunista y fueron desde entonces el muro de contenci\u00f3n del comunismo.<\/p>\n<p style=\"text-align: justify;\"><\/div>\n<\/div>[\/vc_toggle][vc_toggle title=&#8221;LA EVOLUCI\u00d3N DE LOS EEUU ENTRE 1945 Y 1963&#8243; custom_font_container=&#8221;tag:h4|text_align:left|color:%231e73be&#8221; custom_use_theme_fonts=&#8221;yes&#8221; use_custom_heading=&#8221;true&#8221;]\n<p style=\"text-align: justify;\">LA ADMINISTRACI\u00d3N TRUMAN (1945-1952)<\/p>\n<p style=\"text-align: justify;\"><strong>Poco antes de terminar la Segunda Guerra Mundial<\/strong>, muri\u00f3 el presidente Roosevelt y <strong>asumi\u00f3 la presidencia Truman<\/strong>, tambi\u00e9n del Partido <strong>Dem\u00f3crata<\/strong> y comprometido con el New Deal. Su pol\u00edtica (<em>Fair Deal<\/em>) consist\u00eda en desmilitarizar la econom\u00eda y garantizar derechos de los trabajadores como el pleno empleo, el salario digno, seguro de enfermedad y viviendas dignas. Mientras tanto, el Partido Republicano clamaba por una vuelta r\u00e1pida al capitalismo de libre mercado.<\/p>\n<p style=\"text-align: justify;\"><div class=\"row\">\n<div class=\"col-lg-6 col-md-12 col-sm-12 col-12\">\n<figure id=\"attachment_6826\" class=\"thumbnail wp-caption aligncenter\" style=\"width: 658px\"><a href=\"https:\/\/auladeclio.com\/auladeclio\/wp-content\/uploads\/2020\/04\/HUELGA-DE-OPERADORES-TELEF\u00d3NICOS-EN-1947.jpg\" target=\"_blank\" rel=\"noopener noreferrer\"><img loading=\"lazy\" decoding=\"async\" class=\"wp-image-6826 size-large\" src=\"https:\/\/auladeclio.com\/auladeclio\/wp-content\/uploads\/2020\/04\/HUELGA-DE-OPERADORES-TELEF\u00d3NICOS-EN-1947-1024x723.jpg\" alt=\"\" width=\"648\" height=\"458\" srcset=\"https:\/\/auladeclio.com\/auladeclio\/wp-content\/uploads\/2020\/04\/HUELGA-DE-OPERADORES-TELEF\u00d3NICOS-EN-1947-1024x723.jpg 1024w, https:\/\/auladeclio.com\/auladeclio\/wp-content\/uploads\/2020\/04\/HUELGA-DE-OPERADORES-TELEF\u00d3NICOS-EN-1947-300x212.jpg 300w, https:\/\/auladeclio.com\/auladeclio\/wp-content\/uploads\/2020\/04\/HUELGA-DE-OPERADORES-TELEF\u00d3NICOS-EN-1947-768x542.jpg 768w, https:\/\/auladeclio.com\/auladeclio\/wp-content\/uploads\/2020\/04\/HUELGA-DE-OPERADORES-TELEF\u00d3NICOS-EN-1947.jpg 1118w\" sizes=\"auto, (max-width: 648px) 100vw, 648px\" \/><\/a><figcaption class=\"caption wp-caption-text\">HUELGA DE OPERADORES TELEF\u00d3NICOS EN 1947<\/figcaption><\/figure>\n<p style=\"text-align: justify;\"><\/div>\n<div class=\"col-lg-6 col-md-12 col-sm-12 col-12\">\n<p style=\"text-align: justify;\">El crecimiento econ\u00f3mico estuvo acompa\u00f1ado de una <strong>importante inflaci\u00f3n<\/strong>, lo que dio lugar a <strong>numerosas huelgas obreras y agitaci\u00f3n social<\/strong>, dirigidas por dos sindicatos: American Federation of Labour (AFL) y Congress of Industrial Organization (CIO).<\/p>\n<p style=\"text-align: justify;\">Apoy\u00e1ndose en ese descontento, <strong>los republicanos realizaron una campa\u00f1a electoral con el lema \u00ab<em>Had enough<\/em>\u00bb (hab\u00e9is tenido bastante) y obtuvieron mayor\u00eda en el Congreso por primera vez desde 1930<\/strong>. Desde entonces Truman tuvo que gobernar en minor\u00eda parlamentaria y su pol\u00edtica sufri\u00f3 muchos recortes. <strong>Se redujeron hasta un 60 por 100 los impuestos sobre las grandes fortunas<\/strong>, con lo que se recortaban las inversiones del Estado en la producci\u00f3n y en las prestaciones sociales. <strong>Se limit\u00f3 tanto el derecho de huelga<\/strong> que \u00e9sta qued\u00f3 prohibida a los funcionarios y cualquier huelga deb\u00eda ser notificada con dos meses de antelaci\u00f3n. Incluso fueron rechazadas las propuestas de Truman para mejorar la seguridad social, afirmando que eran \u00abmedicina socialista\u00bb.<\/p>\n<p>&nbsp;<\/p>\n<p style=\"text-align: justify;\"><div class=\"row\"><\/div>\n<div class=\"col-lg-6 col-md-12 col-sm-12 col-12\"><\/div><\/div>\n<div class=\"col-lg-6 col-md-12 col-sm-12 col-12\"><\/div><\/div>\n<p>&nbsp;<\/p>\n<p style=\"text-align: justify;\">LA CAZA DE BRUJAS<\/p>\n<p style=\"text-align: justify;\"><div class=\"row\">\n<div class=\"col-lg-6 col-md-12 col-sm-12 col-12\">\n<p style=\"text-align: justify;\"><strong>Desde 1949<\/strong>, con la explosi\u00f3n de la primera bomba at\u00f3mica sovi\u00e9tica, la toma del poder por los comunistas en China y el inicio de la Guerra de Corea poco despu\u00e9s, <strong>los republicanos atizaron el \u00abmiedo rojo\u00bb y un verdadero delirio anticomunista se apoder\u00f3 del pa\u00eds.<\/strong><\/p>\n<p style=\"text-align: justify;\">En este clima, el senador McCarthy encabez\u00f3 una comisi\u00f3n del Senado para perseguir la infiltraci\u00f3n comunista, que<strong> entre 1950 y 1954<\/strong> llev\u00f3 a cabo una <strong>verdadera \u00abcaza de brujas\u00bb en la que hubo numerosos atropellos a pol\u00edticos liberales, intelectuales o militantes destacados de los sindicatos.<\/strong> Todo tipo de personas fueron acusadas de colaboraci\u00f3n directa o indirecta con el enemigo comunista. \u00c9ste fue el caso de los esposos Rosenberg, procesados como esp\u00edas de la URSS, que murieron en la silla el\u00e9ctrica, a pesar de la fuerte campa\u00f1a mundial contra su ejecuci\u00f3n.<\/p>\n<p style=\"text-align: justify;\"><\/div>\n<div class=\"col-lg-6 col-md-12 col-sm-12 col-12\"><iframe loading=\"lazy\" src=\"https:\/\/drive.google.com\/file\/d\/1LLaf3aa8664lvEQwcLS_cXWWu94DVMDg\/preview\" width=\"580\" height=\"300\"><\/iframe><\/div><\/div>Institutos y universidades exig\u00edan a sus profesores juramento de \u00abpureza ideol\u00f3gica\u00bb. Muchos especialistas en Historia de China o de Rusia perdieron su empleo, as\u00ed como numerosos artistas. El sindicato de actores, del que entonces era presidente Ronald Reagan, denunci\u00f3 a sospechosos de colaboraci\u00f3n con el comunismo en la industria del cine, lo que llev\u00f3 al<strong> exilio o<\/strong> al <strong>paro a Charles Chaplin (Charlot), Orson Wells o Joseph Losey, junto con otros muchos artistas.<\/strong> En estos a\u00f1os<strong> se aprobaron muchas leyes contrarias a la libertad de pensamiento y concienci<\/strong>a, y la sociedad norteamericana qued\u00f3 marcada por un profundo anticomunismo.<\/p>\n<p style=\"text-align: justify;\"><div class=\"row\">\n<div class=\"row\"><\/div>\n<div class=\"col-lg-6 col-md-12 col-sm-12 col-12\"><\/div>\n<div class=\"col-lg-6 col-md-12 col-sm-12 col-12\"><\/div><\/div>\n<div class=\"col-lg-6 col-md-12 col-sm-12 col-12\"><iframe loading=\"lazy\" src=\"https:\/\/www.dailymotion.com\/embed\/video\/x2iaosd\" width=\"580\" height=\"300\" frameborder=\"0\" allowfullscreen=\"allowfullscreen\"><\/iframe><\/p>\n<p style=\"text-align: center;\"><span style=\"font-size: 10pt;\">EL DESARROLLO DE LA GUERRA FR\u00cdA Y LAS PRESIDENCIAS DE TRUMAN Y\u00a0EISENHOWER<\/span><\/p>\n<p style=\"text-align: justify;\"><\/div>\n<div class=\"col-lg-6 col-md-12 col-sm-12 col-12\">\n<p style=\"text-align: justify;\"><iframe loading=\"lazy\" src=\"https:\/\/www.dailymotion.com\/embed\/video\/x2iapnb\" width=\"580\" height=\"300\" frameborder=\"0\" allowfullscreen=\"allowfullscreen\"><\/iframe><\/p>\n<p style=\"text-align: center;\"><span style=\"font-size: 10pt;\">LA PRESIDENCIA DE KENNEDY Y LA LLEGADA DE NIXON<\/span><\/p>\n<p>&nbsp;<\/p>\n<p>&nbsp;<\/p>\n<p style=\"text-align: justify;\"><\/div>\n<p style=\"text-align: justify;\">LA VUELTA AL PODER DE LOS REPUBLICANOS (1952-1961)<\/p>\n<p style=\"text-align: justify;\"><strong>En 1952, los republicanos ganaron finalmente las elecciones y fue presidente el general Dwight Eisenhower (\u00abIke\u00bb)<\/strong>, h\u00e9roe de la Segunda Guerra Mundial. Fiel a la pol\u00edtica del Partido Republicano, <strong>redujo los impuestos a las grandes empresas y los gastos sociales<\/strong>, recort\u00f3 los gastos del Estado y apost\u00f3 por el libre mercado. <strong>La econom\u00eda estadounidense nadaba por entonces en la abundancia<\/strong>, lo que le permiti\u00f3 mantener el pleno empleo y conservar gran parte de la infraestructura del \u00abEstado del Bienestar\u00bb que los dem\u00f3cratas hab\u00edan puesto t\u00edmidamente en pie.<\/p>\n<p style=\"text-align: justify;\"><div class=\"row\">\n<div class=\"col-lg-6 col-md-12 col-sm-12 col-12\">\n<p style=\"text-align: justify;\"><strong>Eisenhower fue reelegido en 1956,<\/strong> cuando empezaban a plantearse otros problemas que la sociedad estadounidense todav\u00eda no hab\u00eda resuelto: el de la igualdad de derechos civiles para todos sus ciudadanos. <strong>En aquel pa\u00eds de la abundancia, la mayor\u00eda de la poblaci\u00f3n negra estaba sumida en el paro y la pobreza y privada de derechos. En estos a\u00f1os los negros norteamericanos se organizaron para luchar por la igualdad.<\/strong><\/p>\n<p style=\"text-align: justify;\"><strong>En 1954, el Tribunal Supremo declar\u00f3 inconstitucional la segregaci\u00f3n racial en las escuelas p\u00fablicas<\/strong>, pero se tard\u00f3 a\u00f1os en hacer cumplir la sentencia en los estados del sur. La lucha que alcanz\u00f3 m\u00e1s extensi\u00f3n fue la que lideraba <strong>Martin Luther King, que organiz\u00f3 campa\u00f1as de boicot, manifestaciones y protestas no violentas en todo el pa\u00eds.<\/strong> El racismo blanco del sur se desat\u00f3 en acciones violentas.<\/p>\n<p style=\"text-align: justify;\"><\/div>\n<div class=\"col-lg-2 col-md-12 col-sm-12 col-12\">\n<figure id=\"attachment_6836\" class=\"thumbnail wp-caption aligncenter\" style=\"width: 178px\"><a href=\"https:\/\/auladeclio.com\/auladeclio\/wp-content\/uploads\/2020\/04\/MARTIN-LUTHER-KING.jpg\" target=\"_blank\" rel=\"noopener noreferrer\"><img loading=\"lazy\" decoding=\"async\" class=\"wp-image-6836 size-medium\" src=\"https:\/\/auladeclio.com\/auladeclio\/wp-content\/uploads\/2020\/04\/MARTIN-LUTHER-KING-168x300.jpg\" alt=\"\" width=\"168\" height=\"300\" srcset=\"https:\/\/auladeclio.com\/auladeclio\/wp-content\/uploads\/2020\/04\/MARTIN-LUTHER-KING-168x300.jpg 168w, https:\/\/auladeclio.com\/auladeclio\/wp-content\/uploads\/2020\/04\/MARTIN-LUTHER-KING.jpg 296w\" sizes=\"auto, (max-width: 168px) 100vw, 168px\" \/><\/a><figcaption class=\"caption wp-caption-text\">MARTIN LUTHER KING<\/figcaption><\/figure>\n<p style=\"text-align: justify;\"><\/div>\n<div class=\"col-lg-4 col-md-12 col-sm-12 col-12\">\n<figure id=\"attachment_6834\" class=\"thumbnail wp-caption aligncenter\" style=\"width: 310px\"><a href=\"https:\/\/auladeclio.com\/auladeclio\/wp-content\/uploads\/2020\/04\/EISENHOWER-Y-FRANCO-EN-LA-VISITA-DEL-PRIMERO-A-ESPA\u00d1A-EN-1959.jpg\" target=\"_blank\" rel=\"noopener noreferrer\"><img loading=\"lazy\" decoding=\"async\" class=\"wp-image-6834 size-medium\" src=\"https:\/\/auladeclio.com\/auladeclio\/wp-content\/uploads\/2020\/04\/EISENHOWER-Y-FRANCO-EN-LA-VISITA-DEL-PRIMERO-A-ESPA\u00d1A-EN-1959-300x212.jpg\" alt=\"\" width=\"300\" height=\"212\" srcset=\"https:\/\/auladeclio.com\/auladeclio\/wp-content\/uploads\/2020\/04\/EISENHOWER-Y-FRANCO-EN-LA-VISITA-DEL-PRIMERO-A-ESPA\u00d1A-EN-1959-300x212.jpg 300w, https:\/\/auladeclio.com\/auladeclio\/wp-content\/uploads\/2020\/04\/EISENHOWER-Y-FRANCO-EN-LA-VISITA-DEL-PRIMERO-A-ESPA\u00d1A-EN-1959.jpg 607w\" sizes=\"auto, (max-width: 300px) 100vw, 300px\" \/><\/a><figcaption class=\"caption wp-caption-text\">EISENHOWER Y FRANCO EN LA VISITA DEL PRIMERO A ESPA\u00d1A EN 1959<\/figcaption><\/figure>\n<p>&nbsp;<\/p>\n<p style=\"text-align: justify;\"><\/div>\n<\/div>\n<p style=\"text-align: justify;\">EL TRIENIO KENNEDY (1961-1963)<\/p>\n<p style=\"text-align: justify;\"><strong>En 1961 los dem\u00f3cratas ganaron otra vez las elecciones y lleg\u00f3 a la presidencia John F. Kennedy<\/strong>, que en su programa pol\u00edtico llamado \u00abNew Frontier\u00bb (Nueva Frontera) se propon\u00eda <strong>luchar contra la pobreza y la marginaci\u00f3n<\/strong>, pues en EEUU hab\u00eda entonces m\u00e1s de 50 millones de pobres. Volviendo en parte a la l\u00ednea de Roosevelt,<strong> hizo grandes inversiones en obras p\u00fablicas, aument\u00f3 el salario m\u00ednimo y las prestaciones por desempleo y enfermedad.<\/strong> Era necesaria una uni\u00f3n nacional s\u00f3lida para hacer frente a algunos de los episodios m\u00e1s importantes de la Guerra Fr\u00eda, como la crisis de los misiles, o el env\u00edo de tropas a Vietnam.<\/p>\n<p style=\"text-align: justify;\"><strong>Kennedy fue asesinado en 1963<\/strong>, sin que se hayan aclarado a\u00fan ni las causas ni los autores de su muerte. Le sucedi\u00f3 el dem\u00f3crata Lyndon B. Johnson, quien comenz\u00f3 su mandato destinando mil millones de d\u00f3lares a la poblaci\u00f3n m\u00e1s pobre, a trav\u00e9s de ayudas a la educaci\u00f3n, vivienda, transportes y todo tipo de subsidios. Por fin, <strong>en 1964, se aprob\u00f3 la Ley de Derechos Civiles, que pretend\u00eda garantizar el voto y la no discriminaci\u00f3n de la poblaci\u00f3n negra.<\/strong> Pero para entonces era quiz\u00e1 demasiado tarde y no pudo evitarse la aparici\u00f3n de una gran fractura social.<\/p>\n<p style=\"text-align: justify;\">Crec\u00eda el movimiento pac\u00edfico de los negros (Martin L. King concentr\u00f3 en 1963 en Washington a 250.000 personas), pero <strong>surgieron<\/strong> tambi\u00e9n <strong>organizaciones que propugnaban la lucha violenta y el nacionalismo africanista<\/strong> negro, como los Black Muslims (Musulmanes Negros), los Black Panthers (Panteras Negras) y otros, cuya aspiraci\u00f3n com\u00fan era el Black Power (Poder Negro). Abundaron los motines raciales.<\/p>\n<p style=\"text-align: justify;\"><div class=\"row\">\n<div class=\"col-lg-3 col-md-12 col-sm-12 col-12\">\n<figure id=\"attachment_6838\" class=\"thumbnail wp-caption aligncenter\" style=\"width: 241px\"><a href=\"https:\/\/auladeclio.com\/auladeclio\/wp-content\/uploads\/2020\/04\/JOHN-F.-KENNEDY.jpg\" target=\"_blank\" rel=\"noopener noreferrer\"><img loading=\"lazy\" decoding=\"async\" class=\"wp-image-6838 size-medium\" src=\"https:\/\/auladeclio.com\/auladeclio\/wp-content\/uploads\/2020\/04\/JOHN-F.-KENNEDY-231x300.jpg\" alt=\"\" width=\"231\" height=\"300\" srcset=\"https:\/\/auladeclio.com\/auladeclio\/wp-content\/uploads\/2020\/04\/JOHN-F.-KENNEDY-231x300.jpg 231w, https:\/\/auladeclio.com\/auladeclio\/wp-content\/uploads\/2020\/04\/JOHN-F.-KENNEDY-790x1024.jpg 790w, https:\/\/auladeclio.com\/auladeclio\/wp-content\/uploads\/2020\/04\/JOHN-F.-KENNEDY-768x996.jpg 768w, https:\/\/auladeclio.com\/auladeclio\/wp-content\/uploads\/2020\/04\/JOHN-F.-KENNEDY.jpg 800w\" sizes=\"auto, (max-width: 231px) 100vw, 231px\" \/><\/a><figcaption class=\"caption wp-caption-text\">JOHN F. KENNEDY<\/figcaption><\/figure>\n<p style=\"text-align: justify;\"><\/div>\n<div class=\"col-lg-3 col-md-12 col-sm-12 col-12\">\n<figure id=\"attachment_6839\" class=\"thumbnail wp-caption aligncenter\" style=\"width: 236px\"><a href=\"https:\/\/auladeclio.com\/auladeclio\/wp-content\/uploads\/2020\/04\/LYNDON-B.-JOHNSON.jpg\" target=\"_blank\" rel=\"noopener noreferrer\"><img loading=\"lazy\" decoding=\"async\" class=\"wp-image-6839 size-medium\" src=\"https:\/\/auladeclio.com\/auladeclio\/wp-content\/uploads\/2020\/04\/LYNDON-B.-JOHNSON-226x300.jpg\" alt=\"\" width=\"226\" height=\"300\" srcset=\"https:\/\/auladeclio.com\/auladeclio\/wp-content\/uploads\/2020\/04\/LYNDON-B.-JOHNSON-226x300.jpg 226w, https:\/\/auladeclio.com\/auladeclio\/wp-content\/uploads\/2020\/04\/LYNDON-B.-JOHNSON-771x1024.jpg 771w, https:\/\/auladeclio.com\/auladeclio\/wp-content\/uploads\/2020\/04\/LYNDON-B.-JOHNSON-768x1020.jpg 768w, https:\/\/auladeclio.com\/auladeclio\/wp-content\/uploads\/2020\/04\/LYNDON-B.-JOHNSON.jpg 800w\" sizes=\"auto, (max-width: 226px) 100vw, 226px\" \/><\/a><figcaption class=\"caption wp-caption-text\">LYNDON B. JOHNSON<\/figcaption><\/figure>\n<p style=\"text-align: justify;\"><\/div>\n<div class=\"col-lg-3 col-md-12 col-sm-12 col-12\">\n<figure id=\"attachment_6840\" class=\"thumbnail wp-caption aligncenter\" style=\"width: 317px\"><a href=\"https:\/\/auladeclio.com\/auladeclio\/wp-content\/uploads\/2020\/04\/DOS-DE-LOS-FUNDADORES-DE-LOS-BLACK-PANTHER-BOBBY-SEALE-Y-HUEY-P.-NEWTON-ARMADOS-EN-LA-CALLE.jpg\" target=\"_blank\" rel=\"noopener noreferrer\"><img loading=\"lazy\" decoding=\"async\" class=\"wp-image-6840\" src=\"https:\/\/auladeclio.com\/auladeclio\/wp-content\/uploads\/2020\/04\/DOS-DE-LOS-FUNDADORES-DE-LOS-BLACK-PANTHER-BOBBY-SEALE-Y-HUEY-P.-NEWTON-ARMADOS-EN-LA-CALLE.jpg\" alt=\"\" width=\"307\" height=\"300\" srcset=\"https:\/\/auladeclio.com\/auladeclio\/wp-content\/uploads\/2020\/04\/DOS-DE-LOS-FUNDADORES-DE-LOS-BLACK-PANTHER-BOBBY-SEALE-Y-HUEY-P.-NEWTON-ARMADOS-EN-LA-CALLE.jpg 319w, https:\/\/auladeclio.com\/auladeclio\/wp-content\/uploads\/2020\/04\/DOS-DE-LOS-FUNDADORES-DE-LOS-BLACK-PANTHER-BOBBY-SEALE-Y-HUEY-P.-NEWTON-ARMADOS-EN-LA-CALLE-300x293.jpg 300w, https:\/\/auladeclio.com\/auladeclio\/wp-content\/uploads\/2020\/04\/DOS-DE-LOS-FUNDADORES-DE-LOS-BLACK-PANTHER-BOBBY-SEALE-Y-HUEY-P.-NEWTON-ARMADOS-EN-LA-CALLE-60x60.jpg 60w\" sizes=\"auto, (max-width: 307px) 100vw, 307px\" \/><\/a><figcaption class=\"caption wp-caption-text\">DOS DE LOS FUNDADORES DE LOS BLACK PANTHER BOBBY SEALE Y HUEY P. NEWTON ARMADOS EN LA CALLE<\/figcaption><\/figure>\n<p style=\"text-align: justify;\"><\/div>\n<div class=\"col-lg-3 col-md-12 col-sm-12 col-12\">\n<figure id=\"attachment_6841\" class=\"thumbnail wp-caption aligncenter\" style=\"width: 245px\"><a href=\"https:\/\/auladeclio.com\/auladeclio\/wp-content\/uploads\/2020\/04\/MANIFESTACI\u00d3N-CON-S\u00cdMBOLOS-HIPPIES-EN-LOS-60.jpeg\" target=\"_blank\" rel=\"noopener noreferrer\"><img loading=\"lazy\" decoding=\"async\" class=\"wp-image-6841 size-medium\" src=\"https:\/\/auladeclio.com\/auladeclio\/wp-content\/uploads\/2020\/04\/MANIFESTACI\u00d3N-CON-S\u00cdMBOLOS-HIPPIES-EN-LOS-60-235x300.jpeg\" alt=\"\" width=\"235\" height=\"300\" srcset=\"https:\/\/auladeclio.com\/auladeclio\/wp-content\/uploads\/2020\/04\/MANIFESTACI\u00d3N-CON-S\u00cdMBOLOS-HIPPIES-EN-LOS-60-235x300.jpeg 235w, https:\/\/auladeclio.com\/auladeclio\/wp-content\/uploads\/2020\/04\/MANIFESTACI\u00d3N-CON-S\u00cdMBOLOS-HIPPIES-EN-LOS-60.jpeg 393w\" sizes=\"auto, (max-width: 235px) 100vw, 235px\" \/><\/a><figcaption class=\"caption wp-caption-text\">MANIFESTACI\u00d3N EN LOS 60<\/figcaption><\/figure>\n<p style=\"text-align: justify;\"><\/div>\n<\/div>Tambi\u00e9n los movimientos juveniles rechazaban aquella sociedad del dinero y el consumo y buscaban formas de auto-marginaci\u00f3n (beatniks, hipie).[\/vc_toggle][vc_toggle title=&#8221;LA EVOLUCI\u00d3N DE EUROPA OCCIDENTAL ENTRE 1945 Y 1963&#8243; custom_font_container=&#8221;tag:h4|text_align:left|color:%231e73be&#8221; custom_use_theme_fonts=&#8221;yes&#8221; use_custom_heading=&#8221;true&#8221;]\n<p style=\"text-align: justify;\">EL REINO UNIDO<\/p>\n<p style=\"text-align: justify;\">A pesar del importante papel que el conservador Churchill hab\u00eda desempe\u00f1ado durante la guerra, <strong>las elecciones de 1945 dieron la victoria a los laboristas<\/strong> (Attlee fue el primer ministro), el <strong>principal motivo<\/strong> por el que consiguieron la victoria residi\u00f3 en <strong>el problema de la India<\/strong>, desde 1918 era ya un territorio dif\u00edcilmente gobernable, y en 1945, un problema irresoluble. <strong>Los laboristas propusieron acelerar la independencia<\/strong>, lo que increment\u00f3 su apoyo social en las elecciones de posguerra. <strong>Tras su victoria propusieron la creaci\u00f3n del <em>Welfare State<\/em>, que asegurara la vida de los ciudadanos &#8220;desde la cuna hasta la tumba&#8221;.<\/strong><\/p>\n<p style=\"text-align: justify;\"><div class=\"row\">\n<div class=\"col-lg-6 col-md-12 col-sm-12 col-12\">\n<figure id=\"attachment_6855\" class=\"thumbnail wp-caption aligncenter\" style=\"width: 658px\"><a href=\"https:\/\/auladeclio.com\/auladeclio\/wp-content\/uploads\/2020\/04\/CHURCHILL-Y-ATTLEE.jpg\" target=\"_blank\" rel=\"noopener noreferrer\"><img loading=\"lazy\" decoding=\"async\" class=\"wp-image-6855 size-large\" src=\"https:\/\/auladeclio.com\/auladeclio\/wp-content\/uploads\/2020\/04\/CHURCHILL-Y-ATTLEE-1024x639.jpg\" alt=\"\" width=\"648\" height=\"404\" srcset=\"https:\/\/auladeclio.com\/auladeclio\/wp-content\/uploads\/2020\/04\/CHURCHILL-Y-ATTLEE-1024x639.jpg 1024w, https:\/\/auladeclio.com\/auladeclio\/wp-content\/uploads\/2020\/04\/CHURCHILL-Y-ATTLEE-300x187.jpg 300w, https:\/\/auladeclio.com\/auladeclio\/wp-content\/uploads\/2020\/04\/CHURCHILL-Y-ATTLEE-768x479.jpg 768w, https:\/\/auladeclio.com\/auladeclio\/wp-content\/uploads\/2020\/04\/CHURCHILL-Y-ATTLEE.jpg 1280w\" sizes=\"auto, (max-width: 648px) 100vw, 648px\" \/><\/a><figcaption class=\"caption wp-caption-text\">CHURCHILL Y ATTLEE<\/figcaption><\/figure>\n<p style=\"text-align: justify;\"><\/div>\n<div class=\"col-lg-6 col-md-12 col-sm-12 col-12\">\n<p style=\"text-align: justify;\"><strong>En cinco a\u00f1os se hizo la llamada &#8220;revoluci\u00f3n silenciosa&#8221;<\/strong>. Se convirtieron en propiedad del Estado (se nacionalizaron) los transportes y comunicaciones, las minas de carb\u00f3n, el gas y la electricidad. <strong>El Estado se convirti\u00f3 en el mayor empresario, controlaba los sectores clave de la econom\u00eda.<\/strong> Se elevaron los impuestos sobre las grandes fortunas, se construyeron viviendas baratas, se organizaron seguros completos de enfermedad, vejez, accidente y paro y se democratiz\u00f3 la ense\u00f1anza.<\/p>\n<p style=\"text-align: justify;\"><strong>En 1951, los conservadores, dirigidos por Churchill, volvieron al poder<\/strong>, pero conservaron los logros fundamentales del nuevo Estado del Bienestar, aunque <strong>detuvieron las nacionalizaciones<\/strong>.<\/p>\n<p style=\"text-align: justify;\">En estos a\u00f1os Reino Unido comenz\u00f3 a deshacerse de los restos de su Imperio, necesitaba recortar los gastos de defensa y suprimi\u00f3 el servicio militar obligatorio, lo que cerraba para siempre las perspectivas imperiales.<\/p>\n<p style=\"text-align: justify;\"><\/div>\n<\/div>\n<p style=\"text-align: justify;\"><div class=\"row\">\n<div class=\"col-lg-6 col-md-12 col-sm-12 col-12\">\n<p><span style=\"background-color: #ffffff; color: #ffffff;\">.<\/span><\/p>\n<p><span style=\"background-color: #ffffff; color: #ffffff;\">.<\/span><\/p>\n<figure id=\"attachment_6859\" class=\"thumbnail wp-caption aligncenter\" style=\"width: 396px\"><a href=\"https:\/\/auladeclio.com\/auladeclio\/wp-content\/uploads\/2020\/04\/KENNEDY-Y-DE-GAULLE-EN-1961-EN-PAR\u00cdS.jpg\" target=\"_blank\" rel=\"noopener noreferrer\"><img loading=\"lazy\" decoding=\"async\" class=\"wp-image-6859\" src=\"https:\/\/auladeclio.com\/auladeclio\/wp-content\/uploads\/2020\/04\/KENNEDY-Y-DE-GAULLE-EN-1961-EN-PAR\u00cdS.jpg\" alt=\"\" width=\"386\" height=\"300\" srcset=\"https:\/\/auladeclio.com\/auladeclio\/wp-content\/uploads\/2020\/04\/KENNEDY-Y-DE-GAULLE-EN-1961-EN-PAR\u00cdS.jpg 1000w, https:\/\/auladeclio.com\/auladeclio\/wp-content\/uploads\/2020\/04\/KENNEDY-Y-DE-GAULLE-EN-1961-EN-PAR\u00cdS-300x233.jpg 300w, https:\/\/auladeclio.com\/auladeclio\/wp-content\/uploads\/2020\/04\/KENNEDY-Y-DE-GAULLE-EN-1961-EN-PAR\u00cdS-768x598.jpg 768w\" sizes=\"auto, (max-width: 386px) 100vw, 386px\" \/><\/a><figcaption class=\"caption wp-caption-text\">KENNEDY Y DE GAULLE EN 1961 EN PAR\u00cdS<\/figcaption><\/figure>\n<p style=\"text-align: justify;\"><\/div>\n<div class=\"col-lg-6 col-md-12 col-sm-12 col-12\">\n<p><span style=\"background-color: #ffffff; color: #ffffff;\">.<\/span><\/p>\n<p style=\"text-align: justify;\">FRA<span style=\"background-color: #ffffff;\">NCIA<\/span><\/p>\n<p style=\"text-align: justify;\">En <strong>1945<\/strong> ten\u00eda un <strong>gobierno provisional<\/strong> dirigido por el <strong>general De Gaulle<\/strong>, uno de los l\u00edderes de la Resistencia. En <strong>1946<\/strong> naci\u00f3 la <strong>IV Rep\u00fablica<\/strong>, cuya constituci\u00f3n somet\u00eda al poder ejecutivo a un <strong>estricto control parlamentario<\/strong>. Las elecciones concentraron los votos en los tres partidos m\u00e1s importantes de la Resistencia: el Partido Comunista obtuvo 160 esca\u00f1os, el Partido Socialista 142 y el Movimiento Republicano Popular, que agrupaba al movimiento cat\u00f3lico, 152 esca\u00f1os. Se constituy\u00f3 un<strong> gobierno tripartito, partidario de las nacionalizaciones<\/strong> (la miner\u00eda, la industria de armamento, Renault, los grandes bancos, el gas y la electricidad) <strong>y del Estado del Bienestar.<\/strong> A partir de 1947 la presi\u00f3n de EEUU hizo que los comunistas salieran del gobierno.<\/p>\n<p style=\"text-align: justify;\"><strong>De Gaulle<\/strong> form\u00f3 un partido conservador y nacionalista, el RPF (Rassemblement du Peuple Francais), de corte autoritario, <strong>fuertemente anticomunista y contrario a lo que consideraba un excesivo poder del Parlament<\/strong>o de la IV Rep\u00fablica.<\/p>\n<p style=\"text-align: justify;\"><\/div>\n<\/div>\n<p style=\"text-align: justify;\">Ante la inevitable descolonizaci\u00f3n, <strong>Francia intent\u00f3 conservar Indochina<\/strong>. En 1956 se <strong>negoci\u00f3 pac\u00edficamente la descolonizaci\u00f3n de T\u00fanez y Marruecos<\/strong>, pero <strong>el problema m\u00e1s grave era el de Argelia<\/strong>, que estaba considerada como parte de Francia y donde m\u00e1s de un mill\u00f3n de colonos, que se consideraban tan argelinos como franceses, ten\u00edan todo el poder pol\u00edtico y econ\u00f3mico. Algunos de los intelectuales m\u00e1s destacados (Jean-Paul Sartre, por ejemplo) clamaban por la independencia de la colonia y denunciaron la incalificable guerra sucia de Argelia. Los colonos argelinos ten\u00edan partidarios en la polic\u00eda y la judicatura y en la propia Francia lleg\u00f3 a haber atropellos a los derechos civiles que hicieron temer un golpe de Estado.<\/p>\n<p style=\"text-align: justify;\"><div class=\"row\">\n<div class=\"col-lg-6 col-md-12 col-sm-12 col-12\">\n<p style=\"text-align: justify;\">En aquel caos, <strong>De Gaulle, reconocido como salvador de la patria, fue elegido jefe de un gobierno de uni\u00f3n nacional (1958)<\/strong>. El general <strong>exigi\u00f3 acabar con la IV Rep\u00fablica y elaborar una nueva Constituci\u00f3n que fundara una V Rep\u00fablica, con un gobierno presidencialista y un recorte de los poderes del Parlamento<\/strong>, que pod\u00eda ser disuelto por orden del presidente. Algunos llamaron a este r\u00e9gimen &#8220;el golpe de Estado permanente&#8221;. Con plenos poderes, <strong>De Gaulle negoci\u00f3 la independencia de Argelia<\/strong> y, para recuperar la grandeza de <strong>Francia<\/strong>, la convirti\u00f3 en una <strong>potencia nuclear y financi\u00f3 costosos programas militares<\/strong>, a pesar de que se manten\u00eda una fuerte conflictividad sindical.<\/p>\n<p style=\"text-align: justify;\"><\/div>\n<div class=\"col-lg-6 col-md-12 col-sm-12 col-12\">\n<iframe loading=\"lazy\" src=\"https:\/\/www.youtube.com\/embed\/yqy5IZdTHxo\" width=\"460\" height=\"225\" frameborder=\"0\" allowfullscreen=\"allowfullscreen\"><\/iframe><\/p>\n<p><center>PRIMERA PRUEBA NUCLEAR FRANCESA 1960 (ARGELIA)<\/center><\/p>\n<p style=\"text-align: justify;\"><\/div>\n<\/div>\n<p>&nbsp;<\/p>\n<p style=\"text-align: justify;\">ITALIA<\/p>\n<p style=\"text-align: justify;\"><strong>Al terminar la guerra, Italia estaba arruinada<\/strong>, su producci\u00f3n hab\u00eda descendido a un 60 por 100. En el norte la revoluci\u00f3n social parec\u00eda inminente, mientras que en otras zonas (como Sicilia o Cerde\u00f1a) hab\u00eda fuertes movimientos separatistas. <strong>En 1946 un refer\u00e9ndum acab\u00f3 con la monarqu\u00eda<\/strong> colaboracionista de V\u00edctor Manuel III y se instaur\u00f3 la Rep\u00fablica.<\/p>\n<p style=\"text-align: justify;\"><strong>Las elecciones a la Asamblea Constituyente dieron la mayor\u00eda a los partidos de la Resistencia antifascistas la Democracia Cristiana (35% de los votos), seguida por el Partido Socialista y el Partido Comunista.<\/strong> Despu\u00e9s de estas elecciones, se form\u00f3 un <strong>gobierno de coalici\u00f3n<\/strong>, pero en 1947, bajo presi\u00f3n de los EEUU y como condici\u00f3n para el Plan Marshall, los socialistas y comunistas fueron obligados a salir del gobierno.<\/p>\n<p style=\"text-align: justify;\">La Democracia Cristiana, el partido m\u00e1s importante, fue un firme aliado de los EEUU y la <strong>Iglesia cat\u00f3lica<\/strong>, cuya <strong>influencia pol\u00edtica e ideol\u00f3gica era en Italia muy grande<\/strong>, excomulg\u00f3 a los marxistas en 1949. A pesar de ello, el <strong>Partido Comunista Italiano<\/strong> (PCI), en la oposici\u00f3n, se mantuvo <strong>durante muchos a\u00f1os en torno al 30 por 100 de los votos.<\/strong><\/p>\n<p style=\"text-align: justify;\"><div class=\"row\">\n<div class=\"col-lg-4 col-md-12 col-sm-12 col-12\">\n<figure id=\"attachment_6861\" class=\"thumbnail wp-caption aligncenter\" style=\"width: 305px\"><a href=\"https:\/\/auladeclio.com\/auladeclio\/wp-content\/uploads\/2020\/04\/TOGLIATI-L\u00cdDER-DEL-PARTIDO-COMUNISTA-ITALIANO-EN-LOS-A\u00d1OS-60.jpg\" target=\"_blank\" rel=\"noopener noreferrer\"><img loading=\"lazy\" decoding=\"async\" class=\"wp-image-6861 size-medium\" src=\"https:\/\/auladeclio.com\/auladeclio\/wp-content\/uploads\/2020\/04\/TOGLIATI-L\u00cdDER-DEL-PARTIDO-COMUNISTA-ITALIANO-EN-LOS-A\u00d1OS-60-295x300.jpg\" alt=\"\" width=\"295\" height=\"300\" srcset=\"https:\/\/auladeclio.com\/auladeclio\/wp-content\/uploads\/2020\/04\/TOGLIATI-L\u00cdDER-DEL-PARTIDO-COMUNISTA-ITALIANO-EN-LOS-A\u00d1OS-60-295x300.jpg 295w, https:\/\/auladeclio.com\/auladeclio\/wp-content\/uploads\/2020\/04\/TOGLIATI-L\u00cdDER-DEL-PARTIDO-COMUNISTA-ITALIANO-EN-LOS-A\u00d1OS-60-60x60.jpg 60w, https:\/\/auladeclio.com\/auladeclio\/wp-content\/uploads\/2020\/04\/TOGLIATI-L\u00cdDER-DEL-PARTIDO-COMUNISTA-ITALIANO-EN-LOS-A\u00d1OS-60.jpg 670w\" sizes=\"auto, (max-width: 295px) 100vw, 295px\" \/><\/a><figcaption class=\"caption wp-caption-text\">TOGLIATI, L\u00cdDER DEL PARTIDO COMUNISTA ITALIANO EN LOS A\u00d1OS 60<\/figcaption><\/figure>\n<p style=\"text-align: justify;\"><\/div>\n<div class=\"col-lg-4 col-md-12 col-sm-12 col-12\">\n<figure id=\"attachment_6862\" class=\"thumbnail wp-caption aligncenter\" style=\"width: 254px\"><a href=\"https:\/\/auladeclio.com\/auladeclio\/wp-content\/uploads\/2020\/04\/ALDO-MORO-L\u00cdDER-DE-LA-DEMOCRACIA-CRISTIANA.jpg\" target=\"_blank\" rel=\"noopener noreferrer\"><img loading=\"lazy\" decoding=\"async\" class=\"wp-image-6862 size-medium\" src=\"https:\/\/auladeclio.com\/auladeclio\/wp-content\/uploads\/2020\/04\/ALDO-MORO-L\u00cdDER-DE-LA-DEMOCRACIA-CRISTIANA-244x300.jpg\" alt=\"\" width=\"244\" height=\"300\" srcset=\"https:\/\/auladeclio.com\/auladeclio\/wp-content\/uploads\/2020\/04\/ALDO-MORO-L\u00cdDER-DE-LA-DEMOCRACIA-CRISTIANA-244x300.jpg 244w, https:\/\/auladeclio.com\/auladeclio\/wp-content\/uploads\/2020\/04\/ALDO-MORO-L\u00cdDER-DE-LA-DEMOCRACIA-CRISTIANA.jpg 400w\" sizes=\"auto, (max-width: 244px) 100vw, 244px\" \/><\/a><figcaption class=\"caption wp-caption-text\">ALDO MORO L\u00cdDER DE LA DEMOCRACIA CRISTIANA TUVO DOS MANDATOS<\/figcaption><\/figure>\n<p style=\"text-align: justify;\"><\/div>\n<div class=\"col-lg-4 col-md-12 col-sm-12 col-12\">\n<figure id=\"attachment_6863\" class=\"thumbnail wp-caption aligncenter\" style=\"width: 219px\"><a href=\"https:\/\/auladeclio.com\/auladeclio\/wp-content\/uploads\/2020\/04\/PIO-XII-PAPA-ENTRE-1939-Y-1958-EXCOMULGO-A-LOS-L\u00cdDERES-COMUNISTAS-ITALIANOS-EN-1949.png\" target=\"_blank\" rel=\"noopener noreferrer\"><img loading=\"lazy\" decoding=\"async\" class=\"wp-image-6863 size-medium\" src=\"https:\/\/auladeclio.com\/auladeclio\/wp-content\/uploads\/2020\/04\/PIO-XII-PAPA-ENTRE-1939-Y-1958-EXCOMULGO-A-LOS-L\u00cdDERES-COMUNISTAS-ITALIANOS-EN-1949-209x300.png\" alt=\"\" width=\"209\" height=\"300\" srcset=\"https:\/\/auladeclio.com\/auladeclio\/wp-content\/uploads\/2020\/04\/PIO-XII-PAPA-ENTRE-1939-Y-1958-EXCOMULGO-A-LOS-L\u00cdDERES-COMUNISTAS-ITALIANOS-EN-1949-209x300.png 209w, https:\/\/auladeclio.com\/auladeclio\/wp-content\/uploads\/2020\/04\/PIO-XII-PAPA-ENTRE-1939-Y-1958-EXCOMULGO-A-LOS-L\u00cdDERES-COMUNISTAS-ITALIANOS-EN-1949-714x1024.png 714w, https:\/\/auladeclio.com\/auladeclio\/wp-content\/uploads\/2020\/04\/PIO-XII-PAPA-ENTRE-1939-Y-1958-EXCOMULGO-A-LOS-L\u00cdDERES-COMUNISTAS-ITALIANOS-EN-1949-768x1101.png 768w, https:\/\/auladeclio.com\/auladeclio\/wp-content\/uploads\/2020\/04\/PIO-XII-PAPA-ENTRE-1939-Y-1958-EXCOMULGO-A-LOS-L\u00cdDERES-COMUNISTAS-ITALIANOS-EN-1949.png 1046w\" sizes=\"auto, (max-width: 209px) 100vw, 209px\" \/><\/a><figcaption class=\"caption wp-caption-text\">PIO XII (PAPA 1939-1958) EXCOMULGO A LOS L\u00cdDERES COMUNISTAS EN 1949<\/figcaption><\/figure>\n<p style=\"text-align: justify;\"><\/div>\n<\/div>\n<p style=\"text-align: justify;\">Con el apoyo de EEUU, se hizo una <strong>pol\u00edtica econ\u00f3mica de ajuste duro<\/strong> (restricci\u00f3n de gastos sociales, congelaci\u00f3n salarial, etc.), a costa de un alto \u00edndice de paro y del aumento de la pobreza en el campo, lo que oblig\u00f3 a una emigraci\u00f3n masiva hacia las ciudades del norte . <strong>Con grandes sacrificios, Italia hizo tambi\u00e9n su milagro econ\u00f3mico<\/strong> durante los a\u00f1os cincuenta, en los que tuvo un <strong>crecimiento industrial cercano al 8%.<\/strong><\/p>\n<p style=\"text-align: justify;\"><strong>Desde finales de los a\u00f1os cincuenta<\/strong> y de la mano de las reformas que Juan XXIII hizo en la Iglesia cat\u00f3lica, <strong>se consolid\u00f3 en la Democracia Cristiana una l\u00ednea tolerante (la encabezaba Aldo Moro) dispuesta a colaborar con la izquierda moderada.<\/strong> A su vez, en el partido socialista, Pietro Nenni encabez\u00f3 otra l\u00ednea moderada. De esta forma, en los <strong>a\u00f1os sesenta fueron posibles los gobiernos de coalici\u00f3n de centro-izquierda<\/strong>. Las reformas emprendidas por estos gobiernos estuvieron <strong>en la l\u00ednea del Estado del Bienestar, pues extendieron las nacionalizaciones y crearon un fuerte sector p\u00fablico.<\/strong><\/p>\n<p style=\"text-align: justify;\">Un <strong>problema espec\u00edficamente italiano<\/strong> fue siempre la importancia de la <strong>corrupci\u00f3n<\/strong> en la Administraci\u00f3n y el poder pol\u00edtico y tambi\u00e9n la existencia de \u00abpoderes de hecho\u00bb, como la <strong>Mafia<\/strong> o la Camorra.<\/p>\n<p>&nbsp;<\/p>\n<p style=\"text-align: justify;\">ALEMANIA<\/p>\n<p style=\"text-align: justify;\"><div class=\"row\">\n<div class=\"col-lg-4 col-md-12 col-sm-12 col-12\">\n<p style=\"text-align: justify;\">Despu\u00e9s de la guerra, <strong>Alemania<\/strong> hab\u00eda desaparecido como Estado y estaba <strong>dividida en cuatro zonas de ocupaci\u00f3n.<\/strong><\/p>\n<p style=\"text-align: justify;\">Las primeras medidas de los vencedores fueron <strong>desmilitarizar Alemania y desnazif\u00edcarla<\/strong>. Se apres\u00f3 a un n\u00famero significativo de nazis (muchos huyeron y encontraron refugio en otros pa\u00edses) que comparecieron ante un tribunal especial en el <strong>Juicio de N\u00faremberg<\/strong>. <strong>Se desmontaron las grandes empresas alemanas<\/strong>, se limit\u00f3 la producci\u00f3n y se autoriz\u00f3 el reparto de f\u00e1bricas y otras riquezas, en concepto de reparaci\u00f3n de guerra. El resultado fue que <strong>Alemania cay\u00f3 en la m\u00e1s completa ruina.<\/strong><\/p>\n<p style=\"text-align: justify;\"><\/div>\n<div class=\"col-lg-8 col-md-12 col-sm-12 col-12\">\n<figure id=\"attachment_6866\" class=\"thumbnail wp-caption aligncenter\" style=\"width: 505px\"><a href=\"https:\/\/auladeclio.com\/auladeclio\/wp-content\/uploads\/2020\/04\/CIUDADANOS-ALEMANES-TRBAJANDO-PARA-DESPEJAR-LAS-CALLES-AL-FINALIZAR-LA-GUERRA.jpg\" target=\"_blank\" rel=\"noopener noreferrer\"><img loading=\"lazy\" decoding=\"async\" class=\"wp-image-6866\" src=\"https:\/\/auladeclio.com\/auladeclio\/wp-content\/uploads\/2020\/04\/CIUDADANOS-ALEMANES-TRBAJANDO-PARA-DESPEJAR-LAS-CALLES-AL-FINALIZAR-LA-GUERRA-1024x538.jpg\" alt=\"\" width=\"495\" height=\"260\" srcset=\"https:\/\/auladeclio.com\/auladeclio\/wp-content\/uploads\/2020\/04\/CIUDADANOS-ALEMANES-TRBAJANDO-PARA-DESPEJAR-LAS-CALLES-AL-FINALIZAR-LA-GUERRA-1024x538.jpg 1024w, https:\/\/auladeclio.com\/auladeclio\/wp-content\/uploads\/2020\/04\/CIUDADANOS-ALEMANES-TRBAJANDO-PARA-DESPEJAR-LAS-CALLES-AL-FINALIZAR-LA-GUERRA-300x158.jpg 300w, https:\/\/auladeclio.com\/auladeclio\/wp-content\/uploads\/2020\/04\/CIUDADANOS-ALEMANES-TRBAJANDO-PARA-DESPEJAR-LAS-CALLES-AL-FINALIZAR-LA-GUERRA-768x403.jpg 768w, https:\/\/auladeclio.com\/auladeclio\/wp-content\/uploads\/2020\/04\/CIUDADANOS-ALEMANES-TRBAJANDO-PARA-DESPEJAR-LAS-CALLES-AL-FINALIZAR-LA-GUERRA.jpg 1200w\" sizes=\"auto, (max-width: 495px) 100vw, 495px\" \/><\/a><figcaption class=\"caption wp-caption-text\">CIUDADANOS ALEMANES TRBAJANDO PARA DESPEJAR LAS CALLES AL FINALIZAR LA GUERRA<\/figcaption><\/figure>\n<p style=\"text-align: justify;\"><\/div>\n<\/div>En <strong>1946<\/strong> se celebraron en la zona occidental <strong>elecciones<\/strong> que fueron <strong>ganadas por Adenauer<\/strong>, al frente del <strong>Partido Cristiano Dem\u00f3crata, seguido del SPD<\/strong>, el partido socialdem\u00f3crata alem\u00e1n. <strong>En el oeste se fund\u00f3 la Rep\u00fablica Federal Alemana<\/strong>, con una constituci\u00f3n de tipo occidental, mientras <strong>en el este la Rep\u00fablica Democr\u00e1tica Alemana<\/strong> pas\u00f3 a ser un pa\u00eds socialista. <strong>La Guerra Fr\u00eda hac\u00eda imposible la unificaci\u00f3n.<\/strong><\/p>\n<p style=\"text-align: justify;\">Cuando se produjo la definitiva divisi\u00f3n de Alemania, muchos europeos occidentales se alegraron. El franc\u00e9s Fran\u00e7ois Mauriac, por ejemplo, dijo: &#8220;Quiero tanto a Alemania, que me felicito de que haya dos&#8221;.<\/p>\n<p style=\"text-align: justify;\">Las circunstancias de la Guerra Fr\u00eda impidieron que Alemania fuera castigada durante mucho tiempo, pues <strong>desde 1947 el enemigo ya no era el nazismo, sino el comunismo y Alemania era una zona fronteriza que los aliados occidentales deb\u00edan cuidar<\/strong> especialmente si quer\u00edan contenerlo. <strong>Por eso lleg\u00f3 la ayuda de EEUU en pr\u00e9stamos e inversiones<\/strong> y el antiguo enemigo fue incorporado a todos los organismos internacionales, incluso al Pacto Atl\u00e1ntico.<\/p>\n<p style=\"text-align: justify;\"><div class=\"row\">\n<div class=\"col-lg-4 col-md-12 col-sm-12 col-12\">\n<p style=\"text-align: justify;\"><strong>La Rep\u00fablica Federal Alemana hizo un sorprendente despegue econ\u00f3mico, conocido como el milagro alem\u00e1n. En 1950 recuper\u00f3 el nivel de producci\u00f3n de antes de la guerra<\/strong>, el paro qued\u00f3 reducido a un 1% e incluso tuvo que recurrir a la inmigraci\u00f3n de europeos del sur para abastecerse de mano de obra. Tambi\u00e9n se puso en marcha el Estado del Bienestar y se procedi\u00f3 a la nacionalizaci\u00f3n de distintos sectores.<\/p>\n<p style=\"text-align: justify;\"><strong>Los alemanes pasaron a ser aliados preferentes de EEUU<\/strong> y tuvieron a cambio que renunciar a la unificaci\u00f3n de su pa\u00eds y al sue\u00f1o de una Alemania neutral y desarmada.<\/p>\n<p style=\"text-align: justify;\"><\/div>\n<div class=\"col-lg-4 col-md-12 col-sm-12 col-12\">\n<figure id=\"attachment_6867\" class=\"thumbnail wp-caption aligncenter\" style=\"width: 177px\"><a href=\"https:\/\/auladeclio.com\/auladeclio\/wp-content\/uploads\/2020\/04\/KONRAD-ADENAUER-EN-1952.jpg\" target=\"_blank\" rel=\"noopener noreferrer\"><img loading=\"lazy\" decoding=\"async\" class=\"wp-image-6867\" src=\"https:\/\/auladeclio.com\/auladeclio\/wp-content\/uploads\/2020\/04\/KONRAD-ADENAUER-EN-1952-200x300.jpg\" alt=\"\" width=\"167\" height=\"250\" srcset=\"https:\/\/auladeclio.com\/auladeclio\/wp-content\/uploads\/2020\/04\/KONRAD-ADENAUER-EN-1952-200x300.jpg 200w, https:\/\/auladeclio.com\/auladeclio\/wp-content\/uploads\/2020\/04\/KONRAD-ADENAUER-EN-1952.jpg 534w\" sizes=\"auto, (max-width: 167px) 100vw, 167px\" \/><\/a><figcaption class=\"caption wp-caption-text\">KONRAD ADENAUER<\/figcaption><\/figure>\n<p style=\"text-align: justify;\"><\/div>\n<div class=\"col-lg-4 col-md-12 col-sm-12 col-12\">\n<figure id=\"attachment_6868\" class=\"thumbnail wp-caption aligncenter\" style=\"width: 210px\"><a href=\"https:\/\/auladeclio.com\/auladeclio\/wp-content\/uploads\/2020\/04\/WILLY-BRANDT.jpg\" target=\"_blank\" rel=\"noopener noreferrer\"><img loading=\"lazy\" decoding=\"async\" class=\"wp-image-6868\" src=\"https:\/\/auladeclio.com\/auladeclio\/wp-content\/uploads\/2020\/04\/WILLY-BRANDT-240x300.jpg\" alt=\"\" width=\"200\" height=\"250\" srcset=\"https:\/\/auladeclio.com\/auladeclio\/wp-content\/uploads\/2020\/04\/WILLY-BRANDT-240x300.jpg 240w, https:\/\/auladeclio.com\/auladeclio\/wp-content\/uploads\/2020\/04\/WILLY-BRANDT.jpg 360w\" sizes=\"auto, (max-width: 200px) 100vw, 200px\" \/><\/a><figcaption class=\"caption wp-caption-text\">WILLY BRANDT<\/figcaption><\/figure>\n<p style=\"text-align: justify;\"><\/div>\n<\/div>Desde Adenauer se hab\u00eda mantenido siempre la distancia con la otra Alemania, lo que era impopular en una naci\u00f3n dividida por un muro que separaba familias. Comenzada ya la distensi\u00f3n entre los dos bloques, en <strong>1966<\/strong> lleg\u00f3 al poder una <strong>coalici\u00f3n de los cristianodem\u00f3cratas y el SPD<\/strong>. El socialdem\u00f3crata Willy Brandt, ministro de Exteriores, puso las <strong>bases de un acercamiento al Este (Ostpolitik)<\/strong>, especialmente a &#8220;la otra Alemania&#8221;.<\/p>\n<p>&nbsp;<\/p>\n<p style=\"text-align: justify;\">EL TRISTE DESTINO DEL SUR DE EUROPA<\/p>\n<p style=\"text-align: justify;\"><div class=\"row\">\n<div class=\"col-lg-6 col-md-12 col-sm-12 col-12\">\n<p style=\"text-align: justify;\">No todos los pa\u00edses europeos ampliaron su democracia en estos a\u00f1os, pues algunos permanecieron sometidos a <strong>dictaduras militares<\/strong>. \u00c9ste fue el caso de <strong>Espa\u00f1a<\/strong>, donde se mantuvo hasta 1975 la <strong>dictadura franquista<\/strong> que hab\u00eda comenzado en 1939, a\u00f1o en que la Segunda Rep\u00fablica perdi\u00f3 la guerra contra el ej\u00e9rcito sublevado.<\/p>\n<p style=\"text-align: justify;\">En <strong>Portugal<\/strong>, la<strong> dictadura de Oliveira Salazar, nacida en 1926, durar\u00eda hasta que en 1974<\/strong> el propio ej\u00e9rcito (Revoluci\u00f3n de los claveles) le puso fin para evitar la prolongaci\u00f3n de las guerras coloniales de Angola y Mozambique.<\/p>\n<p style=\"text-align: justify;\"><strong>Despu\u00e9s de la Segunda Guerra Mundial, los aliados condenaron estas dictaduras, pero las consideraron amigas cuando comenz\u00f3 la Guerra Fr\u00eda.<\/strong><\/p>\n<p style=\"text-align: justify;\">M\u00e1s tarde, en <strong>Grecia<\/strong>, la fuerte agitaci\u00f3n social y pol\u00edtica fue atajada por un <strong>golpe de Estado militar.<\/strong><\/p>\n<p style=\"text-align: justify;\">Aunque estaban sometidos a terribles dictaduras, estos pa\u00edses formaron parte del bloque occidental liderado por EEUU. Sus privilegiadas posiciones estrat\u00e9gicas as\u00ed lo aconsejaban y el profundo anticomunismo de sus dirigentes los convert\u00eda en s\u00f3lidos aliados de Occidente.<\/p>\n<p style=\"text-align: justify;\"><\/div>\n<div class=\"col-lg-6 col-md-12 col-sm-12 col-12\">\n<figure id=\"attachment_6846\" class=\"thumbnail wp-caption aligncenter\" style=\"width: 368px\"><a href=\"https:\/\/auladeclio.com\/auladeclio\/wp-content\/uploads\/2020\/04\/EMIGRACI\u00d3N-EUROPEA-EN-LOS-A\u00d1OS-50-Y-60.jpg\"><img loading=\"lazy\" decoding=\"async\" class=\"size-full wp-image-6846\" src=\"https:\/\/auladeclio.com\/auladeclio\/wp-content\/uploads\/2020\/04\/EMIGRACI\u00d3N-EUROPEA-EN-LOS-A\u00d1OS-50-Y-60.jpg\" alt=\"\" width=\"358\" height=\"412\" srcset=\"https:\/\/auladeclio.com\/auladeclio\/wp-content\/uploads\/2020\/04\/EMIGRACI\u00d3N-EUROPEA-EN-LOS-A\u00d1OS-50-Y-60.jpg 358w, https:\/\/auladeclio.com\/auladeclio\/wp-content\/uploads\/2020\/04\/EMIGRACI\u00d3N-EUROPEA-EN-LOS-A\u00d1OS-50-Y-60-261x300.jpg 261w\" sizes=\"auto, (max-width: 358px) 100vw, 358px\" \/><\/a><figcaption class=\"caption wp-caption-text\">EMIGRACI\u00d3N EUROPEA EN LOS A\u00d1OS 50 Y 60<\/figcaption><\/figure>\n<p style=\"text-align: justify;\"><\/div>\n<\/div>\n<figure id=\"attachment_6869\" class=\"thumbnail wp-caption aligncenter\" style=\"width: 1020px\"><a href=\"https:\/\/auladeclio.com\/auladeclio\/wp-content\/uploads\/2020\/04\/FRANCO-Y-SALAZAR-EN-MADRID-EN-1960.jpg\"><img loading=\"lazy\" decoding=\"async\" class=\"size-full wp-image-6869\" src=\"https:\/\/auladeclio.com\/auladeclio\/wp-content\/uploads\/2020\/04\/FRANCO-Y-SALAZAR-EN-MADRID-EN-1960.jpg\" alt=\"\" width=\"1010\" height=\"380\" srcset=\"https:\/\/auladeclio.com\/auladeclio\/wp-content\/uploads\/2020\/04\/FRANCO-Y-SALAZAR-EN-MADRID-EN-1960.jpg 1010w, https:\/\/auladeclio.com\/auladeclio\/wp-content\/uploads\/2020\/04\/FRANCO-Y-SALAZAR-EN-MADRID-EN-1960-300x113.jpg 300w, https:\/\/auladeclio.com\/auladeclio\/wp-content\/uploads\/2020\/04\/FRANCO-Y-SALAZAR-EN-MADRID-EN-1960-768x289.jpg 768w\" sizes=\"auto, (max-width: 1010px) 100vw, 1010px\" \/><\/a><figcaption class=\"caption wp-caption-text\">FRANCO Y SALAZAR EN MADRID EN 1960<\/figcaption><\/figure>\n<p>&nbsp;<\/p>\n<p style=\"text-align: justify;\">LOS PRIMEROS PASOS DE LA UNIDAD EUROPEA OCCIDENTAL<\/p>\n<p style=\"text-align: justify;\"><div class=\"row\">\n<div class=\"col-lg-4 col-md-12 col-sm-12 col-12\">\n<p style=\"text-align: justify;\">En un discurso pronunciado por Churchill en la Universidad de Z\u00farich en 1946, dijo: \u00abSi Europa se uniera, compartiendo su herencia com\u00fan, la felicidad, la prosperidad y la gloria de que disfrutar\u00edan sus trescientos o cuatrocientos millones de habitantes no tendr\u00edan l\u00edmites\u00bb. <strong>En la d\u00e9cada de los a\u00f1os 50 se hablaba mucho de crear \u00abuna especie de Estados Unidos de Europa\u00bb, porque muchos europeos eran conscientes de la inferioridad de sus pa\u00edses frente a las dos superpotencias.<\/strong><\/p>\n<p style=\"text-align: justify;\">Como hemos visto, EEUU propici\u00f3 la cooperaci\u00f3n entre los pa\u00edses de Europa occidental, al exigirles un organismo com\u00fan para recibir las ayudas del Plan Marshall. As\u00ed hab\u00eda nacido <strong>en 1948<\/strong> la OECE y ese mismo a\u00f1o en La Haya se organizaba la primera conferencia de todos los movimientos que estaban a favor de la integraci\u00f3n europea. En sus conclusiones la conferencia hablaba de \u00abuna uni\u00f3n econ\u00f3mica y pol\u00edtica para garantizar la seguridad y el progreso social\u00bb. <strong>Se cre\u00f3<\/strong> adem\u00e1s <strong>un Consejo de Europa de car\u00e1cter consultivo para \u00abvelar por los derechos humanos, las libertades formales, la justicia y el Estado de Derecho\u00bb.<\/strong> Poco a poco las posturas iban acerc\u00e1ndose entorno a la posibilidad de crear un mercado com\u00fan con aspiraciones incluso pol\u00edticas.<\/p>\n<p style=\"text-align: justify;\"><\/div>\n<div class=\"col-lg-8 col-md-12 col-sm-12 col-12\">\n<figure id=\"attachment_6871\" class=\"thumbnail wp-caption aligncenter\" style=\"width: 1014px\"><a href=\"https:\/\/auladeclio.com\/auladeclio\/wp-content\/uploads\/2020\/04\/COMUNIDAD-EUROPEA-DEL-CARB\u00d3N-Y-DEL-ACERO-EN-1952.png\"><img loading=\"lazy\" decoding=\"async\" class=\"size-full wp-image-6871\" src=\"https:\/\/auladeclio.com\/auladeclio\/wp-content\/uploads\/2020\/04\/COMUNIDAD-EUROPEA-DEL-CARB\u00d3N-Y-DEL-ACERO-EN-1952.png\" alt=\"\" width=\"1004\" height=\"1024\" srcset=\"https:\/\/auladeclio.com\/auladeclio\/wp-content\/uploads\/2020\/04\/COMUNIDAD-EUROPEA-DEL-CARB\u00d3N-Y-DEL-ACERO-EN-1952.png 1004w, https:\/\/auladeclio.com\/auladeclio\/wp-content\/uploads\/2020\/04\/COMUNIDAD-EUROPEA-DEL-CARB\u00d3N-Y-DEL-ACERO-EN-1952-294x300.png 294w, https:\/\/auladeclio.com\/auladeclio\/wp-content\/uploads\/2020\/04\/COMUNIDAD-EUROPEA-DEL-CARB\u00d3N-Y-DEL-ACERO-EN-1952-768x783.png 768w, https:\/\/auladeclio.com\/auladeclio\/wp-content\/uploads\/2020\/04\/COMUNIDAD-EUROPEA-DEL-CARB\u00d3N-Y-DEL-ACERO-EN-1952-60x60.png 60w\" sizes=\"auto, (max-width: 1004px) 100vw, 1004px\" \/><\/a><figcaption class=\"caption wp-caption-text\">COMUNIDAD EUROPEA DEL CARB\u00d3N Y DEL ACERO EN 1952<\/figcaption><\/figure>\n<p style=\"text-align: justify;\"><\/div>\n<\/div>\n<p style=\"text-align: justify;\"><strong>En 1951 se cre\u00f3 la CECA (Comunidad Europea del Carb\u00f3n y del Acero), compuesta por Francia, Alemania, Italia y el Benelux, que pusieron en com\u00fan su producci\u00f3n de carb\u00f3n y acero.<\/strong> El \u00e9xito fue enorme, pues esas producciones crecieron en un 70 por 100.<\/p>\n<p style=\"text-align: justify;\"><strong>En marzo de 1957 Francia, la Rep\u00fablica Federal Alemana, Italia y el Benelux firmaron en Roma los Tratados de la Comunidad Econ\u00f3mica Europea (CEE)<\/strong> y de la Energ\u00eda At\u00f3mica (CEEA-Euratom).<\/p>\n[\/vc_toggle][vc_toggle title=&#8221;OTRAS \u00c1REAS BAJO INFLUENCIA ESTADOUNIDENSE&#8221; custom_font_container=&#8221;tag:h4|text_align:left|color:%231e73be&#8221; custom_use_theme_fonts=&#8221;yes&#8221; use_custom_heading=&#8221;true&#8221;]\n<p style=\"text-align: justify;\">JAP\u00d3N<\/p>\n<p style=\"text-align: justify;\"><div class=\"row\">\n<div class=\"col-lg-9 col-md-12 col-sm-12 col-12\">\n<p style=\"text-align: justify;\">Este pa\u00eds ten\u00eda un<strong> gran inter\u00e9s estrat\u00e9gico para EEUU<\/strong>, pues era parte fundamental de la <strong>contenci\u00f3n del comunismo en Asia<\/strong>. Su rendici\u00f3n tras los primeros bombardeos at\u00f3micos de la Historia abri\u00f3 las puertas al ej\u00e9rcito estadounidense, que complet\u00f3 la desmilitarizaci\u00f3n y depuraci\u00f3n de los crim\u00ednales de guerra y desmantel\u00f3 el antiguo Imperio nip\u00f3n (Kuriles, Manchuria, Taiw\u00e1n, Corea), que pasaba ahora a ser dominado por las nuevas superpotencias.<\/p>\n<p style=\"text-align: justify;\">En <strong>1947<\/strong> se aprob\u00f3 una <strong>nueva constituci\u00f3n<\/strong>, en la que <strong>se acababa legalmente el car\u00e1cter divino del emperador y se adoptaba el sistema pol\u00edtico de las democracias occidentales.<\/strong> En 1952 se retir\u00f3 la ocupaci\u00f3n militar estadounidense.<\/p>\n<p style=\"text-align: justify;\"><strong>El pa\u00eds se reconstruy\u00f3 con la ayuda de EEUU<\/strong>, a cambio de desmantelar los grandes trusts japoneses (Mitsui, Mitsubishi&#8230;), los llamados zaibatsu, considerados como la base del militarismo. Pero durante la Guerra de Corea, se frenaron las depuraciones y se reactivaron los zaibatsu, porque los EEUU hicieron grandes compras a Jap\u00f3n para abastecer a sus tropas. <strong>En los a\u00f1os sesenta<\/strong>, durante la interminable Guerra de Vietnam, <strong>pas\u00f3 a ser considerado un aliado imprescindible en el Pac\u00edfico.<\/strong><\/p>\n<p style=\"text-align: justify;\">Su<strong> impresionante crecimiento econ\u00f3mico (el milagro japon\u00e9s)<\/strong> fue posible gracias al intervencionismo estatal, a su numerosa poblaci\u00f3n (83 millones de habitantes en 1950), a una mano de obra barata con gran capacidad de ahorro, alta productividad, un alto nivel de investigaci\u00f3n y tecnolog\u00eda y un singular sistema de relaciones entre los trabajadores y las empresas.<\/p>\n<p style=\"text-align: justify;\"><\/div>\n<div class=\"col-lg-3 col-md-12 col-sm-12 col-12\">\n<figure id=\"attachment_6873\" class=\"thumbnail wp-caption aligncenter\" style=\"width: 223px\"><a href=\"https:\/\/auladeclio.com\/auladeclio\/wp-content\/uploads\/2020\/04\/MacARTHUR-E-HIROITO-EN-TOKYO-1946.jpg\" target=\"_blank\" rel=\"noopener noreferrer\"><img loading=\"lazy\" decoding=\"async\" class=\"wp-image-6873 size-medium\" src=\"https:\/\/auladeclio.com\/auladeclio\/wp-content\/uploads\/2020\/04\/MacARTHUR-E-HIROITO-EN-TOKYO-1946-213x300.jpg\" alt=\"\" width=\"213\" height=\"300\" srcset=\"https:\/\/auladeclio.com\/auladeclio\/wp-content\/uploads\/2020\/04\/MacARTHUR-E-HIROITO-EN-TOKYO-1946-213x300.jpg 213w, https:\/\/auladeclio.com\/auladeclio\/wp-content\/uploads\/2020\/04\/MacARTHUR-E-HIROITO-EN-TOKYO-1946.jpg 627w\" sizes=\"auto, (max-width: 213px) 100vw, 213px\" \/><\/a><figcaption class=\"caption wp-caption-text\">MacARTHUR E HIROITO EN TOKYO 1946<\/figcaption><\/figure>\n<p style=\"text-align: justify;\"><\/div>\n<\/div>La larga estabilidad econ\u00f3mica estuvo acompa\u00f1ada por una estabilidad pol\u00edtica que mantuvo en el poder al Partido Liberal Democr\u00e1tico (PLD) desde 1955 hasta los a\u00f1os ochenta.<\/p>\n<p style=\"text-align: justify;\"><strong>El punto d\u00e9bil de Jap\u00f3n era la carencia casi completa de recursos energ\u00e9ticos y materias primas fundamentales.<\/strong><\/p>\n<p style=\"text-align: justify;\"><div class=\"row\">\n<div class=\"col-lg-4 col-md-12 col-sm-12 col-12\">\n<figure id=\"attachment_6874\" class=\"thumbnail wp-caption aligncenter\" style=\"width: 278px\"><a href=\"https:\/\/auladeclio.com\/auladeclio\/wp-content\/uploads\/2020\/04\/LA-PRODUCCI\u00d3N-JAPONESA-DE-BIENES-DE-CONSUMO.jpg\" target=\"_blank\" rel=\"noopener noreferrer\"><img loading=\"lazy\" decoding=\"async\" class=\"wp-image-6874 size-medium\" src=\"https:\/\/auladeclio.com\/auladeclio\/wp-content\/uploads\/2020\/04\/LA-PRODUCCI\u00d3N-JAPONESA-DE-BIENES-DE-CONSUMO-268x300.jpg\" alt=\"\" width=\"268\" height=\"300\" srcset=\"https:\/\/auladeclio.com\/auladeclio\/wp-content\/uploads\/2020\/04\/LA-PRODUCCI\u00d3N-JAPONESA-DE-BIENES-DE-CONSUMO-268x300.jpg 268w, https:\/\/auladeclio.com\/auladeclio\/wp-content\/uploads\/2020\/04\/LA-PRODUCCI\u00d3N-JAPONESA-DE-BIENES-DE-CONSUMO.jpg 515w\" sizes=\"auto, (max-width: 268px) 100vw, 268px\" \/><\/a><figcaption class=\"caption wp-caption-text\">LA PRODUCCI\u00d3N JAPONESA DE BIENES DE CONSUMO<\/figcaption><\/figure>\n<p style=\"text-align: justify;\"><\/div>\n<div class=\"col-lg-4 col-md-12 col-sm-12 col-12\">\n<figure id=\"attachment_6875\" class=\"thumbnail wp-caption aligncenter\" style=\"width: 273px\"><a href=\"https:\/\/auladeclio.com\/auladeclio\/wp-content\/uploads\/2020\/04\/EL-PAPEL-DE-JAP\u00d3N-EN-EL-COMERCIO-MUNDIAL.jpg\" target=\"_blank\" rel=\"noopener noreferrer\"><img loading=\"lazy\" decoding=\"async\" class=\"wp-image-6875 size-medium\" src=\"https:\/\/auladeclio.com\/auladeclio\/wp-content\/uploads\/2020\/04\/EL-PAPEL-DE-JAP\u00d3N-EN-EL-COMERCIO-MUNDIAL-263x300.jpg\" alt=\"\" width=\"263\" height=\"300\" srcset=\"https:\/\/auladeclio.com\/auladeclio\/wp-content\/uploads\/2020\/04\/EL-PAPEL-DE-JAP\u00d3N-EN-EL-COMERCIO-MUNDIAL-263x300.jpg 263w, https:\/\/auladeclio.com\/auladeclio\/wp-content\/uploads\/2020\/04\/EL-PAPEL-DE-JAP\u00d3N-EN-EL-COMERCIO-MUNDIAL.jpg 463w\" sizes=\"auto, (max-width: 263px) 100vw, 263px\" \/><\/a><figcaption class=\"caption wp-caption-text\">EL PAPEL DE JAP\u00d3N EN EL COMERCIO MUNDIAL<\/figcaption><\/figure>\n<p style=\"text-align: justify;\"><\/div>\n<div class=\"col-lg-4 col-md-12 col-sm-12 col-12\">\n<figure id=\"attachment_6876\" class=\"thumbnail wp-caption aligncenter\" style=\"width: 1034px\"><a href=\"https:\/\/auladeclio.com\/auladeclio\/wp-content\/uploads\/2020\/04\/TOKYO-EN-1960.jpg\" target=\"_blank\" rel=\"noopener noreferrer\"><img loading=\"lazy\" decoding=\"async\" class=\"wp-image-6876 size-full\" src=\"https:\/\/auladeclio.com\/auladeclio\/wp-content\/uploads\/2020\/04\/TOKYO-EN-1960.jpg\" alt=\"\" width=\"1024\" height=\"664\" srcset=\"https:\/\/auladeclio.com\/auladeclio\/wp-content\/uploads\/2020\/04\/TOKYO-EN-1960.jpg 1024w, https:\/\/auladeclio.com\/auladeclio\/wp-content\/uploads\/2020\/04\/TOKYO-EN-1960-300x195.jpg 300w, https:\/\/auladeclio.com\/auladeclio\/wp-content\/uploads\/2020\/04\/TOKYO-EN-1960-768x498.jpg 768w\" sizes=\"auto, (max-width: 1024px) 100vw, 1024px\" \/><\/a><figcaption class=\"caption wp-caption-text\">TOKYO EN 1960<\/figcaption><\/figure>\n<p style=\"text-align: justify;\"><\/div>\n<\/div>AM\u00c9RICA LATINA<\/p>\n<p style=\"text-align: justify;\"><div class=\"row\">\n<div class=\"col-lg-8 col-md-12 col-sm-12 col-12\">\n<p style=\"text-align: justify;\">En la nueva divisi\u00f3n del mundo en dos bloques,<strong> para los EEUU era fundamental consolidar y reorganizar su tradicional dominio del continente americano<\/strong> (el llamado Western hemisphere). La mayor\u00eda de los gobiernos iberoamericanos vieron tambi\u00e9n una ocasi\u00f3n de beneficiarse de las relaciones con la superpotencia.<\/p>\n<p style=\"text-align: justify;\">Se celebraron sucesivas conferencias interamericanas de cooperaci\u00f3n, que culminaron con la <strong>creaci\u00f3n en 1948 de la Organizaci\u00f3n de Estados Americanos (OEA)<\/strong>, con sede en Washington, a trav\u00e9s de la cual EEUU hizo importantes inversiones. Como contrapartida <strong>se exig\u00eda que los gobiernos de la zona fuesen firmes en la lucha contra el comunismo<\/strong>. <strong>EEUU practic\u00f3 la injerencia constante en los asuntos internos de estos pa\u00edses<\/strong>, vali\u00e9ndose tanto de la presi\u00f3n econ\u00f3mica como de la intervenci\u00f3n militar.<\/p>\n<p style=\"text-align: justify;\"><strong>Guatemala, en 1952, sufri\u00f3 la invasi\u00f3n de las tropas de EEUU<\/strong>, porque su Parlamento hab\u00eda aprobado una <strong>ley de reforma agraria<\/strong> para el reparto de la tierra que <strong>afectaba a m\u00e1s de 150.000 hect\u00e1reas de la United Fruit Company norteamericana.<\/strong> El argumento para la invasi\u00f3n fue la lucha contra el comunismo, que supuestamente infiltrado en Guatemala, pretend\u00eda acabar con la propiedad privada. Pero realmente el gobierno del coronel Jacobo \u00c1rbenz Guzm\u00e1n (1951-1954) estaba poniendo en marcha una reforma agraria id\u00e9ntica a la llevada a cabo por los EEUU en Formosa y Jap\u00f3n tras la guerra. La Reforma Agraria caus\u00f3 numerosos cambios en Guatemala ya que muchos campesinos fueron beneficiados, a costa de los due\u00f1os de las tierras sin explotar; pero el impacto en las tierras de la United Fruit Company en 1954, fue la excusa perfecta para que la oposici\u00f3n buscara un aliado en los EEUU. La CIA en la que varios funcionarios ten\u00edan fuertes intereses en la United Fruit Company y el Departamento de Estado estadounidense organizaron la invasi\u00f3n que acab\u00f3 con la Ley de Reforma Agraria.<\/p>\n<p style=\"text-align: justify;\"><\/div>\n<div class=\"col-lg-4 col-md-12 col-sm-12 col-12\">\n<figure id=\"attachment_6878\" class=\"thumbnail wp-caption aligncenter\" style=\"width: 658px\"><a href=\"https:\/\/auladeclio.com\/auladeclio\/wp-content\/uploads\/2020\/04\/CARICATURA-SOBRE-LA-EXPLOTACI\u00d3N-A-LA-QUE-LA-UFC-SOMET\u00cdA-A-LA-POBLACION-GUATEMALTECA.jpg\" target=\"_blank\" rel=\"noopener noreferrer\"><img loading=\"lazy\" decoding=\"async\" class=\"wp-image-6878 size-large\" src=\"https:\/\/auladeclio.com\/auladeclio\/wp-content\/uploads\/2020\/04\/CARICATURA-SOBRE-LA-EXPLOTACI\u00d3N-A-LA-QUE-LA-UFC-SOMET\u00cdA-A-LA-POBLACION-GUATEMALTECA-781x1024.jpg\" alt=\"\" width=\"648\" height=\"850\" srcset=\"https:\/\/auladeclio.com\/auladeclio\/wp-content\/uploads\/2020\/04\/CARICATURA-SOBRE-LA-EXPLOTACI\u00d3N-A-LA-QUE-LA-UFC-SOMET\u00cdA-A-LA-POBLACION-GUATEMALTECA-781x1024.jpg 781w, https:\/\/auladeclio.com\/auladeclio\/wp-content\/uploads\/2020\/04\/CARICATURA-SOBRE-LA-EXPLOTACI\u00d3N-A-LA-QUE-LA-UFC-SOMET\u00cdA-A-LA-POBLACION-GUATEMALTECA-229x300.jpg 229w, https:\/\/auladeclio.com\/auladeclio\/wp-content\/uploads\/2020\/04\/CARICATURA-SOBRE-LA-EXPLOTACI\u00d3N-A-LA-QUE-LA-UFC-SOMET\u00cdA-A-LA-POBLACION-GUATEMALTECA-768x1007.jpg 768w, https:\/\/auladeclio.com\/auladeclio\/wp-content\/uploads\/2020\/04\/CARICATURA-SOBRE-LA-EXPLOTACI\u00d3N-A-LA-QUE-LA-UFC-SOMET\u00cdA-A-LA-POBLACION-GUATEMALTECA-1172x1536.jpg 1172w, https:\/\/auladeclio.com\/auladeclio\/wp-content\/uploads\/2020\/04\/CARICATURA-SOBRE-LA-EXPLOTACI\u00d3N-A-LA-QUE-LA-UFC-SOMET\u00cdA-A-LA-POBLACION-GUATEMALTECA-1563x2048.jpg 1563w, https:\/\/auladeclio.com\/auladeclio\/wp-content\/uploads\/2020\/04\/CARICATURA-SOBRE-LA-EXPLOTACI\u00d3N-A-LA-QUE-LA-UFC-SOMET\u00cdA-A-LA-POBLACION-GUATEMALTECA.jpg 1684w\" sizes=\"auto, (max-width: 648px) 100vw, 648px\" \/><\/a><figcaption class=\"caption wp-caption-text\">CARICATURA SOBRE LA EXPLOTACI\u00d3N A LA QUE LA UFC SOMET\u00cdA A LA POBLACION GUATEMALTECA<\/figcaption><\/figure>\n<p style=\"text-align: justify;\"><\/div>\n<\/div>En <strong>1959<\/strong> en <strong>Cuba<\/strong>, las guerrillas, apoyadas por un fuerte movimiento popular, acabaron con la dictadura de Batista, aliado tradicional de los EEUU. <strong>Fidel Castro<\/strong> se convirti\u00f3 en el jefe pol\u00edtico del movimiento y <strong>su gobierno comenz\u00f3 una pol\u00edtica de nacionalizaciones que afectaban a grandes empresas de EEUU.<\/strong> En 1961, los EEUU rompieron relaciones diplom\u00e1ticas con La Habana.<\/p>\n<p style=\"text-align: justify;\"><strong>Cuba estableci\u00f3 entonces fuertes v\u00ednculos econ\u00f3micos e ideol\u00f3gicos con la URSS<\/strong> y evolucion\u00f3 hasta convertirse en un pa\u00eds socialista, semejante a los que estaban bajo la \u00f3rbita de Mosc\u00fa. Washington presion\u00f3 a los pa\u00edses iberoamericanos para que declararan el <strong>bloqueo diplom\u00e1tico y econ\u00f3mico a Cuba<\/strong>. Todos secundaron la iniciativa, salvo M\u00e9xico.<\/p>\n<figure id=\"attachment_6880\" class=\"thumbnail wp-caption aligncenter\" style=\"width: 1301px\"><a href=\"https:\/\/auladeclio.com\/auladeclio\/wp-content\/uploads\/2020\/04\/CHE-GUEVARA-FIDEL-CASTRO-Y-CAMILO-CIENFUEGOS.-PRINCIPALES-L\u00cdDERES-DE-LA-REVOLUCI\u00d3N-CUBANA.jpg\"><img loading=\"lazy\" decoding=\"async\" class=\"size-full wp-image-6880\" src=\"https:\/\/auladeclio.com\/auladeclio\/wp-content\/uploads\/2020\/04\/CHE-GUEVARA-FIDEL-CASTRO-Y-CAMILO-CIENFUEGOS.-PRINCIPALES-L\u00cdDERES-DE-LA-REVOLUCI\u00d3N-CUBANA.jpg\" alt=\"\" width=\"1291\" height=\"529\" srcset=\"https:\/\/auladeclio.com\/auladeclio\/wp-content\/uploads\/2020\/04\/CHE-GUEVARA-FIDEL-CASTRO-Y-CAMILO-CIENFUEGOS.-PRINCIPALES-L\u00cdDERES-DE-LA-REVOLUCI\u00d3N-CUBANA.jpg 1291w, https:\/\/auladeclio.com\/auladeclio\/wp-content\/uploads\/2020\/04\/CHE-GUEVARA-FIDEL-CASTRO-Y-CAMILO-CIENFUEGOS.-PRINCIPALES-L\u00cdDERES-DE-LA-REVOLUCI\u00d3N-CUBANA-300x123.jpg 300w, https:\/\/auladeclio.com\/auladeclio\/wp-content\/uploads\/2020\/04\/CHE-GUEVARA-FIDEL-CASTRO-Y-CAMILO-CIENFUEGOS.-PRINCIPALES-L\u00cdDERES-DE-LA-REVOLUCI\u00d3N-CUBANA-1024x420.jpg 1024w, https:\/\/auladeclio.com\/auladeclio\/wp-content\/uploads\/2020\/04\/CHE-GUEVARA-FIDEL-CASTRO-Y-CAMILO-CIENFUEGOS.-PRINCIPALES-L\u00cdDERES-DE-LA-REVOLUCI\u00d3N-CUBANA-768x315.jpg 768w\" sizes=\"auto, (max-width: 1291px) 100vw, 1291px\" \/><\/a><figcaption class=\"caption wp-caption-text\">CHE GUEVARA, FIDEL CASTRO Y CAMILO CIENFUEGOS. PRINCIPALES L\u00cdDERES DE LA REVOLUCI\u00d3N CUBANA<\/figcaption><\/figure>\n<p style=\"text-align: justify;\">Tambi\u00e9n fueron <strong>frecuentes<\/strong> en Iberoam\u00e9rica las <strong>dictaduras populistas<\/strong>. Este populismo se organizaba en torno a un l\u00edder carism\u00e1tico, omnipotente, que controlaba su partido y el Estado y cuyo mensaje era &#8220;liberar al pa\u00eds de los pol\u00edticos corruptos&#8221; y de las injerencias externas (el comunismo o el imperialismo de EEUU) en beneficio del propio pa\u00eds (nacionalismo) y especialmente de los m\u00e1s pobres.<\/p>\n<p style=\"text-align: justify;\"><div class=\"row\">\n<div class=\"col-lg-5 col-md-12 col-sm-12 col-12\">\n<p style=\"text-align: justify;\">Entre estos dictadores populistas destacan <strong>el brasile\u00f1o Getulio Vargas y el argentino Juan Domingo Per\u00f3n<\/strong>, vencedor en las elecciones de 1946 al frente del Partido Justicialista. La riqueza que Argentina hab\u00eda acumulado gracias a la Segunda Guerra Mundial le permiti\u00f3 hacer grandes inversiones en industrias, con lo que absorbi\u00f3 el paro. Nacionaliz\u00f3 sectores fundamentales de la econom\u00eda y cre\u00f3 un Estado muy intervencionista. El resultado fue un gran crecimiento econ\u00f3mico. Su esposa, Eva Duarte, \u00abEvita\u00bb, se ocup\u00f3 de organizar una red de auxilio a los pobres (\u00ablos descamisados\u00bb) que funcion\u00f3 con relativa eficacia. Una pol\u00edtica de este tipo era nueva por completo en Argentina y de ah\u00ed la popularidad que alcanz\u00f3 como \u00abprimera dama\u00bb. El peronismo sucumbi\u00f3 finalmente frente a un golpe de Estado en 1955. Tras su derrocamiento Argentina vivi\u00f3 una serie de golpes militares que alteraron la vida pol\u00edtica del pa\u00eds.<\/p>\n<p style=\"text-align: justify;\"><\/div>\n<div class=\"col-lg-4 col-md-12 col-sm-12 col-12\">\n<figure id=\"attachment_6881\" class=\"thumbnail wp-caption aligncenter\" style=\"width: 230px\"><a href=\"https:\/\/auladeclio.com\/auladeclio\/wp-content\/uploads\/2020\/04\/GETULIO-VARGAS-EN-1951.jpg\" target=\"_blank\" rel=\"noopener noreferrer\"><img loading=\"lazy\" decoding=\"async\" class=\"wp-image-6881 size-medium\" src=\"https:\/\/auladeclio.com\/auladeclio\/wp-content\/uploads\/2020\/04\/GETULIO-VARGAS-EN-1951-220x300.jpg\" alt=\"\" width=\"220\" height=\"300\" srcset=\"https:\/\/auladeclio.com\/auladeclio\/wp-content\/uploads\/2020\/04\/GETULIO-VARGAS-EN-1951-220x300.jpg 220w, https:\/\/auladeclio.com\/auladeclio\/wp-content\/uploads\/2020\/04\/GETULIO-VARGAS-EN-1951-750x1024.jpg 750w, https:\/\/auladeclio.com\/auladeclio\/wp-content\/uploads\/2020\/04\/GETULIO-VARGAS-EN-1951-768x1048.jpg 768w, https:\/\/auladeclio.com\/auladeclio\/wp-content\/uploads\/2020\/04\/GETULIO-VARGAS-EN-1951.jpg 800w\" sizes=\"auto, (max-width: 220px) 100vw, 220px\" \/><\/a><figcaption class=\"caption wp-caption-text\">GETULIO VARGAS EN 1951<\/figcaption><\/figure>\n<p style=\"text-align: justify;\"><\/div>\n<div class=\"col-lg-3 col-md-12 col-sm-12 col-12\">\n<figure id=\"attachment_6882\" class=\"thumbnail wp-caption aligncenter\" style=\"width: 242px\"><a href=\"https:\/\/auladeclio.com\/auladeclio\/wp-content\/uploads\/2020\/04\/JUAN-DOMINGO-PER\u00d3N-EN-1952.jpg\" target=\"_blank\" rel=\"noopener noreferrer\"><img loading=\"lazy\" decoding=\"async\" class=\"wp-image-6882 size-medium\" src=\"https:\/\/auladeclio.com\/auladeclio\/wp-content\/uploads\/2020\/04\/JUAN-DOMINGO-PER\u00d3N-EN-1952-232x300.jpg\" alt=\"\" width=\"232\" height=\"300\" srcset=\"https:\/\/auladeclio.com\/auladeclio\/wp-content\/uploads\/2020\/04\/JUAN-DOMINGO-PER\u00d3N-EN-1952-232x300.jpg 232w, https:\/\/auladeclio.com\/auladeclio\/wp-content\/uploads\/2020\/04\/JUAN-DOMINGO-PER\u00d3N-EN-1952.jpg 410w\" sizes=\"auto, (max-width: 232px) 100vw, 232px\" \/><\/a><figcaption class=\"caption wp-caption-text\">JUAN DOMINGO PER\u00d3N EN 1952<\/figcaption><\/figure>\n<p style=\"text-align: justify;\"><\/div>\n<\/div>Desde los<strong> a\u00f1os sesenta<\/strong>, bajo la influencia de la revoluci\u00f3n cubana, que actu\u00f3 como revulsivo en toda la zona, exist\u00edan <strong>movimientos guerrilleros en muchos lugares de Iberoam\u00e9rica<\/strong>. Con frecuencia eran de ideolog\u00eda comunista y llegaron a tener un fuerte arraigo en algunos pa\u00edses, debido a las grandes injusticias econ\u00f3micas y sociales. <strong>Fueron muy fuertes en Per\u00fa, Colombia<\/strong>, Venezuela, Uruguay y Argentina.<\/p>\n<p style=\"text-align: justify;\">En un mundo dividido por la Guerra Fr\u00eda, <strong>la respuesta a las guerrillas fueron golpes de Estado militares<\/strong>, la mayor\u00eda de las veces apoyados por Estados Unidos y organizados indirectamente por la CIA (los servicios secretos estadounidenses) en Bolivia, Per\u00fa, Ecuador, Venezuela, etc. <strong>En aquellos a\u00f1os, solo Costa Rica y M\u00e9xico se vieron libres de golpes de este tipo.<\/strong> Estos gobiernos militares siguieron las orientaciones econ\u00f3micas del FMI y del Banco Mundial e impusieron una gran represi\u00f3n que no afectaba solo a las guerrillas, sino a partidos, sindicatos e instituciones democr\u00e1ticas, que eran acusados de connivencia con aqu\u00e9llas.<\/p>\n<p style=\"text-align: justify;\">Distinto fue el caso de <strong>M\u00e9xico<\/strong>, donde <strong>el PRI (Partido Revolucionario Institucional) mantuvo el poder ininterrumpidamente desde 1926<\/strong>. Debido a la pol\u00edtica de modernizaci\u00f3n industrial del PRI, a los grandes recursos petrol\u00edferos del pa\u00eds y a las fuertes inversiones de capital extranjero se produjo <strong>en los a\u00f1os sesenta el \u00abmilagro mexicano\u00bb.<\/strong> M\u00e9xico se enriqueci\u00f3 y un reducido grupo de ciudadanos acumularon grandes fortunas, frente a una mayor\u00eda de poblaci\u00f3n en la pobreza extrema.<\/p>\n[\/vc_toggle][\/vc_tta_section][vc_tta_section i_icon_fontawesome=&#8221;fa fa-pencil&#8221; add_icon=&#8221;true&#8221; title=&#8221;EJERCICIOS&#8221; tab_id=&#8221;1509006569048-69f0d63d-3f36&#8243;][vc_column_text]<strong>DEFINE LOS SIGUIENTES CONCEPTOS, PERSONAJES O ACONTECIMIENTO HIST\u00d3RICOS EN UN M\u00c1XIMO DE CINCO L\u00cdNEAS:<\/strong><\/p>\n<p>PLAN MARSHALL<\/p>\n<p><a href=\"https:\/\/auladeclio.com\/auladeclio\/wp-content\/uploads\/2018\/06\/L%C3%8DNEAS.jpg\"><img loading=\"lazy\" decoding=\"async\" class=\"aligncenter size-full wp-image-2612\" src=\"https:\/\/auladeclio.com\/auladeclio\/wp-content\/uploads\/2018\/06\/L%C3%8DNEAS.jpg\" sizes=\"auto, (max-width: 1342px) 100vw, 1342px\" srcset=\"https:\/\/auladeclio.com\/auladeclio\/wp-content\/uploads\/2018\/06\/L\u00cdNEAS.jpg 1342w, https:\/\/auladeclio.com\/auladeclio\/wp-content\/uploads\/2018\/06\/L\u00cdNEAS-300x73.jpg 300w, https:\/\/auladeclio.com\/auladeclio\/wp-content\/uploads\/2018\/06\/L\u00cdNEAS-768x186.jpg 768w, https:\/\/auladeclio.com\/auladeclio\/wp-content\/uploads\/2018\/06\/L\u00cdNEAS-1024x248.jpg 1024w\" alt=\"\" width=\"1342\" height=\"325\" \/><\/a><\/p>\n<p>ERNESTO &#8220;CHE&#8221; GUEVARA<\/p>\n<p><a href=\"https:\/\/auladeclio.com\/auladeclio\/wp-content\/uploads\/2018\/06\/L%C3%8DNEAS.jpg\"><img loading=\"lazy\" decoding=\"async\" class=\"aligncenter size-full wp-image-2612\" src=\"https:\/\/auladeclio.com\/auladeclio\/wp-content\/uploads\/2018\/06\/L%C3%8DNEAS.jpg\" sizes=\"auto, (max-width: 1342px) 100vw, 1342px\" srcset=\"https:\/\/auladeclio.com\/auladeclio\/wp-content\/uploads\/2018\/06\/L\u00cdNEAS.jpg 1342w, https:\/\/auladeclio.com\/auladeclio\/wp-content\/uploads\/2018\/06\/L\u00cdNEAS-300x73.jpg 300w, https:\/\/auladeclio.com\/auladeclio\/wp-content\/uploads\/2018\/06\/L\u00cdNEAS-768x186.jpg 768w, https:\/\/auladeclio.com\/auladeclio\/wp-content\/uploads\/2018\/06\/L\u00cdNEAS-1024x248.jpg 1024w\" alt=\"\" width=\"1342\" height=\"325\" \/><\/a>[\/vc_column_text][\/vc_tta_section][vc_tta_section i_icon_fontawesome=&#8221;fa fa-puzzle-piece&#8221; add_icon=&#8221;true&#8221; title=&#8221;ACTIVIDADES&#8221; tab_id=&#8221;1509006579146-16897097-dde9&#8243;][vc_wp_text][\/vc_wp_text][vc_column_text]<span style=\"font-size: 8pt;\"><strong>B6\/4.1. Explica algunas caracter\u00edsticas de la econom\u00eda capitalista a partir de\u00a0gr\u00e1ficas.<\/strong><\/span>[\/vc_column_text][\/vc_tta_section][vc_tta_section i_icon_fontawesome=&#8221;fa fa-lightbulb-o&#8221; add_icon=&#8221;true&#8221; title=&#8221;TAREAS&#8221; tab_id=&#8221;1520438215273-bfb2598c-dd88&#8243;][vc_wp_text]<strong>REALIZA UNA PRESENTACI\u00d3N CON POWER POINT, GOOGLE PRESENTACIONES O SIMILAR EN LA QUE EXPLIQUES EN 10 MINUTOS EL BLOQUE CAPITALISTA, EN LA PRESENTACI\u00d3N SOLO PUEDE APARECER EN CADA DIAPOSITIVA UN T\u00cdTULO Y DEBAJO UNA IMAGEN HIST\u00d3RICA, UN TEXTO HIST\u00d3RICO, UN MAPA HIST\u00d3RICO O UN GR\u00c1FICO (NO PUEDE HABER TEXTO EXPLICATIVO)<\/strong><\/p>\n<p>HAY QUE TRATAR LA EVOLUCI\u00d3N POL\u00cdTICA Y ECON\u00d3MICA DEL BLOQUE CAPITALISTA, NO ES NECESARIO HABLAR DE LA GUERRA FR\u00cdA.<\/p>\n<div class=\"row\">\n<div class=\"col-lg-3 col-md-12 col-sm-12 col-12\">\n<a href=\"https:\/\/auladeclio.com\/auladeclio\/wp-content\/uploads\/2020\/04\/SWAY-PRESENTACIONES.png\"><img loading=\"lazy\" decoding=\"async\" class=\"aligncenter size-medium wp-image-6764\" src=\"https:\/\/auladeclio.com\/auladeclio\/wp-content\/uploads\/2020\/04\/SWAY-PRESENTACIONES-300x262.png\" alt=\"\" width=\"300\" height=\"262\" srcset=\"https:\/\/auladeclio.com\/auladeclio\/wp-content\/uploads\/2020\/04\/SWAY-PRESENTACIONES-300x262.png 300w, https:\/\/auladeclio.com\/auladeclio\/wp-content\/uploads\/2020\/04\/SWAY-PRESENTACIONES-1024x895.png 1024w, https:\/\/auladeclio.com\/auladeclio\/wp-content\/uploads\/2020\/04\/SWAY-PRESENTACIONES-768x671.png 768w, https:\/\/auladeclio.com\/auladeclio\/wp-content\/uploads\/2020\/04\/SWAY-PRESENTACIONES-1536x1342.png 1536w, https:\/\/auladeclio.com\/auladeclio\/wp-content\/uploads\/2020\/04\/SWAY-PRESENTACIONES.png 1600w\" sizes=\"auto, (max-width: 300px) 100vw, 300px\" \/><\/a><\/div>\n<div class=\"col-lg-3 col-md-12 col-sm-12 col-12\">\n<a href=\"https:\/\/auladeclio.com\/auladeclio\/wp-content\/uploads\/2020\/04\/LOGO-POWER-POINT.png\"><img loading=\"lazy\" decoding=\"async\" class=\"aligncenter size-full wp-image-6765\" src=\"https:\/\/auladeclio.com\/auladeclio\/wp-content\/uploads\/2020\/04\/LOGO-POWER-POINT.png\" alt=\"\" width=\"225\" height=\"225\" srcset=\"https:\/\/auladeclio.com\/auladeclio\/wp-content\/uploads\/2020\/04\/LOGO-POWER-POINT.png 225w, https:\/\/auladeclio.com\/auladeclio\/wp-content\/uploads\/2020\/04\/LOGO-POWER-POINT-150x150.png 150w, https:\/\/auladeclio.com\/auladeclio\/wp-content\/uploads\/2020\/04\/LOGO-POWER-POINT-60x60.png 60w\" sizes=\"auto, (max-width: 225px) 100vw, 225px\" \/><\/a><\/div>\n<div class=\"col-lg-3 col-md-12 col-sm-12 col-12\">\n<a href=\"https:\/\/auladeclio.com\/auladeclio\/wp-content\/uploads\/2020\/04\/PREZI-PRESENTACIONES.jpg\"><img loading=\"lazy\" decoding=\"async\" class=\"aligncenter size-medium wp-image-6766\" src=\"https:\/\/auladeclio.com\/auladeclio\/wp-content\/uploads\/2020\/04\/PREZI-PRESENTACIONES-261x300.jpg\" alt=\"\" width=\"261\" height=\"300\" srcset=\"https:\/\/auladeclio.com\/auladeclio\/wp-content\/uploads\/2020\/04\/PREZI-PRESENTACIONES-261x300.jpg 261w, https:\/\/auladeclio.com\/auladeclio\/wp-content\/uploads\/2020\/04\/PREZI-PRESENTACIONES.jpg 631w\" sizes=\"auto, (max-width: 261px) 100vw, 261px\" \/><\/a><\/div>\n<div class=\"col-lg-3 col-md-12 col-sm-12 col-12\">\n<a href=\"https:\/\/auladeclio.com\/auladeclio\/wp-content\/uploads\/2020\/04\/GOOGLE-PRESENTACIONES.png\"><img loading=\"lazy\" decoding=\"async\" class=\"aligncenter size-medium wp-image-6767\" src=\"https:\/\/auladeclio.com\/auladeclio\/wp-content\/uploads\/2020\/04\/GOOGLE-PRESENTACIONES-300x300.png\" alt=\"\" width=\"300\" height=\"300\" srcset=\"https:\/\/auladeclio.com\/auladeclio\/wp-content\/uploads\/2020\/04\/GOOGLE-PRESENTACIONES-300x300.png 300w, https:\/\/auladeclio.com\/auladeclio\/wp-content\/uploads\/2020\/04\/GOOGLE-PRESENTACIONES-150x150.png 150w, https:\/\/auladeclio.com\/auladeclio\/wp-content\/uploads\/2020\/04\/GOOGLE-PRESENTACIONES-60x60.png 60w, https:\/\/auladeclio.com\/auladeclio\/wp-content\/uploads\/2020\/04\/GOOGLE-PRESENTACIONES.png 512w\" sizes=\"auto, (max-width: 300px) 100vw, 300px\" \/><\/a><\/div>\n<\/div>[\/vc_wp_text][vc_column_text]<span style=\"font-size: 8pt;\">B6\/6.1. Realiza presentaciones de textos, im\u00e1genes, mapas, gr\u00e1ficas que explican\u00a0cualquiera de los bloques.<\/span>[\/vc_column_text][vc_toggle title=&#8221;PROPUESTA PARA EL TRABAJO INDIVIDUAL RELACIONADO CON LOS DERECHOS HUMANOS&#8221;]\n<h3>LOS DERECHOS HUMANOS EN EL BLOQUE OCCIDENTAL<\/h3>\n<p>Una de las vulneraciones m\u00e1s flagrantes de los derechos humanos en el bloque occidental fue la conocida como &#8220;Caza de Brujas&#8221;. Investiga qu\u00e9 fue, a qui\u00e9n afecto, como se trat\u00f3 a los perseguidos por este tema, qui\u00e9n fue el responsable o l\u00edder de la misma&#8230; Busca tambi\u00e9n pel\u00edculas o diferentes expresiones culturales que describan esta persecuci\u00f3n&#8230; En definitiva, explica a la clase en 5 minutos, que fue la &#8220;Caza de Brujas&#8221; y como vulner\u00f3 los derechos humanos en los EEUU.<\/p>\n<figure id=\"attachment_6829\" class=\"thumbnail wp-caption aligncenter\" style=\"width: 862px\"><a href=\"https:\/\/auladeclio.com\/auladeclio\/wp-content\/uploads\/2020\/04\/SENADOR-McCARTHY.jpg\"><img loading=\"lazy\" decoding=\"async\" class=\"size-full wp-image-6829\" src=\"https:\/\/auladeclio.com\/auladeclio\/wp-content\/uploads\/2020\/04\/SENADOR-McCARTHY.jpg\" alt=\"\" width=\"852\" height=\"480\" srcset=\"https:\/\/auladeclio.com\/auladeclio\/wp-content\/uploads\/2020\/04\/SENADOR-McCARTHY.jpg 852w, https:\/\/auladeclio.com\/auladeclio\/wp-content\/uploads\/2020\/04\/SENADOR-McCARTHY-300x169.jpg 300w, https:\/\/auladeclio.com\/auladeclio\/wp-content\/uploads\/2020\/04\/SENADOR-McCARTHY-768x433.jpg 768w\" sizes=\"auto, (max-width: 852px) 100vw, 852px\" \/><\/a><figcaption class=\"caption wp-caption-text\">SENADOR McCARTHY<\/figcaption><\/figure>[\/vc_toggle][\/vc_tta_section][vc_tta_section i_icon_fontawesome=&#8221;fa fa-plus-circle&#8221; add_icon=&#8221;true&#8221; title=&#8221;CONSOLIDA&#8221; tab_id=&#8221;1524164322459-38712b94-b327&#8243;][vc_column_text]<strong>CREA UN EJE CRONOL\u00d3GICO CON LA EVOLUCI\u00d3N POL\u00cdTICA DE LOS EEUU, REINO UNIDO, FRANCIA, ALEMANIA E ITALIA ENTRE 1945 Y 1964. A\u00d1ADE LOS DIFERENTES GOBIERNOS QUE SE DIERON EN CADA PA\u00cdS DURANTE ESTOS CASI 40 A\u00d1OS Y LOS SIGUIENTES ACONTECIMIENTOS:<\/strong><\/p>\n<table  class=\" table table-hover\" style=\"border-collapse: collapse; width: 100%;\">\n<tbody>\n<tr>\n<td style=\"width: 20%;\"><span style=\"font-size: 8pt;\">1 CRISIS DE SUEZ<\/span><\/td>\n<td style=\"width: 20%;\"><span style=\"font-size: 8pt;\">2 INICIO DE LA &#8220;CAZA DE BRUJAS&#8221;<\/span><\/td>\n<td style=\"width: 20%;\"><span style=\"font-size: 8pt;\">3 LLEGADA DEL DINERO DEL PLAN MARSHALL<\/span><\/td>\n<td style=\"width: 20%;\"><span style=\"font-size: 8pt;\">4 RECUPERACI\u00d3N DE ALEMANIA DEL NIVEL DE PRODUCCI\u00d3N PREVIO A LA GUERRA<\/span><\/td>\n<td style=\"width: 20%;\"><span style=\"font-size: 8pt;\">5 CREACI\u00d3N DE LA CECA<\/span><\/td>\n<\/tr>\n<tr>\n<td style=\"width: 20%;\"><span style=\"font-size: 8pt;\">6 ENTRADA DE ESPA\u00d1A EN LA ONU<\/span><\/td>\n<td style=\"width: 20%;\"><span style=\"font-size: 8pt;\">7 INDEPENDENCIA DE MARRUECOS<\/span><\/td>\n<td style=\"width: 20%;\"><span style=\"font-size: 8pt;\">8 INCONSTITUCIONALIDAD DE LA SEGREGACI\u00d3N RACIAL EN LOS EEUU<\/span><\/td>\n<td style=\"width: 20%;\"><span style=\"font-size: 8pt;\">9 FIRMA DE LOS TRATADOS DE LA CEE<\/span><\/td>\n<td style=\"width: 20%;\"><span style=\"font-size: 8pt;\">10 APROBACI\u00d3N DE LA LEY DE DERECHOS CIVILES<\/span><\/td>\n<\/tr>\n<\/tbody>\n<\/table>\n<p>&nbsp;<\/p>\n<p>PARA HACER ESTE TIPO DE EJES CRONOL\u00d3GICOS ES RECOMENDABLE USAR EXCEL O LAS HOJAS DE C\u00c1LCULO DE GOOGLE, USA LA PLANTILLA CON LA DIVISI\u00d3N DE LOS DIFERENTES GOBIERNOS, SOLO QUEDA POR PONER EL NOMBRE DE LAS DIFERENTES ADMINISTRACIONES Y LOS ACONTECIMIENTOS PROPUESTOS:<\/p>\n<figure id=\"attachment_6885\" class=\"thumbnail wp-caption aligncenter\" style=\"width: 1760px\"><a href=\"https:\/\/docs.google.com\/spreadsheets\/d\/1q0bqkVLbaHuaIooHJt4Oqwt1g74hAI-KWCUGabye13k\/edit?usp=sharing\" target=\"_blank\" rel=\"noopener noreferrer\"><img loading=\"lazy\" decoding=\"async\" class=\"wp-image-6885 size-full\" src=\"https:\/\/auladeclio.com\/auladeclio\/wp-content\/uploads\/2020\/04\/1\u00ba-BACH-10.4-EL-BLOQUE-CAPITALISTA-CONSOLIDA.jpg\" alt=\"\" width=\"1750\" height=\"611\" srcset=\"https:\/\/auladeclio.com\/auladeclio\/wp-content\/uploads\/2020\/04\/1\u00ba-BACH-10.4-EL-BLOQUE-CAPITALISTA-CONSOLIDA.jpg 1750w, https:\/\/auladeclio.com\/auladeclio\/wp-content\/uploads\/2020\/04\/1\u00ba-BACH-10.4-EL-BLOQUE-CAPITALISTA-CONSOLIDA-300x105.jpg 300w, https:\/\/auladeclio.com\/auladeclio\/wp-content\/uploads\/2020\/04\/1\u00ba-BACH-10.4-EL-BLOQUE-CAPITALISTA-CONSOLIDA-1024x358.jpg 1024w, https:\/\/auladeclio.com\/auladeclio\/wp-content\/uploads\/2020\/04\/1\u00ba-BACH-10.4-EL-BLOQUE-CAPITALISTA-CONSOLIDA-768x268.jpg 768w, https:\/\/auladeclio.com\/auladeclio\/wp-content\/uploads\/2020\/04\/1\u00ba-BACH-10.4-EL-BLOQUE-CAPITALISTA-CONSOLIDA-1536x536.jpg 1536w\" sizes=\"auto, (max-width: 1750px) 100vw, 1750px\" \/><\/a><figcaption class=\"caption wp-caption-text\">CLICA EN LA IMAGEN PARA ACCEDER A LA PLANTILLA<\/figcaption><\/figure>\n<p>&nbsp;[\/vc_column_text][\/vc_tta_section][vc_tta_section i_icon_fontawesome=&#8221;fa fa-question-circle&#8221; add_icon=&#8221;true&#8221; title=&#8221;PROFUNDIZA&#8221; tab_id=&#8221;1524164499297-d8938bdf-1969&#8243;][vc_wp_text]<strong><span style=\"font-size: 14pt;\">EL PERONISMO<\/span><\/strong><\/p>\n<p>LEE EL ART\u00cdCULO Y EXPLICA QUE ES EL PERONISMO:<\/p>\n<p><a href=\"https:\/\/elordenmundial.com\/el-peronismo-una-ideologia-atemporal\/\" target=\"_blank\" rel=\"noopener\"><img loading=\"lazy\" decoding=\"async\" class=\"aligncenter wp-image-8700 size-full\" src=\"https:\/\/auladeclio.com\/auladeclio\/wp-content\/uploads\/2021\/04\/1o-BACH-10.2-PROFUNDIZA-EL-PERONISMO.jpg\" alt=\"\" width=\"986\" height=\"785\" srcset=\"https:\/\/auladeclio.com\/auladeclio\/wp-content\/uploads\/2021\/04\/1o-BACH-10.2-PROFUNDIZA-EL-PERONISMO.jpg 986w, https:\/\/auladeclio.com\/auladeclio\/wp-content\/uploads\/2021\/04\/1o-BACH-10.2-PROFUNDIZA-EL-PERONISMO-300x239.jpg 300w, https:\/\/auladeclio.com\/auladeclio\/wp-content\/uploads\/2021\/04\/1o-BACH-10.2-PROFUNDIZA-EL-PERONISMO-768x611.jpg 768w\" sizes=\"auto, (max-width: 986px) 100vw, 986px\" \/><\/a><\/p>\n<p><a href=\"https:\/\/auladeclio.com\/auladeclio\/wp-content\/uploads\/2018\/06\/L\u00cdNEAS.jpg\"><img loading=\"lazy\" decoding=\"async\" class=\"aligncenter size-full wp-image-2612\" src=\"https:\/\/auladeclio.com\/auladeclio\/wp-content\/uploads\/2018\/06\/L\u00cdNEAS.jpg\" alt=\"\" width=\"1342\" height=\"325\" srcset=\"https:\/\/auladeclio.com\/auladeclio\/wp-content\/uploads\/2018\/06\/L\u00cdNEAS.jpg 1342w, https:\/\/auladeclio.com\/auladeclio\/wp-content\/uploads\/2018\/06\/L\u00cdNEAS-300x73.jpg 300w, https:\/\/auladeclio.com\/auladeclio\/wp-content\/uploads\/2018\/06\/L\u00cdNEAS-768x186.jpg 768w, https:\/\/auladeclio.com\/auladeclio\/wp-content\/uploads\/2018\/06\/L\u00cdNEAS-1024x248.jpg 1024w\" sizes=\"auto, (max-width: 1342px) 100vw, 1342px\" \/><\/a>[\/vc_wp_text][\/vc_tta_section][\/vc_tta_tabs][\/vc_column][\/vc_row]\n<\/div>","protected":false},"excerpt":{"rendered":"<p>[vc_row][vc_column width=&#8221;1\/3&#8243; offset=&#8221;vc_col-lg-offset-0 vc_col-md-offset-0 vc_col-sm-offset-0 vc_col-xs-3&#8243;][vc_icon icon_fontawesome=&#8221;fa fa-chevron-left&#8221; color=&#8221;sky&#8221; link=&#8221;url:http%3A%2F%2Fauladeclio.com%2Fauladeclio%2F10-3-el-bloque-comunista%2F|title:EP%C3%8DGRAFE%20ANTERIOR|target:%20_blank|&#8221;][\/vc_column][vc_column width=&#8221;1\/3&#8243; offset=&#8221;vc_col-lg-offset-0 vc_col-md-offset-0 vc_col-sm-offset-0 vc_col-xs-offset-1 vc_col-xs-3&#8243;][vc_icon icon_fontawesome=&#8221;fa fa-list&#8221; color=&#8221;sky&#8221; align=&#8221;center&#8221; link=&#8221;url:http%3A%2F%2Fauladeclio.com%2Fauladeclio%2F10-la-guerra-fria-1946-1964%2F|title:%C3%8DNDICE%20DE%20EP%C3%8DGRAFES|target:%20_blank|&#8221;][\/vc_column][vc_column width=&#8221;1\/3&#8243; offset=&#8221;vc_col-lg-offset-0 vc_col-md-offset-0 vc_col-sm-offset-0 vc_col-xs-offset-1 vc_col-xs-3&#8243;][vc_icon icon_fontawesome=&#8221;fa fa-chevron-right&#8221; color=&#8221;sky&#8221; align=&#8221;right&#8221; link=&#8221;url:http%3A%2F%2Fauladeclio.com%2Fauladeclio%2F10-5-hacia-la-coexistencia-pacifica-1954-1964%2F|title:EP%C3%8DGRAFE%20SIGUIENTE|target:%20_blank|&#8221;][\/vc_column][\/vc_row][vc_row][vc_column][vc_tta_tabs style=&#8221;outline&#8221; shape=&#8221;square&#8221; color=&#8221;sky&#8221; active_section=&#8221;1&#8243; pagination_style=&#8221;flat-rounded&#8221; pagination_color=&#8221;blue&#8221;][vc_tta_section i_icon_fontawesome=&#8221;fa fa-book&#8221; add_icon=&#8221;true&#8221; title=&#8221;TEMA&#8221; tab_id=&#8221;1509006569048-f59e903e-56d1&#8243;][vc_wp_text] Por otro lado, Jap\u00f3n se convertir\u00e1 en el aliado m\u00e1s importante de [&hellip;]<\/p>\n","protected":false},"author":1,"featured_media":0,"parent":0,"menu_order":0,"comment_status":"closed","ping_status":"closed","template":"","meta":{"nf_dc_page":"","footnotes":""},"categories":[14,13],"tags":[],"class_list":["post-1604","page","type-page","status-publish","hentry","category-1o-de-bachillerato","category-historia-del-mundo-contemporaneo"],"_links":{"self":[{"href":"https:\/\/auladeclio.com\/auladeclio\/wp-json\/wp\/v2\/pages\/1604","targetHints":{"allow":["GET"]}}],"collection":[{"href":"https:\/\/auladeclio.com\/auladeclio\/wp-json\/wp\/v2\/pages"}],"about":[{"href":"https:\/\/auladeclio.com\/auladeclio\/wp-json\/wp\/v2\/types\/page"}],"author":[{"embeddable":true,"href":"https:\/\/auladeclio.com\/auladeclio\/wp-json\/wp\/v2\/users\/1"}],"replies":[{"embeddable":true,"href":"https:\/\/auladeclio.com\/auladeclio\/wp-json\/wp\/v2\/comments?post=1604"}],"version-history":[{"count":5,"href":"https:\/\/auladeclio.com\/auladeclio\/wp-json\/wp\/v2\/pages\/1604\/revisions"}],"predecessor-version":[{"id":9687,"href":"https:\/\/auladeclio.com\/auladeclio\/wp-json\/wp\/v2\/pages\/1604\/revisions\/9687"}],"wp:attachment":[{"href":"https:\/\/auladeclio.com\/auladeclio\/wp-json\/wp\/v2\/media?parent=1604"}],"wp:term":[{"taxonomy":"category","embeddable":true,"href":"https:\/\/auladeclio.com\/auladeclio\/wp-json\/wp\/v2\/categories?post=1604"},{"taxonomy":"post_tag","embeddable":true,"href":"https:\/\/auladeclio.com\/auladeclio\/wp-json\/wp\/v2\/tags?post=1604"}],"curies":[{"name":"wp","href":"https:\/\/api.w.org\/{rel}","templated":true}]}}