{"id":1528,"date":"2018-04-22T09:15:04","date_gmt":"2018-04-22T09:15:04","guid":{"rendered":"http:\/\/auladeclio.com\/auladeclio\/?page_id=1528"},"modified":"2021-06-25T11:21:11","modified_gmt":"2021-06-25T11:21:11","slug":"7-4-las-revoluciones-rusas","status":"publish","type":"page","link":"https:\/\/auladeclio.com\/auladeclio\/7-4-las-revoluciones-rusas\/","title":{"rendered":"7.4 Las revoluciones rusas"},"content":{"rendered":"<div class=\"wpb-content-wrapper\">[vc_row][vc_column width=&#8221;1\/3&#8243; offset=&#8221;vc_col-lg-offset-0 vc_col-md-offset-0 vc_col-sm-offset-0 vc_col-xs-3&#8243;][vc_icon icon_fontawesome=&#8221;fa fa-chevron-left&#8221; color=&#8221;sky&#8221; link=&#8221;url:http%3A%2F%2Fauladeclio.com%2Fauladeclio%2F7-3-la-rusia-zarista%2F|title:EP%C3%8DGRAFE%20ANTERIOR|target:%20_blank|&#8221;][\/vc_column][vc_column width=&#8221;1\/3&#8243; offset=&#8221;vc_col-lg-offset-0 vc_col-md-offset-0 vc_col-sm-offset-0 vc_col-xs-offset-1 vc_col-xs-3&#8243;][vc_icon icon_fontawesome=&#8221;fa fa-list&#8221; color=&#8221;sky&#8221; align=&#8221;center&#8221; link=&#8221;url:http%3A%2F%2Fauladeclio.com%2Fauladeclio%2F7-la-i-guerra-mundial-y-las-revoluciones-rusas-1914-1919%2F|title:%C3%8DNDICE%20DE%20EP%C3%8DGRAFES|target:%20_blank|&#8221;][\/vc_column][vc_column width=&#8221;1\/3&#8243; offset=&#8221;vc_col-lg-offset-0 vc_col-md-offset-0 vc_col-sm-offset-0 vc_col-xs-offset-1 vc_col-xs-3&#8243;][vc_icon icon_fontawesome=&#8221;fa fa-chevron-right&#8221; color=&#8221;sky&#8221; align=&#8221;right&#8221; link=&#8221;url:http%3A%2F%2Fauladeclio.com%2Fauladeclio%2F7-5-la-guerra-civil-rusa-y-la-creacion-de-la-urss%2F|title:EP%C3%8DGRAFE%20SIGUIENTE|target:%20_blank|&#8221;][\/vc_column][\/vc_row][vc_row][vc_column][vc_tta_tabs style=&#8221;outline&#8221; shape=&#8221;square&#8221; color=&#8221;sky&#8221; active_section=&#8221;1&#8243; pagination_style=&#8221;flat-rounded&#8221; pagination_color=&#8221;blue&#8221;][vc_tta_section i_icon_fontawesome=&#8221;fa fa-book&#8221; add_icon=&#8221;true&#8221; title=&#8221;TEMA&#8221; tab_id=&#8221;1509006569048-f59e903e-56d1&#8243;][vc_wp_text]<div class=\"row\">\n<div class=\"col-lg-6 col-md-12 col-sm-12 col-12\">\n<p style=\"text-align: justify;\">Ante la situaci\u00f3n provocada por el <strong>ineficiente gobierno zarista<\/strong> y las <strong>penalidades generadas por la I Guerra Mundial<\/strong>, se gener\u00f3 en Rusia el caldo de cultivo perfecto para el estallido de una revoluci\u00f3n con consecuencias inimaginables.<\/p>\n<p style=\"text-align: justify;\">Las derrotas de Rusia en la Primera Guerra Mundial y las elevadas p\u00e9rdidas humanas y territoriales (Polonia, Lituania y parte de Bielorrusia cayeron en manos de los alemanes) generaron enormes dificultades econ\u00f3micas y un profundo malestar social. La desmoralizaci\u00f3n y las deserciones en el ej\u00e9rcito ruso alcanzaron su punto \u00e1lgido en 1917.<\/p>\n<p style=\"text-align: justify;\"><strong>Durante ese a\u00f1o Rusia vivir\u00e1 dos revoluciones marcadamente diferentes entre s\u00ed, la primera liberal-burguesa y liderada por kadetes y eseristas, tuvo lugar en febrero de 1917 y otra en octubre, liderada por el ala m\u00e1s radical de POSDR, los bolcheviques y con una ideolog\u00eda marcadamente socialista.<\/strong><\/p>\n<\/div>\n<div class=\"col-lg-6 col-md-12 col-sm-12 col-12\">\n<div class=\"embed-responsive embed-responsive-16by9\"><iframe loading=\"lazy\" src=\"https:\/\/drive.google.com\/file\/d\/1sfpLjY7kRVJ6-0c_oyX4DiJNdhw9RKfR\/preview\" width=\"500\" height=\"285\" class=\"embed-responsive-item\"><\/iframe><\/div>\n<p style=\"text-align: center;\"><span style=\"font-size: 10pt;\">1917, EL A\u00d1O DE LAS DOS REVOLUCIONES EN RUSIA. NATIONAL GEOGRAPHIC<\/span><\/p>\n<\/div>\n<\/div>\n<p style=\"text-align: justify;\">Es importante remarcar que en la Rusia zarista se segu\u00eda utilizando el calendario juliano, que iba retrasado 13 d\u00edas respecto al usado en Europa occidental y el resto del mundo, el calendario gregoriano. As\u00ed que la revoluci\u00f3n de Febrero tuvo lugar para nosotros en marzo y la de Octubre en noviembre. Cuando los bolchevique llegaron al poder modificaron el calendario y lo adaptaron al del resto del mundo, aunque en la actualidad, tras la ca\u00edda de la URSS en 1991, se restableci\u00f3 de nuevo el calendario juliano en Rusia.<\/p>\n[\/vc_wp_text][vc_column_text]<span style=\"font-size: 8pt;\">B5\/2. La Rusia zarista, la revoluci\u00f3n rusa, la formaci\u00f3n y desarrollo de la URSS. La \u00e9poca de Stalin<\/span>[\/vc_column_text][vc_toggle title=&#8221;LA REVOLUCI\u00d3N BURGUESA DE FEBRERO&#8221; custom_font_container=&#8221;tag:h4|text_align:left|color:%231e73be&#8221; custom_google_fonts=&#8221;font_family:Bitter%3Aregular%2Citalic%2C700|font_style:400%20regular%3A400%3Anormal&#8221; use_custom_heading=&#8221;true&#8221;]<strong>Fueron las mujeres<\/strong>, acuciadas por el hambre de sus familias, <strong>las primeras que se lanzaron a la calle<\/strong>. Era <strong>el 23 de febrero (8 de marzo) en Petrogrado<\/strong> (San Petersburgo) y a su manifestaci\u00f3n se sumaron los obreros. Al d\u00eda siguiente las manifestaciones eran a\u00fan m\u00e1s numerosas y se multiplicaron los asaltos a las panader\u00edas y otros comercios de alimentaci\u00f3n. <strong>El hambre sembraba la desesperaci\u00f3n.<\/strong><\/p>\n<p>En esta ocasi\u00f3n, como en 1905, todos quer\u00edan llegar hasta el palacio del zar a trav\u00e9s de la avenida Nevsky Prospekt, como entonces, ped\u00edan pan, pero, a diferencia de lo sucedido en 1905, <strong>gritaban <em>&#8220;muera el zar&#8221;<\/em><\/strong>, llevaban la bandera roja y cantaban La Marsellesa a grandes voces. Los polic\u00edas vigilaban inquietos.<\/p>\n<p><strong>El 25 de febrero<\/strong> (10 de marzo), <strong>el zar Nicol\u00e1s II<\/strong>, que se encontraba visitando los frentes, <strong>envi\u00f3 un telegrama en el que dec\u00eda:<\/strong> <em>&#8220;Ordeno que a partir de ma\u00f1ana acaben con el desorden en la capital, que de ninguna manera puede tolerarse en esta hora grave de la guerra. Nicol\u00e1s&#8221;<\/em>. Desde luego, la polic\u00eda y los soldados solo pod\u00edan interpretar la orden de una manera: <strong>si volv\u00eda a producirse desorden, deb\u00edan disparar contra la multitud.<\/strong><\/p>\n<p>Ese d\u00eda,<strong> el 26 de febrero<\/strong>, se repiti\u00f3 la manifestaci\u00f3n, a\u00fan m\u00e1s numerosa que el d\u00eda anterior. <strong>Los oficiales ordenaron disparar contra la multitud<\/strong>, pero la mayor\u00eda de los soldados desobedecieron la orden y dispararon al aire. Entonces comenz\u00f3 el fuego de ametralladora y a lo largo de aquella triste jornada hubo casi doscientos muertos y muchos m\u00e1s resultaron heridos.<\/p>\n<div class=\"row\">\n<div class=\"col-lg-4 col-md-12 col-sm-12 col-12\">\n<figure id=\"attachment_7436\" class=\"thumbnail wp-caption aligncenter\" style=\"width: 271px\"><a href=\"https:\/\/upload.wikimedia.org\/wikipedia\/commons\/8\/84\/Revoluci%C3%B3nDeFebreroEnRusia1917.svg\" target=\"_blank\" rel=\"noopener noreferrer\"><img loading=\"lazy\" decoding=\"async\" class=\"wp-image-7436 \" src=\"https:\/\/auladeclio.com\/auladeclio\/wp-content\/uploads\/2020\/06\/PLANO-DE-PETROGRADO-CON-LOS-PRINCIPALES-ACONTECIMIENTOS-DE-FEBRERO-DE-1917-RECORTADO-1024x818.jpg\" alt=\"\" width=\"261\" height=\"209\" srcset=\"https:\/\/auladeclio.com\/auladeclio\/wp-content\/uploads\/2020\/06\/PLANO-DE-PETROGRADO-CON-LOS-PRINCIPALES-ACONTECIMIENTOS-DE-FEBRERO-DE-1917-RECORTADO-1024x818.jpg 1024w, https:\/\/auladeclio.com\/auladeclio\/wp-content\/uploads\/2020\/06\/PLANO-DE-PETROGRADO-CON-LOS-PRINCIPALES-ACONTECIMIENTOS-DE-FEBRERO-DE-1917-RECORTADO-300x240.jpg 300w, https:\/\/auladeclio.com\/auladeclio\/wp-content\/uploads\/2020\/06\/PLANO-DE-PETROGRADO-CON-LOS-PRINCIPALES-ACONTECIMIENTOS-DE-FEBRERO-DE-1917-RECORTADO-768x613.jpg 768w, https:\/\/auladeclio.com\/auladeclio\/wp-content\/uploads\/2020\/06\/PLANO-DE-PETROGRADO-CON-LOS-PRINCIPALES-ACONTECIMIENTOS-DE-FEBRERO-DE-1917-RECORTADO-1536x1227.jpg 1536w, https:\/\/auladeclio.com\/auladeclio\/wp-content\/uploads\/2020\/06\/PLANO-DE-PETROGRADO-CON-LOS-PRINCIPALES-ACONTECIMIENTOS-DE-FEBRERO-DE-1917-RECORTADO.jpg 1822w\" sizes=\"auto, (max-width: 261px) 100vw, 261px\" \/><\/a><figcaption class=\"caption wp-caption-text\"><span style=\"font-size: 8pt;\">PETROGRADO EN FEBRERO DE 1917<\/span><\/figcaption><\/figure>\n<\/div>\n<div class=\"col-lg-4 col-md-12 col-sm-12 col-12\">\n<figure id=\"attachment_7434\" class=\"thumbnail wp-caption aligncenter\" style=\"width: 528px\"><a href=\"https:\/\/auladeclio.com\/auladeclio\/wp-content\/uploads\/2020\/06\/MULTITUD-EN-LA-AVENIDA-NEVSKY-PROSPEKT-EN-FEBRERO-DE-DE-2017.jpg\"><img loading=\"lazy\" decoding=\"async\" class=\"size-full wp-image-7434\" src=\"https:\/\/auladeclio.com\/auladeclio\/wp-content\/uploads\/2020\/06\/MULTITUD-EN-LA-AVENIDA-NEVSKY-PROSPEKT-EN-FEBRERO-DE-DE-2017.jpg\" alt=\"\" width=\"518\" height=\"325\" srcset=\"https:\/\/auladeclio.com\/auladeclio\/wp-content\/uploads\/2020\/06\/MULTITUD-EN-LA-AVENIDA-NEVSKY-PROSPEKT-EN-FEBRERO-DE-DE-2017.jpg 518w, https:\/\/auladeclio.com\/auladeclio\/wp-content\/uploads\/2020\/06\/MULTITUD-EN-LA-AVENIDA-NEVSKY-PROSPEKT-EN-FEBRERO-DE-DE-2017-300x188.jpg 300w\" sizes=\"auto, (max-width: 518px) 100vw, 518px\" \/><\/a><figcaption class=\"caption wp-caption-text\"><span style=\"font-size: 8pt;\">MULTITUD EN LA AVENIDA NEVSKY PROSPEKT\u00a0EN FEBRERO DE DE 1917<\/span><\/figcaption><\/figure>\n<\/div>\n<div class=\"col-lg-4 col-md-12 col-sm-12 col-12\">\n<figure id=\"attachment_7435\" class=\"thumbnail wp-caption aligncenter\" style=\"width: 658px\"><a href=\"https:\/\/auladeclio.com\/auladeclio\/wp-content\/uploads\/2020\/06\/MULTITUD-EN-LA-PLAZA-ZN\u00c1MESKAIA-EN-FEBRERO-DE-1917.jpg\" target=\"_blank\" rel=\"noopener noreferrer\"><img loading=\"lazy\" decoding=\"async\" class=\"wp-image-7435 size-large\" src=\"https:\/\/auladeclio.com\/auladeclio\/wp-content\/uploads\/2020\/06\/MULTITUD-EN-LA-PLAZA-ZN\u00c1MESKAIA-EN-FEBRERO-DE-1917-1024x629.jpg\" alt=\"\" width=\"648\" height=\"398\" srcset=\"https:\/\/auladeclio.com\/auladeclio\/wp-content\/uploads\/2020\/06\/MULTITUD-EN-LA-PLAZA-ZN\u00c1MESKAIA-EN-FEBRERO-DE-1917-1024x629.jpg 1024w, https:\/\/auladeclio.com\/auladeclio\/wp-content\/uploads\/2020\/06\/MULTITUD-EN-LA-PLAZA-ZN\u00c1MESKAIA-EN-FEBRERO-DE-1917-300x184.jpg 300w, https:\/\/auladeclio.com\/auladeclio\/wp-content\/uploads\/2020\/06\/MULTITUD-EN-LA-PLAZA-ZN\u00c1MESKAIA-EN-FEBRERO-DE-1917-768x472.jpg 768w, https:\/\/auladeclio.com\/auladeclio\/wp-content\/uploads\/2020\/06\/MULTITUD-EN-LA-PLAZA-ZN\u00c1MESKAIA-EN-FEBRERO-DE-1917-1536x943.jpg 1536w, https:\/\/auladeclio.com\/auladeclio\/wp-content\/uploads\/2020\/06\/MULTITUD-EN-LA-PLAZA-ZN\u00c1MESKAIA-EN-FEBRERO-DE-1917-2048x1257.jpg 2048w\" sizes=\"auto, (max-width: 648px) 100vw, 648px\" \/><\/a><figcaption class=\"caption wp-caption-text\"><span style=\"font-size: 8pt;\">MULTITUD EN LA PLAZA ZN\u00c1MESKAIA EN FEBRERO DE 1917<\/span><\/figcaption><\/figure>\n<\/div>\n<\/div>\n<div class=\"row\">\n<div class=\"col-lg-6 col-md-12 col-sm-12 col-12\">\n<p style=\"text-align: justify;\"><strong>Ese mismo d\u00eda se form\u00f3 el Comit\u00e9 Ejecutivo del Soviet Supremo de Petrogrado<\/strong>, formado por mencheviques y <strong>organizado por Trotski<\/strong>.\u00a0Horas despu\u00e9s, <strong>en la madrugada del 27 de febrero de 1917, la guarnici\u00f3n de Mosc\u00fa se sublev\u00f3<\/strong> y constituy\u00f3 un soviet, <strong>en Petrogrado muchos soldados juraron no volver a disparar contra el pueblo<\/strong>, encarcelaron a sus oficiales y al d\u00eda siguiente se unieron a los manifestantes.<\/p>\n<p style=\"text-align: justify;\">El gobierno del zar no pod\u00eda hacer cumplir las \u00f3rdenes ni a sus propios soldados en la capital del Imperio.\u00a0<strong>El d\u00eda 28, y sin planificaci\u00f3n previa, la Revoluci\u00f3n se extendi\u00f3 por toda Rusia.<\/strong><\/p>\n<p style=\"text-align: justify;\">Esta revoluci\u00f3n fue el estallido espont\u00e1neo de una masa desesperada por el hambre, el paro, la miseria y el env\u00edo permanente de j\u00f3venes al frente. La burgues\u00eda y los funcionarios, que no ve\u00edan otra salida a la dif\u00edcil situaci\u00f3n del pa\u00eds, secundaron el levantamiento.<\/p>\n<\/div>\n<div class=\"col-lg-6 col-md-12 col-sm-12 col-12\">\n<table  class=\" table table-hover\" style=\"width: 100%; border-collapse: collapse; background-color: #d1d1d1;\" border=\"3\">\n<tbody>\n<tr>\n<td style=\"width: 100%;\"><span style=\"font-size: 10pt;\"><em>&#8220;Camaradas proletarios, trabajadores de todos los pa\u00edses [&#8230;]: Nosotros, soldados y obreros rusos, unidos en el seno del soviet de los diputados obreros y soldados, os enviamos nuestros saludos calurosos y os informamos de un gran suceso. La democracia rusa ha derribado el despotismo de los zares y ha entrado totalmente en la familia de las naciones como miembro igual a las dem\u00e1s y como una poderosa fuerza en el combate para nuestra liberaci\u00f3n. Nuestra victoria es una gran victoria para la libertad y la democracia.<\/em><\/span><\/p>\n<p><span style=\"font-size: 10pt;\"><em>[&#8230;] Trabajadores de todos los pa\u00edses: tendiendo nuestras manos como hermanos por encima de las monta\u00f1as de los cuerpos de nuestros muertos [&#8230;] os hacemos un llamamiento para restaurar la unidad internacional. [&#8230;]<\/em><\/span><span style=\"font-size: 10pt;\"><em>\u00a1Proletarios de todos los pa\u00edses, un\u00edos!&#8221;<\/em><\/span><\/p>\n<p style=\"text-align: right;\"><strong><span style=\"font-size: 8pt;\">El soviet de los diputados, de obreros y soldados (27 de marzo de 1917).<\/span><\/strong><\/p>\n<\/td>\n<\/tr>\n<\/tbody>\n<\/table>\n<p style=\"text-align: right;\"><\/div>\n<\/div>El presidente de la Duma mand\u00f3 un telegrama al zar: &#8220;<em>La anarqu\u00eda reina en la capital. El gobierno est\u00e1 paralizado<\/em>&#8220;.<\/p>\n<p><strong>El 3 de marzo, Nicol\u00e1s II abdic\u00f3<\/strong> en su hermano, el gran duque Miguel, pero este renunci\u00f3 a sus derechos din\u00e1sticos. La dinast\u00eda Romanov, que hab\u00eda reinado en Rusia durante trescientos a\u00f1os, desapareci\u00f3. <strong>A partir de ese momento se formaron dos bloques para constituir gobierno:<\/strong><\/p>\n<ul>\n<li><strong>El de los liberales<\/strong> del partido Kadette, liderado por el pr\u00edncipe Lvov, que <strong>pensaban restablecer la normalidad mediante una monarqu\u00eda constitucional. <\/strong>Este bloque liderar\u00e1 en un primer momento el gobierno provisional tras la abdicaci\u00f3n del zar.<\/li>\n<\/ul>\n<div class=\"row\">\n<div class=\"col-lg-5 col-md-12 col-sm-12 col-12\">\n<ul>\n<li style=\"text-align: justify;\"><strong>El de los soviets<\/strong>, que <strong>propugnaban una ruptura total con el antiguo r\u00e9gimen<\/strong>; dentro de estos, <strong>los eseristas y mencheviques defend\u00edan una postura conciliadora y los bolcheviques eran partidarios de un gobierno revolucionario.<\/strong><\/li>\n<\/ul>\n<p style=\"text-align: justify;\"><strong>La Duma fue disuelta<\/strong>, y <strong>se form\u00f3 un gobierno provisional presidido por Georgi Lvov, con el eserista Alexandr Kerenski como ministro de la Guerra.<\/strong> El Gobierno llev\u00f3 a cabo las siguientes medidas:<\/p>\n<ul>\n<li style=\"text-align: justify;\">Decret\u00f3 la amnist\u00eda para los presos pol\u00edticos<\/li>\n<li style=\"text-align: justify;\">Estableci\u00f3 la jornada laboral de ocho horas<\/li>\n<li style=\"text-align: justify;\">Aboli\u00f3 la pena de muerte<\/li>\n<li style=\"text-align: justify;\">Concedi\u00f3 la independencia a Polonia<\/li>\n<li style=\"text-align: justify;\"><strong>Decidi\u00f3 continuar la guerra<\/strong> para respetar los compromisos internacionales adquiridos.<\/li>\n<\/ul>\n<p>El trabajo del gobierno provisional no fue f\u00e1cil puesto que deb\u00eda iniciar las reformas propuestas, continuar en la guerra y resistir a las presiones d<strong>el soviet de Petrogrado<\/strong>, que<strong> pretend\u00eda poner fin a la guerra.<\/strong><\/p>\n<\/div>\n<div class=\"col-lg-7 col-md-12 col-sm-12 col-12\">\n<table  class=\" table table-hover\" style=\"width: 100%; border-collapse: collapse; background-color: #d1cfcf;\" border=\"3\">\n<tbody>\n<tr>\n<td style=\"width: 100%;\"><strong><span style=\"font-size: 10pt;\">EL GOBIERNO PROVISIONAL A LOS CIUDADANOS RUSOS<\/span><\/strong><\/p>\n<p>&nbsp;<\/p>\n<p style=\"text-align: justify;\"><span style=\"font-size: 10pt;\"><em>&#8220;Ciudadanos del Estado ruso:<\/em><\/span><\/p>\n<p style=\"text-align: justify;\"><span style=\"font-size: 10pt;\"><em>Un gran acontecimiento se ha producido. El antiguo r\u00e9gimen ha sido derrocado gracias al poderoso impulso del pueblo ruso. Ha nacido una Rusia libre y nueva. Este gran derrocamiento corona numerosos a\u00f1os de combate.<\/em><\/span><span style=\"font-size: 10pt;\"><em>El acta promulgada el 17 de octubre de 1905 por la presi\u00f3n de las fuerzas populares sublevadas hab\u00eda prometido a Rusia libertades constitucionales. Estas promesas no fueron cumplidas. La Duma \u2014portavoz de las esperanzas populares\u2014 fue disuelta.<\/em><\/span><\/p>\n<p style=\"text-align: justify;\"><span style=\"font-size: 10pt;\"><em>La segunda Duma corri\u00f3 la misma suerte. Incapaz de quebrantar la voluntad popular, el gobierno decidi\u00f3, mediante el acta de 3 de junio de 1907, quitar al pueblo parte de sus derechos a participar en la obra legislativa, previamente concedidos. Durante nueve largos a\u00f1os fue privado progresivamente de los derechos que hab\u00eda conquistado. Una vez m\u00e1s el pa\u00eds se hundi\u00f3 en un abismo de absolutismo y arbitrariedad.<\/em><\/span><\/p>\n<p style=\"text-align: justify;\"><span style=\"font-size: 10pt;\"><em>Todos los intentos de hacer entrar en raz\u00f3n al gobierno fueron in\u00fatiles, y la gran conflagraci\u00f3n mundial a la que el enemigo arrastr\u00f3 a la madre patria la sorprendi\u00f3 en un estado de degradaci\u00f3n moral, de indiferencia por el futuro de la patria, ajeno al pueblo y hundido en la corrupci\u00f3n.&#8221;<\/em><\/span><\/p>\n<p style=\"text-align: right;\"><span style=\"font-size: 8pt;\"><strong>Declaraci\u00f3n del gobierno provisional (7 de marzo de 1917).<\/strong><\/span><\/p>\n<\/td>\n<\/tr>\n<\/tbody>\n<\/table>\n<\/div>\n<\/div><div class=\"row\">\n<div class=\"col-lg-4 col-md-12 col-sm-12 col-12\">\n<figure id=\"attachment_7438\" class=\"thumbnail wp-caption aligncenter\" style=\"width: 325px\"><a href=\"https:\/\/auladeclio.com\/auladeclio\/wp-content\/uploads\/2020\/06\/REPRESENTACI\u00d3N-DE-LA-ABDICACI\u00d3N-DE-NICOL\u00c1S-II-EL-3-MARZO-DE-1917.jpg\" target=\"_blank\" rel=\"noopener noreferrer\"><img loading=\"lazy\" decoding=\"async\" class=\"wp-image-7438\" src=\"https:\/\/auladeclio.com\/auladeclio\/wp-content\/uploads\/2020\/06\/REPRESENTACI\u00d3N-DE-LA-ABDICACI\u00d3N-DE-NICOL\u00c1S-II-EL-3-MARZO-DE-1917-236x300.jpg\" alt=\"\" width=\"315\" height=\"400\" srcset=\"https:\/\/auladeclio.com\/auladeclio\/wp-content\/uploads\/2020\/06\/REPRESENTACI\u00d3N-DE-LA-ABDICACI\u00d3N-DE-NICOL\u00c1S-II-EL-3-MARZO-DE-1917-236x300.jpg 236w, https:\/\/auladeclio.com\/auladeclio\/wp-content\/uploads\/2020\/06\/REPRESENTACI\u00d3N-DE-LA-ABDICACI\u00d3N-DE-NICOL\u00c1S-II-EL-3-MARZO-DE-1917.jpg 379w\" sizes=\"auto, (max-width: 315px) 100vw, 315px\" \/><\/a><figcaption class=\"caption wp-caption-text\"><span style=\"font-size: 8pt;\">REPRESENTACI\u00d3N DE LA ABDICACI\u00d3N DE NICOL\u00c1S II EL 3 MARZO DE 1917<\/span><\/figcaption><\/figure>\n<\/div>\n<div class=\"col-lg-4 col-md-12 col-sm-12 col-12\">\n<figure id=\"attachment_7439\" class=\"thumbnail wp-caption aligncenter\" style=\"width: 254px\"><a href=\"https:\/\/auladeclio.com\/auladeclio\/wp-content\/uploads\/2020\/06\/PR\u00cdNCIPE-LVOV-EN-1919-L\u00cdDER-DE-LOS-KADETES-Y-PRIMER-MINISTRO-DEL-PRIMER-GOBIERNO-PROVISIONAL.jpg\" target=\"_blank\" rel=\"noopener noreferrer\"><img loading=\"lazy\" decoding=\"async\" class=\"wp-image-7439\" src=\"https:\/\/auladeclio.com\/auladeclio\/wp-content\/uploads\/2020\/06\/PR\u00cdNCIPE-LVOV-EN-1919-L\u00cdDER-DE-LOS-KADETES-Y-PRIMER-MINISTRO-DEL-PRIMER-GOBIERNO-PROVISIONAL-200x300.jpg\" alt=\"\" width=\"244\" height=\"365\" srcset=\"https:\/\/auladeclio.com\/auladeclio\/wp-content\/uploads\/2020\/06\/PR\u00cdNCIPE-LVOV-EN-1919-L\u00cdDER-DE-LOS-KADETES-Y-PRIMER-MINISTRO-DEL-PRIMER-GOBIERNO-PROVISIONAL-200x300.jpg 200w, https:\/\/auladeclio.com\/auladeclio\/wp-content\/uploads\/2020\/06\/PR\u00cdNCIPE-LVOV-EN-1919-L\u00cdDER-DE-LOS-KADETES-Y-PRIMER-MINISTRO-DEL-PRIMER-GOBIERNO-PROVISIONAL-684x1024.jpg 684w, https:\/\/auladeclio.com\/auladeclio\/wp-content\/uploads\/2020\/06\/PR\u00cdNCIPE-LVOV-EN-1919-L\u00cdDER-DE-LOS-KADETES-Y-PRIMER-MINISTRO-DEL-PRIMER-GOBIERNO-PROVISIONAL-768x1150.jpg 768w, https:\/\/auladeclio.com\/auladeclio\/wp-content\/uploads\/2020\/06\/PR\u00cdNCIPE-LVOV-EN-1919-L\u00cdDER-DE-LOS-KADETES-Y-PRIMER-MINISTRO-DEL-PRIMER-GOBIERNO-PROVISIONAL.jpg 800w\" sizes=\"auto, (max-width: 244px) 100vw, 244px\" \/><\/a><figcaption class=\"caption wp-caption-text\"><span style=\"font-size: 8pt;\">PR\u00cdNCIPE LVOV EN 1919 L\u00cdDER DE LOS KADETES Y PRIMER MINISTRO DEL PRIMER GOBIERNO PROVISIONAL<\/span><\/figcaption><\/figure>\n<\/div>\n<div class=\"col-lg-4 col-md-12 col-sm-12 col-12\">\n<figure id=\"attachment_7378\" class=\"thumbnail wp-caption aligncenter\" style=\"width: 255px\"><a href=\"https:\/\/auladeclio.com\/auladeclio\/wp-content\/uploads\/2020\/06\/ALEKSANDER-KERENSKI.-L\u00cdDER-ESERITA.jpg\" target=\"_blank\" rel=\"noopener noreferrer\"><img loading=\"lazy\" decoding=\"async\" class=\"wp-image-7378\" src=\"https:\/\/auladeclio.com\/auladeclio\/wp-content\/uploads\/2020\/06\/ALEKSANDER-KERENSKI.-L\u00cdDER-ESERITA-201x300.jpg\" alt=\"\" width=\"245\" height=\"365\" srcset=\"https:\/\/auladeclio.com\/auladeclio\/wp-content\/uploads\/2020\/06\/ALEKSANDER-KERENSKI.-L\u00cdDER-ESERITA-201x300.jpg 201w, https:\/\/auladeclio.com\/auladeclio\/wp-content\/uploads\/2020\/06\/ALEKSANDER-KERENSKI.-L\u00cdDER-ESERITA-686x1024.jpg 686w, https:\/\/auladeclio.com\/auladeclio\/wp-content\/uploads\/2020\/06\/ALEKSANDER-KERENSKI.-L\u00cdDER-ESERITA-768x1146.jpg 768w, https:\/\/auladeclio.com\/auladeclio\/wp-content\/uploads\/2020\/06\/ALEKSANDER-KERENSKI.-L\u00cdDER-ESERITA-1029x1536.jpg 1029w, https:\/\/auladeclio.com\/auladeclio\/wp-content\/uploads\/2020\/06\/ALEKSANDER-KERENSKI.-L\u00cdDER-ESERITA.jpg 1074w\" sizes=\"auto, (max-width: 245px) 100vw, 245px\" \/><\/a><figcaption class=\"caption wp-caption-text\"><span style=\"font-size: 8pt;\">ALEKSANDER KERENSKI. L\u00cdDER ESERITA Y MINISTRO DE DEFENSA EN EL PRIMER GOBIERNO PROVISIONAL<\/span><\/figcaption><\/figure>\n<\/div>\n<\/div>[\/vc_toggle][vc_toggle title=&#8221;LA EVOLUCI\u00d3N DEL GOBIERNO PROVISIONAL. DE ABRIL A SEPTIEMBRE DE 1917&#8243; custom_font_container=&#8221;tag:h4|text_align:left|color:%231e73be&#8221; custom_google_fonts=&#8221;font_family:Bitter%3Aregular%2Citalic%2C700|font_style:400%20regular%3A400%3Anormal&#8221; use_custom_heading=&#8221;true&#8221;]EL DOBLE PODER<\/p>\n<div class=\"row\">\n<div class=\"col-lg-4 col-md-12 col-sm-12 col-12\">\n<p style=\"text-align: justify;\"><strong>Los dos nuevos poderes, el soviet y el Gobierno Provisional, se reun\u00edan en distintos pisos del mismo edificio de San Petersburgo (el edificio T\u00e1uride). El Gobierno Provisional ten\u00eda legalmente el poder, pero no pod\u00eda hacer que sus \u00f3rdenes y decretos fueran obedecidos. Aunque no era el gobierno de Rusia, las \u00f3rdenes del soviet s\u00ed eran obedecidas por los obreros y soldados.<\/strong><\/p>\n<p style=\"text-align: justify;\"><strong>Dentro de los soviets se debat\u00edan distintas alternativas.<\/strong> En aquellos meses de marzo y abril, mencheviques y social revolucionarios (eseristas) eran los grupos dominantes y eran partidarios de seguir de momento las consignas del Gobierno Provisional. <strong>Las diferencias se centraban en si se deb\u00eda continuar o no con la guerra, hasta que en abril las cosas empezaron a cambiar.<\/strong><\/p>\n<\/div>\n<div class=\"col-lg-8 col-md-12 col-sm-12 col-12\">\n<figure id=\"attachment_7441\" class=\"thumbnail wp-caption aligncenter\" style=\"width: 563px\"><a href=\"https:\/\/auladeclio.com\/auladeclio\/wp-content\/uploads\/2020\/06\/VISTA-A\u00c9REA-DEL-PALACIO-TA\u00daRIDE-EN-LA-ACTUALIDAD.-A-PRINCIPIOS-DE-1917-ALBERG\u00d3-LAS-SEDES-DEL-GOBIERNO-PROVISIONAL-Y-EL-S\u00d3VIET-DE-PETROGRADO.jpg\" target=\"_blank\" rel=\"noopener noreferrer\"><img loading=\"lazy\" decoding=\"async\" class=\"wp-image-7441 \" src=\"https:\/\/auladeclio.com\/auladeclio\/wp-content\/uploads\/2020\/06\/VISTA-A\u00c9REA-DEL-PALACIO-TA\u00daRIDE-EN-LA-ACTUALIDAD.-A-PRINCIPIOS-DE-1917-ALBERG\u00d3-LAS-SEDES-DEL-GOBIERNO-PROVISIONAL-Y-EL-S\u00d3VIET-DE-PETROGRADO-1024x658.jpg\" alt=\"\" width=\"553\" height=\"355\" srcset=\"https:\/\/auladeclio.com\/auladeclio\/wp-content\/uploads\/2020\/06\/VISTA-A\u00c9REA-DEL-PALACIO-TA\u00daRIDE-EN-LA-ACTUALIDAD.-A-PRINCIPIOS-DE-1917-ALBERG\u00d3-LAS-SEDES-DEL-GOBIERNO-PROVISIONAL-Y-EL-S\u00d3VIET-DE-PETROGRADO-1024x658.jpg 1024w, https:\/\/auladeclio.com\/auladeclio\/wp-content\/uploads\/2020\/06\/VISTA-A\u00c9REA-DEL-PALACIO-TA\u00daRIDE-EN-LA-ACTUALIDAD.-A-PRINCIPIOS-DE-1917-ALBERG\u00d3-LAS-SEDES-DEL-GOBIERNO-PROVISIONAL-Y-EL-S\u00d3VIET-DE-PETROGRADO-300x193.jpg 300w, https:\/\/auladeclio.com\/auladeclio\/wp-content\/uploads\/2020\/06\/VISTA-A\u00c9REA-DEL-PALACIO-TA\u00daRIDE-EN-LA-ACTUALIDAD.-A-PRINCIPIOS-DE-1917-ALBERG\u00d3-LAS-SEDES-DEL-GOBIERNO-PROVISIONAL-Y-EL-S\u00d3VIET-DE-PETROGRADO-768x493.jpg 768w, https:\/\/auladeclio.com\/auladeclio\/wp-content\/uploads\/2020\/06\/VISTA-A\u00c9REA-DEL-PALACIO-TA\u00daRIDE-EN-LA-ACTUALIDAD.-A-PRINCIPIOS-DE-1917-ALBERG\u00d3-LAS-SEDES-DEL-GOBIERNO-PROVISIONAL-Y-EL-S\u00d3VIET-DE-PETROGRADO-1536x986.jpg 1536w, https:\/\/auladeclio.com\/auladeclio\/wp-content\/uploads\/2020\/06\/VISTA-A\u00c9REA-DEL-PALACIO-TA\u00daRIDE-EN-LA-ACTUALIDAD.-A-PRINCIPIOS-DE-1917-ALBERG\u00d3-LAS-SEDES-DEL-GOBIERNO-PROVISIONAL-Y-EL-S\u00d3VIET-DE-PETROGRADO.jpg 1920w\" sizes=\"auto, (max-width: 553px) 100vw, 553px\" \/><\/a><figcaption class=\"caption wp-caption-text\"><span style=\"font-size: 8pt;\">VISTA A\u00c9REA DEL PALACIO TA\u00daRIDE EN LA ACTUALIDAD. A PRINCIPIOS DE 1917 ALBERG\u00d3 LAS SEDES DEL GOBIERNO PROVISIONAL Y EL S\u00d3VIET DE PETROGRADO<\/span><\/figcaption><\/figure>\n<\/div>\n<\/div>\n<p><span style=\"color: #ffffff;\">.<\/span><\/p>\n<p>ABRIL DE 1917<\/p>\n<p style=\"text-align: justify;\">Desde que en marzo se hab\u00eda concedido la amnist\u00eda, los revolucionarios deportados a Siberia, los encarcelados y los exiliados comenzaron a regresar a Rusia. <strong>En el 3 de abril llegaba a Petrogrado el l\u00edder de los bolcheviques, Lenin.<\/strong> Hab\u00eda estado exiliado en Suiza durante a\u00f1os y el gobierno alem\u00e1n propici\u00f3 el viaje de Lenin a Rusia en un intento por debilitar al gobierno provisional.<\/p>\n<div class=\"row\">\n<div class=\"col-lg-6 col-md-12 col-sm-12 col-12\">\n<p style=\"text-align: justify;\">Fue recibido con entusiasmo por una gran masa de gente. En la misma estaci\u00f3n, subido en el cap\u00f3 de un coche, exigi\u00f3 otro tipo de revoluci\u00f3n. <strong>El programa de Lenin, que logr\u00f3 el apoyo mayoritario de los bolcheviques, pod\u00eda resumirse de esta manera: pan, paz y tierra. Todo el poder a los soviets.<\/strong><\/p>\n<p style=\"text-align: justify;\">Critic\u00f3 la entrada de los socialistas en el gobiernos (mencheviques y eseristas) y la decisi\u00f3n de continuar la guerra. Desde el primer momento se impuso dos metas: convencer a su partido de la necesidad de continuar con la Revoluci\u00f3n y derribar el gobierno provisional. <strong>El peri\u00f3dico <em>Pravda<\/em> public\u00f3 durante el mes de abril las tesis de Lenin, que eran las bases ideol\u00f3gicas de la Revoluci\u00f3n socialista:<\/strong><\/p>\n<ul>\n<li style=\"text-align: justify;\">Supresi\u00f3n del r\u00e9gimen parlamentario<\/li>\n<li style=\"text-align: justify;\">Nacionalizaci\u00f3n de la banca<\/li>\n<li style=\"text-align: justify;\">Supresi\u00f3n de la propiedad privada<\/li>\n<li style=\"text-align: justify;\">Creaci\u00f3n de una rep\u00fablica de s\u00f3viets<\/li>\n<\/ul>\n<\/div>\n<div class=\"col-lg-6 col-md-12 col-sm-12 col-12\">\n<figure id=\"attachment_7442\" class=\"thumbnail wp-caption aligncenter\" style=\"width: 543px\"><a href=\"https:\/\/auladeclio.com\/auladeclio\/wp-content\/uploads\/2020\/06\/RECONSTRUCCI\u00d3N-DE-LA-LLEGADA-DE-LENIN-A-PETROGRADO-GRACIAS-A-LA-AYUDA-DEL-GOBIERNO-ALEM\u00c1N-16-DE-ABRIL-DE-1917.jpg\" target=\"_blank\" rel=\"noopener noreferrer\"><img loading=\"lazy\" decoding=\"async\" class=\"wp-image-7442\" src=\"https:\/\/auladeclio.com\/auladeclio\/wp-content\/uploads\/2020\/06\/RECONSTRUCCI\u00d3N-DE-LA-LLEGADA-DE-LENIN-A-PETROGRADO-GRACIAS-A-LA-AYUDA-DEL-GOBIERNO-ALEM\u00c1N-16-DE-ABRIL-DE-1917.jpg\" alt=\"\" width=\"533\" height=\"300\" srcset=\"https:\/\/auladeclio.com\/auladeclio\/wp-content\/uploads\/2020\/06\/RECONSTRUCCI\u00d3N-DE-LA-LLEGADA-DE-LENIN-A-PETROGRADO-GRACIAS-A-LA-AYUDA-DEL-GOBIERNO-ALEM\u00c1N-16-DE-ABRIL-DE-1917.jpg 992w, https:\/\/auladeclio.com\/auladeclio\/wp-content\/uploads\/2020\/06\/RECONSTRUCCI\u00d3N-DE-LA-LLEGADA-DE-LENIN-A-PETROGRADO-GRACIAS-A-LA-AYUDA-DEL-GOBIERNO-ALEM\u00c1N-16-DE-ABRIL-DE-1917-300x169.jpg 300w, https:\/\/auladeclio.com\/auladeclio\/wp-content\/uploads\/2020\/06\/RECONSTRUCCI\u00d3N-DE-LA-LLEGADA-DE-LENIN-A-PETROGRADO-GRACIAS-A-LA-AYUDA-DEL-GOBIERNO-ALEM\u00c1N-16-DE-ABRIL-DE-1917-768x432.jpg 768w\" sizes=\"auto, (max-width: 533px) 100vw, 533px\" \/><\/a><figcaption class=\"caption wp-caption-text\"><span style=\"font-size: 8pt;\">RECONSTRUCCI\u00d3N DE LA LLEGADA DE LENIN A PETROGRADO GRACIAS A LA AYUDA DEL GOBIERNO ALEM\u00c1N (3 DE ABRIL DE 1917)<\/span><\/figcaption><\/figure>\n<\/div>\n<\/div>\n<p style=\"text-align: justify;\">Utilizando como tribuna este peri\u00f3dico y apoyados por sectores anarquistas y socialrevolucionarios (eseristas de izquierda), <strong>los bolcheviques dieron un giro a la revoluci\u00f3n llamando a la acci\u00f3n contra el Gobierno Provisional.<\/strong><\/p>\n<p style=\"text-align: justify;\"><div class=\"arconix-toggle-wrap\"><div class=\"arconix-toggle-title toggle-closed\"><i class='fa fa-plus-square'><\/i>LAS TESIS DE ABRIL<\/div><div class=\"arconix-toggle-content\">\n<ol>\n<li><em><span style=\"font-size: 10pt;\">&#8220;En nuestra actitud ante la guerra, que por parte de Rusia sigue siendo indiscutiblemente una guerra imperialista, de rapi\u00f1a, tambi\u00e9n bajo el nuevo Gobierno de Lvov y C\u00eda., en virtud del car\u00e1cter capitalista de este Gobierno, es intolerable la m\u00e1s peque\u00f1a concesi\u00f3n al &#8220;defensismo revolucionario&#8221;&#8230;.<\/span><\/em><\/li>\n<li><em style=\"font-family: inherit; font-size: inherit;\"><span style=\"font-size: 10pt;\">La peculiaridad del momento actual en Rusia consiste en el paso de la primera etapa de la revoluci\u00f3n, que ha dado el poder a la burgues\u00eda por carecer el proletariado del grado necesario de conciencia y de organizaci\u00f3n, a su segunda etapa, que debe poner el poder en manos del proletariado y de las capas pobres del campesinado&#8230;.<\/span><\/em><\/li>\n<li><em style=\"font-family: inherit; font-size: inherit;\"><span style=\"font-size: 10pt;\">Ning\u00fan apoyo al Gobierno Provisional; explicar la completa falsedad de todas sus promesas, sobre todo de la renuncia a las anexiones. Desenmascarar a este gobierno, que es un gobierno de capitalistas, en vez de propugnar la inadmisible e ilusoria &#8220;exigencia&#8221; de que deje de ser imperialista&#8230;<\/span><\/em><\/li>\n<li><em style=\"font-family: inherit; font-size: inherit;\"><span style=\"font-size: 10pt;\">Reconocer que, en la mayor parte de los Soviets de diputados obreros, nuestro partido est\u00e1 en minor\u00eda y, por el momento, en una minor\u00eda reducida, frente al bloque de todos los elementos peque\u00f1oburgueses y oportunistas -sometidos a la influencia de la burgues\u00eda y que llevan dicha influencia al seno del proletariado-, desde los socialistas populares y los socialistas revolucionarios hasta el Comit\u00e9 de Organizaci\u00f3n (Chje\u00eddze, Tsereteli, etc.), Steklov, etc., etc. <\/span><\/em><em style=\"font-family: inherit; font-size: inherit;\"><span style=\"font-size: 10pt;\">Explicar a las masas que los Soviets de diputados obreros son la \u00fanica forma posible de gobierno revolucionario (&#8230;).<\/span><\/em><\/li>\n<li><em style=\"font-family: inherit; font-size: inherit;\"><span style=\"font-size: 10pt;\">No una rep\u00fablica parlamentaria -volver a ella desde los Soviets de diputados obreros ser\u00eda dar un paso atr\u00e1s- sino una rep\u00fablica de los Soviets de diputados obreros, braceros y campesinos en todo el pa\u00eds, de abajo arriba. <\/span><\/em><em style=\"font-family: inherit; font-size: inherit;\"><span style=\"font-size: 10pt;\">Supresi\u00f3n de la polic\u00eda, del ej\u00e9rcito y de la burocracia.<\/span><\/em><\/li>\n<li><em style=\"font-family: inherit; font-size: inherit;\"><span style=\"font-size: 10pt;\">En el programa agrario, trasladar el centro de gravedad a los Soviets de diputados braceros. <\/span><\/em><em style=\"font-family: inherit; font-size: inherit;\"><span style=\"font-size: 10pt;\">Confiscaci\u00f3n de todas las tierras de los latifundios. <\/span><\/em><em style=\"font-family: inherit; font-size: inherit;\"><span style=\"font-size: 10pt;\">Nacionalizaci\u00f3n de todas las tierras del pa\u00eds, de las que dispondr\u00e1n los Soviets locales de diputados braceros y campesinos (&#8230;).<\/span><\/em><\/li>\n<li><em style=\"font-family: inherit; font-size: inherit;\"><span style=\"font-size: 10pt;\">Fusi\u00f3n inmediata de todos los bancos del pa\u00eds en un Banco Nacional \u00fanico, sometido al control de los Soviets de diputados obreros.<\/span><\/em><\/li>\n<li><em style=\"font-family: inherit; font-size: inherit;\"><span style=\"font-size: 10pt;\">No &#8220;implantaci\u00f3n&#8221; del socialismo como nuestra tarea inmediata, sino pasar \u00fanicamente a la instauraci\u00f3n inmediata del control de la producci\u00f3n social y de la distribuci\u00f3n de los productos por los Soviets de diputados obreros (&#8230;).&#8221;<\/span><\/em><\/li>\n<\/ol>\n<p style=\"text-align: right;\"><span style=\"font-size: 8pt;\"><strong>Lenin. Tesis de abril. 4 de abril de 1917<\/strong><\/span><\/p>\n<\/div><\/div>\n<p>Mientras tanto, <strong>la situaci\u00f3n del Gobierno Provisional era cr\u00edtica<\/strong>, segu\u00eda decidido a continuar la guerra para detener a los alemanes y evitar mayores p\u00e9rdidas territoriales, pero <strong>las batallas se perd\u00edan y el enemigo avanzaba<\/strong> ganando territorio ruso. Kerensky, ministro de la Guerra, hac\u00eda llamamientos para fortalecer la disciplina en los frentes.<\/p>\n<p>La derecha m\u00e1s reaccionaria pensaba que el gobierno era demasiado d\u00e9bil, y no le faltaba raz\u00f3n. <strong>Cuando el Gobierno Provisional quiso emprender una ofensiva militar en junio de 1917, el ej\u00e9rcito se neg\u00f3.<\/strong> La mayor\u00eda de los soldados eran campesinos que quer\u00edan volver a su pueblo para estar presentes en el anunciado reparto de la tierra.<\/p>\n<p>&nbsp;<\/p>\n<p>EL VERANO DE 1917<\/p>\n<p><strong>El 8 de julio dimit\u00eda Lvov <\/strong>por su negativa a aprobar una lista de reformas pol\u00edticas basadas en las resoluciones del Primer Congreso Panruso de los S\u00f3viets<strong> y se nombraba al eserista Kerenski como primer ministro.<\/strong> El Gobierno cambiaba de manos: <strong>a partir de ese momento una alianza entre los socialrevolucionarios (eseristas) y los mencheviques, que tambi\u00e9n contaban con mayor\u00eda en muchos soviets, controlar\u00eda Rusia.<\/strong><\/p>\n<div class=\"row\">\n<div class=\"col-lg-6 col-md-12 col-sm-12 col-12\">\n<p style=\"text-align: justify;\">Una de sus primeras decisiones fue la de detener a los l\u00edderes bolcheviques, Trotsky fue detenido, pero Lenin consigui\u00f3 escapar y pasar a la clandestinidad. Huy\u00f3 a Finlandia donde comenz\u00f3 a desarrollar el modo de organizar un posible estado socialista y lleg\u00f3 a la conclusi\u00f3n de que se deb\u00eda sustituir la Administraci\u00f3n heredada del zarismo por una nueva basada en los s\u00f3viets.<\/p>\n<p style=\"text-align: justify;\">El <strong>nuevo gobierno<\/strong> tuvo que hacer frente a <strong>problemas muy graves<\/strong> que no hac\u00eda si no debilitarlo por la derecha y la izquierda:<\/p>\n<ul>\n<li style=\"text-align: justify;\">El <strong>27 de<\/strong> <strong>agosto<\/strong>, los <strong>sectores m\u00e1s reaccionarios del ej\u00e9rcito<\/strong> al mando del <strong>general Kornilov<\/strong> quisieron dar un <strong>golpe de Estado<\/strong> contra el Gobierno Provisional <strong>para instaurar una dictadura\u00a0<\/strong><b>militar<\/b>. Kornilov avanz\u00f3 con sus fuerzas sobre San Petersburgo, pero la acci\u00f3n conjunta de masas, Gobierno Provisional y soviets hicieron fracasar la intentona militar, que sin embargo<strong>\u00a0contribuy\u00f3 al descr\u00e9dito del gobierno de Kerensky<\/strong>.<\/li>\n<\/ul>\n<\/div>\n<div class=\"col-lg-3 col-md-12 col-sm-12 col-12\">\n<figure id=\"attachment_7446\" class=\"thumbnail wp-caption aligncenter\" style=\"width: 203px\"><a href=\"https:\/\/auladeclio.com\/auladeclio\/wp-content\/uploads\/2020\/06\/LENIN-DISFRAZADO-DE-OBRERO-PARA-HUIR-A-FINLANDIA.jpg\" target=\"_blank\" rel=\"noopener noreferrer\"><img loading=\"lazy\" decoding=\"async\" class=\"wp-image-7446\" src=\"https:\/\/auladeclio.com\/auladeclio\/wp-content\/uploads\/2020\/06\/LENIN-DISFRAZADO-DE-OBRERO-PARA-HUIR-A-FINLANDIA-231x300.jpg\" alt=\"\" width=\"193\" height=\"250\" srcset=\"https:\/\/auladeclio.com\/auladeclio\/wp-content\/uploads\/2020\/06\/LENIN-DISFRAZADO-DE-OBRERO-PARA-HUIR-A-FINLANDIA-231x300.jpg 231w, https:\/\/auladeclio.com\/auladeclio\/wp-content\/uploads\/2020\/06\/LENIN-DISFRAZADO-DE-OBRERO-PARA-HUIR-A-FINLANDIA.jpg 715w\" sizes=\"auto, (max-width: 193px) 100vw, 193px\" \/><\/a><figcaption class=\"caption wp-caption-text\"><span style=\"font-size: 8pt;\">LENIN DISFRAZADO DE OBRERO PARA HUIR A FINLANDIA<\/span><\/figcaption><\/figure>\n<\/div>\n<div class=\"col-lg-3 col-md-12 col-sm-12 col-12\">\n<figure id=\"attachment_7447\" class=\"thumbnail wp-caption aligncenter\" style=\"width: 210px\"><a href=\"https:\/\/auladeclio.com\/auladeclio\/wp-content\/uploads\/2020\/06\/EL-GENERAL-KORNILOV-ANTE-SUS-TROPAS.jpg\" target=\"_blank\" rel=\"noopener noreferrer\"><img loading=\"lazy\" decoding=\"async\" class=\"wp-image-7447\" src=\"https:\/\/auladeclio.com\/auladeclio\/wp-content\/uploads\/2020\/06\/EL-GENERAL-KORNILOV-ANTE-SUS-TROPAS-237x300.jpg\" alt=\"\" width=\"200\" height=\"253\" srcset=\"https:\/\/auladeclio.com\/auladeclio\/wp-content\/uploads\/2020\/06\/EL-GENERAL-KORNILOV-ANTE-SUS-TROPAS-237x300.jpg 237w, https:\/\/auladeclio.com\/auladeclio\/wp-content\/uploads\/2020\/06\/EL-GENERAL-KORNILOV-ANTE-SUS-TROPAS.jpg 355w\" sizes=\"auto, (max-width: 200px) 100vw, 200px\" \/><\/a><figcaption class=\"caption wp-caption-text\"><span style=\"font-size: 8pt;\">EL GENERAL KORNILOV ANTE SUS TROPAS<\/span><\/figcaption><\/figure>\n<\/div>\n<\/div>\n<ul>\n<li style=\"text-align: justify;\">A lo largo del verano creci\u00f3 la agitaci\u00f3n y estall\u00f3 la <strong>rebeli\u00f3n de los marinos de Cronstadt<\/strong>, entre los que predominaban las<strong> ideas anarquistas<\/strong>. Como en 1905, <strong>el gobierno no pod\u00eda controlar a los campesinos<\/strong>, que ocupaban y se repart\u00edan las fincas de los terratenientes. En las f\u00e1bricas eran <strong>continuas las huelgas y cierres patronales<\/strong>, y los motines eran cotidianos en el ej\u00e9rcito, mientras Kerensky repet\u00eda incansablemente que no era posible gobernar en medio de aquella anarqu\u00eda. <strong>En todas las ciudades del pa\u00eds se formaron soviets, en muchos de los cuales ya hab\u00edan obtenido mayor\u00eda los bolcheviques.<\/strong><\/li>\n<li><strong>En los frentes y en la retaguardia se mor\u00eda de hambre, fr\u00edo y enfermedades<\/strong> (por ejemplo, desde marzo la carne hab\u00eda multiplicado por siete su precio debido al acaparamiento).<\/li>\n<\/ul>\n<div class=\"row\">\n<div class=\"col-lg-5 col-md-12 col-sm-12 col-12\">\n<ul>\n<li style=\"text-align: justify;\">Entre <strong>las nacionalidades las posturas vacilaban:<\/strong>\n<ul>\n<li>Fineses y georgianos reivindicaban su autonom\u00eda nacional, por lo que ten\u00edan esperanzas en el reconocimiento del derecho a la autodeterminaci\u00f3n que proclamaban los bolcheviques.<\/li>\n<li>Los turkistanos, practicaban el separatismo de hecho.<\/li>\n<li>Los incondicionales de la revoluci\u00f3n desde marzo eran el Bund jud\u00edo, los armenios y los griegos de Crimea. M\u00e1s tarde se adhirieron, letones y lituanos.<\/li>\n<li>Algunos, como los t\u00e1rtaros, estaban con un pie en cada bando.<\/li>\n<\/ul>\n<\/li>\n<\/ul>\n<p style=\"text-align: justify;\"><strong>En esas condiciones, el programa de los bolcheviques conectaba con las aspiraciones populares<\/strong>: los combatientes quer\u00edan el final de la guerra, en retaguardia los campesinos quer\u00edan la tierra y una gran mayor\u00eda clamaba por la paz y por el pan. Adem\u00e1s, las diferentes nacionalidades deseaban autonom\u00eda cuando no directamente la independencia.<\/p>\n<p style=\"text-align: justify;\">Junto con otros grupos de extrema izquierda como los anarquistas, los mencheviques internacionalistas o los socialrevolucionarios de izquierda, el partido fue creciendo en respaldo popular a lo largo de finales del verano y principios del oto\u00f1o.<\/p>\n<p style=\"text-align: justify;\"><strong>Lenin promet\u00eda<\/strong> a todos los sectores sociales sus deseos: <strong>el fin de la guerra, reparto de tierras, pan y autodeterminaci\u00f3n para los pueblos que lo desearan. Pero para conseguirlo, el poder deb\u00eda estar en manos de los soviets y los bolcheviques, pero el partido de Lenin no ten\u00eda mayor\u00eda en los soviets m\u00e1s importantes y tampoco presencia en el gobierno, solo hab\u00eda una manera de conseguir el poder: por la fuerza.<\/strong>\u00a0El 10 de octubre Lenin volv\u00eda a Petrogrado con la intenci\u00f3n de defender su postura acerca del uso de la fuerza para conseguir el poder.<\/p>\n<\/div>\n<div class=\"col-lg-7 col-md-12 col-sm-12 col-12\">\n<table  class=\" table table-hover\" style=\"width: 100%; border-collapse: collapse; background-color: #d4d4d4;\" border=\"3\">\n<tbody>\n<tr>\n<td style=\"width: 100%;\"><span style=\"font-size: 10pt;\"><strong>\u00bfPERO QU\u00c9 ERAN LOS SOVIETS?<\/strong><\/span><\/p>\n<p><span style=\"font-size: 10pt;\">En la Revoluci\u00f3n de 1905 surgieron los llamados soviets (consejos o juntas), organizaciones de car\u00e1cter asambleario popular y \u00e1mbito local impulsadas por delegados obreros.<\/span><\/p>\n<p><span style=\"font-size: 10pt;\">En San Petersburgo, el soviet municipal tuvo a su frente a un joven revolucionario llamado Le\u00f3n Dav\u00eddovich, Trotski. Los distintos soviets manten\u00edan relaciones y ten\u00edan influencia en las grandes ciudades, sobre todo en Mosc\u00fa y San Petersburgo.<\/span><\/p>\n<p><span style=\"font-size: 10pt;\">Disueltos tras la Revoluci\u00f3n de 1905, renacieron con m\u00e1s fuerza en 1917. Se crearon soviets no solo de obreros industriales, sino tambi\u00e9n de campesinos y soldados. Los soviets, que en origen practicaban la democracia directa, eran organismos de participaci\u00f3n social. Todos los soviets estaban coordinados por un comit\u00e9 ejecutivo central y constituyeron un aut\u00e9ntico poder al margen del Gobierno. Aunque sus integrantes pertenec\u00edan a diversas organizaciones de izquierda, pronto fueron controlados por el partido bolchevique. El triunfo de la Revoluci\u00f3n de Octubre se debe en buena medida al apoyo masivo de los soviets. Con Lenin en el poder, estos fueron la base institucional del nuevo Estado sovi\u00e9tico, pero anulados de hecho al ser reconvertidos en simples \u00f3rganos parlamentarios sin base social, ni obrera ni ciudadana, y estar ocupados exclusivamente por miembros del partido bolchevique.<\/span><\/td>\n<\/tr>\n<\/tbody>\n<\/table>\n<figure id=\"attachment_7448\" class=\"thumbnail wp-caption aligncenter\" style=\"width: 658px\"><a href=\"https:\/\/auladeclio.com\/auladeclio\/wp-content\/uploads\/2020\/06\/ASAMBLEA-DEL-SOVIET-DE-PETROGRADO-EN-1917.jpg\" target=\"_blank\" rel=\"noopener noreferrer\"><img loading=\"lazy\" decoding=\"async\" class=\"wp-image-7448 size-large\" src=\"https:\/\/auladeclio.com\/auladeclio\/wp-content\/uploads\/2020\/06\/ASAMBLEA-DEL-SOVIET-DE-PETROGRADO-EN-1917-1024x662.jpg\" alt=\"\" width=\"648\" height=\"419\" srcset=\"https:\/\/auladeclio.com\/auladeclio\/wp-content\/uploads\/2020\/06\/ASAMBLEA-DEL-SOVIET-DE-PETROGRADO-EN-1917-1024x662.jpg 1024w, https:\/\/auladeclio.com\/auladeclio\/wp-content\/uploads\/2020\/06\/ASAMBLEA-DEL-SOVIET-DE-PETROGRADO-EN-1917-300x194.jpg 300w, https:\/\/auladeclio.com\/auladeclio\/wp-content\/uploads\/2020\/06\/ASAMBLEA-DEL-SOVIET-DE-PETROGRADO-EN-1917-768x497.jpg 768w, https:\/\/auladeclio.com\/auladeclio\/wp-content\/uploads\/2020\/06\/ASAMBLEA-DEL-SOVIET-DE-PETROGRADO-EN-1917-1536x994.jpg 1536w, https:\/\/auladeclio.com\/auladeclio\/wp-content\/uploads\/2020\/06\/ASAMBLEA-DEL-SOVIET-DE-PETROGRADO-EN-1917.jpg 1920w\" sizes=\"auto, (max-width: 648px) 100vw, 648px\" \/><\/a><figcaption class=\"caption wp-caption-text\"><span style=\"font-size: 8pt;\">ASAMBLEA DEL SOVIET DE PETROGRADO EN 1917<\/span><\/figcaption><\/figure>\n<\/div>\n<\/div>[\/vc_toggle][vc_toggle title=&#8221;LA REVOLUCI\u00d3N BOLCHEVIQUE DE OCTUBRE&#8221; custom_font_container=&#8221;tag:h4|text_align:left|color:%231e73be&#8221; custom_google_fonts=&#8221;font_family:Bitter%3Aregular%2Citalic%2C700|font_style:400%20regular%3A400%3Anormal&#8221; use_custom_heading=&#8221;true&#8221;]LOS BOLCHEVIQUES SE HACEN CON EL APOYO POPULAR<\/p>\n<div class=\"row\">\n<div class=\"col-lg-6 col-md-12 col-sm-12 col-12\">\n<p style=\"text-align: justify;\">Gracias al apoyo que los <strong>bolcheviques<\/strong> dieron al gobierno provisional durante el golpe de Kornilov sus principales<strong> l\u00edderes fueron liberados<\/strong>. Esto les permiti\u00f3 liderar<strong> multitudinarios m\u00edtines y concentraciones<\/strong>. Trotsky fue liberado a principios de septiembre y Lenin llegaba a Petrogrado el 10 de octubre, entre ambas fechas, <strong>la facci\u00f3n bolchevique iba consiguiendo ampliar sus apoyos.<\/strong><\/p>\n<p style=\"text-align: justify;\">El s\u00f3viet de Petrogrado, verdadero garante de la autoridad en la capital, vio como los bolcheviques consegu\u00edan poco apoco una importante mayor\u00eda debido a:<\/p>\n<ul style=\"text-align: justify;\">\n<li>El <strong>desgaste de eseristas y mencheviques<\/strong> en el gobierno provisional.<\/li>\n<li>El refuerzo de los radicales y el <strong>apoyo cada vez mayoritario por parte de las masas a las propuestas bolcheviques<\/strong>.<\/li>\n<li>Y a la<strong> divisi\u00f3n en las filas socialrevolucionarias (eseristas)<\/strong> entre fracciones de derecha e izquierda.<\/li>\n<\/ul>\n<p style=\"text-align: justify;\"><strong>En este contexto Trotsky era elegido presidente del s\u00f3viet de Petrogrado el 23 de septiembre<\/strong> (2 semanas antes de que Lenin llegara a la capital).<\/p>\n<\/div>\n<div class=\"col-lg-6 col-md-12 col-sm-12 col-12\">\n<figure id=\"attachment_7477\" class=\"thumbnail wp-caption aligncenter\" style=\"width: 860px\"><a href=\"https:\/\/auladeclio.com\/auladeclio\/wp-content\/uploads\/2020\/06\/TROTSKY-EN-UN-MITIN.jpg\" target=\"_blank\" rel=\"noopener noreferrer\"><img loading=\"lazy\" decoding=\"async\" class=\"wp-image-7477 size-full\" src=\"https:\/\/auladeclio.com\/auladeclio\/wp-content\/uploads\/2020\/06\/TROTSKY-EN-UN-MITIN.jpg\" alt=\"\" width=\"850\" height=\"658\" srcset=\"https:\/\/auladeclio.com\/auladeclio\/wp-content\/uploads\/2020\/06\/TROTSKY-EN-UN-MITIN.jpg 850w, https:\/\/auladeclio.com\/auladeclio\/wp-content\/uploads\/2020\/06\/TROTSKY-EN-UN-MITIN-300x232.jpg 300w, https:\/\/auladeclio.com\/auladeclio\/wp-content\/uploads\/2020\/06\/TROTSKY-EN-UN-MITIN-768x595.jpg 768w\" sizes=\"auto, (max-width: 850px) 100vw, 850px\" \/><\/a><figcaption class=\"caption wp-caption-text\"><span style=\"font-size: 8pt;\">TROTSKY EN UN MITIN<\/span><\/figcaption><\/figure>\n<\/div>\n<\/div>\n<p><span style=\"color: #ffffff;\">.<\/span><\/p>\n<p>LENIN IMPONE SU VISI\u00d3N: LA INSURRECCI\u00d3N ARMADA<\/p>\n<p><strong>El d\u00eda 25 de octubre se iba a celebrar en la capital del Congreso Panruso de los S\u00f3viets<\/strong>, en el que los bolcheviques no ten\u00edan mayor\u00eda. <strong>Lenin consideraba que las decisiones de ese Congreso retrasar\u00edan la revoluci\u00f3n<\/strong> proletaria, as\u00ed que <strong>exigi\u00f3 una acci\u00f3n inmediata: el poder deb\u00eda tomarse por las armas en Petrogrado el 24 de octubre.<\/strong> Otros bolcheviques como Zin\u00f3viev y Kamenev se opon\u00edan a la operaci\u00f3n, pero <strong>Lenin cont\u00f3 con el respaldo de la mayor\u00eda del Comit\u00e9 Central bolchevique<\/strong> y de personalidades tan destacadas como Stalin y Trotski, que era por entonces el presidente del soviet de Retrogrado.<\/p>\n<div class=\"row\">\n<div class=\"col-lg-6 col-md-12 col-sm-12 col-12\">\n<p style=\"text-align: justify;\"><strong>En la noche del 24 al 25 de octubre<\/strong> (6-7 de noviembre en occidente) el comit\u00e9 militar bolchevique centraliz\u00f3 las acciones armadas desde el Instituto Smolny (un antiguo colegio para muchachas de la alta sociedad).<\/p>\n<p style=\"text-align: justify;\">La tripulaci\u00f3n del barco Aurora oblig\u00f3 a su capit\u00e1n a conducirlo cerca de los puentes de la Nevski (Avenida) Prospekt para alumbrar con sus focos el camino de las tropas de los soviets que deb\u00edan hacerse con el control de los puentes.<strong> Los bolcheviques se apoderaron de los principales edificios e instituciones de la capital:<\/strong> oficinas de tel\u00e9fonos, de correos, del ferrocarril y de las estaciones de energ\u00eda el\u00e9ctrica y,<strong> tras estos preparativos, se produjo el asalto al Palacio de Invierno, en el que se hallaba reunido el Gobierno Provisional. La ciudad qued\u00f3 en manos de los insurgentes.<\/strong><\/p>\n<\/div>\n<div class=\"col-lg-6 col-md-12 col-sm-12 col-12\">\n<figure id=\"attachment_7478\" class=\"thumbnail wp-caption aligncenter\" style=\"width: 363px\"><a href=\"https:\/\/auladeclio.com\/auladeclio\/wp-content\/uploads\/2020\/06\/FOTOGRAMA-DE-LA-PEL\u00cdCULA-OCTUBRE-DE-EINSESTEIN-1927-EN-LA-QUE-SE-OBSERVA-UNA-RECREACI\u00d3N-DE-LA-TOMA-DEL-PALACIO-DE-INVIERNO-EL-24-DE-OCTUBRE-DE-1917.jpg\" target=\"_blank\" rel=\"noopener noreferrer\"><img loading=\"lazy\" decoding=\"async\" class=\"wp-image-7478\" src=\"https:\/\/auladeclio.com\/auladeclio\/wp-content\/uploads\/2020\/06\/FOTOGRAMA-DE-LA-PEL\u00cdCULA-OCTUBRE-DE-EINSESTEIN-1927-EN-LA-QUE-SE-OBSERVA-UNA-RECREACI\u00d3N-DE-LA-TOMA-DEL-PALACIO-DE-INVIERNO-EL-24-DE-OCTUBRE-DE-1917.jpg\" alt=\"\" width=\"353\" height=\"198\" srcset=\"https:\/\/auladeclio.com\/auladeclio\/wp-content\/uploads\/2020\/06\/FOTOGRAMA-DE-LA-PEL\u00cdCULA-OCTUBRE-DE-EINSESTEIN-1927-EN-LA-QUE-SE-OBSERVA-UNA-RECREACI\u00d3N-DE-LA-TOMA-DEL-PALACIO-DE-INVIERNO-EL-24-DE-OCTUBRE-DE-1917.jpg 850w, https:\/\/auladeclio.com\/auladeclio\/wp-content\/uploads\/2020\/06\/FOTOGRAMA-DE-LA-PEL\u00cdCULA-OCTUBRE-DE-EINSESTEIN-1927-EN-LA-QUE-SE-OBSERVA-UNA-RECREACI\u00d3N-DE-LA-TOMA-DEL-PALACIO-DE-INVIERNO-EL-24-DE-OCTUBRE-DE-1917-300x169.jpg 300w, https:\/\/auladeclio.com\/auladeclio\/wp-content\/uploads\/2020\/06\/FOTOGRAMA-DE-LA-PEL\u00cdCULA-OCTUBRE-DE-EINSESTEIN-1927-EN-LA-QUE-SE-OBSERVA-UNA-RECREACI\u00d3N-DE-LA-TOMA-DEL-PALACIO-DE-INVIERNO-EL-24-DE-OCTUBRE-DE-1917-768x432.jpg 768w\" sizes=\"auto, (max-width: 353px) 100vw, 353px\" \/><\/a><figcaption class=\"caption wp-caption-text\"><span style=\"font-size: 8pt;\">FOTOGRAMA DE LA PEL\u00cdCULA OCTUBRE DE EINSESTEIN (1927) EN LA QUE SE OBSERVA UNA RECREACI\u00d3N DE LA TOMA DEL PALACIO DE INVIERNO EL 24 DE OCTUBRE DE 1917<\/span><\/figcaption><\/figure>\n<\/div>\n<\/div>\n<p>En todo el pa\u00eds, la mayor\u00eda de las unidades militares, de las f\u00e1bricas y de los consejos de barrio se adhirieron a la acci\u00f3n de los soviets, cuyo poder efectivo se limitaba de momento a la capital. Les cost\u00f3 d\u00edas vencer en Mosc\u00fa y semanas imponerse en todo el pa\u00eds.<\/p>\n<p><span style=\"color: #ffffff;\">.<\/span><\/p>\n<p>EL SOVNARKOM (EL CONSEJO DE COMISARIOS DEL PUEBLO)<\/p>\n<div class=\"row\">\n<div class=\"col-lg-7 col-md-12 col-sm-12 col-12\">\n<p style=\"text-align: justify;\">Tras la conquista del poder en Petrogrado <strong>se crear\u00eda un nuevo gobierno que se conocer\u00eda como Sovnarkom<\/strong> (S\u00f3viet o <strong>Consejo de Comisarios del Pueblo<\/strong>; en ruso: <em><strong>Sov<\/strong>iet <strong>nar<\/strong>\u00f3dnyj <strong>kom<\/strong>miss\u00e1rov)<\/em> esta nueva nomenclatura, que en realidad hac\u00eda referencia al consejo de ministros de cualquier otro pa\u00eds, fue dise\u00f1ada por Trotski para intentar diferenciar al gobierno bolchevique de las instituciones burguesas y zaristas. <strong>Se solicit\u00f3 ese mismo d\u00eda 25 de octubre al Congreso Panruso de los S\u00f3viets la aprobaci\u00f3n de ese nuevo gobierno, pero la mayor\u00eda eserista y menchevique rechaz\u00f3 el modo en que se hab\u00eda acabado con el gobierno provisional de Kerenski y sus delegados abandonaron el pleno. Lo cual fue aprovechado por el resto de delegados para aprobar la creaci\u00f3n del Sovnarkom.<\/strong> El Consejo de Comisarios del Pueblo , formado por bolcheviques y eseristas de izquierda, <strong>comenz\u00f3 enseguida a tomar decisiones:<\/strong><\/p>\n<ul>\n<li style=\"text-align: justify;\">Para el nuevo gobierno sovi\u00e9tico lo m\u00e1s urgente era firmar la paz que hab\u00eda prometido. <strong>En noviembre de 1917 Trotski solicit\u00f3 el armisticio<\/strong> y los preparativos para negociar comenzaron inmediatamente<\/li>\n<li style=\"text-align: justify;\">De forma urgente <strong>se promulg\u00f3 el Decreto de las Nacionalidades<\/strong>, que reconoc\u00eda que <strong>todas las naciones sometidas al Imperio ruso ten\u00edan derecho de autodeterminaci\u00f3n.<\/strong><\/li>\n<li style=\"text-align: justify;\">Otro decreto aboli\u00f3 la graduaci\u00f3n del ej\u00e9rcito. A partir de ese momento <strong>los oficiales deb\u00edan ser elegidos por los soldados.<\/strong><\/li>\n<li style=\"text-align: justify;\">Poco despu\u00e9s, otra orden reglament\u00f3 la expropiaci\u00f3n y <strong>p\u00e9rdida de privilegios de la Iglesia ortodoxa.<\/strong><\/li>\n<\/ul>\n<\/div>\n<div class=\"col-lg-5 col-md-12 col-sm-12 col-12\">\n<figure id=\"attachment_7472\" class=\"thumbnail wp-caption aligncenter\" style=\"width: 357px\"><a href=\"https:\/\/auladeclio.com\/auladeclio\/wp-content\/uploads\/2020\/06\/PRIMER-SOVNARKOM-ELEGIDO-POR-EL-CONGRESO-PANRUSO-DE-LOS-SOVI\u00c9TS.jpg\" target=\"_blank\" rel=\"noopener noreferrer\"><img loading=\"lazy\" decoding=\"async\" class=\"wp-image-7472 \" src=\"https:\/\/auladeclio.com\/auladeclio\/wp-content\/uploads\/2020\/06\/PRIMER-SOVNARKOM-ELEGIDO-POR-EL-CONGRESO-PANRUSO-DE-LOS-SOVI\u00c9TS.jpg\" alt=\"\" width=\"347\" height=\"404\" srcset=\"https:\/\/auladeclio.com\/auladeclio\/wp-content\/uploads\/2020\/06\/PRIMER-SOVNARKOM-ELEGIDO-POR-EL-CONGRESO-PANRUSO-DE-LOS-SOVI\u00c9TS.jpg 438w, https:\/\/auladeclio.com\/auladeclio\/wp-content\/uploads\/2020\/06\/PRIMER-SOVNARKOM-ELEGIDO-POR-EL-CONGRESO-PANRUSO-DE-LOS-SOVI\u00c9TS-257x300.jpg 257w\" sizes=\"auto, (max-width: 347px) 100vw, 347px\" \/><\/a><figcaption class=\"caption wp-caption-text\"><span style=\"font-size: 8pt;\">PRIMER SOVNARKOM ELEGIDO POR EL CONGRESO PANRUSO DE LOS SOVI\u00c9TS<\/span><\/figcaption><\/figure>\n<\/div>\n<\/div>\n<ul>\n<li>El gobierno revolucionario sovi\u00e9tico tambi\u00e9n <strong>pretend\u00eda atajar sin demora el hambre de la poblaci\u00f3n<\/strong> y los intentos contrarrevolucionarios, por lo que <strong>se incaut\u00f3 de los bancos, f\u00e1bricas, tierras de la corona y transportes<\/strong><\/li>\n<li>En diciembre de 1917 <strong>cre\u00f3 la Cheka, polic\u00eda al servicio del gobierno revolucionario.<\/strong><\/li>\n<li>Promulg\u00f3 un <strong>decreto sobre la prensa que autorizaba al Sovnarkom a clausurar todo peri\u00f3dico que publicara opiniones contrarias al Congreso panruso de S\u00f3viets<\/strong><\/li>\n<\/ul>\n<p>Pero hab\u00eda protestas. <strong>El Partido bolchevique hab\u00eda prometido tambi\u00e9n convocar una Asamblea Constituyente<\/strong>, en la que estuvieran representados todos los sectores que hab\u00edan luchado contra el zarismo, pero la convocatoria se retrasaba demasiado, provocando protestas en los s\u00f3viets y entre los propios bolcheviques. Los bolcheviques incluso hab\u00edan denunciado al gobierno de Kerensky por no convocarla, <strong>pero ahora, con el poder en la mano, eran contrarios a esa convocatoria<\/strong>, con el argumento de que el censo y la ley electoral, elaborados meses antes por mencheviques y eseristas, eran desfavorables al \u00e9xito bolchevique.<\/p>\n<h4><span style=\"font-size: 10pt;\">DECRETOS DEL II CONGRESO PANRUSO DE S\u00d3VIETS (25-26 de octubre de 1917)<\/span><\/h4>\n<div class=\"arconix-toggle-wrap\"><div class=\"arconix-toggle-title toggle-closed\"><i class='fa fa-plus-square'><\/i>DERROCAMIENTO DEL GOBIERNO PROVISIONAL<\/div><div class=\"arconix-toggle-content\">&#8220;&#8230; El poder del Estado ha pasado a manos del s\u00f3viet de diputados y soldados de Petrogrado [&#8230;] la paz democr\u00e1tica, la eliminaci\u00f3n de los latifundios, el control obrero de la producci\u00f3n y la creaci\u00f3n de un gobierno sovi\u00e9tico est\u00e1n asegurados.<\/p>\n<p>\u00a1Viva la reboluci\u00f3n de los obreros, soldados y campesinos!<\/div><\/div>\n<div class=\"arconix-toggle-wrap\"><div class=\"arconix-toggle-title toggle-closed\"><i class='fa fa-plus-square'><\/i>DECRETO DE PAZ INMEDIATA<\/div><div class=\"arconix-toggle-content\">El Gobierno obrero y campesino instituido por la revoluci\u00f3n del 24-25 de octubre y apoy\u00e1ndose en los soviets de diputados obreros, soldados y campesinos, propone a todos los pueblos en guerra y a sus Gobiernos entablar inmediatamente conversaciones con vistas a una paz democr\u00e1tica, equitativa, [&#8230;] inmediata, sin anexiones ni indemnizaciones [&#8230;].<\/div><\/div>\n<div class=\"arconix-toggle-wrap\"><div class=\"arconix-toggle-title toggle-closed\"><i class='fa fa-plus-square'><\/i>DECRETO SOBRE LA TIERRA<\/div><div class=\"arconix-toggle-content\">\n<ol style=\"list-style-type: lower-alpha;\">\n<li>La gran propiedad sobre el suelo se declara inmediatamente abolida sin ninguna indemnizaci\u00f3n.<\/li>\n<li>Las fincas de los terratenientes, al igual que todas las tierras de la corona, los conventos, la Iglesia, con todos sus ganados y aperos, sus edificios y todas las dependencias, pasan a depender de los comit\u00e9s agrarios comarcales y de los soviets [&#8230;].<\/div><\/div><\/li>\n<\/ol>\n<div class=\"arconix-toggle-wrap\"><div class=\"arconix-toggle-title toggle-closed\"><i class='fa fa-plus-square'><\/i>DECRETO SOBRE LA FORMACI\u00d3N DE GOBIERNO<\/div><div class=\"arconix-toggle-content\">El Congreso de los Soviets de diputados obreros, soldados y campesinos de toda Rusia decide, en tanto se re\u00fane la Asamblea Constituyente, formar un Gobierno provisional obrero y campesino que llevar\u00e1 el nombre de Consejo de Comisarios del Pueblo [&#8230;].<\/div><\/div>\n<figure id=\"attachment_7473\" class=\"thumbnail wp-caption aligncenter\" style=\"width: 1930px\"><a href=\"https:\/\/auladeclio.com\/auladeclio\/wp-content\/uploads\/2020\/06\/FOTOGRAF\u00cdA-DEL-SOVNARKOM-ENTRE-DICIEMBRE-DE-1917-Y-ENERO-DE-1918.-LENINI-EN-EL-CENTRO-Y-STALIN-A-SU-DERECHA.jpg\"><img loading=\"lazy\" decoding=\"async\" class=\"size-full wp-image-7473\" src=\"https:\/\/auladeclio.com\/auladeclio\/wp-content\/uploads\/2020\/06\/FOTOGRAF\u00cdA-DEL-SOVNARKOM-ENTRE-DICIEMBRE-DE-1917-Y-ENERO-DE-1918.-LENINI-EN-EL-CENTRO-Y-STALIN-A-SU-DERECHA.jpg\" alt=\"\" width=\"1920\" height=\"508\" srcset=\"https:\/\/auladeclio.com\/auladeclio\/wp-content\/uploads\/2020\/06\/FOTOGRAF\u00cdA-DEL-SOVNARKOM-ENTRE-DICIEMBRE-DE-1917-Y-ENERO-DE-1918.-LENINI-EN-EL-CENTRO-Y-STALIN-A-SU-DERECHA.jpg 1920w, https:\/\/auladeclio.com\/auladeclio\/wp-content\/uploads\/2020\/06\/FOTOGRAF\u00cdA-DEL-SOVNARKOM-ENTRE-DICIEMBRE-DE-1917-Y-ENERO-DE-1918.-LENINI-EN-EL-CENTRO-Y-STALIN-A-SU-DERECHA-300x79.jpg 300w, https:\/\/auladeclio.com\/auladeclio\/wp-content\/uploads\/2020\/06\/FOTOGRAF\u00cdA-DEL-SOVNARKOM-ENTRE-DICIEMBRE-DE-1917-Y-ENERO-DE-1918.-LENINI-EN-EL-CENTRO-Y-STALIN-A-SU-DERECHA-1024x271.jpg 1024w, https:\/\/auladeclio.com\/auladeclio\/wp-content\/uploads\/2020\/06\/FOTOGRAF\u00cdA-DEL-SOVNARKOM-ENTRE-DICIEMBRE-DE-1917-Y-ENERO-DE-1918.-LENINI-EN-EL-CENTRO-Y-STALIN-A-SU-DERECHA-768x203.jpg 768w, https:\/\/auladeclio.com\/auladeclio\/wp-content\/uploads\/2020\/06\/FOTOGRAF\u00cdA-DEL-SOVNARKOM-ENTRE-DICIEMBRE-DE-1917-Y-ENERO-DE-1918.-LENINI-EN-EL-CENTRO-Y-STALIN-A-SU-DERECHA-1536x406.jpg 1536w\" sizes=\"auto, (max-width: 1920px) 100vw, 1920px\" \/><\/a><figcaption class=\"caption wp-caption-text\"><span style=\"font-size: 8pt;\">FOTOGRAF\u00cdA DEL SOVNARKOM ENTRE DICIEMBRE DE 1917 Y ENERO DE 1918. LENINI EN EL CENTRO Y STALIN A SU DERECHA<\/span><\/figcaption><\/figure>\n[\/vc_toggle][vc_toggle title=&#8221;DEL SUE\u00d1O REVOLUCIONARIO A LA DICTADURA&#8221; custom_font_container=&#8221;tag:h4|text_align:left|color:%231e73be&#8221; custom_google_fonts=&#8221;font_family:Bitter%3Aregular%2Citalic%2C700|font_style:400%20regular%3A400%3Anormal&#8221; use_custom_heading=&#8221;true&#8221;]<div class=\"row\">\n<div class=\"col-lg-7 col-md-12 col-sm-12 col-12\">\n<p>EL FIN DE LA DEMOCRACIA EN RUSIA<\/p>\n<p style=\"text-align: justify;\"><strong>Finalmente se convoc\u00f3 la Asamblea Constituyente<\/strong>, las elecciones se celebraron el 12 de noviembre (25 de diciembre en occidente), con innumerables problemas y un generalizado desinter\u00e9s debido al retraso en recuento y en la votaci\u00f3n de algunos distritos. <strong>El recuento dio a los bolcheviques un resultado paup\u00e9rrimo, solo consiguieron el 25% de los diputados,<\/strong> aunque ganaron en las principales ciudades. Volv\u00edan a estar en minor\u00eda en esta nueva instituci\u00f3n, aunque manten\u00edan la mayor\u00eda en algunos de los principales s\u00f3viets.<\/p>\n<p style=\"text-align: justify;\"><strong>En la primera reuni\u00f3n el 5 de enero de 1918<\/strong>, la minor\u00eda bolchevique pidi\u00f3 que la Asamblea reconociera el poder de los s\u00f3viets y la legitimidad de los primeros decretos del gobierno bolchevique. <strong>La Asamblea Constituyente<\/strong> se neg\u00f3, y <strong>se centr\u00f3 en otros asuntos que consideraba prioritarios, pero que el Sovnarkom ya hab\u00eda aprobado<\/strong>:<\/p>\n<ul style=\"text-align: justify;\">\n<li>Los campesinos hab\u00edan obtenido la promesa de la tierra<\/li>\n<li>Los soldados hab\u00edan conseguido el armisticio<\/li>\n<li>Los obreros hab\u00edan logrado la supervisi\u00f3n de las f\u00e1bricas y otras concesiones<\/li>\n<li>Y las nacionalidades hab\u00edan conseguido el derecho a la autodeterminaci\u00f3n<\/li>\n<\/ul>\n<p style=\"text-align: justify;\"><strong>Al d\u00eda siguiente, los diputados encontraron el edificio cerrado y la Asamblea Constituyente declarada disuelta por el Gobierno bolchevique<\/strong>, mediante un decreto del Sovnarkom. Lenin justific\u00f3 la decisi\u00f3n afirmando que \u00fanicamente los s\u00f3viets y no un Parlamento burgu\u00e9s como la Asamblea representaban verdaderamente los intereses de los campesinos pobres y de los obreros urbanos. <strong>La democracia comenzaba a desmoronarse en la nueva Rusia<\/strong>, la Asamblea elegida democr\u00e1ticamente hab\u00eda sido disuelta. <strong>Un nuevo Congreso Panruso de los Soviets se autoproclam\u00f3 heredero de la Asamblea y aprob\u00f3 la Constituci\u00f3m de la Rep\u00fablica Socialista Sovi\u00e9tica Federativa de Rusia\u00a0 el 10 de julio de 1918<\/strong>. La Constituci\u00f3n defin\u00eda el nuevo Estado como una dictadura del proletariado, bajo el control de un partido \u00fanico, la escisi\u00f3n bolchevique del POSDR, que pas\u00f3 a autodenominarse Partido Comunista de Rusia.<\/p>\n<\/div>\n<div class=\"col-lg-5 col-md-12 col-sm-12 col-12\">\n<figure id=\"attachment_7475\" class=\"thumbnail wp-caption aligncenter\" style=\"width: 334px\"><a href=\"https:\/\/auladeclio.com\/auladeclio\/wp-content\/uploads\/2020\/06\/RESULTADO-DE-LAS-ELECCIONES-A-LA-ASAMBLEA-CONSTITUYENTE-DE-DICIEMBRE-DE-1917.jpg\"><img loading=\"lazy\" decoding=\"async\" class=\"size-full wp-image-7475\" src=\"https:\/\/auladeclio.com\/auladeclio\/wp-content\/uploads\/2020\/06\/RESULTADO-DE-LAS-ELECCIONES-A-LA-ASAMBLEA-CONSTITUYENTE-DE-DICIEMBRE-DE-1917.jpg\" alt=\"\" width=\"324\" height=\"611\" srcset=\"https:\/\/auladeclio.com\/auladeclio\/wp-content\/uploads\/2020\/06\/RESULTADO-DE-LAS-ELECCIONES-A-LA-ASAMBLEA-CONSTITUYENTE-DE-DICIEMBRE-DE-1917.jpg 324w, https:\/\/auladeclio.com\/auladeclio\/wp-content\/uploads\/2020\/06\/RESULTADO-DE-LAS-ELECCIONES-A-LA-ASAMBLEA-CONSTITUYENTE-DE-DICIEMBRE-DE-1917-159x300.jpg 159w\" sizes=\"auto, (max-width: 324px) 100vw, 324px\" \/><\/a><figcaption class=\"caption wp-caption-text\"><span style=\"font-size: 8pt;\">RESULTADO DE LAS ELECCIONES A LA ASAMBLEA CONSTITUYENTE DE DICIEMBRE DE 1917<\/span><\/figcaption><\/figure>\n<\/div>\n<\/div>\n<p><strong>Solo los s\u00f3viets segu\u00edan siendo parcialmente democr\u00e1ticos, pero pronto cambiar\u00eda esa situaci\u00f3n<\/strong>.\u00a0El ejemplo del <strong>s\u00f3viet de Petrogrado<\/strong> es clarificador: en las elecciones del verano de 1918, en medio de la expulsi\u00f3n de la oposici\u00f3n socialista de los soviets, <strong>los bolcheviques se aseguraron en Petrogrado la mayor\u00eda transformando la elecci\u00f3n directa por sufragio en un env\u00edo de delegados de instituciones y organizaciones afines<\/strong>, lo que les evitaba poder perder las elecciones, que ya no determinaban la composici\u00f3n del S\u00f3viet.\u200b <b>La antigua Asamblea electa, base de la Revoluci\u00f3n y esencia de la democracia revolucionaria, se convirti\u00f3 en un \u00f3rgano de funcionarios bolcheviques de organizaciones estatales.<\/b><\/p>\n<div class=\"row\">\n<div class=\"col-lg-8 col-md-12 col-sm-12 col-12\">\n<p><span style=\"color: #ffffff;\">.<\/span><\/p>\n<p style=\"text-align: justify;\">LA FIRMA DE LA PAZ CON ALEMANIA Y LA DERIVA HACIA LA GUERRA CIVIL<\/p>\n<p style=\"text-align: justify;\">Trotski hab\u00eda iniciado contactos con el Imperio alem\u00e1n el 18 de noviembre (poco despu\u00e9s de la Revoluci\u00f3n de Octubre), se acord\u00f3 un alto el fuego en todo el frente y se firm\u00f3 un armisticio, pero la paz definitiva tuvo que esperar debido a las pretensiones territoriales de Alemania y el Imperio Austroh\u00fangaro, <strong>la paz se firm\u00f3 finalmente el 18 de Febrero de 1918<\/strong> (3 de marzo de 1918 en occidente) <strong>en Brest-Litovsk y tuvo las siguientes consecuencias para Rusia:<\/strong><\/p>\n<ul style=\"text-align: justify;\">\n<li><strong>Perdi\u00f3 Polonia, Estonia, Letonia y Lituania<\/strong><\/li>\n<li><strong>Concedi\u00f3 la independencia a Ucrania y Finlandia<\/strong><\/li>\n<\/ul>\n<p style=\"text-align: justify;\"><strong>Rusia perd\u00eda casi una cuarta parte de su territorio, de su poblaci\u00f3n y de su producci\u00f3n agr\u00edcola e industrial, lo cual era inaceptable y vergonzoso para un importante sector de la poblaci\u00f3n rusa.<\/strong> Adem\u00e1s, desde diciembre de 1917 la reci\u00e9n creada polic\u00eda pol\u00edtica o <strong>Checa se encarg\u00f3 de controlar y eliminar a todos los opositores<\/strong> (liberales, mencheviques, eseristas moderados e incluso anarquistas), por otro lado <strong>las nacionalizaciones<\/strong> de bancos, tierras, industrias, minas y ferrocarriles <strong>perjudicaron a un amplio abanico de poderosos terratenientes y empresarios.<\/strong><\/p>\n<p style=\"text-align: justify;\"><strong>Dada la imposibilidad de apartar a los bolcheviques del poder a trav\u00e9s de las urnas, la oposici\u00f3n solo pod\u00eda disolverse o tomar las armas contra el Gobierno.<\/strong>\u200b<\/p>\n<p style=\"text-align: justify;\">Abandonada la idea de la expresi\u00f3n de la voluntad popular a trav\u00e9s de las urnas, <strong>los bolcheviques dejaron claro que solo ceder\u00edan el poder por la fuerza.<\/strong><\/p>\n<p style=\"text-align: justify;\">El camino quedaba expedito para una <strong>confrontaci\u00f3n civil.<\/strong><\/p>\n<\/div>\n<div class=\"col-lg-4 col-md-12 col-sm-12 col-12\">\n<figure id=\"attachment_7480\" class=\"thumbnail wp-caption aligncenter\" style=\"width: 658px\"><a href=\"https:\/\/auladeclio.com\/auladeclio\/wp-content\/uploads\/2020\/06\/TRATADO-DE-BREST-LITOVSK-18-DE-FEBRERO-DE-1918-3-DE-MARZO-DE-1918.png\" target=\"_blank\" rel=\"noopener noreferrer\"><img loading=\"lazy\" decoding=\"async\" class=\"wp-image-7480 size-large\" src=\"https:\/\/auladeclio.com\/auladeclio\/wp-content\/uploads\/2020\/06\/TRATADO-DE-BREST-LITOVSK-18-DE-FEBRERO-DE-1918-3-DE-MARZO-DE-1918-659x1024.png\" alt=\"\" width=\"648\" height=\"1007\" srcset=\"https:\/\/auladeclio.com\/auladeclio\/wp-content\/uploads\/2020\/06\/TRATADO-DE-BREST-LITOVSK-18-DE-FEBRERO-DE-1918-3-DE-MARZO-DE-1918-659x1024.png 659w, https:\/\/auladeclio.com\/auladeclio\/wp-content\/uploads\/2020\/06\/TRATADO-DE-BREST-LITOVSK-18-DE-FEBRERO-DE-1918-3-DE-MARZO-DE-1918-193x300.png 193w, https:\/\/auladeclio.com\/auladeclio\/wp-content\/uploads\/2020\/06\/TRATADO-DE-BREST-LITOVSK-18-DE-FEBRERO-DE-1918-3-DE-MARZO-DE-1918-768x1193.png 768w, https:\/\/auladeclio.com\/auladeclio\/wp-content\/uploads\/2020\/06\/TRATADO-DE-BREST-LITOVSK-18-DE-FEBRERO-DE-1918-3-DE-MARZO-DE-1918-989x1536.png 989w, https:\/\/auladeclio.com\/auladeclio\/wp-content\/uploads\/2020\/06\/TRATADO-DE-BREST-LITOVSK-18-DE-FEBRERO-DE-1918-3-DE-MARZO-DE-1918-1319x2048.png 1319w, https:\/\/auladeclio.com\/auladeclio\/wp-content\/uploads\/2020\/06\/TRATADO-DE-BREST-LITOVSK-18-DE-FEBRERO-DE-1918-3-DE-MARZO-DE-1918.png 2000w\" sizes=\"auto, (max-width: 648px) 100vw, 648px\" \/><\/a><figcaption class=\"caption wp-caption-text\"><span style=\"font-size: 8pt;\">TRATADO DE BREST-LITOVSK 18 DE FEBRERO DE 1918 (3 DE MARZO DE 1918)<\/span><\/figcaption><\/figure>\n<\/div>\n<\/div>[\/vc_toggle][\/vc_tta_section][vc_tta_section i_icon_fontawesome=&#8221;fa fa-pencil&#8221; add_icon=&#8221;true&#8221; title=&#8221;EJERCICIOS&#8221; tab_id=&#8221;1509006569048-69f0d63d-3f36&#8243;][vc_column_text]<strong>DEFINE LOS SIGUIENTES CONCEPTOS, PERSONAJES O ACONTECIMIENTOS HIST\u00d3RICOS EN UN M\u00c1XIMO DE CINCO L\u00cdNEAS:<\/strong><\/p>\n<p>KERENSKY<\/p>\n<p><a href=\"https:\/\/auladeclio.com\/auladeclio\/wp-content\/uploads\/2018\/06\/L%C3%8DNEAS.jpg\"><img loading=\"lazy\" decoding=\"async\" class=\"aligncenter size-full wp-image-2612\" src=\"https:\/\/auladeclio.com\/auladeclio\/wp-content\/uploads\/2018\/06\/L%C3%8DNEAS.jpg\" sizes=\"auto, (max-width: 1342px) 100vw, 1342px\" srcset=\"https:\/\/auladeclio.com\/auladeclio\/wp-content\/uploads\/2018\/06\/L\u00cdNEAS.jpg 1342w, https:\/\/auladeclio.com\/auladeclio\/wp-content\/uploads\/2018\/06\/L\u00cdNEAS-300x73.jpg 300w, https:\/\/auladeclio.com\/auladeclio\/wp-content\/uploads\/2018\/06\/L\u00cdNEAS-768x186.jpg 768w, https:\/\/auladeclio.com\/auladeclio\/wp-content\/uploads\/2018\/06\/L\u00cdNEAS-1024x248.jpg 1024w\" alt=\"\" width=\"1342\" height=\"325\" \/><\/a><\/p>\n<p>&nbsp;<\/p>\n<p>LENIN<\/p>\n<p><a href=\"https:\/\/auladeclio.com\/auladeclio\/wp-content\/uploads\/2018\/06\/L%C3%8DNEAS.jpg\"><img loading=\"lazy\" decoding=\"async\" class=\"aligncenter size-full wp-image-2612\" src=\"https:\/\/auladeclio.com\/auladeclio\/wp-content\/uploads\/2018\/06\/L%C3%8DNEAS.jpg\" sizes=\"auto, (max-width: 1342px) 100vw, 1342px\" srcset=\"https:\/\/auladeclio.com\/auladeclio\/wp-content\/uploads\/2018\/06\/L\u00cdNEAS.jpg 1342w, https:\/\/auladeclio.com\/auladeclio\/wp-content\/uploads\/2018\/06\/L\u00cdNEAS-300x73.jpg 300w, https:\/\/auladeclio.com\/auladeclio\/wp-content\/uploads\/2018\/06\/L\u00cdNEAS-768x186.jpg 768w, https:\/\/auladeclio.com\/auladeclio\/wp-content\/uploads\/2018\/06\/L\u00cdNEAS-1024x248.jpg 1024w\" alt=\"\" width=\"1342\" height=\"325\" \/><\/a>[\/vc_column_text][\/vc_tta_section][vc_tta_section i_icon_fontawesome=&#8221;fa fa-puzzle-piece&#8221; add_icon=&#8221;true&#8221; title=&#8221;ACTIVIDADES&#8221; tab_id=&#8221;1509006579146-16897097-dde9&#8243;][vc_column_text]<strong>CREA UNA TABLA SIMILAR A LA PROPUESTA EN LA QUE DIFERENCIES LAS REVOLUCIONES DE FEBRERO Y OCTUBRE ATENDIENDO A LOS SIGUIENTE FACTORES:<\/strong><\/p>\n<p><a href=\"https:\/\/auladeclio.com\/auladeclio\/wp-content\/uploads\/2020\/06\/1\u00ba-BACH-7.4-ACTIVIDAD.jpg\"><img loading=\"lazy\" decoding=\"async\" class=\"aligncenter size-full wp-image-7482\" src=\"https:\/\/auladeclio.com\/auladeclio\/wp-content\/uploads\/2020\/06\/1\u00ba-BACH-7.4-ACTIVIDAD.jpg\" alt=\"\" width=\"643\" height=\"726\" srcset=\"https:\/\/auladeclio.com\/auladeclio\/wp-content\/uploads\/2020\/06\/1\u00ba-BACH-7.4-ACTIVIDAD.jpg 643w, https:\/\/auladeclio.com\/auladeclio\/wp-content\/uploads\/2020\/06\/1\u00ba-BACH-7.4-ACTIVIDAD-266x300.jpg 266w\" sizes=\"auto, (max-width: 643px) 100vw, 643px\" \/><\/a>[\/vc_column_text][vc_column_text]<span style=\"font-size: 8pt;\"><strong>B5\/2.2. Compara la Revoluci\u00f3n Rusa de Febrero de1917 con la de Octubre de 1917.<\/strong><\/span>[\/vc_column_text][\/vc_tta_section][vc_tta_section i_icon_fontawesome=&#8221;fa fa-lightbulb-o&#8221; add_icon=&#8221;true&#8221; title=&#8221;TAREAS&#8221; tab_id=&#8221;1520438215273-bfb2598c-dd88&#8243;][vc_column_text]<strong>LEE EL ART\u00cdCULO SOBRE EL SOVIET DE PETROGRADO EN WIKIPEDIA Y RESPONDE A LAS SIGUIENTES PREGUNTAS:<\/strong><\/p>\n<figure id=\"attachment_7467\" class=\"thumbnail wp-caption aligncenter\" style=\"width: 1708px\"><a href=\"https:\/\/es.wikipedia.org\/wiki\/S%C3%B3viet_de_Petrogrado\" target=\"_blank\" rel=\"noopener noreferrer\"><img loading=\"lazy\" decoding=\"async\" class=\"wp-image-7467 size-full\" src=\"https:\/\/auladeclio.com\/auladeclio\/wp-content\/uploads\/2020\/06\/ENTRADA-WIKIPEDIA-SOVIET-DE-PETROGRADO.jpg\" alt=\"\" width=\"1698\" height=\"681\" srcset=\"https:\/\/auladeclio.com\/auladeclio\/wp-content\/uploads\/2020\/06\/ENTRADA-WIKIPEDIA-SOVIET-DE-PETROGRADO.jpg 1698w, https:\/\/auladeclio.com\/auladeclio\/wp-content\/uploads\/2020\/06\/ENTRADA-WIKIPEDIA-SOVIET-DE-PETROGRADO-300x120.jpg 300w, https:\/\/auladeclio.com\/auladeclio\/wp-content\/uploads\/2020\/06\/ENTRADA-WIKIPEDIA-SOVIET-DE-PETROGRADO-1024x411.jpg 1024w, https:\/\/auladeclio.com\/auladeclio\/wp-content\/uploads\/2020\/06\/ENTRADA-WIKIPEDIA-SOVIET-DE-PETROGRADO-768x308.jpg 768w, https:\/\/auladeclio.com\/auladeclio\/wp-content\/uploads\/2020\/06\/ENTRADA-WIKIPEDIA-SOVIET-DE-PETROGRADO-1536x616.jpg 1536w\" sizes=\"auto, (max-width: 1698px) 100vw, 1698px\" \/><\/a><figcaption class=\"caption wp-caption-text\">CLICA EN LA IMAGEN PARA ACCEDER AL ART\u00cdCULO<\/figcaption><\/figure>\n<p>&nbsp;<\/p>\n<ol>\n<li>\u00bfQU\u00c9 ES UN S\u00d3VIET?<\/li>\n<li>\u00bfCU\u00c1NDO SE FORM\u00d3 POR PRIMERA VEZ EL S\u00d3VIET DE PETROGRADO?\u00a0\u00bfEN QU\u00c9 A\u00d1O Y MES VOLVI\u00d3 A FORMARSE?<\/li>\n<li>\u00bfCON QU\u00c9 OTRA INSTITUCI\u00d3N RUSA COMPART\u00cdA EL EDIFICIO EN QUE SE ASENTABA, AL PALACIO TA\u00daRIDE?<\/li>\n<li>\u00bfQU\u00c9 GRUPOS SOCIALES ENVIARON DELEGADOS AL SOVIET DE PETROGRADO?<\/li>\n<li>\u00bfCU\u00c1L FUE EL NOMBRE OFICIAL DEL S\u00d3VIET DE PETROGRADO A PARTIR DEL 1 DE MARZO?<\/li>\n<li>\u00bfQU\u00c9 IMPORTANTE DECISI\u00d3N TOM\u00d3 EL S\u00d3VIET ESE MISMO D\u00cdA 1 DE MARZO? \u00bfPOR QU\u00c9 CREES QUE ES TAN IMPORTANTE ESA DECISI\u00d3N?<\/li>\n<li>\u00bfTEN\u00cdA EL S\u00d3VIET EL PODER LEGAL Y OFICIAL EN RUSIA? \u00bfCREES QUE LO PODR\u00cdA HABER ASUMIDO? \u00bfPOR QU\u00c9?<\/li>\n<li>EL 2 DE MARZO EL S\u00d3VIET PUBLIC\u00d3 &#8220;LA ORDEN N\u00ba 1&#8221; \u00bfCREES QUE FUE IMPORTANTE? \u00bfPOR QU\u00c9?<\/li>\n<li>\u00bfQU\u00c9 PARTIDOS TEN\u00cdAN ORIGINALMENTE EL CONTROL DEL S\u00d3VIET DE PETROGRADO? \u00bfCU\u00c1NDO Y POR QU\u00c9 PAS\u00d3 A MANOS BOLCHEVIQUES?<\/li>\n<li>\u00bfC\u00d3MO CONSEGUIERON LOS BOLCHEVIQUES SEGUIR CONTROLANDO EL S\u00d3VIET DE PETROGRADO TRAS LAS ELECCIONES DE 1918?<\/li>\n<\/ol>\n<p><a href=\"https:\/\/auladeclio.com\/auladeclio\/wp-content\/uploads\/2018\/06\/L\u00cdNEAS.jpg\"><img loading=\"lazy\" decoding=\"async\" class=\"aligncenter size-full wp-image-2612\" src=\"https:\/\/auladeclio.com\/auladeclio\/wp-content\/uploads\/2018\/06\/L\u00cdNEAS.jpg\" alt=\"\" width=\"1342\" height=\"325\" srcset=\"https:\/\/auladeclio.com\/auladeclio\/wp-content\/uploads\/2018\/06\/L\u00cdNEAS.jpg 1342w, https:\/\/auladeclio.com\/auladeclio\/wp-content\/uploads\/2018\/06\/L\u00cdNEAS-300x73.jpg 300w, https:\/\/auladeclio.com\/auladeclio\/wp-content\/uploads\/2018\/06\/L\u00cdNEAS-768x186.jpg 768w, https:\/\/auladeclio.com\/auladeclio\/wp-content\/uploads\/2018\/06\/L\u00cdNEAS-1024x248.jpg 1024w\" sizes=\"auto, (max-width: 1342px) 100vw, 1342px\" \/><\/a><a href=\"https:\/\/auladeclio.com\/auladeclio\/wp-content\/uploads\/2018\/06\/L\u00cdNEAS.jpg\"><img loading=\"lazy\" decoding=\"async\" class=\"aligncenter size-full wp-image-2612\" src=\"https:\/\/auladeclio.com\/auladeclio\/wp-content\/uploads\/2018\/06\/L\u00cdNEAS.jpg\" alt=\"\" width=\"1342\" height=\"325\" srcset=\"https:\/\/auladeclio.com\/auladeclio\/wp-content\/uploads\/2018\/06\/L\u00cdNEAS.jpg 1342w, https:\/\/auladeclio.com\/auladeclio\/wp-content\/uploads\/2018\/06\/L\u00cdNEAS-300x73.jpg 300w, https:\/\/auladeclio.com\/auladeclio\/wp-content\/uploads\/2018\/06\/L\u00cdNEAS-768x186.jpg 768w, https:\/\/auladeclio.com\/auladeclio\/wp-content\/uploads\/2018\/06\/L\u00cdNEAS-1024x248.jpg 1024w\" sizes=\"auto, (max-width: 1342px) 100vw, 1342px\" \/><\/a>[\/vc_column_text][vc_toggle title=&#8221;PROPUESTA PARA EL TRABAJO INDIVIDUAL RELACIONADO CON LOS DERECHOS HUMANOS&#8221;]\n<h4>\u00bfQUI\u00c9N FUE ALKS\u00c1NDRA KOLONT\u00c1I?<\/h4>\n<p><strong>BUSCA INFORMACI\u00d3N SOBRE ESTA MUJER Y EN CINCO O DIEZ MINUTOS COMO M\u00c1XIMO EXPLICA A TUS COMPA\u00d1EROS COMO LUCH\u00d3 PORLOS DERECHOS DE LA MUJER TRAS LA REVOLUCI\u00d3N DE OCTUBRE. REVISA SI SU LUCHA TUVO \u00c9XITO Y COMO EVOLUCIONARON LOS DERECHOS QUE HAB\u00cdA CONSEGUIDO PARA LAS MUJERES EN LA URSS.<\/strong>[\/vc_toggle][\/vc_tta_section][vc_tta_section i_icon_fontawesome=&#8221;fa fa-plus-circle&#8221; add_icon=&#8221;true&#8221; title=&#8221;CONSOLIDA&#8221; tab_id=&#8221;1524164322459-38712b94-b327&#8243;][vc_column_text]<strong>\u00bfCON C\u00daAL DE LAS DOS REVOLUCIONES RUSAS RELACIONARIAS LOS SIGUIENTES CONCEPTOS O IDEAS?:<\/strong><\/p>\n<p>LIBERALISMO, SOCIALISMO, DEMOCARCIA REPRESENTATIVA (PARLAMENTARISMO), DEMOCRACIA PARTICIPATIVA (ASAMBLEARISMO), LENIN, PR\u00cdNCIPE LVOV, KERENSKY, TROSKY, PARTIDO SOCIALREVOLUCIONARIO, POSDR, TRATADO DE BREST-LITOVSK, GOLPE DE KORNILOV, ASALTO DEL PALACIO DE INVIERNO, GOVIERNO PROVISIONAL, SOVNARKOM, CIERRE DE LA ASAMBLEA CONSTITUYENTE, CHEKA, DECRETO DE LAS NACIONALIDADES, ABDICACI\u00d3N NICOLAS II Y EJECUCI\u00d3N DE LOS ROMANOV<\/p>\n<p>&nbsp;<\/p>\n<p><strong>REVOLUCI\u00d3N DE FEBRERO DE 1917:<\/strong><\/p>\n<p><a href=\"https:\/\/auladeclio.com\/auladeclio\/wp-content\/uploads\/2018\/06\/L\u00cdNEAS.jpg\"><img loading=\"lazy\" decoding=\"async\" class=\"aligncenter size-full wp-image-2612\" src=\"https:\/\/auladeclio.com\/auladeclio\/wp-content\/uploads\/2018\/06\/L\u00cdNEAS.jpg\" alt=\"\" width=\"1342\" height=\"325\" srcset=\"https:\/\/auladeclio.com\/auladeclio\/wp-content\/uploads\/2018\/06\/L\u00cdNEAS.jpg 1342w, https:\/\/auladeclio.com\/auladeclio\/wp-content\/uploads\/2018\/06\/L\u00cdNEAS-300x73.jpg 300w, https:\/\/auladeclio.com\/auladeclio\/wp-content\/uploads\/2018\/06\/L\u00cdNEAS-768x186.jpg 768w, https:\/\/auladeclio.com\/auladeclio\/wp-content\/uploads\/2018\/06\/L\u00cdNEAS-1024x248.jpg 1024w\" sizes=\"auto, (max-width: 1342px) 100vw, 1342px\" \/><\/a><\/p>\n<p>&nbsp;<\/p>\n<p><strong>REVOLUCI\u00d3N DE OCTUBRE DE 1917:<\/strong><\/p>\n<p><a href=\"https:\/\/auladeclio.com\/auladeclio\/wp-content\/uploads\/2018\/06\/L\u00cdNEAS.jpg\"><img loading=\"lazy\" decoding=\"async\" class=\"aligncenter size-full wp-image-2612\" src=\"https:\/\/auladeclio.com\/auladeclio\/wp-content\/uploads\/2018\/06\/L\u00cdNEAS.jpg\" alt=\"\" width=\"1342\" height=\"325\" srcset=\"https:\/\/auladeclio.com\/auladeclio\/wp-content\/uploads\/2018\/06\/L\u00cdNEAS.jpg 1342w, https:\/\/auladeclio.com\/auladeclio\/wp-content\/uploads\/2018\/06\/L\u00cdNEAS-300x73.jpg 300w, https:\/\/auladeclio.com\/auladeclio\/wp-content\/uploads\/2018\/06\/L\u00cdNEAS-768x186.jpg 768w, https:\/\/auladeclio.com\/auladeclio\/wp-content\/uploads\/2018\/06\/L\u00cdNEAS-1024x248.jpg 1024w\" sizes=\"auto, (max-width: 1342px) 100vw, 1342px\" \/><\/a>[\/vc_column_text][\/vc_tta_section][vc_tta_section i_icon_fontawesome=&#8221;fa fa-question-circle&#8221; add_icon=&#8221;true&#8221; title=&#8221;PROFUNDIZA&#8221; tab_id=&#8221;1524164499297-d8938bdf-1969&#8243;][vc_wp_text]\n<h3>LOS S\u00cdMBOLOS DE LA RUSIA REVOLUCIONARIA: LA ESTRELLA Y LA HOZ Y EL MARTILLO<\/h3>\n<p>BUSCA EL ORIGEN, SIGNIFICADO E HISTORIA DE LOS S\u00cdMBOLOS SOCIALISTA Y COMUNISTAS DE RUSIA M\u00c1S RECONOCIBLES:<\/p>\n<div class=\"row\">\n<div class=\"col-lg-6 col-md-12 col-sm-12 col-12\">\n<figure id=\"attachment_7483\" class=\"thumbnail wp-caption aligncenter\" style=\"width: 448px\"><a href=\"https:\/\/auladeclio.com\/auladeclio\/wp-content\/uploads\/2020\/06\/ESTRELLA-ROJA-SOCIALISTA.png\"><img loading=\"lazy\" decoding=\"async\" class=\" wp-image-7483\" src=\"https:\/\/auladeclio.com\/auladeclio\/wp-content\/uploads\/2020\/06\/ESTRELLA-ROJA-SOCIALISTA.png\" alt=\"\" width=\"438\" height=\"417\" srcset=\"https:\/\/auladeclio.com\/auladeclio\/wp-content\/uploads\/2020\/06\/ESTRELLA-ROJA-SOCIALISTA.png 500w, https:\/\/auladeclio.com\/auladeclio\/wp-content\/uploads\/2020\/06\/ESTRELLA-ROJA-SOCIALISTA-300x286.png 300w\" sizes=\"auto, (max-width: 438px) 100vw, 438px\" \/><\/a><figcaption class=\"caption wp-caption-text\"><span style=\"font-size: 10pt;\">ESTRELLA ROJA SOCIALISTA<\/span><\/figcaption><\/figure>\n<\/div>\n<div class=\"col-lg-6 col-md-12 col-sm-12 col-12\">\n<figure id=\"attachment_7484\" class=\"thumbnail wp-caption aligncenter\" style=\"width: 424px\"><a href=\"https:\/\/auladeclio.com\/auladeclio\/wp-content\/uploads\/2020\/06\/HOZ-Y-MARTILLO.png\"><img loading=\"lazy\" decoding=\"async\" class=\"size-full wp-image-7484\" src=\"https:\/\/auladeclio.com\/auladeclio\/wp-content\/uploads\/2020\/06\/HOZ-Y-MARTILLO.png\" alt=\"\" width=\"414\" height=\"414\" srcset=\"https:\/\/auladeclio.com\/auladeclio\/wp-content\/uploads\/2020\/06\/HOZ-Y-MARTILLO.png 414w, https:\/\/auladeclio.com\/auladeclio\/wp-content\/uploads\/2020\/06\/HOZ-Y-MARTILLO-300x300.png 300w, https:\/\/auladeclio.com\/auladeclio\/wp-content\/uploads\/2020\/06\/HOZ-Y-MARTILLO-150x150.png 150w, https:\/\/auladeclio.com\/auladeclio\/wp-content\/uploads\/2020\/06\/HOZ-Y-MARTILLO-60x60.png 60w\" sizes=\"auto, (max-width: 414px) 100vw, 414px\" \/><\/a><figcaption class=\"caption wp-caption-text\"><span style=\"font-size: 10pt;\">HOZ Y MARTILLO<\/span><\/figcaption><\/figure>\n<\/div>\n<\/div><a href=\"https:\/\/auladeclio.com\/auladeclio\/wp-content\/uploads\/2018\/06\/L\u00cdNEAS.jpg\"><img loading=\"lazy\" decoding=\"async\" class=\"aligncenter size-full wp-image-2612\" src=\"https:\/\/auladeclio.com\/auladeclio\/wp-content\/uploads\/2018\/06\/L\u00cdNEAS.jpg\" alt=\"\" width=\"1342\" height=\"325\" srcset=\"https:\/\/auladeclio.com\/auladeclio\/wp-content\/uploads\/2018\/06\/L\u00cdNEAS.jpg 1342w, https:\/\/auladeclio.com\/auladeclio\/wp-content\/uploads\/2018\/06\/L\u00cdNEAS-300x73.jpg 300w, https:\/\/auladeclio.com\/auladeclio\/wp-content\/uploads\/2018\/06\/L\u00cdNEAS-768x186.jpg 768w, https:\/\/auladeclio.com\/auladeclio\/wp-content\/uploads\/2018\/06\/L\u00cdNEAS-1024x248.jpg 1024w\" sizes=\"auto, (max-width: 1342px) 100vw, 1342px\" \/><\/a>[\/vc_wp_text][\/vc_tta_section][\/vc_tta_tabs][\/vc_column][\/vc_row]\n<\/div>","protected":false},"excerpt":{"rendered":"<p>[vc_row][vc_column width=&#8221;1\/3&#8243; offset=&#8221;vc_col-lg-offset-0 vc_col-md-offset-0 vc_col-sm-offset-0 vc_col-xs-3&#8243;][vc_icon icon_fontawesome=&#8221;fa fa-chevron-left&#8221; color=&#8221;sky&#8221; link=&#8221;url:http%3A%2F%2Fauladeclio.com%2Fauladeclio%2F7-3-la-rusia-zarista%2F|title:EP%C3%8DGRAFE%20ANTERIOR|target:%20_blank|&#8221;][\/vc_column][vc_column width=&#8221;1\/3&#8243; offset=&#8221;vc_col-lg-offset-0 vc_col-md-offset-0 vc_col-sm-offset-0 vc_col-xs-offset-1 vc_col-xs-3&#8243;][vc_icon icon_fontawesome=&#8221;fa fa-list&#8221; color=&#8221;sky&#8221; align=&#8221;center&#8221; link=&#8221;url:http%3A%2F%2Fauladeclio.com%2Fauladeclio%2F7-la-i-guerra-mundial-y-las-revoluciones-rusas-1914-1919%2F|title:%C3%8DNDICE%20DE%20EP%C3%8DGRAFES|target:%20_blank|&#8221;][\/vc_column][vc_column width=&#8221;1\/3&#8243; offset=&#8221;vc_col-lg-offset-0 vc_col-md-offset-0 vc_col-sm-offset-0 vc_col-xs-offset-1 vc_col-xs-3&#8243;][vc_icon icon_fontawesome=&#8221;fa fa-chevron-right&#8221; color=&#8221;sky&#8221; align=&#8221;right&#8221; link=&#8221;url:http%3A%2F%2Fauladeclio.com%2Fauladeclio%2F7-5-la-guerra-civil-rusa-y-la-creacion-de-la-urss%2F|title:EP%C3%8DGRAFE%20SIGUIENTE|target:%20_blank|&#8221;][\/vc_column][\/vc_row][vc_row][vc_column][vc_tta_tabs style=&#8221;outline&#8221; shape=&#8221;square&#8221; color=&#8221;sky&#8221; active_section=&#8221;1&#8243; pagination_style=&#8221;flat-rounded&#8221; pagination_color=&#8221;blue&#8221;][vc_tta_section i_icon_fontawesome=&#8221;fa fa-book&#8221; add_icon=&#8221;true&#8221; title=&#8221;TEMA&#8221; tab_id=&#8221;1509006569048-f59e903e-56d1&#8243;][vc_wp_text] Es importante remarcar que en la Rusia zarista se segu\u00eda utilizando el [&hellip;]<\/p>\n","protected":false},"author":1,"featured_media":0,"parent":0,"menu_order":0,"comment_status":"closed","ping_status":"closed","template":"","meta":{"nf_dc_page":"","footnotes":""},"categories":[14,13],"tags":[],"class_list":["post-1528","page","type-page","status-publish","hentry","category-1o-de-bachillerato","category-historia-del-mundo-contemporaneo"],"_links":{"self":[{"href":"https:\/\/auladeclio.com\/auladeclio\/wp-json\/wp\/v2\/pages\/1528","targetHints":{"allow":["GET"]}}],"collection":[{"href":"https:\/\/auladeclio.com\/auladeclio\/wp-json\/wp\/v2\/pages"}],"about":[{"href":"https:\/\/auladeclio.com\/auladeclio\/wp-json\/wp\/v2\/types\/page"}],"author":[{"embeddable":true,"href":"https:\/\/auladeclio.com\/auladeclio\/wp-json\/wp\/v2\/users\/1"}],"replies":[{"embeddable":true,"href":"https:\/\/auladeclio.com\/auladeclio\/wp-json\/wp\/v2\/comments?post=1528"}],"version-history":[{"count":34,"href":"https:\/\/auladeclio.com\/auladeclio\/wp-json\/wp\/v2\/pages\/1528\/revisions"}],"predecessor-version":[{"id":9559,"href":"https:\/\/auladeclio.com\/auladeclio\/wp-json\/wp\/v2\/pages\/1528\/revisions\/9559"}],"wp:attachment":[{"href":"https:\/\/auladeclio.com\/auladeclio\/wp-json\/wp\/v2\/media?parent=1528"}],"wp:term":[{"taxonomy":"category","embeddable":true,"href":"https:\/\/auladeclio.com\/auladeclio\/wp-json\/wp\/v2\/categories?post=1528"},{"taxonomy":"post_tag","embeddable":true,"href":"https:\/\/auladeclio.com\/auladeclio\/wp-json\/wp\/v2\/tags?post=1528"}],"curies":[{"name":"wp","href":"https:\/\/api.w.org\/{rel}","templated":true}]}}