{"id":1517,"date":"2018-04-22T08:49:01","date_gmt":"2018-04-22T08:49:01","guid":{"rendered":"http:\/\/auladeclio.com\/auladeclio\/?page_id=1517"},"modified":"2021-06-25T16:10:01","modified_gmt":"2021-06-25T16:10:01","slug":"7-1-la-politica-exterior-y-la-diplomacia-previas-a-la-gran-guerra","status":"publish","type":"page","link":"https:\/\/auladeclio.com\/auladeclio\/7-1-la-politica-exterior-y-la-diplomacia-previas-a-la-gran-guerra\/","title":{"rendered":"7.1 La Gran Guerra. Diplomacia previa y causas de su estallido"},"content":{"rendered":"<div class=\"wpb-content-wrapper\">[vc_row][vc_column width=&#8221;1\/3&#8243; offset=&#8221;vc_col-lg-offset-0 vc_col-md-offset-0 vc_col-sm-offset-0 vc_col-xs-3&#8243;][vc_icon icon_fontawesome=&#8221;fa fa-chevron-left&#8221; color=&#8221;sky&#8221; link=&#8221;url:http%3A%2F%2Fauladeclio.com%2Fauladeclio%2F7-la-i-guerra-mundial-y-las-revoluciones-rusas-1914-1919%2F|title:EP%C3%8DGRAFE%20ANTERIOR|target:%20_blank|&#8221;][\/vc_column][vc_column width=&#8221;1\/3&#8243; offset=&#8221;vc_col-lg-offset-0 vc_col-md-offset-0 vc_col-sm-offset-0 vc_col-xs-offset-1 vc_col-xs-3&#8243;][vc_icon icon_fontawesome=&#8221;fa fa-list&#8221; color=&#8221;sky&#8221; align=&#8221;center&#8221; link=&#8221;url:http%3A%2F%2Fauladeclio.com%2Fauladeclio%2F7-la-i-guerra-mundial-y-las-revoluciones-rusas-1914-1919%2F|title:%C3%8DNDICE%20DE%20EP%C3%8DGRAFES|target:%20_blank|&#8221;][\/vc_column][vc_column width=&#8221;1\/3&#8243; offset=&#8221;vc_col-lg-offset-0 vc_col-md-offset-0 vc_col-sm-offset-0 vc_col-xs-offset-1 vc_col-xs-3&#8243;][vc_icon icon_fontawesome=&#8221;fa fa-chevron-right&#8221; color=&#8221;sky&#8221; align=&#8221;right&#8221; link=&#8221;url:http%3A%2F%2Fauladeclio.com%2Fauladeclio%2F7-2-la-gran-guerra-causas-inmediatas-desarrollo-y-consecuencias%2F|title:EP%C3%8DGRAFE%20SIGUIENTE|target:%20_blank|&#8221;][\/vc_column][\/vc_row][vc_row][vc_column][vc_tta_tabs style=&#8221;outline&#8221; shape=&#8221;square&#8221; color=&#8221;sky&#8221; active_section=&#8221;1&#8243; pagination_style=&#8221;flat-rounded&#8221; pagination_color=&#8221;blue&#8221;][vc_tta_section i_icon_fontawesome=&#8221;fa fa-book&#8221; add_icon=&#8221;true&#8221; title=&#8221;TEMA&#8221; tab_id=&#8221;1509006569048-f59e903e-56d1&#8243;][vc_wp_text]<div class=\"row\">\n<div class=\"col-lg-8 col-md-12 col-sm-12 col-12\">\n<p style=\"text-align: justify;\"><strong>\u00bfPor qu\u00e9 los Estados europeos se enzarzaron en una guerra suicida?<\/strong> \u00bfQui\u00e9n fue el culpable? \u00bfEn qu\u00e9 momento fue ya inevi\u00adtable la Primera Guerra Mundial? Mucho se ha escrito sobre es\u00adtas cuestiones y todav\u00eda se siguen debatiendo. Este primer gran conflicto del siglo XX se desencaden\u00f3 sin que nadie reconociera tener intenciones de provocarlo; sus causas fueron m\u00faltiples.<\/p>\n<p style=\"text-align: justify;\">La todopoderosa Europa que dominaba el planeta sin contestaci\u00f3n se vio amenazada por el cre\u00adciente <strong>caos de las relaciones internacionales<\/strong> y por las <strong>rivali\u00addades de los imperialismos<\/strong>. La econom\u00eda se hab\u00eda internaciona\u00adlizado, pero las pol\u00edticas segu\u00edan siendo nacionales y cada naci\u00f3n entend\u00eda que deb\u00eda cuidar de s\u00ed misma. Tambi\u00e9n hab\u00eda tensio\u00adnes territoriales en Europa; <strong>la sensaci\u00f3n de inseguridad se adue\u00ad\u00f1\u00f3 de los gobiernos y de los pueblos. <\/strong>Las alianzas entre Estados parec\u00edan la manera m\u00e1s adecuada para que cada uno reforzara su seguridad, pues as\u00ed en caso de conflicto no estar\u00edan solos.<\/p>\n<p style=\"text-align: justify;\">Salvo algunos escritores sensacionalistas, <strong>todos prefer\u00edan la paz, si bien se fraguaba un ambiente en el que todos daban por sentado que un d\u00eda estallar\u00eda la guerra.<\/strong><\/p>\n<p style=\"text-align: justify;\"><strong>No es f\u00e1cil saber en qu\u00e9 momento fue ya inevitable la Primera Guerra Mundial.<\/strong> De hecho, entre el asesinato de Sarajevo, que se se\u00f1ala como el desencadenante del conflicto, y la ruptura de las hostilidades transcurri\u00f3 m\u00e1s de un mes.<\/p>\n<p>&nbsp;<\/p>\n<p><span style=\"font-size: 8pt;\">B4\/6. Los sistemas bismarckianos (1872-1888). La Weltpolitik.<\/span><\/p>\n<p><span style=\"font-size: 8pt;\">B4\/7. La Paz Armada: Triple Alianza y Triple Entente. Las crisis de preguerra: Marruecos y Balcanes.<\/span><\/p>\n<p><span style=\"font-size: 8pt;\">B4\/8. La I Guerra Mundial: causas, desarrollo y consecuencias.<\/span><\/p>\n<\/div>\n<div class=\"col-lg-4 col-md-12 col-sm-12 col-12\">\n<figure id=\"attachment_7221\" class=\"thumbnail wp-caption aligncenter\" style=\"width: 733px\"><a href=\"https:\/\/auladeclio.com\/auladeclio\/wp-content\/uploads\/2020\/05\/CARICATURA-DE-UN-DIARIO-FRANC\u00c9S-SOBRE-LA-CRISIS-BLAC\u00c1NICA-DE-1908.-EL-EMPERADOR-FRANCISCO-JOS\u00c9-COGE-BOSNIA-Y-EL-REY-FERNANDO-DE-BULGARIA-DECLARA-LA-INDEPENDENCIA.jpg\"><img loading=\"lazy\" decoding=\"async\" class=\"size-full wp-image-7221\" src=\"https:\/\/auladeclio.com\/auladeclio\/wp-content\/uploads\/2020\/05\/CARICATURA-DE-UN-DIARIO-FRANC\u00c9S-SOBRE-LA-CRISIS-BLAC\u00c1NICA-DE-1908.-EL-EMPERADOR-FRANCISCO-JOS\u00c9-COGE-BOSNIA-Y-EL-REY-FERNANDO-DE-BULGARIA-DECLARA-LA-INDEPENDENCIA.jpg\" alt=\"\" width=\"723\" height=\"902\" srcset=\"https:\/\/auladeclio.com\/auladeclio\/wp-content\/uploads\/2020\/05\/CARICATURA-DE-UN-DIARIO-FRANC\u00c9S-SOBRE-LA-CRISIS-BLAC\u00c1NICA-DE-1908.-EL-EMPERADOR-FRANCISCO-JOS\u00c9-COGE-BOSNIA-Y-EL-REY-FERNANDO-DE-BULGARIA-DECLARA-LA-INDEPENDENCIA.jpg 723w, https:\/\/auladeclio.com\/auladeclio\/wp-content\/uploads\/2020\/05\/CARICATURA-DE-UN-DIARIO-FRANC\u00c9S-SOBRE-LA-CRISIS-BLAC\u00c1NICA-DE-1908.-EL-EMPERADOR-FRANCISCO-JOS\u00c9-COGE-BOSNIA-Y-EL-REY-FERNANDO-DE-BULGARIA-DECLARA-LA-INDEPENDENCIA-240x300.jpg 240w\" sizes=\"auto, (max-width: 723px) 100vw, 723px\" \/><\/a><figcaption class=\"caption wp-caption-text\">CARICATURA DE UN DIARIO FRANC\u00c9S SOBRE LA CRISIS BLAC\u00c1NICA DE 1908. EL EMPERADOR FRANCISCO JOS\u00c9 COGE BOSNIA Y EL REY FERNANDO DE BULGARIA DECLARA LA INDEPENDENCIA<\/figcaption><\/figure>\n<\/div>\n<\/div>[\/vc_wp_text][vc_toggle title=&#8221;LAS TENSIONES INTERNACIONALES&#8221; custom_font_container=&#8221;tag:h4|text_align:left|color:%231e73be&#8221; custom_google_fonts=&#8221;font_family:Bitter%3Aregular%2Citalic%2C700|font_style:400%20regular%3A400%3Anormal&#8221; use_custom_heading=&#8221;true&#8221;]<div class=\"row\">\n<div class=\"col-lg-7 col-md-12 col-sm-12 col-12\">\n<p style=\"text-align: justify;\">EL TRASFONDO ECON\u00d3MICO<\/p>\n<p style=\"text-align: justify;\"><strong>El desarrollo de la industria germana supuso una fuerte competencia para Gran Breta\u00f1a y Francia<\/strong>, que hasta entonces dominaban hegem\u00f3nicamente el mercado internacional. Incluso Francia comenz\u00f3 a comprar m\u00e1s productos industriales germanos que brit\u00e1nicos. En Rusia, las importaciones alemanas cuadruplicaron a las brit\u00e1nicas, y algo similar suced\u00eda en casi todos los pa\u00edses europeos.<\/p>\n<p style=\"text-align: justify;\">Alemania se benefici\u00f3 en el continente de su situaci\u00f3n territorial y del desarrollo de su red ferroviaria, que favorec\u00eda la rapidez en sus transacciones comerciales, y de la fama adquirida por sus acer\u00edas. <strong>Gran Breta\u00f1a comenz\u00f3 a ver en Alemania a un rival comercial.<\/strong><\/p>\n<p style=\"text-align: justify;\">Durante este periodo, las grandes potencias coloniales establecieron un <strong>mercado cerrado con sus colonias<\/strong>, lo que se tradujo en el abandono del sistema de librecambismo y la implantaci\u00f3n de un <strong>sistema de neomercantilismo<\/strong> en las relaciones comerciales internacionales.<\/p>\n<ul style=\"text-align: justify;\">\n<li>De las colonias se extra\u00edan las materias primas para el consumo y la industria, y la mano de obra.<\/li>\n<li>A las colonias se exportaban los excedentes comerciales.<\/li>\n<\/ul>\n<p style=\"text-align: justify;\">El resultado de esta pol\u00edtica fue el establecimiento de<strong> nuevos aranceles comerciales y la instauraci\u00f3n de pol\u00edticas proteccionistas.<\/strong> Las tarifas aduaneras eran un &#8220;arma de combate&#8221; en la lucha econ\u00f3mica y, como esas ta\u00adrifas y los tratados comerciales los establec\u00edan los Estados, la negociaci\u00f3n sobre ellos ocupaba un lugar importante en las relaciones diplom\u00e1ticas, y cuando las negociaciones fracasa\u00adban, <strong>las relaciones pol\u00edticas se perturbaban.<\/strong><\/p>\n<\/div>\n<div class=\"col-lg-5 col-md-12 col-sm-12 col-12\">\n<figure id=\"attachment_7186\" class=\"thumbnail wp-caption aligncenter\" style=\"width: 658px\"><a href=\"https:\/\/auladeclio.com\/auladeclio\/wp-content\/uploads\/2020\/05\/EVOLUCI\u00d3N-DE-LAS-EXPORTACIONES-DE-ALEMANIA-Y-EL-REINO-UNIDO-ENTRE-EL-SIGLO-XIX-Y-EL-SIGLO-XX.jpg\" target=\"_blank\" rel=\"noopener noreferrer\"><img loading=\"lazy\" decoding=\"async\" class=\"wp-image-7186 size-large\" src=\"https:\/\/auladeclio.com\/auladeclio\/wp-content\/uploads\/2020\/05\/EVOLUCI\u00d3N-DE-LAS-EXPORTACIONES-DE-ALEMANIA-Y-EL-REINO-UNIDO-ENTRE-EL-SIGLO-XIX-Y-EL-SIGLO-XX-802x1024.jpg\" alt=\"\" width=\"648\" height=\"827\" srcset=\"https:\/\/auladeclio.com\/auladeclio\/wp-content\/uploads\/2020\/05\/EVOLUCI\u00d3N-DE-LAS-EXPORTACIONES-DE-ALEMANIA-Y-EL-REINO-UNIDO-ENTRE-EL-SIGLO-XIX-Y-EL-SIGLO-XX-802x1024.jpg 802w, https:\/\/auladeclio.com\/auladeclio\/wp-content\/uploads\/2020\/05\/EVOLUCI\u00d3N-DE-LAS-EXPORTACIONES-DE-ALEMANIA-Y-EL-REINO-UNIDO-ENTRE-EL-SIGLO-XIX-Y-EL-SIGLO-XX-235x300.jpg 235w, https:\/\/auladeclio.com\/auladeclio\/wp-content\/uploads\/2020\/05\/EVOLUCI\u00d3N-DE-LAS-EXPORTACIONES-DE-ALEMANIA-Y-EL-REINO-UNIDO-ENTRE-EL-SIGLO-XIX-Y-EL-SIGLO-XX-768x981.jpg 768w, https:\/\/auladeclio.com\/auladeclio\/wp-content\/uploads\/2020\/05\/EVOLUCI\u00d3N-DE-LAS-EXPORTACIONES-DE-ALEMANIA-Y-EL-REINO-UNIDO-ENTRE-EL-SIGLO-XIX-Y-EL-SIGLO-XX.jpg 923w\" sizes=\"auto, (max-width: 648px) 100vw, 648px\" \/><\/a><figcaption class=\"caption wp-caption-text\">EVOLUCI\u00d3N DE LAS EXPORTACIONES DE ALEMANIA Y EL REINO UNIDO ENTRE EL SIGLO XIX Y EL SIGLO XX<\/figcaption><\/figure>\n<\/div>\n<\/div>\n<p>En general, <strong>el modo de tratar la competencia econ\u00f3mica favorec\u00eda la crispaci\u00f3n<\/strong>, pero este hecho, aun siendo funda\u00admental, no era el \u00fanico, y otros elementos hac\u00edan a\u00fan m\u00e1s inestable la situaci\u00f3n. Algunos autores, entre ellos Lenin en su peque\u00f1o tratado <em>El imperialismo, eta\u00adpa superior del capitalismo,<\/em> publicado en 1915, propusieron una explicaci\u00f3n pu\u00adramente econ\u00f3mica de las causas de la guerra.<\/p>\n<p>&nbsp;<\/p>\n<div class=\"row\">\n<div class=\"col-lg-8 col-md-12 col-sm-12 col-12\">\n<p style=\"text-align: justify;\">LOS INTERESES DE LAS POTENCIAS<\/p>\n<p style=\"text-align: justify;\">Desde 1870 la uni\u00f3n de <strong>Alemania<\/strong> trastoc\u00f3 las relaciones entre los Estados. Alemania se sent\u00eda orgullosa de haberse convertido en digna rival de las grandes potencias,<strong> buscaba el reconocimiento de un tipo de supremac\u00eda como la de los in\u00adgleses<\/strong> y aspiraba adem\u00e1s a la hegemon\u00eda en el continente.<\/p>\n<p style=\"text-align: justify;\">Desde la victoria frente a Napole\u00f3n III (1870) los prusianos hab\u00edan empezado a <strong>preparar un futuro enfrentamiento contra Francia y contra Rusia<\/strong>. Desde 1890 tambi\u00e9n <strong>deseaban forjar un imperio colonial<\/strong> en un mundo que estaba ya repartido en\u00adtre los pa\u00edses que se hab\u00edan industrializado antes; para eso <strong>ne\u00adcesitaba una poderosa marina<\/strong>. Ingleses y franceses, dirigentes de la Europa moderna desde el siglo XVII, no pod\u00edan dejar de sentirse inquietos.<\/p>\n<p style=\"text-align: justify;\"><strong>Reino Unido estaba decidida a mantener su dominio en los mares y su liderazgo comercial y financiero<\/strong>; en el continente prefer\u00eda mantenerse al margen <em>(espl\u00e9ndido aislamiento)<\/em> con tal de que una sola potencia no predominara sobre las dem\u00e1s; ve\u00eda con preocupaci\u00f3n c\u00f3mo otros Estados europeos se mov\u00edan en torno a Berl\u00edn y c\u00f3mo Alemania la desafiaba en todos los cam\u00adpos: la industria, el comercio, la creaci\u00f3n de colonias en \u00c1frica y en el Pr\u00f3ximo y Lejano Oriente. Pero <strong>lo que m\u00e1s alarmaba era que Alemania estaba construyendo una poderosa marina.<\/strong><\/p>\n<\/div>\n<div class=\"col-lg-4 col-md-12 col-sm-12 col-12\">\n<figure id=\"attachment_7176\" class=\"thumbnail wp-caption aligncenter\" style=\"width: 263px\"><a href=\"https:\/\/auladeclio.com\/auladeclio\/wp-content\/uploads\/2020\/05\/EL-PODER\u00cdO-NAVAL-DE-ALEMANIA-Y-EL-REINO-UNIDO.png\" target=\"_blank\" rel=\"noopener noreferrer\"><img loading=\"lazy\" decoding=\"async\" class=\"wp-image-7176 size-medium\" src=\"https:\/\/auladeclio.com\/auladeclio\/wp-content\/uploads\/2020\/05\/EL-PODER\u00cdO-NAVAL-DE-ALEMANIA-Y-EL-REINO-UNIDO-253x300.png\" alt=\"\" width=\"253\" height=\"300\" srcset=\"https:\/\/auladeclio.com\/auladeclio\/wp-content\/uploads\/2020\/05\/EL-PODER\u00cdO-NAVAL-DE-ALEMANIA-Y-EL-REINO-UNIDO-253x300.png 253w, https:\/\/auladeclio.com\/auladeclio\/wp-content\/uploads\/2020\/05\/EL-PODER\u00cdO-NAVAL-DE-ALEMANIA-Y-EL-REINO-UNIDO.png 503w\" sizes=\"auto, (max-width: 253px) 100vw, 253px\" \/><\/a><figcaption class=\"caption wp-caption-text\">EL PODER\u00cdO NAVAL DE ALEMANIA Y EL REINO UNIDO<\/figcaption><\/figure>\n<\/div>\n<\/div><strong>Francia no olvidaba la humillaci\u00f3n de 1870 ante Alemania<\/strong> (Guerra franco-prusiana), ni la p\u00e9rdida de <strong>Alsacia y Lorena<\/strong>, y, como muchos otros, desconfiaba de la arrogancia militar ale\u00admana. Por otro lado, su antigua enemistad con Reino Unido continuaba ahora con sus enfrentamientos en la expansi\u00f3n imperialista.<\/p>\n<div class=\"row\">\n<div class=\"col-lg-6 col-md-12 col-sm-12 col-12\">\n<p style=\"text-align: justify;\">En el este de Europa, <strong>Austria <\/strong>y <strong>Rusia <\/strong>eran <strong>dos imperios de\u00adclinantes<\/strong>, <strong>enemigos tradicionales<\/strong> a causa de la expansi\u00f3n de ambos <strong>por los Balcanes<\/strong> a costa del Imperio turco. Austria te\u00adm\u00eda el paneslavismo ruso, pues ella misma estaba habitada por minor\u00edas eslavas, mientras que <strong>Rusia estaba resuelta a ser reconocida como protectora de los eslavos<\/strong> y muy particular\u00admente del reciente reino de <strong>Serbia<\/strong>, desde donde se animaba a los eslavos austr\u00edacos. En <strong>Austria<\/strong>, sometida a las tensiones centr\u00edfugas de los nacionalismos, la guerra era <strong>para el Alto Mando una manera de resolver el problema nacional<\/strong> y basta\u00adba que estallase un conflicto en el interior del pa\u00eds o en el ex\u00adterior (con los serbios o los rusos) para que a los jefes del ej\u00e9r\u00adcito &#8220;se les subiese la sangre a la cabeza&#8221;.<\/p>\n<p style=\"text-align: justify;\"><strong>Rusia<\/strong> quer\u00eda adem\u00e1s el <strong>control<\/strong> de Constantinopla y la apertura <strong>de los estrechos<\/strong> a su flota, <strong>lo que desagradaba a Aus\u00adtria y hac\u00eda recelar a Reino Unido<\/strong>, que no quer\u00eda ver el control de esta importante ruta al Mediterr\u00e1neo en manos de Rusia, con la que ten\u00eda disputas en Asia.<\/p>\n<p style=\"text-align: justify;\"><strong>Italia<\/strong> y Austria tambi\u00e9n eran antiguas enemigas y la primera todav\u00eda <strong>reclamaba<\/strong>, para completar su unificaci\u00f3n,<strong> los territorios irredentos del Tirol e Istria, bajo dominio austr\u00edaco.<\/strong><\/p>\n<\/div>\n<div class=\"col-lg-6 col-md-12 col-sm-12 col-12\">\n<figure id=\"attachment_7177\" class=\"thumbnail wp-caption aligncenter\" style=\"width: 936px\"><a href=\"https:\/\/auladeclio.com\/auladeclio\/wp-content\/uploads\/2020\/05\/FRICCIONES-ENTRE-LAS-POTENCIAS-EN-EUROPA-Y-EL-IMPERIO-OTOMANO.png\" target=\"_blank\" rel=\"noopener noreferrer\"><img loading=\"lazy\" decoding=\"async\" class=\"wp-image-7177 size-full\" src=\"https:\/\/auladeclio.com\/auladeclio\/wp-content\/uploads\/2020\/05\/FRICCIONES-ENTRE-LAS-POTENCIAS-EN-EUROPA-Y-EL-IMPERIO-OTOMANO.png\" alt=\"\" width=\"926\" height=\"701\" srcset=\"https:\/\/auladeclio.com\/auladeclio\/wp-content\/uploads\/2020\/05\/FRICCIONES-ENTRE-LAS-POTENCIAS-EN-EUROPA-Y-EL-IMPERIO-OTOMANO.png 926w, https:\/\/auladeclio.com\/auladeclio\/wp-content\/uploads\/2020\/05\/FRICCIONES-ENTRE-LAS-POTENCIAS-EN-EUROPA-Y-EL-IMPERIO-OTOMANO-300x227.png 300w, https:\/\/auladeclio.com\/auladeclio\/wp-content\/uploads\/2020\/05\/FRICCIONES-ENTRE-LAS-POTENCIAS-EN-EUROPA-Y-EL-IMPERIO-OTOMANO-768x581.png 768w\" sizes=\"auto, (max-width: 926px) 100vw, 926px\" \/><\/a><figcaption class=\"caption wp-caption-text\">FRICCIONES ENTRE LAS POTENCIAS EN EUROPA Y EL IMPERIO OTOMANO<\/figcaption><\/figure>\n<\/div>\n<\/div>[\/vc_toggle][vc_toggle title=&#8221;LA WELTPOLITIK Y LAS NUEVAS ALIANZAS&#8221; custom_font_container=&#8221;tag:h4|text_align:left|color:%231e73be&#8221; custom_google_fonts=&#8221;font_family:Bitter%3Aregular%2Citalic%2C700|font_style:400%20regular%3A400%3Anormal&#8221; use_custom_heading=&#8221;true&#8221;]\n<p style=\"text-align: left;\">EL FIN DE LOS SISTEMAS BISMARCKIANOS<\/p>\n<div class=\"row\">\n<div class=\"col-lg-7 col-md-12 col-sm-12 col-12\">\n<p style=\"text-align: justify;\">Tal y como vimos en el tema anterior, <strong>Bismarck<\/strong> estaba siguiendo una pol\u00edtica de paz, pues <strong>tem\u00eda que otra guerra europea hicie\u00adra saltar por los aires el Imperio que tanto le hab\u00eda costado for\u00admar.<\/strong> Manej\u00f3 con prudencia la pol\u00edtica exterior evitando el ex\u00adpansionismo, tanto en el continente como en las zonas de ocupaci\u00f3n imperialista. Reforz\u00f3 el Estado, fortaleci\u00f3 la econo\u00adm\u00eda y desempe\u00f1\u00f3 un papel preponderante en el \u00e1mbito inter\u00adnacional como arbitro y mediador de las relaciones entre las potencias. Si recuerdas, consigui\u00f3 reunir en Berl\u00edn a los Estados implicados en los dos focos de mayor tensi\u00f3n del momento: los Balcanes y la expansi\u00f3n imperialista (Congreso de 1878 para los Balcanes y Congreso de 1885 para regular los asun\u00adtos africanos).<\/p>\n<p style=\"text-align: justify;\">Adem\u00e1s, hab\u00eda conseguido mantener la Liga de los Tres Em\u00adperadores (Alemania, Austria y Rusia), que vinculaba las poten\u00adcias con afinidades en sus sistemas pol\u00edticos e imped\u00eda que potencias del Este y el Oeste se aliaran para atacar Alemania.<\/p>\n<\/div>\n<div class=\"col-lg-5 col-md-12 col-sm-12 col-12\">\n<figure id=\"attachment_7214\" class=\"thumbnail wp-caption aligncenter\" style=\"width: 310px\"><a href=\"https:\/\/auladeclio.com\/auladeclio\/wp-content\/uploads\/2020\/05\/GUILLERMO-II.jpg\" target=\"_blank\" rel=\"noopener noreferrer\"><img loading=\"lazy\" decoding=\"async\" class=\"wp-image-7214 size-medium\" src=\"https:\/\/auladeclio.com\/auladeclio\/wp-content\/uploads\/2020\/05\/GUILLERMO-II-300x225.jpg\" alt=\"\" width=\"300\" height=\"225\" srcset=\"https:\/\/auladeclio.com\/auladeclio\/wp-content\/uploads\/2020\/05\/GUILLERMO-II-300x225.jpg 300w, https:\/\/auladeclio.com\/auladeclio\/wp-content\/uploads\/2020\/05\/GUILLERMO-II.jpg 666w\" sizes=\"auto, (max-width: 300px) 100vw, 300px\" \/><\/a><figcaption class=\"caption wp-caption-text\">EL NUEVO K\u00c1ISER ALEMAN GUILLERMO II<\/figcaption><\/figure>\n<\/div>\n<\/div>\n<p style=\"text-align: left;\"><strong>En 1879 se form\u00f3 el compromiso militar m\u00e1s importante de Centroeuropa desde entonces, la D\u00faplice Alianza, que refor\u00adzaba la uni\u00f3n de Alemania con Austria; a ellas se uni\u00f3, desde 1882, Italia. Con ello qued\u00f3 conformado uno de los bloques, la <span style=\"text-decoration: underline;\">Triple Alianza<\/span>.<\/strong> <strong>Consist\u00eda, en resumen, en que si alg\u00fan miem\u00adbro se ve\u00eda envuelto en una guerra, sus aliados acudir\u00edan en su ayuda con las armas.<\/strong><\/p>\n<p>&nbsp;<\/p>\n<p style=\"text-align: left;\">LA WELTPOLITIK Y LA TRIPLE ENTENTE<\/p>\n<p style=\"text-align: left;\"><strong>Pero desde 1890 el nuevo k\u00e1iser, Guillermo II, apoyado por grupos expansionistas, comenz\u00f3 la Weltpolitik (pol\u00edtica mun\u00addial) y reclam\u00f3 un lugar en el reparto colonial. Oblig\u00f3 a dimitir a Bismarck<\/strong> debido a sus diferencias internas en cuanto al trato a los trabajadores y <strong>la prudencia del antiguo canciller fue sustituida por los afanes de expansi\u00f3n<\/strong> y no hubo nadie con suficiente habilidad para mantener su in\u00adtrincada pol\u00edtica de alianzas.<\/p>\n<p style=\"text-align: left;\"><strong>El acuerdo ruso-alem\u00e1n fue abandonado<\/strong>. <strong>Los franceses, aislados<\/strong> hasta entonces y temerosos de la Triple Alianza, <strong>apro\u00advecharon la nueva situaci\u00f3n para aliarse con Rusia (1894)<\/strong>. El acercamiento entre Rusia y Francia, que Bismarck tanto hab\u00eda querido evitar, estaba consumado.<\/p>\n<p style=\"text-align: left;\">El temor que provocaba Alemania condujo tambi\u00e9n a que <strong>Reino Unido<\/strong> saliera de su aislamiento. <strong>Suscribi\u00f3 la Entente Cordiale (1904) con Francia<\/strong>, su antigua rival, para resolver litigios coloniales.<\/p>\n<p style=\"text-align: left;\"><div class=\"row\">\n<div class=\"col-lg-6 col-md-12 col-sm-12 col-12\">\n<p style=\"text-align: justify;\">Por su parte, otros viejos adversarios, <strong>Reino Unido y Rusia, llegaban a acuerdos sobre su expansi\u00f3n en la zona de Persia en 1907. Desde esta fecha Reino Unido, Francia y Rusia actua\u00adr\u00e1n juntas; quedaba constituida la <span style=\"text-decoration: underline;\">Triple Entente<\/span> que a partir de entonces se enfrentar\u00eda al bloque centroeuropeo de la Tri\u00adple Alianza de Alemania, Austria e Italia.<\/strong><\/p>\n<p style=\"text-align: justify;\">Por la importancia que hab\u00eda cobrado la opini\u00f3n p\u00fablica en la \u00abera de la democracia\u00bb, estas alianzas se presentaron como defensivas (el mismo argumento con que m\u00e1s tarde se justi\u00adfic\u00f3 la guerra). Pero lo cierto era que <strong>acababa la \u00e9poca de rela\u00adtiva paz y estabilidad internacional que hab\u00eda prevalecido has\u00adta 1890 y aparec\u00edan dos bloques hostiles y poderosos<\/strong>, cuyos compromisos hicieron que los Estados aliados se involucraran en los conflictos de cualquiera de ellos<\/p>\n<p style=\"text-align: left;\"><\/div>\n<div class=\"col-lg-6 col-md-12 col-sm-12 col-12\">\n<figure id=\"attachment_7184\" class=\"thumbnail wp-caption aligncenter\" style=\"width: 1301px\"><a href=\"https:\/\/auladeclio.com\/auladeclio\/wp-content\/uploads\/2020\/05\/LAS-ALIANZAS-PREVIAS-A-LA-GUERRA.png\"><img loading=\"lazy\" decoding=\"async\" class=\"size-full wp-image-7184\" src=\"https:\/\/auladeclio.com\/auladeclio\/wp-content\/uploads\/2020\/05\/LAS-ALIANZAS-PREVIAS-A-LA-GUERRA.png\" alt=\"\" width=\"1291\" height=\"822\" srcset=\"https:\/\/auladeclio.com\/auladeclio\/wp-content\/uploads\/2020\/05\/LAS-ALIANZAS-PREVIAS-A-LA-GUERRA.png 1291w, https:\/\/auladeclio.com\/auladeclio\/wp-content\/uploads\/2020\/05\/LAS-ALIANZAS-PREVIAS-A-LA-GUERRA-300x191.png 300w, https:\/\/auladeclio.com\/auladeclio\/wp-content\/uploads\/2020\/05\/LAS-ALIANZAS-PREVIAS-A-LA-GUERRA-1024x652.png 1024w, https:\/\/auladeclio.com\/auladeclio\/wp-content\/uploads\/2020\/05\/LAS-ALIANZAS-PREVIAS-A-LA-GUERRA-768x489.png 768w\" sizes=\"auto, (max-width: 1291px) 100vw, 1291px\" \/><\/a><figcaption class=\"caption wp-caption-text\">LAS ALIANZAS PREVIAS A LA GUERRA<\/figcaption><\/figure>\n<p style=\"text-align: left;\"><\/div>\n<\/div>\n<p style=\"text-align: left;\">LA CARRERA ARMEMENT\u00cdSTICA<\/p>\n<p style=\"text-align: left;\"><div class=\"row\">\n<div class=\"col-lg-6 col-md-12 col-sm-12 col-12\">\n<p style=\"text-align: justify;\">En general,<strong> los hombres de Estado pensaban que no tardar\u00eda en producirse una guerra que involucrara a todas las potencias.<\/strong> Para unos era probable y para otros inevitable. Razonaban y actuaban como impulsados por una fuerza invencible. Reforzaban las alianzas para conseguir seguridad y, con ello, contribu\u00edan a agrandar el peligro.<\/p>\n<p style=\"text-align: justify;\">En esta situaci\u00f3n,<strong> los Estados Mayores de los ej\u00e9rcitos se cre\u00edan en el deber de preparar el ej\u00e9rcito y la flota<\/strong> para afrontar victoriosamente una posible guerra; <strong>presionaban para aumentar los recursos de material y soldados en tiempos de paz, para poder proceder a una r\u00e1pida movilizaci\u00f3n.<\/strong> Alemania, Francia y Rusia compet\u00edan en el armamento terrestre; en el armamento naval la carrera era feroz entre Alemania y Reino Unido. Se elaboraban planes detallados para hacer frente a un posible enemigo.<\/p>\n<p style=\"text-align: justify;\">Cuando hay ej\u00e9rcitos preparados para la guerra, sus mandos tienden a emplearlos; por otro lado, <strong>la carrera armament\u00edstica hac\u00eda que quien tuviera una ventaja en cualquier momento creyera que \u00e9sa era la ocasi\u00f3n para enfrentarse con \u00e9xito<\/strong>; el Estado Mayor alem\u00e1n pensaba as\u00ed en 1913, lo que era grave, porque en Alemania los militares ten\u00edan mucha influencia en asuntos de Estado.<\/p>\n<p style=\"text-align: left;\"><\/div>\n<div class=\"col-lg-6 col-md-12 col-sm-12 col-12\">\n<figure id=\"attachment_7175\" class=\"thumbnail wp-caption aligncenter\" style=\"width: 427px\"><a href=\"https:\/\/auladeclio.com\/auladeclio\/wp-content\/uploads\/2020\/05\/GASTOS-MILITARES-DE-LAS-PRINCIPALES-POTENCIAS.png\" target=\"_blank\" rel=\"noopener noreferrer\"><img loading=\"lazy\" decoding=\"async\" class=\"wp-image-7175\" src=\"https:\/\/auladeclio.com\/auladeclio\/wp-content\/uploads\/2020\/05\/GASTOS-MILITARES-DE-LAS-PRINCIPALES-POTENCIAS.png\" alt=\"\" width=\"417\" height=\"400\" srcset=\"https:\/\/auladeclio.com\/auladeclio\/wp-content\/uploads\/2020\/05\/GASTOS-MILITARES-DE-LAS-PRINCIPALES-POTENCIAS.png 628w, https:\/\/auladeclio.com\/auladeclio\/wp-content\/uploads\/2020\/05\/GASTOS-MILITARES-DE-LAS-PRINCIPALES-POTENCIAS-300x288.png 300w\" sizes=\"auto, (max-width: 417px) 100vw, 417px\" \/><\/a><figcaption class=\"caption wp-caption-text\">GASTOS MILITARES DE LAS PRINCIPALES POTENCIAS<\/figcaption><\/figure>\n<p style=\"text-align: left;\"><\/div>\n<\/div>[\/vc_toggle][vc_toggle title=&#8221;EL NACIONALISMO Y LAS CRISIS DE PREGUERRA&#8221; custom_font_container=&#8221;tag:h4|text_align:left|color:%231e73be&#8221; custom_google_fonts=&#8221;font_family:Bitter%3Aregular%2Citalic%2C700|font_style:400%20regular%3A400%3Anormal&#8221; use_custom_heading=&#8221;true&#8221;]<strong>Los pueblos estaban influidos por tendencias contrarias.<\/strong> Si unas llamaban a la paz, otras favorec\u00edan la guerra. En \u00faltima instancia, <strong>los sentimientos nacionalistas excluyentes prevalecer\u00edan<\/strong> sobre los valores democr\u00e1ticos, el socialismo o la religi\u00f3n.<\/p>\n<p>Adem\u00e1s, <strong>entre 1904 y 1914 Europa hab\u00eda vivido la amenaza de una guerra general<\/strong>. <strong>Dos<\/strong> eran los <strong>focos<\/strong> en torno a los que las crisis se suced\u00edan: los <strong>Balcanes<\/strong>, escenario de la rivalidad austro-rusa, y la <strong>zona de Marruecos<\/strong>, donde forcejeaban alemanes y franceses bajo la atenta mirada de Reino Unido; la soluci\u00f3n provisional de cada situaci\u00f3n conflictiva provocaba un suspiro general de alivio, interrumpido casi de inmediato por la crisis siguiente.<\/p>\n<p>&nbsp;<\/p>\n<p>LOS PUEBLOS Y EL NACIONALISMO<\/p>\n<p>La carrera de armamentos hab\u00eda sido provo\u00adcada por la creciente tensi\u00f3n diplom\u00e1tica, pero, a su vez, hab\u00eda contribuido a agravarla, pues<strong> los gobiernos<\/strong>, para que se acep\u00adtasen los impuestos necesarios, <strong>hab\u00edan apelado al sentimien\u00adto nacionalista<\/strong> que estimulaba el clima de <strong>sospecha hacia un enemigo potencial.<\/strong><\/p>\n<p><strong>Cada una de las naciones<\/strong> acab\u00f3 por tener el <strong>sentimiento de estar rodeada de enemigos<\/strong> que miraban con malos ojos su prosperidad, su desarrollo y pon\u00edan en entredicho su existen\u00adcia misma. <strong>Desde hac\u00eda treinta a\u00f1os, la difusi\u00f3n de la instruc\u00adci\u00f3n (educaci\u00f3n), de la prensa, de los deportes, contribu\u00eda a exaltar la supe\u00adrioridad del pa\u00eds propio<\/strong>, a demostrar el poder de su Estado y a asegurar su prestigio.<\/p>\n<p>Incluso las ciencias y las artes se vieron afectadas; el darwinismo se convert\u00eda en social y pol\u00edtico; la nueva ciencia gen\u00e9\u00adtica derivaba, en ocasiones, en eugenesia; algunas corrientes de la vanguardia art\u00edstica como el futurismo exaltaban la ca\u00adpacidad creadora de la lucha. <strong>Un ambiente de apasionamien\u00adto iba ganando la opini\u00f3n p\u00fablica.<\/strong><\/p>\n<p>Hab\u00eda <strong>tambi\u00e9n corrientes<\/strong>, que parec\u00edan poderosas, alar\u00admadas por la escalada belicista, <strong>que defend\u00edan la paz<\/strong> y el inte\u00adr\u00e9s superior de la humanidad y que sirvieron de base al movi\u00admiento pacifista internacional. Las organizaciones pacifistas planearon una acci\u00f3n com\u00fan que denunciaba el peligro y aportaba sugerencias;<strong> se pretend\u00eda la limitaci\u00f3n de los armamentos<\/strong> como primer paso hacia el desarme general, <strong>y el arbitraje para arreglar los litigios internacionales.<\/strong> El objetivo final era un Congreso permanente de las naciones a nivel mundial o, al menos, europeo.<\/p>\n<div class=\"row\">\n<div class=\"col-lg-5 col-md-12 col-sm-12 col-12\">\n<p style=\"text-align: justify;\">El movimiento se concret\u00f3 en<strong> dos Conferencias de Paz celebradas en La Haya, en 1899 y 1907<\/strong>, que despertaron grandes esperanzas en la opini\u00f3n p\u00fablica. <strong>Los resultados fueron nulos<\/strong> en el freno de la carrera armament\u00edstica o en una concepci\u00f3n nueva de las relaciones entre los Estados; tampoco consiguieron resolver el importante asunto de las sanciones que se aplicar\u00edan en caso de agresi\u00f3n.<\/p>\n<p style=\"text-align: justify;\"><strong>A pesar de todo, sentaron los precedentes de un \u00f3rgano mundial al establecer el Tribunal Internacional de Arbitraje de La Haya<\/strong>, si bien sus decisiones no eran vinculantes para los Estados, que no quer\u00edan reducir su soberan\u00eda. Se lleg\u00f3 tambi\u00e9n a acuerdos para humanizar la guerra, relativos al trato a los prisioneros.<\/p>\n<\/div>\n<div class=\"col-lg-7 col-md-12 col-sm-12 col-12\">\n<figure id=\"attachment_7223\" class=\"thumbnail wp-caption aligncenter\" style=\"width: 510px\"><a href=\"https:\/\/auladeclio.com\/auladeclio\/wp-content\/uploads\/2020\/05\/SESI\u00d3N-DE-LA-CONFERENCIA-DE-PAZ-DE-LA-HAYA-DE-1907.jpg\"><img loading=\"lazy\" decoding=\"async\" class=\" wp-image-7223\" src=\"https:\/\/auladeclio.com\/auladeclio\/wp-content\/uploads\/2020\/05\/SESI\u00d3N-DE-LA-CONFERENCIA-DE-PAZ-DE-LA-HAYA-DE-1907.jpg\" alt=\"\" width=\"500\" height=\"250\" srcset=\"https:\/\/auladeclio.com\/auladeclio\/wp-content\/uploads\/2020\/05\/SESI\u00d3N-DE-LA-CONFERENCIA-DE-PAZ-DE-LA-HAYA-DE-1907.jpg 660w, https:\/\/auladeclio.com\/auladeclio\/wp-content\/uploads\/2020\/05\/SESI\u00d3N-DE-LA-CONFERENCIA-DE-PAZ-DE-LA-HAYA-DE-1907-300x150.jpg 300w\" sizes=\"auto, (max-width: 500px) 100vw, 500px\" \/><\/a><figcaption class=\"caption wp-caption-text\"><span style=\"font-size: 10pt;\">SESI\u00d3N DE LA CONFERENCIA DE PAZ DE LA HAYA DE 1907<\/span><\/figcaption><\/figure>\n<\/div>\n<\/div>Aunque pocos, <strong>fueron pasos fundamentales en el reconocimiento internacional de los derechos humanos<\/strong> y mitigaron los horrores de las dos guerras mundiales.<\/p>\n<div class=\"row\">\n<div class=\"col-lg-4 col-md-12 col-sm-12 col-12\">\n<figure id=\"attachment_7225\" class=\"thumbnail wp-caption aligncenter\" style=\"width: 277px\"><a href=\"https:\/\/auladeclio.com\/auladeclio\/wp-content\/uploads\/2020\/05\/CARTEL-DE-LA-II-INTERNACIONAL-EN-EL-QUE-SE-REVEINDICA-LA-PARTICIPACI\u00d3N-DE-TODOS-LOS-TRABAJADORES-DEL-MUNDO-INDEPENDIENTEMENTE-DE-SU-PROCEDENCIA.jpg\" target=\"_blank\" rel=\"noopener noreferrer\"><img loading=\"lazy\" decoding=\"async\" class=\"wp-image-7225 \" src=\"https:\/\/auladeclio.com\/auladeclio\/wp-content\/uploads\/2020\/05\/CARTEL-DE-LA-II-INTERNACIONAL-EN-EL-QUE-SE-REVEINDICA-LA-PARTICIPACI\u00d3N-DE-TODOS-LOS-TRABAJADORES-DEL-MUNDO-INDEPENDIENTEMENTE-DE-SU-PROCEDENCIA-199x300.jpg\" alt=\"\" width=\"267\" height=\"403\" srcset=\"https:\/\/auladeclio.com\/auladeclio\/wp-content\/uploads\/2020\/05\/CARTEL-DE-LA-II-INTERNACIONAL-EN-EL-QUE-SE-REVEINDICA-LA-PARTICIPACI\u00d3N-DE-TODOS-LOS-TRABAJADORES-DEL-MUNDO-INDEPENDIENTEMENTE-DE-SU-PROCEDENCIA-199x300.jpg 199w, https:\/\/auladeclio.com\/auladeclio\/wp-content\/uploads\/2020\/05\/CARTEL-DE-LA-II-INTERNACIONAL-EN-EL-QUE-SE-REVEINDICA-LA-PARTICIPACI\u00d3N-DE-TODOS-LOS-TRABAJADORES-DEL-MUNDO-INDEPENDIENTEMENTE-DE-SU-PROCEDENCIA.jpg 422w\" sizes=\"auto, (max-width: 267px) 100vw, 267px\" \/><\/a><figcaption class=\"caption wp-caption-text\"><span style=\"font-size: 10pt;\">CARTEL DE LA II INTERNACIONAL EN EL QUE SE REVEINDICA LA PARTICIPACI\u00d3N DE TODOS LOS TRABAJADORES DEL MUNDO INDEPENDIENTEMENTE DE SU PROCEDENCIA<\/span><\/figcaption><\/figure>\n<\/div>\n<div class=\"col-lg-8 col-md-12 col-sm-12 col-12\">\n<p><strong>Otra importante corriente pacifista era el socialismo<\/strong>; sus principios conduc\u00edan a <strong>condenar los m\u00e9todos del imperialismo<\/strong> y el recurso a la guerra para solventar las diferencias. La pr\u00e1ctica no resultaba tan id\u00edlica y los Congresos socialistas internacionales no consiguieron una postura clara ante la guerra. La tendencia reformista era mayoritaria y <strong>algunos partidos socialistas estaban integrados en los parlamentos y, en el fondo, muchos socialistas estaban m\u00e1s apegados de lo que cre\u00edan o dec\u00edan al sentimiento nacional.<\/strong> En el caso del socialismo revolucionario, no faltaban quienes ve\u00edan en un conflicto internacional una oportunidad para la subversi\u00f3n del orden social. Todo ello acab\u00f3 neutralizando sus llamamientos a la paz y su lucha contra la guerra.<\/p>\n<p><strong>De las Iglesias europeas tambi\u00e9n se podr\u00eda esperar<\/strong>, por su propia naturaleza, <strong>una fuerza en favor de la paz<\/strong>, pero no era tan f\u00e1cil. <strong>Las Iglesias ortodoxas<\/strong> estaban fuertemente vinculadas al Estado o <strong>eran nacionalistas.<\/strong> Entre <strong>las protestantes<\/strong>, las m\u00e1s s\u00f3lidas tambi\u00e9n estaban <strong>vinculadas al Estado<\/strong> y los disidentes no lograron articular un movimiento internacional en pro de la paz. <strong>La Iglesia cat\u00f3lica estaba a favor de la paz<\/strong>, pues <strong>una guerra<\/strong> podr\u00eda enfrentar a los cat\u00f3licos europeos y poner en <strong>peligro la unidad de la Iglesia<\/strong>. Pero donde hab\u00eda partidos confesionales con fuerza pol\u00edtica (Alemania e Italia) no estaban dispuestos a perder seguidores enfrent\u00e1ndose al nacionalismo imperante, y <strong>el Vaticano<\/strong>, que pod\u00eda ejercer una influencia directa sobre el clero y los fieles, <strong>se limitaba a vagas exhortaciones en favor de la paz.<\/strong><\/p>\n<p>En definitiva, <strong>todo el mundo en aquel momento prestaba m\u00e1s atenci\u00f3n a la propaganda nacionalista que a los llamamientos pacifistas<\/strong>; cund\u00eda una resignaci\u00f3n fatalista y ciertos medios pensaban incluso que para escapar de la tensi\u00f3n nerviosa ser\u00eda mejor &#8220;ponerle fin&#8221; empezando de una vez la guerra. <span style=\"text-decoration: underline;\"><strong>Despu\u00e9s de un largo periodo de paz, los pueblos europeos ignoraban lo que iba a significar la llamada de las armas.<\/strong><\/span><\/p>\n<\/div>\n<\/div>\n<p>LAS GUERRAS DE LOS BALCANES<\/p>\n<div class=\"row\">\n<div class=\"col-lg-6 col-md-12 col-sm-12 col-12\">\n<p>El <strong>sentimiento nacionalista<\/strong> surgido en los <strong>pa\u00edses de la Europa oriental tras la desintegraci\u00f3n del Imperio otomano<\/strong> se tradujo en <strong>tensiones pol\u00edticas en los Balcanes<\/strong> por la inestabilidad de sus gobiernos y los continuos <strong>problemas fronterizos<\/strong>. Esto provoc\u00f3 su <strong>alianza con las potencias europeas afines por religi\u00f3n, etnia o tradici\u00f3n.<\/strong><\/p>\n<p><strong>El 5 de octubre de 1908, Austria-Hungr\u00eda, de manera unilateral, decidi\u00f3 anexionarse Bosnia-Herzegovina<\/strong>, rompiendo los acuerdos internacionales del Congreso de Berl\u00edn (1878), en el que solo se le hab\u00eda concedido su administraci\u00f3n.<\/p>\n<p>El 18 de octubre de <strong>1912 estall\u00f3 la Primera Guerra Balc\u00e1nica<\/strong>, en la que Serbia, Bulgaria, Grecia y Montenegro, apoyados por Rusia, se enfrentaron a Turqu\u00eda y Austria. Sus <strong>consecuencias<\/strong> fueron:<\/p>\n<ul>\n<li>La<strong> expulsi\u00f3n de Turqu\u00eda de la pen\u00ednsula balc\u00e1nica.<\/strong><\/li>\n<li>La <strong>cesi\u00f3n a Bulgaria de Tracia<\/strong>, con lo que consegu\u00eda una salida al mar Egeo.<\/li>\n<\/ul>\n<p>En <strong>1913<\/strong> se produjo la <strong>Segunda Guerra Balc\u00e1nica<\/strong>, a causa de las <strong>discrepancias surgidas entre las naciones vencedoras en la guerra anterior.<\/strong> Bulgaria atac\u00f3 Serbia y Grecia para anexionarse los territorios que hab\u00edan pertenecido al Imperio otomano. Rumanos y turcos ofrecieron su ayuda a Serbia y Grecia, y <strong>Bulgaria fue derrotada<\/strong>, quedando bajo soberan\u00eda serbia las zonas anexionadas en la guerra de 1912.<\/p>\n<p>En la <strong>Conferencia de paz de Londres<\/strong> (30 de mayo de 1913), <strong>Austria impidi\u00f3 la creaci\u00f3n de la Gran Serbia<\/strong> y en ella se reconoci\u00f3 el nacimiento de un <strong>nuevo Estado, Albania, para impedir la expansi\u00f3n de Serbia<\/strong> hacia el Adri\u00e1tico. Lo que en un principio fue un nacionalismo liberador se convirti\u00f3 en un nacionalismo de dominaci\u00f3n y enfrentamientos entre los Estados vecinos.<\/p>\n<\/div>\n<div class=\"col-lg-6 col-md-12 col-sm-12 col-12\">\n<figure id=\"attachment_7219\" class=\"thumbnail wp-caption aligncenter\" style=\"width: 405px\"><a href=\"https:\/\/auladeclio.com\/auladeclio\/wp-content\/uploads\/2020\/05\/LOS-BALCANES-ANTES-DE-LA-I-GUERRA-MUNDIAL.png\"><img loading=\"lazy\" decoding=\"async\" class=\" wp-image-7219\" src=\"https:\/\/auladeclio.com\/auladeclio\/wp-content\/uploads\/2020\/05\/LOS-BALCANES-ANTES-DE-LA-I-GUERRA-MUNDIAL.png\" alt=\"\" width=\"395\" height=\"627\" srcset=\"https:\/\/auladeclio.com\/auladeclio\/wp-content\/uploads\/2020\/05\/LOS-BALCANES-ANTES-DE-LA-I-GUERRA-MUNDIAL.png 493w, https:\/\/auladeclio.com\/auladeclio\/wp-content\/uploads\/2020\/05\/LOS-BALCANES-ANTES-DE-LA-I-GUERRA-MUNDIAL-189x300.png 189w\" sizes=\"auto, (max-width: 395px) 100vw, 395px\" \/><\/a><figcaption class=\"caption wp-caption-text\">LOS BALCANES ANTES DE LA I GUERRA MUNDIAL<\/figcaption><\/figure>\n<\/div>\n<\/div>\n<p>LAS CRISIS MARROQU\u00cdES<\/p>\n<p>A comienzos del siglo XX tambi\u00e9n resurgieron los <strong>enfrentamientos imperialistas<\/strong>. El <strong>escenario<\/strong> fue el norte de \u00c1frica, en concreto <strong>Marruecos<\/strong>, y el pa\u00eds protagonista, Alemania.<\/p>\n<div class=\"row\">\n<div class=\"col-lg-6 col-md-12 col-sm-12 col-12\">\n<p style=\"text-align: justify;\">En <strong>1905<\/strong> se desat\u00f3 la <strong>primera crisis marroqu\u00ed. Alemania se neg\u00f3 a aceptar el acuerdo entre Francia y Reino Unido de repartir ese territorio entre Espa\u00f1a y Francia<\/strong>, por considerar que perjudicaba sus intereses coloniales en el norte de \u00c1frica. La postura del Gobierno alem\u00e1n de mantener la independencia de Marruecos frente a las pretensiones francesas y el <strong>desembarco del emperador Guillermo II en T\u00e1nger<\/strong>, como muestra del apoyo al sult\u00e1n marroqu\u00ed, <strong>crearon una grave crisis internacional.<\/strong><\/p>\n<p style=\"text-align: justify;\">La<strong> Conferencia de Algeciras de 1906<\/strong> se realiz\u00f3 para evitar una guerra en Europa. Se acord\u00f3 reconocer la independencia de Marruecos, aunque de hecho se establec\u00eda un protectorado franco-espa\u00f1ol. El <strong>resultado de la crisis fue favorable a Francia<\/strong>, que sali\u00f3 fortalecida de su alianza con el Reino Unido.<\/p>\n<p style=\"text-align: justify;\">En <strong>1911<\/strong> de <strong>nuevo<\/strong> se reprodujo el <strong>enfrentamiento por el tema de Marruecos (crisis de Agadir).<\/strong> Tropas francesas intervinieron en ayuda del sult\u00e1n, que se encontraba asediado por los rebeldes de Fez. Este hecho fue considerado por Alemania como una violaci\u00f3n de lo acordado en la Conferencia de Algeciras, lo que motiv\u00f3 el <strong>env\u00edo de la ca\u00f1onera Panther al puerto de Agadir<\/strong> con la excusa de proteger a los residentes alemanes. <strong>La intenci\u00f3n de Alemania era abrir una nueva negociaci\u00f3n para forzar a Francia a cederle Camer\u00fan a cambio de la plena libertad de acci\u00f3n en Marruecos.<\/strong><\/p>\n<p style=\"text-align: justify;\">En 1911 se firm\u00f3 un acuerdo por el que Francia entregaba a Alemania una parte importante de su colonia de Camer\u00fan, una vez que Alemania reconoci\u00f3 el protectorado franc\u00e9s y espa\u00f1ol sobre Marruecos. La soluci\u00f3n de esta segunda crisis marroqu\u00ed decepcion\u00f3 a Alemania, pues, lejos de debilitar a la Entente Cordiale, mostr\u00f3 su solidez.<\/p>\n<\/div>\n<div class=\"col-lg-6 col-md-12 col-sm-12 col-12\">\n<figure id=\"attachment_7228\" class=\"thumbnail wp-caption aligncenter\" style=\"width: 658px\"><a href=\"https:\/\/auladeclio.com\/auladeclio\/wp-content\/uploads\/2020\/05\/CRISIS-MARROQU\u00cdES.png\" target=\"_blank\" rel=\"noopener noreferrer\"><img loading=\"lazy\" decoding=\"async\" class=\"wp-image-7228 size-large\" src=\"https:\/\/auladeclio.com\/auladeclio\/wp-content\/uploads\/2020\/05\/CRISIS-MARROQU\u00cdES-1024x671.png\" alt=\"\" width=\"648\" height=\"425\" srcset=\"https:\/\/auladeclio.com\/auladeclio\/wp-content\/uploads\/2020\/05\/CRISIS-MARROQU\u00cdES-1024x671.png 1024w, https:\/\/auladeclio.com\/auladeclio\/wp-content\/uploads\/2020\/05\/CRISIS-MARROQU\u00cdES-300x197.png 300w, https:\/\/auladeclio.com\/auladeclio\/wp-content\/uploads\/2020\/05\/CRISIS-MARROQU\u00cdES-768x503.png 768w, https:\/\/auladeclio.com\/auladeclio\/wp-content\/uploads\/2020\/05\/CRISIS-MARROQU\u00cdES-569x372.png 569w, https:\/\/auladeclio.com\/auladeclio\/wp-content\/uploads\/2020\/05\/CRISIS-MARROQU\u00cdES-369x241.png 369w, https:\/\/auladeclio.com\/auladeclio\/wp-content\/uploads\/2020\/05\/CRISIS-MARROQU\u00cdES-269x176.png 269w, https:\/\/auladeclio.com\/auladeclio\/wp-content\/uploads\/2020\/05\/CRISIS-MARROQU\u00cdES.png 1170w\" sizes=\"auto, (max-width: 648px) 100vw, 648px\" \/><\/a><figcaption class=\"caption wp-caption-text\">CRISIS MARROQU\u00cdES<\/figcaption><\/figure>\n<figure id=\"attachment_7229\" class=\"thumbnail wp-caption aligncenter\" style=\"width: 333px\"><a href=\"https:\/\/auladeclio.com\/auladeclio\/wp-content\/uploads\/2020\/05\/SMS-PANTHER.-EL-BARCO-DE-GUERRA-ALEM\u00c1N-ENVIADO-A-AGADIR.gif\" target=\"_blank\" rel=\"noopener noreferrer\"><img loading=\"lazy\" decoding=\"async\" class=\"wp-image-7229 size-full\" src=\"https:\/\/auladeclio.com\/auladeclio\/wp-content\/uploads\/2020\/05\/SMS-PANTHER.-EL-BARCO-DE-GUERRA-ALEM\u00c1N-ENVIADO-A-AGADIR.gif\" alt=\"\" width=\"323\" height=\"197\" \/><\/a><figcaption class=\"caption wp-caption-text\">SMS PANTHER. EL BARCO DE GUERRA ALEM\u00c1N ENVIADO A AGADIR<\/figcaption><\/figure>\n<\/div>\n<\/div>[\/vc_toggle][vc_toggle title=&#8221;EL ESTALLIDO DE LA GUERRA&#8221; custom_font_container=&#8221;tag:h4|text_align:left|color:%231e73be&#8221; custom_google_fonts=&#8221;font_family:Bitter%3Aregular%2Citalic%2C700|font_style:400%20regular%3A400%3Anormal&#8221; use_custom_heading=&#8221;true&#8221;]<span style=\"font-weight: 400;\">Aunque la guerra termin\u00f3 estallando como consecuencia de distintos factores, el detonante definitivo estuvo en la regi\u00f3n de los Balcanes y en las rivalidades entre Austria y Serbia por su ambici\u00f3n de controlar la zona. La pol\u00edtica de alianzas termin\u00f3 convirtiendo un conflicto regional en un enfrentamiento a escala global.<\/span><\/p>\n<p><b>El 28 de junio de 1914 fueron asesinados en Sarajevo el archiduque Francisco Fernando de Austria, heredero del Imperio austro-h\u00fangaro, y su esposa. <\/b><span style=\"font-weight: 400;\">El autor fue un joven nacionalista serbio de origen bosnio, de nombre Gavrilo Princip miembro del grupo terrorista Mano Negra. Dicha organizaci\u00f3n de nacionalistas serbo-bosnios contaba <\/span><b>con el respaldo del ej\u00e9rcito serbio.<\/b><\/p>\n<div class=\"row\">\n<div class=\"col-lg-6 col-md-12 col-sm-12 col-12\">\n<p style=\"text-align: justify;\"><b>Las autoridades austr\u00edacas exigieron a Serbia que depurara responsabilidades por lo ocurrido y que investigara las ramificaciones del atentado en su territorio; el ultim\u00e1tum fue rechazado por Belgrado con el apoyo de Rusia.<\/b><\/p>\n<p style=\"text-align: justify;\"><b>El d\u00eda 7 de julio expir\u00f3 el plazo y el 28 de ese mes Austria-Hungr\u00eda declar\u00f3 la guerra a Serbia. Lo que en principio parec\u00eda una nueva crisis en los Balcanes se complic\u00f3 como consecuencia de los automatismos establecidos por el sistema de alianzas suscrito entre las potencias:<\/b><\/p>\n<ol>\n<li style=\"font-weight: 400; text-align: justify;\"><span style=\"font-weight: 400;\">As\u00ed, Rusia decret\u00f3 la movilizaci\u00f3n general de sus tropas, lo que llev\u00f3 a Alemania, como miembro de la Triple Alianza, a declararle la guerra.<\/span><\/li>\n<li style=\"font-weight: 400; text-align: justify;\"><span style=\"font-weight: 400;\">Por su parte, Francia respondi\u00f3 declarando la guerra a Alemania en virtud de los compromisos adquiridos con Rusia tras la firma de la Triple Entente.<\/span><\/li>\n<li style=\"font-weight: 400; text-align: justify;\"><span style=\"font-weight: 400;\">En agosto, los alemanes invadieron B\u00e9lgica para atacar desde all\u00ed Francia, por lo que Reino Unido hizo valer su alianza con los franceses y entr\u00f3 en combate contra Alemania. Hab\u00eda comenzado la Primera Guerra Mundial.<\/span><\/li>\n<\/ol>\n<\/div>\n<div class=\"col-lg-6 col-md-12 col-sm-12 col-12\">\n<figure id=\"attachment_7212\" class=\"thumbnail wp-caption aligncenter\" style=\"width: 358px\"><a href=\"https:\/\/auladeclio.com\/auladeclio\/wp-content\/uploads\/2020\/05\/Dibujo-sin-t\u00edtulo-1.jpg\" target=\"_blank\" rel=\"noopener noreferrer\"><img loading=\"lazy\" decoding=\"async\" class=\"wp-image-7212\" src=\"https:\/\/auladeclio.com\/auladeclio\/wp-content\/uploads\/2020\/05\/Dibujo-sin-t\u00edtulo-1.jpg\" alt=\"\" width=\"348\" height=\"350\" srcset=\"https:\/\/auladeclio.com\/auladeclio\/wp-content\/uploads\/2020\/05\/Dibujo-sin-t\u00edtulo-1.jpg 715w, https:\/\/auladeclio.com\/auladeclio\/wp-content\/uploads\/2020\/05\/Dibujo-sin-t\u00edtulo-1-298x300.jpg 298w, https:\/\/auladeclio.com\/auladeclio\/wp-content\/uploads\/2020\/05\/Dibujo-sin-t\u00edtulo-1-150x150.jpg 150w, https:\/\/auladeclio.com\/auladeclio\/wp-content\/uploads\/2020\/05\/Dibujo-sin-t\u00edtulo-1-60x60.jpg 60w\" sizes=\"auto, (max-width: 348px) 100vw, 348px\" \/><\/a><figcaption class=\"caption wp-caption-text\">CADENA DE ALIANZAS QUE IMPLIC\u00d3 EN LA GUERRA A TODAS LAS POTENCIAS EUROPEAS<\/figcaption><\/figure>\n<\/div>\n<\/div>\n<table  class=\" table table-hover\" style=\"width: 100%; border-collapse: collapse;\" border=\"3\">\n<tbody>\n<tr>\n<td style=\"width: 100%;\">\n<p><strong><span style=\"font-size: 10pt;\">LA SITUACI\u00d3N INTERNACIONAL EN 1914 SEG\u00daN LA PRENSA ESPA\u00d1OLA:<\/span><\/strong><\/p>\n<p><em><span style=\"font-size: 10pt;\">LAS AMENAZAS DE LAS POTENCIAS<\/span><\/em><\/p>\n<p><em><span style=\"font-size: 10pt;\">Lo que dicen las naciones:<\/span><\/em><\/p>\n<ol>\n<li><em><span style=\"font-size: 10pt;\">Rusia dice: si no se respeta la integridad territorial de Serbia, intervendr\u00e9 contra Austria.<\/span><\/em><\/li>\n<li><em><span style=\"font-size: 10pt;\">Alemania dice: si Rusia pone un pie en Austria, prestar\u00e9 apoyo &#8220;manu militari&#8221; a esta.<\/span><\/em><\/li>\n<li><em><span style=\"font-size: 10pt;\">Inglaterra y Francia dicen: prestaremos apoyo a Rusia en su acci\u00f3n si interviene Alemania. (&#8230;)<\/span><\/em><\/li>\n<li><em><span style=\"font-size: 10pt;\">Rumania, Grecia y Montenegro dicen: intervendremos y apoyaremos a Serbia si se atenta contra su independencia.<\/span><\/em><\/li>\n<li><em><span style=\"font-size: 10pt;\">Bulgaria dice: prestar\u00e9 apoyo a Austria si intervienen Rumania y Grecia.<\/span><\/em><\/li>\n<li><em><span style=\"font-size: 10pt;\">Austria ha declarado que respetar\u00e1 la nacionalidad de Serbia, a la que solo quiere castigar.<\/span><\/em><\/li>\n<li><em><span style=\"font-size: 10pt;\">Italia prestar\u00e1 apoyo a sus aliadas Austria y Alemania si estalla el conflicto europeo (&#8230;).<\/span><\/em><\/li>\n<\/ol>\n<p style=\"text-align: right;\"><strong><span style=\"font-size: 8pt;\">La Tribuna, 31 de julio de 1914.<\/span><\/strong><\/p>\n<\/td>\n<\/tr>\n<\/tbody>\n<\/table>\n<figure id=\"attachment_7217\" class=\"thumbnail wp-caption aligncenter\" style=\"width: 1278px\"><a href=\"https:\/\/auladeclio.com\/auladeclio\/wp-content\/uploads\/2020\/05\/PORTADA-DE-LA-TRIBUNA-DEL-6-DE-AGOSTO-DE-1914.jpg\"><img loading=\"lazy\" decoding=\"async\" class=\"size-full wp-image-7217\" src=\"https:\/\/auladeclio.com\/auladeclio\/wp-content\/uploads\/2020\/05\/PORTADA-DE-LA-TRIBUNA-DEL-6-DE-AGOSTO-DE-1914.jpg\" alt=\"\" width=\"1268\" height=\"747\" srcset=\"https:\/\/auladeclio.com\/auladeclio\/wp-content\/uploads\/2020\/05\/PORTADA-DE-LA-TRIBUNA-DEL-6-DE-AGOSTO-DE-1914.jpg 1268w, https:\/\/auladeclio.com\/auladeclio\/wp-content\/uploads\/2020\/05\/PORTADA-DE-LA-TRIBUNA-DEL-6-DE-AGOSTO-DE-1914-300x177.jpg 300w, https:\/\/auladeclio.com\/auladeclio\/wp-content\/uploads\/2020\/05\/PORTADA-DE-LA-TRIBUNA-DEL-6-DE-AGOSTO-DE-1914-1024x603.jpg 1024w, https:\/\/auladeclio.com\/auladeclio\/wp-content\/uploads\/2020\/05\/PORTADA-DE-LA-TRIBUNA-DEL-6-DE-AGOSTO-DE-1914-768x452.jpg 768w\" sizes=\"auto, (max-width: 1268px) 100vw, 1268px\" \/><\/a><figcaption class=\"caption wp-caption-text\">PORTADA DE LA TRIBUNA DEL 6 DE AGOSTO DE 1914<\/figcaption><\/figure>[\/vc_toggle][\/vc_tta_section][vc_tta_section i_icon_fontawesome=&#8221;fa fa-pencil&#8221; add_icon=&#8221;true&#8221; title=&#8221;EJERCICIOS&#8221; tab_id=&#8221;1509006569048-69f0d63d-3f36&#8243;][vc_column_text]<strong>DEFINE LOS SIGUIENTES CONCEPTOS, PERSONAJES O ACONTECIMIENTO HIST\u00d3RICOS EN UN M\u00c1XIMO DE CINCO L\u00cdNEAS:<\/strong><\/p>\n<p>CRISIS MARROQU\u00cdES<\/p>\n<p><strong><a href=\"https:\/\/auladeclio.com\/auladeclio\/wp-content\/uploads\/2018\/06\/L%C3%8DNEAS.jpg\"><img loading=\"lazy\" decoding=\"async\" class=\"aligncenter size-full wp-image-2612\" src=\"https:\/\/auladeclio.com\/auladeclio\/wp-content\/uploads\/2018\/06\/L%C3%8DNEAS.jpg\" sizes=\"auto, (max-width: 1342px) 100vw, 1342px\" srcset=\"https:\/\/auladeclio.com\/auladeclio\/wp-content\/uploads\/2018\/06\/L\u00cdNEAS.jpg 1342w, https:\/\/auladeclio.com\/auladeclio\/wp-content\/uploads\/2018\/06\/L\u00cdNEAS-300x73.jpg 300w, https:\/\/auladeclio.com\/auladeclio\/wp-content\/uploads\/2018\/06\/L\u00cdNEAS-768x186.jpg 768w, https:\/\/auladeclio.com\/auladeclio\/wp-content\/uploads\/2018\/06\/L\u00cdNEAS-1024x248.jpg 1024w\" alt=\"\" width=\"1342\" height=\"325\" \/><\/a><\/strong><\/p>\n<p>&nbsp;<\/p>\n<p>GUERRAS BALC\u00c1NICAS<\/p>\n<p><strong><a href=\"https:\/\/auladeclio.com\/auladeclio\/wp-content\/uploads\/2018\/06\/L%C3%8DNEAS.jpg\"><img loading=\"lazy\" decoding=\"async\" class=\"aligncenter size-full wp-image-2612\" src=\"https:\/\/auladeclio.com\/auladeclio\/wp-content\/uploads\/2018\/06\/L%C3%8DNEAS.jpg\" sizes=\"auto, (max-width: 1342px) 100vw, 1342px\" srcset=\"https:\/\/auladeclio.com\/auladeclio\/wp-content\/uploads\/2018\/06\/L\u00cdNEAS.jpg 1342w, https:\/\/auladeclio.com\/auladeclio\/wp-content\/uploads\/2018\/06\/L\u00cdNEAS-300x73.jpg 300w, https:\/\/auladeclio.com\/auladeclio\/wp-content\/uploads\/2018\/06\/L\u00cdNEAS-768x186.jpg 768w, https:\/\/auladeclio.com\/auladeclio\/wp-content\/uploads\/2018\/06\/L\u00cdNEAS-1024x248.jpg 1024w\" alt=\"\" width=\"1342\" height=\"325\" \/><\/a><\/strong><strong>\u00a0<\/strong>[\/vc_column_text][\/vc_tta_section][vc_tta_section i_icon_fontawesome=&#8221;fa fa-puzzle-piece&#8221; add_icon=&#8221;true&#8221; title=&#8221;ACTIVIDADES&#8221; tab_id=&#8221;1509006579146-16897097-dde9&#8243;][vc_column_text]<strong>DESCRIBE LAS ALIANZAS M\u00c1S DESTACADAS PREVIAS A LA PRIMERA GUERRA MUNDIAL:<\/strong><\/p>\n<p>RECUERDA MENCIONAR LOS PA\u00cdSES QUE FORMABAN CADA UNA DE ELLAS, BUSCA EN INTERNET LOS MOTIVOS POR LOS QUE ESTOS PA\u00cdSES FORMARON PARTE DE ESAS ALIANZAS, LAS FECHAS EN QUE SE CERRARON ESAS ALIANZAS, LOS PRECEDENTES&#8230; DEBER\u00c1S COMPRIMIR TODA ESA INFORMACI\u00d3N EN UNA CARA (350 O 400 PALABRAS) Y ESTRUCTURARLO CORRECTAMENTE CON UNA INTRODUCCI\u00d3N UN NUDO ARGUMENTATIVO DIVIDIDO EN DOS PARTES, UNA PARA CADA ALIANZA Y UNA CONCLUSI\u00d3N. RECUERDA DIVIDIR LA REDACCI\u00d3N EN P\u00c1RRAFOS.<\/p>\n<p><a href=\"https:\/\/auladeclio.com\/auladeclio\/wp-content\/uploads\/2018\/06\/L\u00cdNEAS.jpg\"><img loading=\"lazy\" decoding=\"async\" class=\"aligncenter size-full wp-image-2612\" src=\"https:\/\/auladeclio.com\/auladeclio\/wp-content\/uploads\/2018\/06\/L\u00cdNEAS.jpg\" alt=\"\" width=\"1342\" height=\"325\" srcset=\"https:\/\/auladeclio.com\/auladeclio\/wp-content\/uploads\/2018\/06\/L\u00cdNEAS.jpg 1342w, https:\/\/auladeclio.com\/auladeclio\/wp-content\/uploads\/2018\/06\/L\u00cdNEAS-300x73.jpg 300w, https:\/\/auladeclio.com\/auladeclio\/wp-content\/uploads\/2018\/06\/L\u00cdNEAS-768x186.jpg 768w, https:\/\/auladeclio.com\/auladeclio\/wp-content\/uploads\/2018\/06\/L\u00cdNEAS-1024x248.jpg 1024w\" sizes=\"auto, (max-width: 1342px) 100vw, 1342px\" \/><\/a><a href=\"https:\/\/auladeclio.com\/auladeclio\/wp-content\/uploads\/2018\/06\/L\u00cdNEAS.jpg\"><img loading=\"lazy\" decoding=\"async\" class=\"aligncenter size-full wp-image-2612\" src=\"https:\/\/auladeclio.com\/auladeclio\/wp-content\/uploads\/2018\/06\/L\u00cdNEAS.jpg\" alt=\"\" width=\"1342\" height=\"325\" srcset=\"https:\/\/auladeclio.com\/auladeclio\/wp-content\/uploads\/2018\/06\/L\u00cdNEAS.jpg 1342w, https:\/\/auladeclio.com\/auladeclio\/wp-content\/uploads\/2018\/06\/L\u00cdNEAS-300x73.jpg 300w, https:\/\/auladeclio.com\/auladeclio\/wp-content\/uploads\/2018\/06\/L\u00cdNEAS-768x186.jpg 768w, https:\/\/auladeclio.com\/auladeclio\/wp-content\/uploads\/2018\/06\/L\u00cdNEAS-1024x248.jpg 1024w\" sizes=\"auto, (max-width: 1342px) 100vw, 1342px\" \/><\/a>[\/vc_column_text][vc_column_text]\n<p class=\"TEXTONORMALPROGRAMACION\" style=\"text-align: left; text-indent: 0cm;\" align=\"left\"><span style=\"font-size: 8pt;\">B4\/4.1. Describe las alianzas de los pa\u00edses m\u00e1s destacados durante la Paz Armada.<\/span><\/p>\n[\/vc_column_text][\/vc_tta_section][vc_tta_section i_icon_fontawesome=&#8221;fa fa-lightbulb-o&#8221; add_icon=&#8221;true&#8221; title=&#8221;TAREAS&#8221; tab_id=&#8221;1520438215273-bfb2598c-dd88&#8243;][vc_column_text]<strong>VAMOS A DIVIDIR LAS CAUSAS DE LA GUERRA EN CUATRO TIPOS: CAUSAS POL\u00cdTICAS, TERRITORIALES, ECON\u00d3MICAS Y NACIONALISTAS. USANDO UNA TABLA COMO LA QUE HAY M\u00c1S ABAJO DEBES IDENTIFICAR CADA UNO DE LOS CUATRO TIPOS DE CAUSAS QUE HEMOS MENCIONADO Y EXPLICAR EN CINCO L\u00cdNEAS EN QU\u00c9 CONSISTI\u00d3 CADA UNA DE ELLAS.<\/strong><\/p>\n<p>PUEDE HABER M\u00c1S DE UNA CAUSA DENTRO DE CADA TIPO.<\/p>\n<p><a href=\"https:\/\/auladeclio.com\/auladeclio\/wp-content\/uploads\/2020\/05\/1\u00ba-BACH-7.1-CAUSAS-I-GUERRA-MUNDIAL-TABLA.png\"><img loading=\"lazy\" decoding=\"async\" class=\"aligncenter size-full wp-image-7232\" src=\"https:\/\/auladeclio.com\/auladeclio\/wp-content\/uploads\/2020\/05\/1\u00ba-BACH-7.1-CAUSAS-I-GUERRA-MUNDIAL-TABLA.png\" alt=\"\" width=\"628\" height=\"797\" srcset=\"https:\/\/auladeclio.com\/auladeclio\/wp-content\/uploads\/2020\/05\/1\u00ba-BACH-7.1-CAUSAS-I-GUERRA-MUNDIAL-TABLA.png 628w, https:\/\/auladeclio.com\/auladeclio\/wp-content\/uploads\/2020\/05\/1\u00ba-BACH-7.1-CAUSAS-I-GUERRA-MUNDIAL-TABLA-236x300.png 236w\" sizes=\"auto, (max-width: 628px) 100vw, 628px\" \/><\/a><\/p>\n<p>&nbsp;<\/p>\n<p><strong><a href=\"https:\/\/auladeclio.com\/auladeclio\/wp-content\/uploads\/2020\/05\/1\u00ba-BACH-7.1-CAUSAS-I-GUERRA-MUNDIAL-FUENTES.png\"><img loading=\"lazy\" decoding=\"async\" class=\"aligncenter size-full wp-image-7233\" src=\"https:\/\/auladeclio.com\/auladeclio\/wp-content\/uploads\/2020\/05\/1\u00ba-BACH-7.1-CAUSAS-I-GUERRA-MUNDIAL-FUENTES.png\" alt=\"\" width=\"620\" height=\"928\" srcset=\"https:\/\/auladeclio.com\/auladeclio\/wp-content\/uploads\/2020\/05\/1\u00ba-BACH-7.1-CAUSAS-I-GUERRA-MUNDIAL-FUENTES.png 620w, https:\/\/auladeclio.com\/auladeclio\/wp-content\/uploads\/2020\/05\/1\u00ba-BACH-7.1-CAUSAS-I-GUERRA-MUNDIAL-FUENTES-200x300.png 200w\" sizes=\"auto, (max-width: 620px) 100vw, 620px\" \/><\/a><\/strong><\/p>\n<p>&nbsp;<\/p>\n<p><span style=\"font-size: 8pt;\"><strong>B4\/5.1. Identifica a partir de fuentes hist\u00f3ricas o historiogr\u00e1ficas las causas de la I Guerra Mundial.<\/strong><\/span>[\/vc_column_text][vc_toggle title=&#8221;PROPUESTA PARA EL TRABAJO INDIVIDUAL RELACIONADO CON LOS DERECHOS HUMANOS&#8221;]\n<h4>LAS CONFERENCIAS DE PAZ DE LA HAYA DE 1899 Y 1907<\/h4>\n<p>EN UNOS 5 O 10 MINUTOS EXPLICA A TUS COMPA\u00d1EROS EN QUE CONSISTIERON LAS CONFERENCIAS DE PAZ DE LA HAYA DE 1899 Y 1907, AS\u00cd COMO UNO DE SUS PRINCIPALES LOGROS: LA CORTE PERMAMENTE DE ARBITRAJE<\/p>\n<figure id=\"attachment_7209\" class=\"thumbnail wp-caption aligncenter\" style=\"width: 845px\"><a href=\"https:\/\/www.un.org\/es\/icj\/hague.shtml\" target=\"_blank\" rel=\"noopener noreferrer\"><img loading=\"lazy\" decoding=\"async\" class=\"wp-image-7209 size-full\" src=\"https:\/\/auladeclio.com\/auladeclio\/wp-content\/uploads\/2020\/05\/tempsnip.png\" alt=\"\" width=\"835\" height=\"238\" srcset=\"https:\/\/auladeclio.com\/auladeclio\/wp-content\/uploads\/2020\/05\/tempsnip.png 835w, https:\/\/auladeclio.com\/auladeclio\/wp-content\/uploads\/2020\/05\/tempsnip-300x86.png 300w, https:\/\/auladeclio.com\/auladeclio\/wp-content\/uploads\/2020\/05\/tempsnip-768x219.png 768w\" sizes=\"auto, (max-width: 835px) 100vw, 835px\" \/><\/a><figcaption class=\"caption wp-caption-text\">CLICA EN LA IMAGEN PARA OBTENER M\u00c1S INFORMACI\u00d3N<\/figcaption><\/figure>[\/vc_toggle][\/vc_tta_section][vc_tta_section i_icon_fontawesome=&#8221;fa fa-plus-circle&#8221; add_icon=&#8221;true&#8221; title=&#8221;CONSOLIDA&#8221; tab_id=&#8221;1524164322459-38712b94-b327&#8243;][vc_column_text]<strong>RELACIONA LAS SIGUIENTES BANDERAS DE LOS PRINCIPALES PA\u00cdSES EUROPEOS ANTES DE LA PRIMERA GUERRA MUNDIAL Y RELACI\u00d3NALAS CON SU PA\u00cdS Y LA ALIANZA MILITAR DE LA QUE FORMABAN PARTE. DESPU\u00c9S, RESPONDE A LAS PREGUNTAS:<\/strong><\/p>\n<p><a href=\"https:\/\/auladeclio.com\/auladeclio\/wp-content\/uploads\/2020\/05\/1\u00ba-BACH-7.1-CONSOLIDA-ALIANZAS-I-GUERRA-MUNDIAL-FUENTES.png\"><img loading=\"lazy\" decoding=\"async\" class=\"aligncenter size-full wp-image-7243\" src=\"https:\/\/auladeclio.com\/auladeclio\/wp-content\/uploads\/2020\/05\/1\u00ba-BACH-7.1-CONSOLIDA-ALIANZAS-I-GUERRA-MUNDIAL-FUENTES.png\" alt=\"\" width=\"654\" height=\"738\" srcset=\"https:\/\/auladeclio.com\/auladeclio\/wp-content\/uploads\/2020\/05\/1\u00ba-BACH-7.1-CONSOLIDA-ALIANZAS-I-GUERRA-MUNDIAL-FUENTES.png 654w, https:\/\/auladeclio.com\/auladeclio\/wp-content\/uploads\/2020\/05\/1\u00ba-BACH-7.1-CONSOLIDA-ALIANZAS-I-GUERRA-MUNDIAL-FUENTES-266x300.png 266w\" sizes=\"auto, (max-width: 654px) 100vw, 654px\" \/><\/a><\/p>\n<ol>\n<li>\u00bfQU\u00c9 PA\u00cdSES HAN CAMBIADO SU BANDERA?<\/li>\n<li>\u00bfPOR QU\u00c9 CREES QUE LO HICIERON?<\/li>\n<li>\u00bfLA BANDERA QUE APARECE REPRESENTANDO A RUSIA ERA UN ESTANDARTE IMPERIAL O UNA BANDERA NACIONAL?<\/li>\n<\/ol>\n<p><a href=\"https:\/\/auladeclio.com\/auladeclio\/wp-content\/uploads\/2018\/06\/L\u00cdNEAS.jpg\"><img loading=\"lazy\" decoding=\"async\" class=\"aligncenter size-full wp-image-2612\" src=\"https:\/\/auladeclio.com\/auladeclio\/wp-content\/uploads\/2018\/06\/L\u00cdNEAS.jpg\" alt=\"\" width=\"1342\" height=\"325\" srcset=\"https:\/\/auladeclio.com\/auladeclio\/wp-content\/uploads\/2018\/06\/L\u00cdNEAS.jpg 1342w, https:\/\/auladeclio.com\/auladeclio\/wp-content\/uploads\/2018\/06\/L\u00cdNEAS-300x73.jpg 300w, https:\/\/auladeclio.com\/auladeclio\/wp-content\/uploads\/2018\/06\/L\u00cdNEAS-768x186.jpg 768w, https:\/\/auladeclio.com\/auladeclio\/wp-content\/uploads\/2018\/06\/L\u00cdNEAS-1024x248.jpg 1024w\" sizes=\"auto, (max-width: 1342px) 100vw, 1342px\" \/><\/a>[\/vc_column_text][\/vc_tta_section][vc_tta_section i_icon_fontawesome=&#8221;fa fa-question-circle&#8221; add_icon=&#8221;true&#8221; title=&#8221;PROFUNDIZA&#8221; tab_id=&#8221;1524164499297-d8938bdf-1969&#8243;][vc_column_text]\n<h3><span style=\"font-size: 12pt;\">ESPECIAL DE &#8220;EL MUNDO&#8221; SOBRE LA I GUERRA MUNDIAL<\/span><\/h3>\n[\/vc_column_text][vc_video link=&#8221;https:\/\/www.youtube.com\/watch?v=hzgsNxa8aSw&#8221;][vc_single_image image=&#8221;7245&#8243; img_size=&#8221;full&#8221; add_caption=&#8221;yes&#8221; alignment=&#8221;center&#8221; onclick=&#8221;custom_link&#8221; img_link_target=&#8221;_blank&#8221; link=&#8221;https:\/\/www.elmundo.es\/especiales\/primera-guerra-mundial\/&#8221;][vc_column_text]\n<p style=\"text-align: center;\">HAZ CLIC EN LA IMAGEN PARA ACCEDER AL CONTENIDO<\/p>\n[\/vc_column_text][\/vc_tta_section][\/vc_tta_tabs][\/vc_column][\/vc_row]\n<\/div>","protected":false},"excerpt":{"rendered":"<p>[vc_row][vc_column width=&#8221;1\/3&#8243; offset=&#8221;vc_col-lg-offset-0 vc_col-md-offset-0 vc_col-sm-offset-0 vc_col-xs-3&#8243;][vc_icon icon_fontawesome=&#8221;fa fa-chevron-left&#8221; color=&#8221;sky&#8221; link=&#8221;url:http%3A%2F%2Fauladeclio.com%2Fauladeclio%2F7-la-i-guerra-mundial-y-las-revoluciones-rusas-1914-1919%2F|title:EP%C3%8DGRAFE%20ANTERIOR|target:%20_blank|&#8221;][\/vc_column][vc_column width=&#8221;1\/3&#8243; offset=&#8221;vc_col-lg-offset-0 vc_col-md-offset-0 vc_col-sm-offset-0 vc_col-xs-offset-1 vc_col-xs-3&#8243;][vc_icon icon_fontawesome=&#8221;fa fa-list&#8221; color=&#8221;sky&#8221; align=&#8221;center&#8221; link=&#8221;url:http%3A%2F%2Fauladeclio.com%2Fauladeclio%2F7-la-i-guerra-mundial-y-las-revoluciones-rusas-1914-1919%2F|title:%C3%8DNDICE%20DE%20EP%C3%8DGRAFES|target:%20_blank|&#8221;][\/vc_column][vc_column width=&#8221;1\/3&#8243; offset=&#8221;vc_col-lg-offset-0 vc_col-md-offset-0 vc_col-sm-offset-0 vc_col-xs-offset-1 vc_col-xs-3&#8243;][vc_icon icon_fontawesome=&#8221;fa fa-chevron-right&#8221; color=&#8221;sky&#8221; align=&#8221;right&#8221; link=&#8221;url:http%3A%2F%2Fauladeclio.com%2Fauladeclio%2F7-2-la-gran-guerra-causas-inmediatas-desarrollo-y-consecuencias%2F|title:EP%C3%8DGRAFE%20SIGUIENTE|target:%20_blank|&#8221;][\/vc_column][\/vc_row][vc_row][vc_column][vc_tta_tabs style=&#8221;outline&#8221; shape=&#8221;square&#8221; color=&#8221;sky&#8221; active_section=&#8221;1&#8243; pagination_style=&#8221;flat-rounded&#8221; pagination_color=&#8221;blue&#8221;][vc_tta_section i_icon_fontawesome=&#8221;fa fa-book&#8221; add_icon=&#8221;true&#8221; title=&#8221;TEMA&#8221; tab_id=&#8221;1509006569048-f59e903e-56d1&#8243;][vc_wp_text][\/vc_wp_text][vc_toggle title=&#8221;LAS TENSIONES INTERNACIONALES&#8221; custom_font_container=&#8221;tag:h4|text_align:left|color:%231e73be&#8221; custom_google_fonts=&#8221;font_family:Bitter%3Aregular%2Citalic%2C700|font_style:400%20regular%3A400%3Anormal&#8221; use_custom_heading=&#8221;true&#8221;] En general, el modo de tratar [&hellip;]<\/p>\n","protected":false},"author":1,"featured_media":0,"parent":0,"menu_order":0,"comment_status":"closed","ping_status":"closed","template":"","meta":{"nf_dc_page":"","footnotes":""},"categories":[14,13],"tags":[],"class_list":["post-1517","page","type-page","status-publish","hentry","category-1o-de-bachillerato","category-historia-del-mundo-contemporaneo"],"_links":{"self":[{"href":"https:\/\/auladeclio.com\/auladeclio\/wp-json\/wp\/v2\/pages\/1517","targetHints":{"allow":["GET"]}}],"collection":[{"href":"https:\/\/auladeclio.com\/auladeclio\/wp-json\/wp\/v2\/pages"}],"about":[{"href":"https:\/\/auladeclio.com\/auladeclio\/wp-json\/wp\/v2\/types\/page"}],"author":[{"embeddable":true,"href":"https:\/\/auladeclio.com\/auladeclio\/wp-json\/wp\/v2\/users\/1"}],"replies":[{"embeddable":true,"href":"https:\/\/auladeclio.com\/auladeclio\/wp-json\/wp\/v2\/comments?post=1517"}],"version-history":[{"count":47,"href":"https:\/\/auladeclio.com\/auladeclio\/wp-json\/wp\/v2\/pages\/1517\/revisions"}],"predecessor-version":[{"id":9560,"href":"https:\/\/auladeclio.com\/auladeclio\/wp-json\/wp\/v2\/pages\/1517\/revisions\/9560"}],"wp:attachment":[{"href":"https:\/\/auladeclio.com\/auladeclio\/wp-json\/wp\/v2\/media?parent=1517"}],"wp:term":[{"taxonomy":"category","embeddable":true,"href":"https:\/\/auladeclio.com\/auladeclio\/wp-json\/wp\/v2\/categories?post=1517"},{"taxonomy":"post_tag","embeddable":true,"href":"https:\/\/auladeclio.com\/auladeclio\/wp-json\/wp\/v2\/tags?post=1517"}],"curies":[{"name":"wp","href":"https:\/\/api.w.org\/{rel}","templated":true}]}}