{"id":1370,"date":"2017-11-09T18:50:28","date_gmt":"2017-11-09T18:50:28","guid":{"rendered":"http:\/\/auladeclio.com\/auladeclio\/?page_id=1370"},"modified":"2020-11-16T22:26:59","modified_gmt":"2020-11-16T22:26:59","slug":"5-5-el-internacionalismo","status":"publish","type":"page","link":"https:\/\/auladeclio.com\/auladeclio\/5-5-el-internacionalismo\/","title":{"rendered":"5.5 El internacionalismo"},"content":{"rendered":"<div class=\"wpb-content-wrapper\">[vc_row][vc_column width=&#8221;1\/3&#8243; offset=&#8221;vc_col-lg-offset-0 vc_col-md-offset-0 vc_col-sm-offset-0 vc_col-xs-3&#8243;][vc_icon icon_fontawesome=&#8221;fa fa-chevron-left&#8221; color=&#8221;sky&#8221; link=&#8221;url:http%3A%2F%2Fauladeclio.com%2Fauladeclio%2F5-4-el-anarquismo%2F|title:EP%C3%8DGRAFE%20ANTERIOR||&#8221;][\/vc_column][vc_column width=&#8221;1\/3&#8243; offset=&#8221;vc_col-lg-offset-0 vc_col-md-offset-0 vc_col-sm-offset-0 vc_col-xs-offset-1 vc_col-xs-3&#8243;][vc_icon icon_fontawesome=&#8221;fa fa-list&#8221; color=&#8221;sky&#8221; align=&#8221;center&#8221; link=&#8221;url:http%3A%2F%2Fauladeclio.com%2Fauladeclio%2F5-el-capitalismo-y-el-movimiento-obrero%2F|title:%C3%8DNDICE%20DE%20EP%C3%8DGRAFES||&#8221;][\/vc_column][vc_column width=&#8221;1\/3&#8243; offset=&#8221;vc_col-lg-offset-0 vc_col-md-offset-0 vc_col-sm-offset-0 vc_col-xs-offset-1 vc_col-xs-3&#8243;][vc_icon icon_fontawesome=&#8221;fa fa-chevron-right&#8221; color=&#8221;sky&#8221; align=&#8221;right&#8221; link=&#8221;url:http%3A%2F%2Fauladeclio.com%2Fauladeclio%2F6-europa-conquista-el-mundo-1871-1914%2F|title:UNIDAD%20SIGUIENTE|target:%20_blank|&#8221;][\/vc_column][\/vc_row][vc_row][vc_column][vc_tta_tabs style=&#8221;outline&#8221; shape=&#8221;square&#8221; color=&#8221;sky&#8221; active_section=&#8221;1&#8243; pagination_style=&#8221;flat-rounded&#8221; pagination_color=&#8221;blue&#8221;][vc_tta_section i_icon_fontawesome=&#8221;fa fa-book&#8221; add_icon=&#8221;true&#8221; title=&#8221;TEMA&#8221; tab_id=&#8221;1509006569048-f59e903e-56d1&#8243;][vc_wp_text]<div class=\"row\">\n<div class=\"col-lg-6 col-md-12 col-sm-12 col-12\">\n<p>La idea de formar una organizaci\u00f3n obrera internacional era recurrente desde comienzos del siglo XIX. Este anhelo se materializ\u00f3 por primera vez con la formaci\u00f3n de la <strong>Asociaci\u00f3n Internacional de Trabajadores (AIT)<\/strong>.<\/p>\n<p>Su objetivo es lograr un orden social m\u00e1s justo e igualitario luchando contra el capitalismo. <strong>Es un s\u00edmbolo de solidaridad internacional entre los obreros por encima de las fronteras.<\/strong><\/p>\n<p>Esta <strong>I Internacional<\/strong> pas\u00f3 inadvertida en un principio para una buena parte de los trabajadores de Europa, solo despu\u00e9s de la Comuna de Par\u00eds de 1871 comenz\u00f3 a ser conocida, gracias al <strong>enfrentamiento entre<\/strong> las dos tendencias predominantes del mundo obrero: el <strong>socialismo cient\u00edfico<\/strong> de Marx y Engels <strong>y<\/strong> el <strong>anarquismo<\/strong> de Bakunin.<\/p>\n<p>Finalmente, los seguidores de Bakunin y \u00e9l mismo, fueron expulsados de la I Internacional, con lo que el movimiento obrero qued\u00f3 escindido para siempre.<\/p>\n<p><strong>En 1889 se fund\u00f3 la II Internacional<\/strong> compuesta mayoritariamente por socialistas, <strong>pero la I Guerra Mundial y la Revoluci\u00f3n rusa, acabaron con este segundo intento.<\/strong><\/p>\n<\/div>\n<div class=\"col-lg-6 col-md-12 col-sm-12 col-12\">\n<figure id=\"attachment_2618\" class=\"thumbnail wp-caption aligncenter\" style=\"width: 231px\"><a href=\"https:\/\/auladeclio.com\/auladeclio\/wp-content\/uploads\/2018\/06\/INTERIOR-DEL-AUDITORIA-DE-SAN-MART\u00cdN-LONDRES-DONDE-SE-CELEBR\u00d3-LA-SESI\u00d3N-INAUGURAL-DE-LA-I-INTERNACIONAL.jpg\" target=\"_blank\" rel=\"noopener noreferrer\"><img loading=\"lazy\" decoding=\"async\" class=\"wp-image-2618 \" src=\"https:\/\/auladeclio.com\/auladeclio\/wp-content\/uploads\/2018\/06\/INTERIOR-DEL-AUDITORIA-DE-SAN-MART\u00cdN-LONDRES-DONDE-SE-CELEBR\u00d3-LA-SESI\u00d3N-INAUGURAL-DE-LA-I-INTERNACIONAL-231x300.jpg\" alt=\"INTERIOR DEL AUDITORIA DE SAN MART\u00cdN (LONDRES) DONDE SE CELEBR\u00d3 LA SESI\u00d3N INAUGURAL DE LA I INTERNACIONAL\" width=\"221\" height=\"287\" srcset=\"https:\/\/auladeclio.com\/auladeclio\/wp-content\/uploads\/2018\/06\/INTERIOR-DEL-AUDITORIA-DE-SAN-MART\u00cdN-LONDRES-DONDE-SE-CELEBR\u00d3-LA-SESI\u00d3N-INAUGURAL-DE-LA-I-INTERNACIONAL-231x300.jpg 231w, https:\/\/auladeclio.com\/auladeclio\/wp-content\/uploads\/2018\/06\/INTERIOR-DEL-AUDITORIA-DE-SAN-MART\u00cdN-LONDRES-DONDE-SE-CELEBR\u00d3-LA-SESI\u00d3N-INAUGURAL-DE-LA-I-INTERNACIONAL.jpg 600w\" sizes=\"auto, (max-width: 221px) 100vw, 221px\" \/><\/a><figcaption class=\"caption wp-caption-text\"><span style=\"font-size: 10pt;\">INTERIOR DEL AUDITORIO DE SAN MART\u00cdN (LONDRES) DONDE SE CELEBR\u00d3 LA SESI\u00d3N INAUGURAL DE LA I INTERNACIONAL<\/span><\/figcaption><\/figure>\n<\/div>\n<\/div>[\/vc_wp_text][vc_toggle title=&#8221;LA I INTERNACIONAL&#8221; custom_font_container=&#8221;tag:h4|text_align:left|color:%231e73be&#8221; custom_google_fonts=&#8221;font_family:Bitter%3Aregular%2Citalic%2C700|font_style:400%20regular%3A400%3Anormal&#8221; use_custom_heading=&#8221;true&#8221;]<strong>OR\u00cdGENES, FORMACI\u00d3N Y OBJETIVOS<\/strong><\/p>\n<p><span style=\"font-weight: 400;\">El origen de esta primera asociaci\u00f3n internacional fue la reuni\u00f3n celebrada en Londres entre l\u00edderes obreros franceses y brit\u00e1nicos con motivo de la visita de los primeros a la Exposici\u00f3n Universal de Londres, en 1862. Esta reuni\u00f3n se reanud\u00f3 en julio de 1863, en un mitin organizado en Londres, en solidaridad con Polonia.<\/span><b> La preparaci\u00f3n se inici\u00f3 en la primavera de 1864 con una invitaci\u00f3n a sindicalistas brit\u00e1nicos, mutualistas franceses y otros grupos m\u00e1s o menos secretos, as\u00ed como exiliados alemanes, italianos, suizos y polacos, residentes en Londres desde las revoluciones de 1848. La Asociaci\u00f3n Internacional de Trabajadores (AIT) o I Internacional se fund\u00f3 en el mitin celebrado el d\u00eda 28 de septiembre de 1864 en el Saint Martin&#8217;s Hall, de Londres.<\/b><\/p>\n<p><span style=\"font-weight: 400;\">En la AIT los exiliados tuvieron un influyente papel. Se form\u00f3 un comit\u00e9 provisional que encarg\u00f3 a Marx la redacci\u00f3n del manifiesto inaugural y del proyecto de estatutos de la nueva organizaci\u00f3n.<\/span><b> El lema de la AIT, que se har\u00eda pronto famoso, fue: \u00ab\u00a1Proletarios de todos los pa\u00edses, un\u00edos!\u00bb, la misma frase con que finalizaba el Manifiesto comunista de 1848.<\/b><\/p>\n<p><b>El manifiesto inaugural de la AIT<\/b><span style=\"font-weight: 400;\"> hac\u00eda un balance de la evoluci\u00f3n de la condici\u00f3n obrera desde las revoluciones de 1848 y<\/span><b> alentaba la conquista del poder pol\u00edtico por el proletariado. <\/b><\/p>\n<p><span style=\"font-weight: 400;\">Los estatutos establec\u00edan la creaci\u00f3n de un Consejo General, secciones locales y federaciones nacionales en los pa\u00edses de Europa occidental, sin olvidar la propaganda y la solidaridad con los conflictos y las huelgas obreras.<\/span><\/p>\n<div class=\"row\">\n<div class=\"col-lg-4 col-md-12 col-sm-12 col-12\">\n<figure id=\"attachment_2621\" class=\"thumbnail wp-caption aligncenter\" style=\"width: 310px\"><a href=\"https:\/\/auladeclio.com\/auladeclio\/wp-content\/uploads\/2018\/06\/FUNDACI\u00d3N-DE-LA-I-INTERNACIONAL-28-DE-SEPTIEMBRE-DE-1864.jpg\" target=\"_blank\" rel=\"noopener noreferrer\"><img loading=\"lazy\" decoding=\"async\" class=\"wp-image-2621 size-medium\" src=\"https:\/\/auladeclio.com\/auladeclio\/wp-content\/uploads\/2018\/06\/FUNDACI\u00d3N-DE-LA-I-INTERNACIONAL-28-DE-SEPTIEMBRE-DE-1864-300x254.jpg\" alt=\"FUNDACI\u00d3N DE LA I INTERNACIONAL (28 DE SEPTIEMBRE DE 1864)\" width=\"300\" height=\"254\" srcset=\"https:\/\/auladeclio.com\/auladeclio\/wp-content\/uploads\/2018\/06\/FUNDACI\u00d3N-DE-LA-I-INTERNACIONAL-28-DE-SEPTIEMBRE-DE-1864-300x254.jpg 300w, https:\/\/auladeclio.com\/auladeclio\/wp-content\/uploads\/2018\/06\/FUNDACI\u00d3N-DE-LA-I-INTERNACIONAL-28-DE-SEPTIEMBRE-DE-1864-768x649.jpg 768w, https:\/\/auladeclio.com\/auladeclio\/wp-content\/uploads\/2018\/06\/FUNDACI\u00d3N-DE-LA-I-INTERNACIONAL-28-DE-SEPTIEMBRE-DE-1864.jpg 800w\" sizes=\"auto, (max-width: 300px) 100vw, 300px\" \/><\/a><figcaption class=\"caption wp-caption-text\">FUNDACI\u00d3N DE LA I INTERNACIONAL (28 DE SEPTIEMBRE DE 1864)<\/figcaption><\/figure>\n<\/div>\n<div class=\"col-lg-4 col-md-12 col-sm-12 col-12\">\n<figure id=\"attachment_2622\" class=\"thumbnail wp-caption aligncenter\" style=\"width: 210px\"><a href=\"https:\/\/auladeclio.com\/auladeclio\/wp-content\/uploads\/2018\/06\/FICHA-DE-ADMISI\u00d3N-A-LA-I-INTERNACIONAL.jpg\" target=\"_blank\" rel=\"noopener noreferrer\"><img loading=\"lazy\" decoding=\"async\" class=\"wp-image-2622 size-medium\" src=\"https:\/\/auladeclio.com\/auladeclio\/wp-content\/uploads\/2018\/06\/FICHA-DE-ADMISI\u00d3N-A-LA-I-INTERNACIONAL-200x300.jpg\" alt=\"FICHA DE ADMISI\u00d3N A LA I INTERNACIONAL\" width=\"200\" height=\"300\" srcset=\"https:\/\/auladeclio.com\/auladeclio\/wp-content\/uploads\/2018\/06\/FICHA-DE-ADMISI\u00d3N-A-LA-I-INTERNACIONAL-200x300.jpg 200w, https:\/\/auladeclio.com\/auladeclio\/wp-content\/uploads\/2018\/06\/FICHA-DE-ADMISI\u00d3N-A-LA-I-INTERNACIONAL-768x1152.jpg 768w, https:\/\/auladeclio.com\/auladeclio\/wp-content\/uploads\/2018\/06\/FICHA-DE-ADMISI\u00d3N-A-LA-I-INTERNACIONAL-683x1024.jpg 683w, https:\/\/auladeclio.com\/auladeclio\/wp-content\/uploads\/2018\/06\/FICHA-DE-ADMISI\u00d3N-A-LA-I-INTERNACIONAL.jpg 2048w\" sizes=\"auto, (max-width: 200px) 100vw, 200px\" \/><\/a><figcaption class=\"caption wp-caption-text\">FICHA DE ADMISI\u00d3N A LA I INTERNACIONAL<\/figcaption><\/figure>\n<\/div>\n<div class=\"col-lg-4 col-md-12 col-sm-12 col-12\">\n<figure id=\"attachment_2623\" class=\"thumbnail wp-caption aligncenter\" style=\"width: 306px\"><a href=\"https:\/\/auladeclio.com\/auladeclio\/wp-content\/uploads\/2018\/06\/LOGOTTIPO-DEL-CONSEJO-FEDERAL-DE-ESPA\u00d1A-DE-LA-AIT.jpg\" target=\"_blank\" rel=\"noopener noreferrer\"><img loading=\"lazy\" decoding=\"async\" class=\"wp-image-2623 size-medium\" src=\"https:\/\/auladeclio.com\/auladeclio\/wp-content\/uploads\/2018\/06\/LOGOTTIPO-DEL-CONSEJO-FEDERAL-DE-ESPA\u00d1A-DE-LA-AIT-296x300.jpg\" alt=\"LOGOTIPO DEL CONSEJO FEDERAL DE ESPA\u00d1A DE LA AIT\" width=\"296\" height=\"300\" srcset=\"https:\/\/auladeclio.com\/auladeclio\/wp-content\/uploads\/2018\/06\/LOGOTTIPO-DEL-CONSEJO-FEDERAL-DE-ESPA\u00d1A-DE-LA-AIT-296x300.jpg 296w, https:\/\/auladeclio.com\/auladeclio\/wp-content\/uploads\/2018\/06\/LOGOTTIPO-DEL-CONSEJO-FEDERAL-DE-ESPA\u00d1A-DE-LA-AIT-768x777.jpg 768w, https:\/\/auladeclio.com\/auladeclio\/wp-content\/uploads\/2018\/06\/LOGOTTIPO-DEL-CONSEJO-FEDERAL-DE-ESPA\u00d1A-DE-LA-AIT-60x60.jpg 60w, https:\/\/auladeclio.com\/auladeclio\/wp-content\/uploads\/2018\/06\/LOGOTTIPO-DEL-CONSEJO-FEDERAL-DE-ESPA\u00d1A-DE-LA-AIT.jpg 999w\" sizes=\"auto, (max-width: 296px) 100vw, 296px\" \/><\/a><figcaption class=\"caption wp-caption-text\">LOGOTIPO DEL CONSEJO FEDERAL DE ESPA\u00d1A DE LA AIT<\/figcaption><\/figure>\n<\/div>\n<\/div><strong>PROBLEMAS INTERNOS Y DIVISI\u00d3N IDEOL\u00d3GICA<\/strong><\/p>\n<p><b>En la ATT conviv\u00edan sindicalistas y socialistas de diversas tendencias. Pronto se evidenciaron las primeras discrepancias. Frente al sector m\u00e1s autoritario, dirigido por Marx y Engels, que pretend\u00eda reforzar el Consejo General con sede en Londres, surgi\u00f3 pronto un movimiento que defend\u00eda la autonom\u00eda de las organizaciones locales y nacionales y que ve\u00eda con m\u00e1s simpat\u00eda el antiautoritarismo de Bakunin.<\/b><\/p>\n<p><span style=\"font-weight: 400;\">A pesar de la expansi\u00f3n de la Internacional de 1866 a 1869 (congresos de Ginebra, Lausana, Bruselas y Basilea), <\/span><b>las discrepancias fueron en aumento.<\/b><span style=\"font-weight: 400;\"> Los socialistas moderados fueron desplazados por las tesis radicales de Marx, que defend\u00eda la huelga y que quer\u00eda la socializaci\u00f3n de los medios de producci\u00f3n, sobre todo la tierra, las minas y los transportes.<\/span><\/p>\n<p><b>El enfrentamiento se radicaliz\u00f3 a partir de 1868, cuando Bakunin ingres\u00f3 en la Internacional. En 1869 Marx y Bakunin mostraron su primera discrepancia grave cuando Bakunin propuso la abolici\u00f3n del derecho a la herencia, propuesta derrotada por los marxistas.<\/b> <b>Pero lo que llev\u00f3 a la ruptura fue el rechazo bakuninista a toda posible intervenci\u00f3n de los trabajadores en la \u00abpol\u00edtica burguesa\u00bb<\/b><span style=\"font-weight: 400;\">, a la que consideraban un c\u00e1ncer. En la Conferencia de Par\u00eds, Marx pens\u00f3 apoyar la organizaci\u00f3n de un partido obrero distinto y opuesto a los partidos burgueses.<\/span><\/p>\n<p><b>En 1871 estall\u00f3 en Par\u00eds un movimiento revolucionario denominado la Comuna.<\/b><span style=\"font-weight: 400;\"> Fue un levantamiento patri\u00f3tico contrario a las cl\u00e1usulas del tratado de paz que puso fin a la guerra entre Francia y Prusia. Sin embargo, pronto <\/span><b>se convirti\u00f3 en una revoluci\u00f3n proletaria. La Comuna fue aplastada por el ej\u00e9rcito tras una semana de luchas.<\/b><\/p>\n<p><b>El fracaso de la Comuna formaliz\u00f3 el enfrentamiento entre Marx y Bakunin, pues este \u00faltimo valoraba positivamente su car\u00e1cter espont\u00e1neo y popular, y pensaba que tendr\u00eda efectos beneficiosos sobre los movimientos revolucionarios de Europa. Estas diferencias fueron el detonante del choque frontal entre ambas tendencias, que tuvo lugar en 1872 en el Congreso de La Haya, donde se decidi\u00f3 expulsar a Bakunin y trasladar el Consejo General de la AIT a Nueva York.<\/b><\/p>\n<p>&nbsp;<\/p>\n<p><strong>EL FINAL DE LA I INTERNACIONAL<\/strong><\/p>\n<div class=\"row\">\n<div class=\"col-lg-6 col-md-12 col-sm-12 col-12\">\n<p><span style=\"font-weight: 400;\">Tras la escisi\u00f3n, suizos, italianos y espa\u00f1oles abandonaron el Consejo General y acordaron formar una nueva Internacional antiautoritaria basada en el anarquismo de Bakunin: rechazo de toda acci\u00f3n pol\u00edtica, incluso a la formaci\u00f3n de un Estado obrero y autonom\u00eda de las federaciones. Esta ruptura y la creciente fuerza de las organizaciones obreras nacionales debilitaron la posici\u00f3n de Marx, que apoyaba la uni\u00f3n internacional. As\u00ed, el movimiento obrero fue abandonando la v\u00eda del internacionalismo. <\/span><b>En Nueva York, la AIT fue extingui\u00e9ndose lentamente, y en julio de 1876, en la Conferencia de Filadelfia, se decidi\u00f3 su disoluci\u00f3n.<\/b><\/p>\n<p><span style=\"font-weight: 400;\">La Internacional antiautoritaria agrup\u00f3 a todas las federaciones existentes en Europa, menos la alemana. Sin embargo, el n\u00famero de representantes en los congresos siguientes fue disminuyendo. Bakunin la abandon\u00f3 en 1874. Al \u00faltimo Congreso de 1877 solo asistieron diecis\u00e9is delegaciones.<\/span><\/p>\n<\/div>\n<div class=\"col-lg-6 col-md-12 col-sm-12 col-12\">\n<figure id=\"attachment_2625\" class=\"thumbnail wp-caption aligncenter\" style=\"width: 310px\"><a href=\"https:\/\/auladeclio.com\/auladeclio\/wp-content\/uploads\/2018\/06\/MARX-Y-ENGELS-EN-EL-CONGRESO-DE-LA-HAYA-DE-1872.jpg\" target=\"_blank\" rel=\"noopener noreferrer\"><img loading=\"lazy\" decoding=\"async\" class=\"wp-image-2625 size-medium\" src=\"https:\/\/auladeclio.com\/auladeclio\/wp-content\/uploads\/2018\/06\/MARX-Y-ENGELS-EN-EL-CONGRESO-DE-LA-HAYA-DE-1872-300x275.jpg\" alt=\"MARX Y ENGELS EN EL CONGRESO DE LA HAYA DE 1872\" width=\"300\" height=\"275\" srcset=\"https:\/\/auladeclio.com\/auladeclio\/wp-content\/uploads\/2018\/06\/MARX-Y-ENGELS-EN-EL-CONGRESO-DE-LA-HAYA-DE-1872-300x275.jpg 300w, https:\/\/auladeclio.com\/auladeclio\/wp-content\/uploads\/2018\/06\/MARX-Y-ENGELS-EN-EL-CONGRESO-DE-LA-HAYA-DE-1872.jpg 551w\" sizes=\"auto, (max-width: 300px) 100vw, 300px\" \/><\/a><figcaption class=\"caption wp-caption-text\">MARX Y ENGELS EN EL CONGRESO DE LA HAYA DE 1872<\/figcaption><\/figure>\n<\/div>\n<\/div>[\/vc_toggle][vc_toggle title=&#8221;LA EVOLUCI\u00d3N DEL MOVIMIENTO OBRERO&#8221; custom_font_container=&#8221;tag:h4|text_align:left|color:%231e73be&#8221; custom_google_fonts=&#8221;font_family:Bitter%3Aregular%2Citalic%2C700|font_style:400%20regular%3A400%3Anormal&#8221; use_custom_heading=&#8221;true&#8221;]<strong>EL CRECIMIENTO DEL SINDICALISMO<\/strong><\/p>\n<p><span style=\"font-weight: 400;\">La fundaci\u00f3n de<\/span><b> la Primera Internacional imprimi\u00f3 un fuerte impulso a la expansi\u00f3n del sindicalismo.<\/b><span style=\"font-weight: 400;\"> Reproduciendo la rivalidad que hab\u00edan mostrado en la AIT, marxistas y anarquistas se disputaron la hegemon\u00eda del movimiento obrero.<\/span><\/p>\n<p><b>Los sindicatos m\u00e1s influyentes en Europa fueron las &#8220;<em>Trade Unions&#8221;<\/em> brit\u00e1nicas y el sindicato socialdem\u00f3crata alem\u00e1n.<\/b><span style=\"font-weight: 400;\"> En 1884, el derecho de asociaci\u00f3n fue reconocido en Francia, lo que permiti\u00f3 la creaci\u00f3n de la Federaci\u00f3n Nacional de Sindicatos, precursora de <\/span><b>la Confederaci\u00f3n General del Trabajo (CGT), fundada en 1895.<\/b><\/p>\n<p><span style=\"font-weight: 400;\">En 1888 se constituy\u00f3 en Espa\u00f1a la Uni\u00f3n General de Trabajadores como sindicato dependiente del PSOE. Por su parte, la corriente anarcosindicalista encontr\u00f3 su expresi\u00f3n en Solidaridad Obrera, fundada en 1907 y que en 1910 dio lugar a <\/span><b>la Confederaci\u00f3n Nacional del Trabajo (CNT).<\/b><\/p>\n<p><b>La creciente influencia del sindicalismo obrero entre los trabajadores dispar\u00f3 la alarma en los partidos burgueses<\/b><span style=\"font-weight: 400;\">, que hab\u00edan monopolizado el poder durante el siglo XIX; fruto de esa preocupaci\u00f3n <\/span><b>se promovi\u00f3 la creaci\u00f3n de sindicatos controlados por la patronal<\/b><span style=\"font-weight: 400;\"> para combatir el sindicalismo de clase.<\/span><\/p>\n<p><b>La difusi\u00f3n del ideario socialista entre las clases trabajadoras tambi\u00e9n inquietaba a la Iglesia cat\u00f3lica<\/b><span style=\"font-weight: 400;\">, como demuestra la publicaci\u00f3n en 1891 de la enc\u00edclica Reuti novarum; en ella, el papa Le\u00f3n XIII, adem\u00e1s de abordar la cuesti\u00f3n social, <\/span><b>se alentaba la puesta en marcha y organizaci\u00f3n de sindicatos cat\u00f3licos<\/b><span style=\"font-weight: 400;\"> como v\u00eda para mantener la influencia de la Iglesia sobre los trabajadores.<\/span><\/p>\n<div class=\"row\">\n<div class=\"col-lg-3 col-md-12 col-sm-12 col-12\">\n<figure id=\"attachment_2627\" class=\"thumbnail wp-caption aligncenter\" style=\"width: 310px\"><a href=\"https:\/\/auladeclio.com\/auladeclio\/wp-content\/uploads\/2018\/06\/II\u00ba-CONGRESO-DE-SOLIDARIDAD-OBRERA-EN-EL-QUE-SE-FUNDO-LA-CNT-EN-1910.jpg\" target=\"_blank\" rel=\"noopener noreferrer\"><img loading=\"lazy\" decoding=\"async\" class=\"wp-image-2627 size-medium\" src=\"https:\/\/auladeclio.com\/auladeclio\/wp-content\/uploads\/2018\/06\/II\u00ba-CONGRESO-DE-SOLIDARIDAD-OBRERA-EN-EL-QUE-SE-FUNDO-LA-CNT-EN-1910-300x174.jpg\" alt=\"II\u00ba CONGRESO DE SOLIDARIDAD OBRERA EN EL QUE SE FUNDO LA CNT EN 1910\" width=\"300\" height=\"174\" srcset=\"https:\/\/auladeclio.com\/auladeclio\/wp-content\/uploads\/2018\/06\/II\u00ba-CONGRESO-DE-SOLIDARIDAD-OBRERA-EN-EL-QUE-SE-FUNDO-LA-CNT-EN-1910-300x174.jpg 300w, https:\/\/auladeclio.com\/auladeclio\/wp-content\/uploads\/2018\/06\/II\u00ba-CONGRESO-DE-SOLIDARIDAD-OBRERA-EN-EL-QUE-SE-FUNDO-LA-CNT-EN-1910-768x446.jpg 768w, https:\/\/auladeclio.com\/auladeclio\/wp-content\/uploads\/2018\/06\/II\u00ba-CONGRESO-DE-SOLIDARIDAD-OBRERA-EN-EL-QUE-SE-FUNDO-LA-CNT-EN-1910-1024x594.jpg 1024w, https:\/\/auladeclio.com\/auladeclio\/wp-content\/uploads\/2018\/06\/II\u00ba-CONGRESO-DE-SOLIDARIDAD-OBRERA-EN-EL-QUE-SE-FUNDO-LA-CNT-EN-1910.jpg 1675w\" sizes=\"auto, (max-width: 300px) 100vw, 300px\" \/><\/a><figcaption class=\"caption wp-caption-text\">II\u00ba CONGRESO DE SOLIDARIDAD OBRERA EN EL QUE SE FUNDO LA CNT EN 1910<\/figcaption><\/figure>\n<\/div>\n<div class=\"col-lg-3 col-md-12 col-sm-12 col-12\">\n<figure id=\"attachment_2628\" class=\"thumbnail wp-caption aligncenter\" style=\"width: 222px\"><a href=\"https:\/\/auladeclio.com\/auladeclio\/wp-content\/uploads\/2018\/06\/PORTADA-DE-SOLIDARID-OBRERA-ANUNCIANDO-LA-FUNDACI\u00d3N-DE-LA-CNT.jpg\" target=\"_blank\" rel=\"noopener noreferrer\"><img loading=\"lazy\" decoding=\"async\" class=\"wp-image-2628 size-medium\" src=\"https:\/\/auladeclio.com\/auladeclio\/wp-content\/uploads\/2018\/06\/PORTADA-DE-SOLIDARID-OBRERA-ANUNCIANDO-LA-FUNDACI\u00d3N-DE-LA-CNT-212x300.jpg\" alt=\"PORTADA DE SOLIDARIDAD OBRERA ANUNCIANDO LA FUNDACI\u00d3N DE LA CNT\" width=\"212\" height=\"300\" srcset=\"https:\/\/auladeclio.com\/auladeclio\/wp-content\/uploads\/2018\/06\/PORTADA-DE-SOLIDARID-OBRERA-ANUNCIANDO-LA-FUNDACI\u00d3N-DE-LA-CNT-212x300.jpg 212w, https:\/\/auladeclio.com\/auladeclio\/wp-content\/uploads\/2018\/06\/PORTADA-DE-SOLIDARID-OBRERA-ANUNCIANDO-LA-FUNDACI\u00d3N-DE-LA-CNT-768x1086.jpg 768w, https:\/\/auladeclio.com\/auladeclio\/wp-content\/uploads\/2018\/06\/PORTADA-DE-SOLIDARID-OBRERA-ANUNCIANDO-LA-FUNDACI\u00d3N-DE-LA-CNT-724x1024.jpg 724w, https:\/\/auladeclio.com\/auladeclio\/wp-content\/uploads\/2018\/06\/PORTADA-DE-SOLIDARID-OBRERA-ANUNCIANDO-LA-FUNDACI\u00d3N-DE-LA-CNT.jpg 1131w\" sizes=\"auto, (max-width: 212px) 100vw, 212px\" \/><\/a><figcaption class=\"caption wp-caption-text\">PORTADA DE SOLIDARIDAD OBRERA ANUNCIANDO LA FUNDACI\u00d3N DE LA CNT<\/figcaption><\/figure>\n<\/div>\n<div class=\"col-lg-3 col-md-12 col-sm-12 col-12\">\n<figure id=\"attachment_2629\" class=\"thumbnail wp-caption aligncenter\" style=\"width: 310px\"><a href=\"https:\/\/auladeclio.com\/auladeclio\/wp-content\/uploads\/2018\/06\/PRESIDENTES-DE-LOS-SINDICATOS-LIBRES-1922.jpg\" target=\"_blank\" rel=\"noopener noreferrer\"><img loading=\"lazy\" decoding=\"async\" class=\"wp-image-2629 size-medium\" src=\"https:\/\/auladeclio.com\/auladeclio\/wp-content\/uploads\/2018\/06\/PRESIDENTES-DE-LOS-SINDICATOS-LIBRES-1922-300x191.jpg\" alt=\"PRESIDENTES DE LOS SINDICATOS LIBRES 1922\" width=\"300\" height=\"191\" srcset=\"https:\/\/auladeclio.com\/auladeclio\/wp-content\/uploads\/2018\/06\/PRESIDENTES-DE-LOS-SINDICATOS-LIBRES-1922-300x191.jpg 300w, https:\/\/auladeclio.com\/auladeclio\/wp-content\/uploads\/2018\/06\/PRESIDENTES-DE-LOS-SINDICATOS-LIBRES-1922.jpg 720w\" sizes=\"auto, (max-width: 300px) 100vw, 300px\" \/><\/a><figcaption class=\"caption wp-caption-text\">PRESIDENTES DE LOS SINDICATOS LIBRES 1922<\/figcaption><\/figure>\n<\/div>\n<div class=\"col-lg-3 col-md-12 col-sm-12 col-12\">\n<figure id=\"attachment_2630\" class=\"thumbnail wp-caption aligncenter\" style=\"width: 310px\"><a href=\"https:\/\/auladeclio.com\/auladeclio\/wp-content\/uploads\/2018\/06\/FOTOGRAMA-CON-LEON-XIII-EL-PRIMER-SUMO-PON\u00cdFICE-GRABADO.jpg\" target=\"_blank\" rel=\"noopener noreferrer\"><img loading=\"lazy\" decoding=\"async\" class=\"wp-image-2630 size-medium\" src=\"https:\/\/auladeclio.com\/auladeclio\/wp-content\/uploads\/2018\/06\/FOTOGRAMA-CON-LEON-XIII-EL-PRIMER-SUMO-PON\u00cdFICE-GRABADO-300x225.jpg\" alt=\"FOTOGRAMA CON LEON XIII (EL PRIMER SUMO PON\u00cdFICE GRABADO)\" width=\"300\" height=\"225\" srcset=\"https:\/\/auladeclio.com\/auladeclio\/wp-content\/uploads\/2018\/06\/FOTOGRAMA-CON-LEON-XIII-EL-PRIMER-SUMO-PON\u00cdFICE-GRABADO-300x225.jpg 300w, https:\/\/auladeclio.com\/auladeclio\/wp-content\/uploads\/2018\/06\/FOTOGRAMA-CON-LEON-XIII-EL-PRIMER-SUMO-PON\u00cdFICE-GRABADO-768x575.jpg 768w, https:\/\/auladeclio.com\/auladeclio\/wp-content\/uploads\/2018\/06\/FOTOGRAMA-CON-LEON-XIII-EL-PRIMER-SUMO-PON\u00cdFICE-GRABADO.jpg 980w\" sizes=\"auto, (max-width: 300px) 100vw, 300px\" \/><\/a><figcaption class=\"caption wp-caption-text\">FOTOGRAMA CON LEON XIII (EL PRIMER SUMO PON\u00cdFICE GRABADO)<\/figcaption><\/figure>\n<\/div>\n<\/div><strong>LOS PARTIDOS SOCIALDEM\u00d3CRATAS<\/strong><\/p>\n<p><b>La generalizaci\u00f3n del sufragio universal masculino y la creciente organizaci\u00f3n de los trabajadores permitieron el desarrollo de los partidos obreros.<\/b><\/p>\n<p><b>El m\u00e1s destacado fue el Partido Socialdem\u00f3crata de Alemania<\/b><span style=\"font-weight: 400;\">, que dio sus primeros pasos en 1863 y finalmente se crea unas estructuras de partido en 1875 gracias a Karl Liebknecht y August Bebel; por su vinculaci\u00f3n con los sindicatos fue la principal fuerza pol\u00edtica alemana y modelo a seguir para los partidos socialistas.<\/span><b> En 1879, Pablo Iglesias fund\u00f3 el Partido Socialista Obrero Espa\u00f1ol (PSOE), que obtuvo su primer esca\u00f1o en el Parlamento en 1910<\/b><span style=\"font-weight: 400;\">. En 1889 se cre\u00f3 el Partido Socialdem\u00f3crata Obrero de Austria, y en 1898 en Rusia.<\/span><\/p>\n<p><span style=\"font-weight: 400;\">Desde experiencias anteriores, como el laborismo escoc\u00e9s, y con la participaci\u00f3n de intelectuales como George B. Shaw y H. G. Wells, <\/span><b>en 1900 los sindicatos brit\u00e1nicos ponene las bases para la creaci\u00f3n del Partido Laborista<\/b><span style=\"font-weight: 400;\">, liderado por Ramsay MacDonald.<\/span><\/p>\n<p><b>Los partidos socialdem\u00f3cratas afrontaron el enfrentamiento entre partidarios de asumir la v\u00eda parlamentaria<\/b><span style=\"font-weight: 400;\">, los revisionistas encarnados por el alem\u00e1n Eduard Bernstein o el franc\u00e9s Jean Jaur\u00e9s, <\/span><b>y quienes defend\u00edan la revoluci\u00f3n al considerar el parlamentarismo una pr\u00e1ctica burguesa, como el ruso Vlad\u00edmir Ilich Lenin.<\/b><\/p>\n<div class=\"row\">\n<div class=\"col-lg-4 col-md-12 col-sm-12 col-12\">\n<figure id=\"attachment_2631\" class=\"thumbnail wp-caption aligncenter\" style=\"width: 260px\"><a href=\"https:\/\/auladeclio.com\/auladeclio\/wp-content\/uploads\/2018\/06\/LOGOTIPO-ORIGINAL-DEL-PARTIDO-LABORISTA-INGL\u00c9S.png\" target=\"_blank\" rel=\"noopener noreferrer\"><img loading=\"lazy\" decoding=\"async\" class=\"wp-image-2631 size-full\" src=\"https:\/\/auladeclio.com\/auladeclio\/wp-content\/uploads\/2018\/06\/LOGOTIPO-ORIGINAL-DEL-PARTIDO-LABORISTA-INGL\u00c9S.png\" alt=\"LOGOTIPO ORIGINAL DEL PARTIDO LABORISTA INGL\u00c9S\" width=\"250\" height=\"243\" \/><\/a><figcaption class=\"caption wp-caption-text\">LOGOTIPO ORIGINAL DEL PARTIDO LABORISTA INGL\u00c9S<\/figcaption><\/figure>\n<\/div>\n<div class=\"col-lg-4 col-md-12 col-sm-12 col-12\">\n<figure id=\"attachment_2632\" class=\"thumbnail wp-caption aligncenter\" style=\"width: 238px\"><a href=\"https:\/\/auladeclio.com\/auladeclio\/wp-content\/uploads\/2018\/06\/CARTEL-ELECTORAL-DEL-SPD-EN-1919.jpg\" target=\"_blank\" rel=\"noopener noreferrer\"><img loading=\"lazy\" decoding=\"async\" class=\"wp-image-2632 size-medium\" src=\"https:\/\/auladeclio.com\/auladeclio\/wp-content\/uploads\/2018\/06\/CARTEL-ELECTORAL-DEL-SPD-EN-1919-228x300.jpg\" alt=\"CARTEL ELECTORAL DEL SPD EN 1919\" width=\"228\" height=\"300\" srcset=\"https:\/\/auladeclio.com\/auladeclio\/wp-content\/uploads\/2018\/06\/CARTEL-ELECTORAL-DEL-SPD-EN-1919-228x300.jpg 228w, https:\/\/auladeclio.com\/auladeclio\/wp-content\/uploads\/2018\/06\/CARTEL-ELECTORAL-DEL-SPD-EN-1919-768x1012.jpg 768w, https:\/\/auladeclio.com\/auladeclio\/wp-content\/uploads\/2018\/06\/CARTEL-ELECTORAL-DEL-SPD-EN-1919-777x1024.jpg 777w, https:\/\/auladeclio.com\/auladeclio\/wp-content\/uploads\/2018\/06\/CARTEL-ELECTORAL-DEL-SPD-EN-1919.jpg 873w\" sizes=\"auto, (max-width: 228px) 100vw, 228px\" \/><\/a><figcaption class=\"caption wp-caption-text\">CARTEL ELECTORAL DEL SPD EN 1919<\/figcaption><\/figure>\n<\/div>\n<div class=\"col-lg-4 col-md-12 col-sm-12 col-12\">\n<figure id=\"attachment_2633\" class=\"thumbnail wp-caption aligncenter\" style=\"width: 201px\"><a href=\"https:\/\/auladeclio.com\/auladeclio\/wp-content\/uploads\/2018\/06\/LENIN-EN-1895-POCO-ANTES-DE-FUNDAR-EL-PARTIDO-SOCIALDEM\u00d3CRATA-RUSO.jpg\" target=\"_blank\" rel=\"noopener noreferrer\"><img loading=\"lazy\" decoding=\"async\" class=\"wp-image-2633 size-medium\" src=\"https:\/\/auladeclio.com\/auladeclio\/wp-content\/uploads\/2018\/06\/LENIN-EN-1895-POCO-ANTES-DE-FUNDAR-EL-PARTIDO-SOCIALDEM\u00d3CRATA-RUSO-191x300.jpg\" alt=\"LENIN EN 1895, POCO ANTES DE FUNDAR EL PARTIDO SOCIALDEM\u00d3CRATA RUSO\" width=\"191\" height=\"300\" srcset=\"https:\/\/auladeclio.com\/auladeclio\/wp-content\/uploads\/2018\/06\/LENIN-EN-1895-POCO-ANTES-DE-FUNDAR-EL-PARTIDO-SOCIALDEM\u00d3CRATA-RUSO-191x300.jpg 191w, https:\/\/auladeclio.com\/auladeclio\/wp-content\/uploads\/2018\/06\/LENIN-EN-1895-POCO-ANTES-DE-FUNDAR-EL-PARTIDO-SOCIALDEM\u00d3CRATA-RUSO.jpg 329w\" sizes=\"auto, (max-width: 191px) 100vw, 191px\" \/><\/a><figcaption class=\"caption wp-caption-text\">LENIN EN 1895, POCO ANTES DE FUNDAR EL PARTIDO SOCIALDEM\u00d3CRATA RUSO<\/figcaption><\/figure>\n<\/div>\n<\/div>[\/vc_toggle][vc_toggle title=&#8221;LA II INTERNACIONAL&#8221; custom_font_container=&#8221;tag:h4|text_align:left|color:%231e73be&#8221; custom_google_fonts=&#8221;font_family:Bitter%3Aregular%2Citalic%2C700|font_style:400%20regular%3A400%3Anormal&#8221; use_custom_heading=&#8221;true&#8221;]<b>Fue fundada en 1889 por los partidos socialistas con el fin de coordinar la acci\u00f3n de los trabajadores de todo el mundo.<\/b><span style=\"font-weight: 400;\"> En su V Congreso, celebrado en Par\u00eds en 1900, se cre\u00f3 el Bur\u00f3 Socialista Internacional como \u00f3rgano permanente con sede en Bruselas. <\/span><b>En 1889 se instaur\u00f3 el 1 de mayo como D\u00eda Internacional del Trabajo, del mismo modo, en 1910 se declar\u00f3 el 8 de marzo como el D\u00eda de la Mujer Trabajadora.<\/b><\/p>\n<p><span style=\"font-weight: 400;\">Entorno al debate entre revisionistas y revolucionarios, <\/span><b>la Segunda Internacional se pronunci\u00f3 condenando la participaci\u00f3n socialista en gobiernos burgueses y reafirmando la lucha de clases como veh\u00edculo de lucha pol\u00edtica.<\/b><\/p>\n<p><span style=\"font-weight: 400;\">El otro gran debate vers\u00f3 sobre el colonialismo, pues hubo quien, como Lenin, lo rechazaba por considerarlo una f\u00f3rmula de explotaci\u00f3n capitalista, otros ve\u00edan en el imperialismo un veh\u00edculo de civilizaci\u00f3n para sociedades menos desarrolladas.<\/span><\/p>\n<p><b>Pese a las declaraciones a favor del pacifismo, la Segunda Internacional entr\u00f3 en crisis al estallar la Primera Guerra Mundial, pues la mayor\u00eda de los partidos socialistas votaron en sus parlamentos la aprobaci\u00f3n de los cr\u00e9ditos de guerra, anteponiendo as\u00ed los sentimientos nacionalistas a los principios de la Internacional.<\/b><\/p>\n<p><b>Finalmente, en 1919, tras el triunfo en Rusia de la revoluci\u00f3n bolchevique y la decisi\u00f3n de los comunistas sovi\u00e9ticos de fundar una III Internacional Comunista o Komintern produjo la ruptura definitiva.<\/b><\/p>\n<div class=\"row\">\n<div class=\"col-lg-3 col-md-12 col-sm-12 col-12\">\n<figure id=\"attachment_2634\" class=\"thumbnail wp-caption aligncenter\" style=\"width: 310px\"><a href=\"https:\/\/auladeclio.com\/auladeclio\/wp-content\/uploads\/2018\/06\/REPRESENTACI\u00d3N-DE-UN-CONGRESO-DE-LA-II\u00aa-INTERNACIONAL.jpg\" target=\"_blank\" rel=\"noopener noreferrer\"><img loading=\"lazy\" decoding=\"async\" class=\"wp-image-2634 size-medium\" src=\"https:\/\/auladeclio.com\/auladeclio\/wp-content\/uploads\/2018\/06\/REPRESENTACI\u00d3N-DE-UN-CONGRESO-DE-LA-II\u00aa-INTERNACIONAL-300x281.jpg\" alt=\"REPRESENTACI\u00d3N DE UN CONGRESO DE LA II\u00aa INTERNACIONAL\" width=\"300\" height=\"281\" srcset=\"https:\/\/auladeclio.com\/auladeclio\/wp-content\/uploads\/2018\/06\/REPRESENTACI\u00d3N-DE-UN-CONGRESO-DE-LA-II\u00aa-INTERNACIONAL-300x281.jpg 300w, https:\/\/auladeclio.com\/auladeclio\/wp-content\/uploads\/2018\/06\/REPRESENTACI\u00d3N-DE-UN-CONGRESO-DE-LA-II\u00aa-INTERNACIONAL.jpg 476w\" sizes=\"auto, (max-width: 300px) 100vw, 300px\" \/><\/a><figcaption class=\"caption wp-caption-text\">REPRESENTACI\u00d3N DE UN CONGRESO DE LA II\u00aa INTERNACIONAL<\/figcaption><\/figure>\n<\/div>\n<div class=\"col-lg-3 col-md-12 col-sm-12 col-12\">\n<figure id=\"attachment_2635\" class=\"thumbnail wp-caption aligncenter\" style=\"width: 310px\"><a href=\"https:\/\/auladeclio.com\/auladeclio\/wp-content\/uploads\/2018\/06\/ROSA-LUXEMBURGO-UNA-DE-LAS-PRINCIPALES-L\u00cdDERES-DE-LA-II-INTERNACIONAL.jpg\" target=\"_blank\" rel=\"noopener noreferrer\"><img loading=\"lazy\" decoding=\"async\" class=\"wp-image-2635 size-medium\" src=\"https:\/\/auladeclio.com\/auladeclio\/wp-content\/uploads\/2018\/06\/ROSA-LUXEMBURGO-UNA-DE-LAS-PRINCIPALES-L\u00cdDERES-DE-LA-II-INTERNACIONAL-300x241.jpg\" alt=\"ROSA LUXEMBURGO UNA DE LAS PRINCIPALES L\u00cdDERES DE LA II INTERNACIONAL\" width=\"300\" height=\"241\" srcset=\"https:\/\/auladeclio.com\/auladeclio\/wp-content\/uploads\/2018\/06\/ROSA-LUXEMBURGO-UNA-DE-LAS-PRINCIPALES-L\u00cdDERES-DE-LA-II-INTERNACIONAL-300x241.jpg 300w, https:\/\/auladeclio.com\/auladeclio\/wp-content\/uploads\/2018\/06\/ROSA-LUXEMBURGO-UNA-DE-LAS-PRINCIPALES-L\u00cdDERES-DE-LA-II-INTERNACIONAL-768x616.jpg 768w, https:\/\/auladeclio.com\/auladeclio\/wp-content\/uploads\/2018\/06\/ROSA-LUXEMBURGO-UNA-DE-LAS-PRINCIPALES-L\u00cdDERES-DE-LA-II-INTERNACIONAL.jpg 800w\" sizes=\"auto, (max-width: 300px) 100vw, 300px\" \/><\/a><figcaption class=\"caption wp-caption-text\">ROSA LUXEMBURGO UNA DE LAS PRINCIPALES L\u00cdDERES DE LA II INTERNACIONAL<\/figcaption><\/figure>\n<\/div>\n<div class=\"col-lg-3 col-md-12 col-sm-12 col-12\">\n<figure id=\"attachment_2636\" class=\"thumbnail wp-caption aligncenter\" style=\"width: 310px\"><a href=\"https:\/\/auladeclio.com\/auladeclio\/wp-content\/uploads\/2018\/06\/SOLDADOS-DE-LA-I-GUERRA-MUNDIAL-EN-UNA-TRINCHERA.jpg\" target=\"_blank\" rel=\"noopener noreferrer\"><img loading=\"lazy\" decoding=\"async\" class=\"wp-image-2636 size-medium\" src=\"https:\/\/auladeclio.com\/auladeclio\/wp-content\/uploads\/2018\/06\/SOLDADOS-DE-LA-I-GUERRA-MUNDIAL-EN-UNA-TRINCHERA-300x212.jpg\" alt=\"SOLDADOS DE LA I GUERRA MUNDIAL EN UNA TRINCHERA\" width=\"300\" height=\"212\" srcset=\"https:\/\/auladeclio.com\/auladeclio\/wp-content\/uploads\/2018\/06\/SOLDADOS-DE-LA-I-GUERRA-MUNDIAL-EN-UNA-TRINCHERA-300x212.jpg 300w, https:\/\/auladeclio.com\/auladeclio\/wp-content\/uploads\/2018\/06\/SOLDADOS-DE-LA-I-GUERRA-MUNDIAL-EN-UNA-TRINCHERA-768x543.jpg 768w, https:\/\/auladeclio.com\/auladeclio\/wp-content\/uploads\/2018\/06\/SOLDADOS-DE-LA-I-GUERRA-MUNDIAL-EN-UNA-TRINCHERA.jpg 964w\" sizes=\"auto, (max-width: 300px) 100vw, 300px\" \/><\/a><figcaption class=\"caption wp-caption-text\">SOLDADOS DE LA I GUERRA MUNDIAL EN UNA TRINCHERA<\/figcaption><\/figure>\n<\/div>\n<div class=\"col-lg-3 col-md-12 col-sm-12 col-12\">\n<figure id=\"attachment_2637\" class=\"thumbnail wp-caption aligncenter\" style=\"width: 310px\"><a href=\"https:\/\/auladeclio.com\/auladeclio\/wp-content\/uploads\/2018\/06\/CARTEL-DE-LA-III-INTERNACIONAL.jpg\" target=\"_blank\" rel=\"noopener noreferrer\"><img loading=\"lazy\" decoding=\"async\" class=\"wp-image-2637 size-medium\" src=\"https:\/\/auladeclio.com\/auladeclio\/wp-content\/uploads\/2018\/06\/CARTEL-DE-LA-III-INTERNACIONAL-300x235.jpg\" alt=\"CARTEL DE LA III INTERNACIONAL\" width=\"300\" height=\"235\" srcset=\"https:\/\/auladeclio.com\/auladeclio\/wp-content\/uploads\/2018\/06\/CARTEL-DE-LA-III-INTERNACIONAL-300x235.jpg 300w, https:\/\/auladeclio.com\/auladeclio\/wp-content\/uploads\/2018\/06\/CARTEL-DE-LA-III-INTERNACIONAL-768x601.jpg 768w, https:\/\/auladeclio.com\/auladeclio\/wp-content\/uploads\/2018\/06\/CARTEL-DE-LA-III-INTERNACIONAL.jpg 1023w\" sizes=\"auto, (max-width: 300px) 100vw, 300px\" \/><\/a><figcaption class=\"caption wp-caption-text\">CARTEL DE LA III INTERNACIONAL<\/figcaption><\/figure>\n<\/div>\n<\/div>[\/vc_toggle][\/vc_tta_section][vc_tta_section i_icon_fontawesome=&#8221;fa fa-pencil&#8221; add_icon=&#8221;true&#8221; title=&#8221;EJERCICIOS&#8221; tab_id=&#8221;1509006569048-69f0d63d-3f36&#8243;][vc_column_text]<strong>DEFINE LOS SIGUIENTES CONCEPTOS, PERSONAJES O ACONTECIMIENTO HIST\u00d3RICOS EN UN M\u00c1XIMO DE CINCO L\u00cdNEAS:<\/strong><\/p>\n<p>I INTERNACIONAL:<\/p>\n<p><a href=\"https:\/\/auladeclio.com\/auladeclio\/wp-content\/uploads\/2018\/06\/L%C3%8DNEAS.jpg\"><img loading=\"lazy\" decoding=\"async\" class=\"aligncenter size-full wp-image-2612\" src=\"https:\/\/auladeclio.com\/auladeclio\/wp-content\/uploads\/2018\/06\/L%C3%8DNEAS.jpg\" sizes=\"auto, (max-width: 1342px) 100vw, 1342px\" srcset=\"https:\/\/auladeclio.com\/auladeclio\/wp-content\/uploads\/2018\/06\/L\u00cdNEAS.jpg 1342w, https:\/\/auladeclio.com\/auladeclio\/wp-content\/uploads\/2018\/06\/L\u00cdNEAS-300x73.jpg 300w, https:\/\/auladeclio.com\/auladeclio\/wp-content\/uploads\/2018\/06\/L\u00cdNEAS-768x186.jpg 768w, https:\/\/auladeclio.com\/auladeclio\/wp-content\/uploads\/2018\/06\/L\u00cdNEAS-1024x248.jpg 1024w\" alt=\"\" width=\"1342\" height=\"325\" \/><\/a><\/p>\n<p>&nbsp;<\/p>\n<p>II INTERNACIONAL:<\/p>\n<p><a href=\"https:\/\/auladeclio.com\/auladeclio\/wp-content\/uploads\/2018\/06\/L%C3%8DNEAS.jpg\"><img loading=\"lazy\" decoding=\"async\" class=\"aligncenter size-full wp-image-2612\" src=\"https:\/\/auladeclio.com\/auladeclio\/wp-content\/uploads\/2018\/06\/L%C3%8DNEAS.jpg\" sizes=\"auto, (max-width: 1342px) 100vw, 1342px\" srcset=\"https:\/\/auladeclio.com\/auladeclio\/wp-content\/uploads\/2018\/06\/L\u00cdNEAS.jpg 1342w, https:\/\/auladeclio.com\/auladeclio\/wp-content\/uploads\/2018\/06\/L\u00cdNEAS-300x73.jpg 300w, https:\/\/auladeclio.com\/auladeclio\/wp-content\/uploads\/2018\/06\/L\u00cdNEAS-768x186.jpg 768w, https:\/\/auladeclio.com\/auladeclio\/wp-content\/uploads\/2018\/06\/L\u00cdNEAS-1024x248.jpg 1024w\" alt=\"\" width=\"1342\" height=\"325\" \/><\/a>[\/vc_column_text][vc_column_text][WpProQuiz 10]\n[WpProQuiz_toplist 10][\/vc_column_text][\/vc_tta_section][vc_tta_section i_icon_fontawesome=&#8221;fa fa-puzzle-piece&#8221; add_icon=&#8221;true&#8221; title=&#8221;ACTIVIDADES&#8221; tab_id=&#8221;1509006579146-16897097-dde9&#8243;][vc_column_text]\n<p class=\"TEXTONORMALPROGRAMACION\" style=\"text-align: left; text-indent: 0cm;\" align=\"left\"><strong>DISTINGUE Y EXPLICA LAS CARACTER\u00cdSTICAS DE LOS TIPOS DE ASOCIACIONISMO OBRERO<\/strong><\/p>\n<p align=\"left\">REDACTA UNA FICHA COMO LA QUE TIENES M\u00c1S ABAJO PARA CADA UNO DE LOS SIGUIENTES TIPOS DE ASOCIACIONES OBRERAS:<\/p>\n<ul>\n<li>SINDICATO DE CLASE<\/li>\n<li>SINDICATO PROFESIONAL<\/li>\n<li>INTERNACIONAL OBRERA<\/li>\n<li>PARTIDOS SOCIALDEM\u00d3CRATAS<\/li>\n<li>PARTIDOS COMUNISTAS<\/li>\n<\/ul>\n<p><a href=\"https:\/\/auladeclio.com\/auladeclio\/wp-content\/uploads\/2020\/03\/5.5-ACTIVIDAD-EL-INTERNACIONALISMO.jpg\" target=\"_blank\" rel=\"noopener noreferrer\"><img loading=\"lazy\" decoding=\"async\" class=\"aligncenter wp-image-6195\" src=\"https:\/\/auladeclio.com\/auladeclio\/wp-content\/uploads\/2020\/03\/5.5-ACTIVIDAD-EL-INTERNACIONALISMO.jpg\" alt=\"\" width=\"700\" height=\"456\" srcset=\"https:\/\/auladeclio.com\/auladeclio\/wp-content\/uploads\/2020\/03\/5.5-ACTIVIDAD-EL-INTERNACIONALISMO.jpg 1474w, https:\/\/auladeclio.com\/auladeclio\/wp-content\/uploads\/2020\/03\/5.5-ACTIVIDAD-EL-INTERNACIONALISMO-300x196.jpg 300w, https:\/\/auladeclio.com\/auladeclio\/wp-content\/uploads\/2020\/03\/5.5-ACTIVIDAD-EL-INTERNACIONALISMO-1024x668.jpg 1024w, https:\/\/auladeclio.com\/auladeclio\/wp-content\/uploads\/2020\/03\/5.5-ACTIVIDAD-EL-INTERNACIONALISMO-768x501.jpg 768w, https:\/\/auladeclio.com\/auladeclio\/wp-content\/uploads\/2020\/03\/5.5-ACTIVIDAD-EL-INTERNACIONALISMO-569x372.jpg 569w, https:\/\/auladeclio.com\/auladeclio\/wp-content\/uploads\/2020\/03\/5.5-ACTIVIDAD-EL-INTERNACIONALISMO-369x241.jpg 369w, https:\/\/auladeclio.com\/auladeclio\/wp-content\/uploads\/2020\/03\/5.5-ACTIVIDAD-EL-INTERNACIONALISMO-269x176.jpg 269w\" sizes=\"auto, (max-width: 700px) 100vw, 700px\" \/><\/a>[\/vc_column_text][vc_column_text]<span style=\"font-size: 8pt;\">B2\/5.2 Distingue y explica las caracter\u00edsticas de los tipos de asociacionismo obrero.<\/span>[\/vc_column_text][\/vc_tta_section][vc_tta_section i_icon_fontawesome=&#8221;fa fa-lightbulb-o&#8221; add_icon=&#8221;true&#8221; title=&#8221;TAREAS&#8221; tab_id=&#8221;1520438215273-bfb2598c-dd88&#8243;][vc_wp_text]<strong>EL PUNTO DE INFLEXI\u00d3N DE LA I INTERNACIONAL FUE LA COMUNA DE PAR\u00cdS:<\/strong><\/p>\n<ol>\n<li>\u00bfQU\u00c9 FUE LA COMUNA DE PAR\u00cdS?<\/li>\n<li>\u00bfEN QU\u00c9 CONSISTI\u00d3?<\/li>\n<li>\u00bfPOR QU\u00c9 DIVIDI\u00d3 AL MUNDO OBRERO?<\/li>\n<li>\u00bfPOR QU\u00c9 LA APOY\u00d3 BAKUNIN Y LA CRITIC\u00d3 MARX?<\/li>\n<li>\u00bfCREES QUE LA OPINI\u00d3N DE MARX SOBRE LA COMUNA ES LA QUE SE REFLEJA EN EL TERCER V\u00cdDEO? JUSTIFICA TU RESPUESTA Y COMENTA EN UN PAR DE L\u00cdNEAS PORQUE CREES QUE LOS AUTORES DEL V\u00cdDEO HAN PUESTO EN BOCA DE MARX ESAS OPINIONES<\/li>\n<\/ol>\n<p>EN INTERNET HAY MUCH\u00cdSIMA INFORMACI\u00d3N, PERO OS ANIMO A VER EL V\u00cdDEO DE YOUTUBE QUE OS ENLAZO A CONTINUACI\u00d3N ES UNA PEL\u00cdCULA-DOCUMENTAL EXPERIMENTAL EN LA QUE SE OBSERVAN LOS HECHOS ACAECIDOS EN PAR\u00cdS EN 1871 TRAS LA BATALLA DE SED\u00c1N A TRAV\u00c9S DE LOS OJOS DE UNOS PERIODISTAS QUE HACEN SU TRABAJO COMO SI FUERAN CORRESPONSALES DEL SIGLO XXI. A CONTINUACI\u00d3N, TEN\u00c9IS UN V\u00cdDEO CON MARX DANDO SU OPINI\u00d3N SOBRE LA COMUNA. CON ESTA INFORMACI\u00d3N PUEDES RESPONDER A LAS PREGUNTAS ANTERIORES EN UNA CARA:<\/p>\n<div class=\"row\">\n<div class=\"col-lg-4 col-md-12 col-sm-12 col-12\">\n<iframe loading=\"lazy\" src=\"https:\/\/www.youtube.com\/embed\/kZwyg2NUCWs\" width=\"320\" height=\"240\" frameborder=\"0\" allowfullscreen=\"allowfullscreen\"><\/iframe><\/div>\n<div class=\"col-lg-4 col-md-12 col-sm-12 col-12\">\n<iframe loading=\"lazy\" src=\"https:\/\/www.youtube.com\/embed\/2gENGeGBBXA\" width=\"320\" height=\"240\" frameborder=\"0\" allowfullscreen=\"allowfullscreen\"><\/iframe><\/div>\n<div class=\"col-lg-4 col-md-12 col-sm-12 col-12\">\n<iframe loading=\"lazy\" src=\"https:\/\/www.youtube.com\/embed\/nxIcXeGDNd8\" width=\"320\" height=\"240\" frameborder=\"0\" allowfullscreen=\"allowfullscreen\"><\/iframe><\/div>\n<\/div>[\/vc_wp_text][vc_column_text]<img loading=\"lazy\" decoding=\"async\" class=\"aligncenter wp-image-2612 size-full\" src=\"https:\/\/auladeclio.com\/auladeclio\/wp-content\/uploads\/2018\/06\/L\u00cdNEAS.jpg\" alt=\"\" width=\"1342\" height=\"325\" srcset=\"https:\/\/auladeclio.com\/auladeclio\/wp-content\/uploads\/2018\/06\/L\u00cdNEAS.jpg 1342w, https:\/\/auladeclio.com\/auladeclio\/wp-content\/uploads\/2018\/06\/L\u00cdNEAS-300x73.jpg 300w, https:\/\/auladeclio.com\/auladeclio\/wp-content\/uploads\/2018\/06\/L\u00cdNEAS-768x186.jpg 768w, https:\/\/auladeclio.com\/auladeclio\/wp-content\/uploads\/2018\/06\/L\u00cdNEAS-1024x248.jpg 1024w\" sizes=\"auto, (max-width: 1342px) 100vw, 1342px\" \/><img loading=\"lazy\" decoding=\"async\" class=\"aligncenter wp-image-2612 size-full\" src=\"https:\/\/auladeclio.com\/auladeclio\/wp-content\/uploads\/2018\/06\/L\u00cdNEAS.jpg\" alt=\"\" width=\"1342\" height=\"325\" srcset=\"https:\/\/auladeclio.com\/auladeclio\/wp-content\/uploads\/2018\/06\/L\u00cdNEAS.jpg 1342w, https:\/\/auladeclio.com\/auladeclio\/wp-content\/uploads\/2018\/06\/L\u00cdNEAS-300x73.jpg 300w, https:\/\/auladeclio.com\/auladeclio\/wp-content\/uploads\/2018\/06\/L\u00cdNEAS-768x186.jpg 768w, https:\/\/auladeclio.com\/auladeclio\/wp-content\/uploads\/2018\/06\/L\u00cdNEAS-1024x248.jpg 1024w\" sizes=\"auto, (max-width: 1342px) 100vw, 1342px\" \/>[\/vc_column_text][vc_toggle title=&#8221;PROPUESTA PARA EL TRABAJO INDIVIDUAL RELACIONADO CON LOS DERECHOS HUMANOS&#8221;]<strong>OBSERVA LO QUE DICE EL ART\u00cdCULO 24 DE LA DECLARACI\u00d3N UNIVERSAL DE LOS DERECHOS HUMANOS:<\/strong><\/p>\n<h4>Art\u00edculo 24.<\/h4>\n<p>Toda persona tiene derecho al descanso, al disfrute del tiempo libre, a una limitaci\u00f3n razonable de la duraci\u00f3n del trabajo y a vacaciones peri\u00f3dicas pagadas.<\/p>\n<p>UNA DE LAS RECLAMACIONES M\u00c1S ANHELADAS POR EL MOVIMIENTO OBRERO FUE EL DE CONSEGUIR D\u00cdAS DE DESCANSO Y VACACIONES PAGADAS. AS\u00cd COMO UNA LIMITACI\u00d3N RAZONABLE DE LAS HORAS DE TRABAJO DIARIAS Y SEMANALES.<\/p>\n<p>ELIGE UN PA\u00cdS Y DESCRIBE COMO SE CONSIGUI\u00d3 ESTE DERECHO, COMO FUE MEJORANDO Y LO QUE SUPUSO PARA LOS TRABAJADORES CONSEGUIR ESTOS DERECHOS[\/vc_toggle][\/vc_tta_section][vc_tta_section i_icon_fontawesome=&#8221;fa fa-plus-circle&#8221; add_icon=&#8221;true&#8221; title=&#8221;CONSOLIDA&#8221; tab_id=&#8221;1524164322459-38712b94-b327&#8243;][vc_column_text]<strong>RELACIONA LAS SIGUIENTES ASOCIACIONES OBRERAS CON SU IDEOLOG\u00cdA Y SU PA\u00cdS, SIGUE EL EJEMPLO:<\/strong><strong><a href=\"https:\/\/auladeclio.com\/auladeclio\/wp-content\/uploads\/2018\/06\/1o-BACHILLERATO-5.5-EL-INTERNACIONALISMO-CONSOLIDA.jpg\"><img loading=\"lazy\" decoding=\"async\" class=\"aligncenter wp-image-2649\" src=\"https:\/\/auladeclio.com\/auladeclio\/wp-content\/uploads\/2018\/06\/1o-BACHILLERATO-5.5-EL-INTERNACIONALISMO-CONSOLIDA.jpg\" alt=\"\" width=\"700\" height=\"684\" srcset=\"https:\/\/auladeclio.com\/auladeclio\/wp-content\/uploads\/2018\/06\/1o-BACHILLERATO-5.5-EL-INTERNACIONALISMO-CONSOLIDA.jpg 993w, https:\/\/auladeclio.com\/auladeclio\/wp-content\/uploads\/2018\/06\/1o-BACHILLERATO-5.5-EL-INTERNACIONALISMO-CONSOLIDA-300x293.jpg 300w, https:\/\/auladeclio.com\/auladeclio\/wp-content\/uploads\/2018\/06\/1o-BACHILLERATO-5.5-EL-INTERNACIONALISMO-CONSOLIDA-768x750.jpg 768w, https:\/\/auladeclio.com\/auladeclio\/wp-content\/uploads\/2018\/06\/1o-BACHILLERATO-5.5-EL-INTERNACIONALISMO-CONSOLIDA-60x60.jpg 60w\" sizes=\"auto, (max-width: 700px) 100vw, 700px\" \/><\/a><\/strong><\/p>\n<p>&nbsp;<\/p>\n<ol>\n<li>LA <strong>I INTERNACIONAL<\/strong> FUE UNA ASOCIACI\u00d3N INTERNACIONAL CON MIEMBROS MARXISTAS Y ANARQUISTAS<\/li>\n<li>&#8230;<\/li>\n<\/ol>\n[\/vc_column_text][\/vc_tta_section][vc_tta_section i_icon_fontawesome=&#8221;fa fa-question-circle&#8221; add_icon=&#8221;true&#8221; title=&#8221;PROFUNDIZA&#8221; tab_id=&#8221;1524164499297-d8938bdf-1969&#8243;][vc_custom_heading text=&#8221;\u00bfQUI\u00c9N FUE ROSA LUXEMBURGO?&#8221; use_theme_fonts=&#8221;yes&#8221;][vc_column_text]UNA DE LAS VOCES M\u00c1S SORPRENDENTES DE LA II INTERNACIONAL FUE LA DE ROSA LUXEMBURGO, POR PRIMERA VEZ UNA MUJER SE ALZABA COMO L\u00cdDER DEL MOVIMIENTO OBRERO. A CONTINUACI\u00d3N TIENES UN PEQUE\u00d1O ART\u00cdCULO, UN PEQUE\u00d1O DOCUMENTAL REALIZADO POR LA TELEVISI\u00d3N VENEZOLANA Y UN ESCRITO SOBRE EL 1\u00ba DE MAYO DE ROSA LUXEMBURGO. BUSCA M\u00c1S INFORMACI\u00d3N EN INTERNET SOBRE:<\/p>\n<ul>\n<li>SU VIDA<\/li>\n<li>SUS IDEAS SOBRE EL SOCIALISMO<\/li>\n<li>SUS IDEAS SOBRE EL FEMINISMO<\/li>\n<li>SUS IDEAS SOBRE LA SOCIALDEMOCRACIA<\/li>\n<li>LOS QUE PENSABA DE LA I\u00aa GUERRA MUNDIAL<\/li>\n<li>QU\u00c9 FUE LA LIGA ESPARTAQUISTA<\/li>\n<li>EL INTENTO DE REVOLUCI\u00d3N QUE HIZO EN ALEMANIA<\/li>\n<li>Y COMO FUERON LOS \u00daLTIMOS INSTANTES DE SU VIDA<\/li>\n<\/ul>\n<p><a href=\"http:\/\/ctxt.es\/es\/20170111\/Culturas\/10544\/Rosa-Luxemburgo-socialismo-historia-marxismo-comunismo-Revolucion.htm\" target=\"_blank\" rel=\"noopener noreferrer\"><strong><span style=\"font-size: 14pt;\">ROSA LUXEMBURGO, LA ROSA ROJA DEL SOCIALISMO <\/span><\/strong><\/a><span style=\"font-size: 10pt;\">(Art\u00edculo de ctxt.es de 15 de enero de 2017, redactado por Josefina L. Mart\u00ednez)<\/span>[\/vc_column_text][vc_video link=&#8221;https:\/\/www.youtube.com\/watch?v=PMitVw_u1Cs&#8221; align=&#8221;center&#8221;][vc_column_text]<div class=\"arconix-toggle-wrap\"><div class=\"arconix-toggle-title toggle-closed\"><i class='fa fa-plus-square'><\/i>EL ORIGEN DEL 1\u00ba DE MAYO SEG\u00daN ROSA LUXEMBURGO<\/div><div class=\"arconix-toggle-content\">\n<p><em><span style=\"font-size: 10pt;\">La feliz idea de instaurar un d\u00eda de fiesta proletaria para lograr la jornada laboral de ocho horas naci\u00f3 en Australia, donde ya en 1856 los obreros hab\u00edan decidido organizar un d\u00eda completo de huelga, con mitines y entretenimiento, como una manifestaci\u00f3n a favor de la jornada de ocho horas. Se eligi\u00f3 el 21 de abril para esa celebraci\u00f3n.<\/span><\/em><\/p>\n<p><em><span style=\"font-size: 10pt;\">Al principio los obreros australianos pensaban en una \u00fanica celebraci\u00f3n, aquel 21 de abril de 1856. Pero como esa primera celebraci\u00f3n tuvo un efecto muy fuerte sobre las masas proletarias de Australia, anim\u00e1ndolas con ideas agitadoras, se decidi\u00f3 repetirla todos los a\u00f1os.<\/span><\/em><\/p>\n<p><em><span style=\"font-size: 10pt;\">Efectivamente: \u00bfQu\u00e9 podr\u00eda proporcionarles a los trabajadores m\u00e1s coraje y fe en su propia fuerza que un paro masivo, decidido por ellos mismos?<\/span><\/em><\/p>\n<p><em><span style=\"font-size: 10pt;\">\u00bfQu\u00e9 podr\u00eda proporcionarles m\u00e1s valor a los eternos esclavos de las f\u00e1bricas y de los talleres que el reconocimiento de su propia gente?<\/span><\/em><\/p>\n<p><em><span style=\"font-size: 10pt;\">Por eso, la idea de una fiesta proletaria fue r\u00e1pidamente aceptada y comenz\u00f3 a extenderse de Australia a otros pa\u00edses, hasta conquistar finalmente todo el mundo proletario.<\/span><\/em><\/p>\n<p><em><span style=\"font-size: 10pt;\">Los primeros en seguir el ejemplo de los obreros australianos fueron los norteamericanos.<\/span><\/em><\/p>\n<p><em><span style=\"font-size: 10pt;\">En 1886 se fij\u00f3 el 1\u00ba de mayo como el d\u00eda de la huelga universal. Ese d\u00eda, 200.000 trabajadores abandonaron sus lugares de trabajo y exigieron la jornada laboral de ocho horas. M\u00e1s tarde, la polic\u00eda y el hostigamiento legal impidieron por muchos a\u00f1os la repetici\u00f3n de esa gran manifestaci\u00f3n.<\/span><\/em><\/p>\n<p><em><span style=\"font-size: 10pt;\">Sin embargo, en 1888 restablecieron su decisi\u00f3n y fijaron el 1\u00ba de mayo de 1890 como el d\u00eda de la siguiente celebraci\u00f3n.<\/span><\/em><\/p>\n<p><em><span style=\"font-size: 10pt;\">Mientras tanto, el movimiento obrero en Europa se hab\u00eda fortalecido notablemente. La expresi\u00f3n m\u00e1s poderosa de este movimiento ocurri\u00f3 en el Congreso Internacional Obrero de 1889. En ese Congreso, al que asistieron 400 delegados, se decidi\u00f3 que la jornada de ocho horas deb\u00eda ser la primera reivindicaci\u00f3n. El delegado de los sindicatos franceses, el obrero Lavigne de Burdeos, propuso difundir esa reivindicaci\u00f3n en todos los pa\u00edses mediante un paro universal. El delegado de los trabajadores estadounidenses llam\u00f3 la atenci\u00f3n de sus camaradas sobre la decisi\u00f3n de ir a la huelga el d\u00eda 1\u00ba de mayo de 1890, por lo que el Congreso fij\u00f3 esa fecha para la fiesta proletaria universal.<\/span><\/em><\/p>\n<p><em><span style=\"font-size: 10pt;\">Los obreros, al igual que treinta a\u00f1os antes en Australia, pensaban solamente en una \u00fanica manifestaci\u00f3n. Ese 1\u00ba de mayo de 1890 el Congreso hab\u00eda decidido que los trabajadores de todos los pa\u00edses se manifestar\u00edan juntos por la jornada de ocho horas. Nadie hab\u00eda hablado de repetir la celebraci\u00f3n en a\u00f1os siguientes. Naturalmente, nadie pod\u00eda predecir el enorme \u00e9xito que tendr\u00eda esa idea ni la rapidez con que ser\u00eda adoptada por la clase obrera. Sin embargo, fue suficiente celebrar el 1\u00ba de mayo tan s\u00f3lo una vez para que todos comprendieran y sintieran que deb\u00eda convertirse en una instituci\u00f3n anual y permanente.<\/span><\/em><\/p>\n<p><em><span style=\"font-size: 10pt;\">El 1\u00ba de mayo significaba establecer la jornada de ocho horas. Pero a\u00fan despu\u00e9s de haber logrado este objetivo, ese 1\u00ba de mayo no fue abandonado. Mientras contin\u00fae la lucha de los obreros contra la burgues\u00eda y la clase dominante, mientras todas las exigencias no hayan sido satisfechas, el 1\u00ba de mayo continuar\u00e1 siendo la manifestaci\u00f3n anual de esos reclamos. Y cuando lleguen d\u00edas mejores, cuando la clase obrera del mundo haya logrado su objetivo, es probable que la humanidad entera tambi\u00e9n celebre el 1\u00ba de mayo, honrando las amargas luchas y los sufrimientos del pasado.<\/span><\/em><\/p>\n<p style=\"text-align: right;\"><strong><span style=\"font-size: 10pt;\">Rosa Luxemburg\u00a0(febrero 1894)<\/span><\/strong><\/p>\n<\/div><\/div>[\/vc_column_text][vc_column_text]<img loading=\"lazy\" decoding=\"async\" class=\"aligncenter wp-image-2612 size-full\" src=\"https:\/\/auladeclio.com\/auladeclio\/wp-content\/uploads\/2018\/06\/L\u00cdNEAS.jpg\" alt=\"\" width=\"1342\" height=\"325\" srcset=\"https:\/\/auladeclio.com\/auladeclio\/wp-content\/uploads\/2018\/06\/L\u00cdNEAS.jpg 1342w, https:\/\/auladeclio.com\/auladeclio\/wp-content\/uploads\/2018\/06\/L\u00cdNEAS-300x73.jpg 300w, https:\/\/auladeclio.com\/auladeclio\/wp-content\/uploads\/2018\/06\/L\u00cdNEAS-768x186.jpg 768w, https:\/\/auladeclio.com\/auladeclio\/wp-content\/uploads\/2018\/06\/L\u00cdNEAS-1024x248.jpg 1024w\" sizes=\"auto, (max-width: 1342px) 100vw, 1342px\" \/><img loading=\"lazy\" decoding=\"async\" class=\"aligncenter wp-image-2612 size-full\" src=\"https:\/\/auladeclio.com\/auladeclio\/wp-content\/uploads\/2018\/06\/L\u00cdNEAS.jpg\" alt=\"\" width=\"1342\" height=\"325\" srcset=\"https:\/\/auladeclio.com\/auladeclio\/wp-content\/uploads\/2018\/06\/L\u00cdNEAS.jpg 1342w, https:\/\/auladeclio.com\/auladeclio\/wp-content\/uploads\/2018\/06\/L\u00cdNEAS-300x73.jpg 300w, https:\/\/auladeclio.com\/auladeclio\/wp-content\/uploads\/2018\/06\/L\u00cdNEAS-768x186.jpg 768w, https:\/\/auladeclio.com\/auladeclio\/wp-content\/uploads\/2018\/06\/L\u00cdNEAS-1024x248.jpg 1024w\" sizes=\"auto, (max-width: 1342px) 100vw, 1342px\" \/>[\/vc_column_text][\/vc_tta_section][\/vc_tta_tabs][\/vc_column][\/vc_row]\n<\/div>","protected":false},"excerpt":{"rendered":"<p>[vc_row][vc_column width=&#8221;1\/3&#8243; offset=&#8221;vc_col-lg-offset-0 vc_col-md-offset-0 vc_col-sm-offset-0 vc_col-xs-3&#8243;][vc_icon icon_fontawesome=&#8221;fa fa-chevron-left&#8221; color=&#8221;sky&#8221; link=&#8221;url:http%3A%2F%2Fauladeclio.com%2Fauladeclio%2F5-4-el-anarquismo%2F|title:EP%C3%8DGRAFE%20ANTERIOR||&#8221;][\/vc_column][vc_column width=&#8221;1\/3&#8243; offset=&#8221;vc_col-lg-offset-0 vc_col-md-offset-0 vc_col-sm-offset-0 vc_col-xs-offset-1 vc_col-xs-3&#8243;][vc_icon icon_fontawesome=&#8221;fa fa-list&#8221; color=&#8221;sky&#8221; align=&#8221;center&#8221; link=&#8221;url:http%3A%2F%2Fauladeclio.com%2Fauladeclio%2F5-el-capitalismo-y-el-movimiento-obrero%2F|title:%C3%8DNDICE%20DE%20EP%C3%8DGRAFES||&#8221;][\/vc_column][vc_column width=&#8221;1\/3&#8243; offset=&#8221;vc_col-lg-offset-0 vc_col-md-offset-0 vc_col-sm-offset-0 vc_col-xs-offset-1 vc_col-xs-3&#8243;][vc_icon icon_fontawesome=&#8221;fa fa-chevron-right&#8221; color=&#8221;sky&#8221; align=&#8221;right&#8221; link=&#8221;url:http%3A%2F%2Fauladeclio.com%2Fauladeclio%2F6-europa-conquista-el-mundo-1871-1914%2F|title:UNIDAD%20SIGUIENTE|target:%20_blank|&#8221;][\/vc_column][\/vc_row][vc_row][vc_column][vc_tta_tabs style=&#8221;outline&#8221; shape=&#8221;square&#8221; color=&#8221;sky&#8221; active_section=&#8221;1&#8243; pagination_style=&#8221;flat-rounded&#8221; pagination_color=&#8221;blue&#8221;][vc_tta_section i_icon_fontawesome=&#8221;fa fa-book&#8221; add_icon=&#8221;true&#8221; title=&#8221;TEMA&#8221; tab_id=&#8221;1509006569048-f59e903e-56d1&#8243;][vc_wp_text][\/vc_wp_text][vc_toggle title=&#8221;LA I INTERNACIONAL&#8221; custom_font_container=&#8221;tag:h4|text_align:left|color:%231e73be&#8221; custom_google_fonts=&#8221;font_family:Bitter%3Aregular%2Citalic%2C700|font_style:400%20regular%3A400%3Anormal&#8221; use_custom_heading=&#8221;true&#8221;]OR\u00cdGENES, FORMACI\u00d3N Y OBJETIVOS El origen de [&hellip;]<\/p>\n","protected":false},"author":1,"featured_media":0,"parent":0,"menu_order":0,"comment_status":"closed","ping_status":"closed","template":"","meta":{"nf_dc_page":"","footnotes":""},"categories":[14,13],"tags":[],"class_list":["post-1370","page","type-page","status-publish","hentry","category-1o-de-bachillerato","category-historia-del-mundo-contemporaneo"],"_links":{"self":[{"href":"https:\/\/auladeclio.com\/auladeclio\/wp-json\/wp\/v2\/pages\/1370","targetHints":{"allow":["GET"]}}],"collection":[{"href":"https:\/\/auladeclio.com\/auladeclio\/wp-json\/wp\/v2\/pages"}],"about":[{"href":"https:\/\/auladeclio.com\/auladeclio\/wp-json\/wp\/v2\/types\/page"}],"author":[{"embeddable":true,"href":"https:\/\/auladeclio.com\/auladeclio\/wp-json\/wp\/v2\/users\/1"}],"replies":[{"embeddable":true,"href":"https:\/\/auladeclio.com\/auladeclio\/wp-json\/wp\/v2\/comments?post=1370"}],"version-history":[{"count":9,"href":"https:\/\/auladeclio.com\/auladeclio\/wp-json\/wp\/v2\/pages\/1370\/revisions"}],"predecessor-version":[{"id":7695,"href":"https:\/\/auladeclio.com\/auladeclio\/wp-json\/wp\/v2\/pages\/1370\/revisions\/7695"}],"wp:attachment":[{"href":"https:\/\/auladeclio.com\/auladeclio\/wp-json\/wp\/v2\/media?parent=1370"}],"wp:term":[{"taxonomy":"category","embeddable":true,"href":"https:\/\/auladeclio.com\/auladeclio\/wp-json\/wp\/v2\/categories?post=1370"},{"taxonomy":"post_tag","embeddable":true,"href":"https:\/\/auladeclio.com\/auladeclio\/wp-json\/wp\/v2\/tags?post=1370"}],"curies":[{"name":"wp","href":"https:\/\/api.w.org\/{rel}","templated":true}]}}